{"id":4801,"date":"2026-04-16T10:24:39","date_gmt":"2026-04-16T08:24:39","guid":{"rendered":"https:\/\/wpd.ugr.es\/~aesla26\/?page_id=4801"},"modified":"2026-04-28T18:58:00","modified_gmt":"2026-04-28T16:58:00","slug":"publicaciones","status":"publish","type":"page","link":"https:\/\/wpd.ugr.es\/~aesla26\/publicaciones\/","title":{"rendered":"Publicaciones"},"content":{"rendered":"\n<p>Las publicaciones del congreso tendr\u00e1n relaci\u00f3n con el lema principal: Lengua, variaci\u00f3n e identidad: din\u00e1micas ling\u00fc\u00edsticas para representar la sociedad\u00bb. A partir de esta tem\u00e1tica, est\u00e1n previstas dos publicaciones:<\/p>\n\n\n\n<figure class=\"wp-block-image size-large is-resized\"><img fetchpriority=\"high\" decoding=\"async\" width=\"1024\" height=\"209\" src=\"https:\/\/wpd.ugr.es\/~aesla26\/wp-content\/uploads\/2026\/04\/Captura-de-pantalla-2026-04-16-a-las-9.57.38-1024x209.png\" alt=\"\" class=\"wp-image-4802\" style=\"width:428px;height:auto\" srcset=\"https:\/\/wpd.ugr.es\/~aesla26\/wp-content\/uploads\/2026\/04\/Captura-de-pantalla-2026-04-16-a-las-9.57.38-1024x209.png 1024w, https:\/\/wpd.ugr.es\/~aesla26\/wp-content\/uploads\/2026\/04\/Captura-de-pantalla-2026-04-16-a-las-9.57.38-300x61.png 300w, https:\/\/wpd.ugr.es\/~aesla26\/wp-content\/uploads\/2026\/04\/Captura-de-pantalla-2026-04-16-a-las-9.57.38-768x156.png 768w, https:\/\/wpd.ugr.es\/~aesla26\/wp-content\/uploads\/2026\/04\/Captura-de-pantalla-2026-04-16-a-las-9.57.38.png 1208w\" sizes=\"(max-width: 1024px) 100vw, 1024px\" \/><\/figure>\n\n\n\n<p>Publicaci\u00f3n en revista Portalinguarum. Siguiendo el lema del congreso, los art\u00edculos propuestos por los autores deber\u00e1n tener como eje principal: \u00abLa adquisici\u00f3n y ense\u00f1anza de lenguas en contextos de variaci\u00f3n y cambio ling\u00fc\u00edstico\u00bb. Los art\u00edculos se publicar\u00e1n en n\u00fameros independientes, no en un volumen monogr\u00e1fico. <\/p>\n\n\n\n<figure class=\"wp-block-image size-full\"><img decoding=\"async\" width=\"203\" height=\"249\" src=\"https:\/\/wpd.ugr.es\/~aesla26\/wp-content\/uploads\/2026\/04\/image.png\" alt=\"\" class=\"wp-image-4804\"\/><\/figure>\n\n\n\n<p>Publicaci\u00f3n en un volumen monogr\u00e1fico sobre: Lengua, variaci\u00f3n e identidad: din\u00e1micas ling\u00fc\u00edsticas y representaci\u00f3n social. Estudios desde la ling\u00fc\u00edstica aplicada. Editorial Comares (<strong>pendiente de confirmar<\/strong>). <\/p>\n\n\n\n<p><strong>INFORMACI\u00d3N DE ENV\u00cdO<\/strong><\/p>\n\n\n\n<p>Env\u00edo de propuestas: desde el <strong>10 de mayo al 30 de junio.<\/strong> Las propuestas se enviar\u00e1n a trav\u00e9s del siguiente enlace: <a href=\"https:\/\/matrix.aesla.org.es\/aesla2026\">https:\/\/matrix.aesla.org.es\/aesla2026<\/a>. Los usuarios tendr\u00e1n que subir el documento indicando en qu\u00e9 publicaci\u00f3n quieren participar.<\/p>\n\n\n\n<ol class=\"wp-block-list\">\n<li>Para el art\u00edculo en Portalinguarum, los autores deben utilizar la plantilla de la revista (<a href=\"https:\/\/revistaseug.ugr.es\/index.php\/portalin\/about\/submissions\">https:\/\/revistaseug.ugr.es\/index.php\/portalin\/about\/submissions<\/a>). El proceso de recepci\u00f3n de art\u00edculos se realizar\u00e1 primero por parte del comit\u00e9 del congreso y, si los art\u00edculos son admitidos, se pasar\u00e1n a gestionar por parte de la revista. <\/li>\n\n\n\n<li>Publicaci\u00f3n de cap\u00edtulo en el volumen monogr\u00e1fico. El env\u00edo se realizar\u00e1 en un documento de texto (Word o similar) con una extensi\u00f3n 15 p\u00e1ginas (6000 palabras aproximadamente). <\/li>\n<\/ol>\n\n\n\n<p>Todos los env\u00edos deben ser an\u00f3nimos. Por favor, incluid los datos de autores y coautores en la plataforma para que no haya problemas posteriormente con las coautor\u00edas.<\/p>\n\n\n\n<p><strong>INFORMACI\u00d3N IMPORTANTE<\/strong><\/p>\n\n\n\n<p>La participaci\u00f3n en el congreso no implica obligatoriamente la aceptaci\u00f3n para la publicaci\u00f3n  en la revista o en el volumen monogr\u00e1fico. Todos los env\u00edos ser\u00e1n revisados previamente por el comit\u00e9 cient\u00edfico del congreso y, posteriormente, ser\u00e1n revisados por pares. <\/p>\n\n\n\n<p>Para solicitar informaci\u00f3n sobre las publicaciones del congreso, os rogamos que escrib\u00e1is al email: <em>aesla26publi@aesla.org.es<\/em> <\/p>\n","protected":false},"excerpt":{"rendered":"<p>Las publicaciones del congreso tendr\u00e1n relaci\u00f3n con el lema principal: Lengua, variaci\u00f3n e identidad: din\u00e1micas ling\u00fc\u00edsticas para representar la sociedad\u00bb. A partir de esta tem\u00e1tica, est\u00e1n previstas dos publicaciones: Publicaci\u00f3n en revista Portalinguarum. Siguiendo el lema del congreso, los art\u00edculos propuestos por los autores deber\u00e1n tener como eje principal: \u00abLa [&hellip;]<\/p>\n","protected":false},"author":1,"featured_media":56,"parent":0,"menu_order":0,"comment_status":"closed","ping_status":"closed","template":"","meta":{"_themeisle_gutenberg_block_has_review":false,"footnotes":""},"class_list":["post-4801","page","type-page","status-publish","has-post-thumbnail","hentry"],"jetpack_sharing_enabled":true,"_links":{"self":[{"href":"https:\/\/wpd.ugr.es\/~aesla26\/wp-json\/wp\/v2\/pages\/4801","targetHints":{"allow":["GET"]}}],"collection":[{"href":"https:\/\/wpd.ugr.es\/~aesla26\/wp-json\/wp\/v2\/pages"}],"about":[{"href":"https:\/\/wpd.ugr.es\/~aesla26\/wp-json\/wp\/v2\/types\/page"}],"author":[{"embeddable":true,"href":"https:\/\/wpd.ugr.es\/~aesla26\/wp-json\/wp\/v2\/users\/1"}],"replies":[{"embeddable":true,"href":"https:\/\/wpd.ugr.es\/~aesla26\/wp-json\/wp\/v2\/comments?post=4801"}],"version-history":[{"count":2,"href":"https:\/\/wpd.ugr.es\/~aesla26\/wp-json\/wp\/v2\/pages\/4801\/revisions"}],"predecessor-version":[{"id":4813,"href":"https:\/\/wpd.ugr.es\/~aesla26\/wp-json\/wp\/v2\/pages\/4801\/revisions\/4813"}],"wp:featuredmedia":[{"embeddable":true,"href":"https:\/\/wpd.ugr.es\/~aesla26\/wp-json\/wp\/v2\/media\/56"}],"wp:attachment":[{"href":"https:\/\/wpd.ugr.es\/~aesla26\/wp-json\/wp\/v2\/media?parent=4801"}],"curies":[{"name":"wp","href":"https:\/\/api.w.org\/{rel}","templated":true}]}}