{"id":386,"date":"2023-01-02T10:11:51","date_gmt":"2023-01-02T10:11:51","guid":{"rendered":"https:\/\/wpd.ugr.es\/~battaner\/?page_id=386"},"modified":"2023-01-02T10:15:03","modified_gmt":"2023-01-02T10:15:03","slug":"pertenencia-a-comisiones-y-sociedades","status":"publish","type":"page","link":"https:\/\/wpd.ugr.es\/~battaner\/?page_id=386","title":{"rendered":"Pertenencia a Comisiones y Sociedades"},"content":{"rendered":"\t\t<div data-elementor-type=\"wp-page\" data-elementor-id=\"386\" class=\"elementor elementor-386\">\n\t\t\t\t\t\t\t\t\t<section class=\"elementor-section elementor-top-section elementor-element elementor-element-16e750d elementor-section-boxed elementor-section-height-default elementor-section-height-default\" data-id=\"16e750d\" data-element_type=\"section\">\n\t\t\t\t\t\t<div class=\"elementor-container elementor-column-gap-default\">\n\t\t\t\t\t<div class=\"elementor-column elementor-col-100 elementor-top-column elementor-element elementor-element-dc5532e\" data-id=\"dc5532e\" data-element_type=\"column\">\n\t\t\t<div class=\"elementor-widget-wrap elementor-element-populated\">\n\t\t\t\t\t\t\t\t<div class=\"elementor-element elementor-element-e7e3015 elementor-widget elementor-widget-text-editor\" data-id=\"e7e3015\" data-element_type=\"widget\" data-widget_type=\"text-editor.default\">\n\t\t\t\t<div class=\"elementor-widget-container\">\n\t\t\t<style>\/*! elementor - v3.9.2 - 21-12-2022 *\/\n.elementor-widget-text-editor.elementor-drop-cap-view-stacked .elementor-drop-cap{background-color:#818a91;color:#fff}.elementor-widget-text-editor.elementor-drop-cap-view-framed .elementor-drop-cap{color:#818a91;border:3px solid;background-color:transparent}.elementor-widget-text-editor:not(.elementor-drop-cap-view-default) .elementor-drop-cap{margin-top:8px}.elementor-widget-text-editor:not(.elementor-drop-cap-view-default) .elementor-drop-cap-letter{width:1em;height:1em}.elementor-widget-text-editor .elementor-drop-cap{float:left;text-align:center;line-height:1;font-size:50px}.elementor-widget-text-editor .elementor-drop-cap-letter{display:inline-block}<\/style>\t\t\t\t<ul>2021-\u2026- Presidente de la Secci\u00f3n de F\u00edsica-Qu\u00edmica de la Academia de Ciencias Matem\u00e1ticas, F\u00edsico-Qu\u00edmicas y Naturales.<\/ul><ul>2016-\u2026- Colaborador externo de los Telescopios QUIJOTE en la isla de Tenerife.<\/ul><ul>2015-\u2026- Representante en la EADA: Estrategia Andaluza para la Divulgaci\u00f3n de la Astronom\u00eda.<\/ul><ul>2014-\u2026- Miembro del Comit\u00e9 Editorial del \u00abSpanish SKA White Book\u00bb.<\/ul><ul>2014-\u2026- Associate in SKA (Square kilometer array) en el Grupo de Trabajo Cosmic Magnetism.<\/ul><ul>2011-\u2026- Reelecci\u00f3n como Vicepresidente del GEA de la RSEF.<\/ul><ul>2011-\u2026- Pertenencia al Grupo Especializado de Comunicaci\u00f3n y divulgaci\u00f3n de la F\u00edsica de la RSEF.<\/ul><ul>2010-2014 Miembro de la Comisi\u00f3n Nacional de Astronom\u00eda como experto en Cosmolog\u00eda.<\/ul><ul>2009-\u2026- Miembro del \u00abCore Team\u00bb de la misi\u00f3n Planck.<\/ul><ul>2007-\u2026- Planck Scientist.<\/ul><ul>2006-\u2026-Amigos del Parque de las Ciencias.<\/ul><ul>2006-\u2026-Red de interlocutores universitarios para el 7PM. Univ. Granada. \u00c1rea tem\u00e1tica: Espacio y seguridad.<\/ul><ul>2005-\u2026-Academia de Ciencias Matem\u00e1ticas, F\u00edsico-Qu\u00edmicas y Naturales de Granada.<\/ul><ul>2005-2015. Secretario de la Secci\u00f3n de F\u00edsica-Qu\u00edmicas de la Academia de Ciencias Matem\u00e1ticas, F\u00edsico-Qu\u00edmicas y Naturales de Granada.<\/ul><ul>2004-2008. Presidente de la Red Acad\u00e9mica de Astrof\u00edsica y Astronom\u00eda.<\/ul><ul>2005- Miembro del Panel de Seguimiento de Proyectos AYA2003.<\/ul><ul>2003- Vicepresidente del Grupo Especializado de Astronom\u00eda de la Real Sociedad Espa\u00f1ola de F\u00edsica.<\/ul><ul>2002-\u2026 Co-I (Co-Investigator) del HFI de la Misi\u00f3n Planck de la ESA.<\/ul><ul>2001-\u2026 Comit\u00e9 de Seguimiento del GTC (Gran Telescopio Canario).<\/ul><ul>2000-\u2026 Red Acad\u00e9mica de Astrof\u00edsica y Astronom\u00eda.<\/ul><ul>2000- Comit\u00e9 de Evaluaci\u00f3n Externa de la Facultad de F\u00edsicas de la Universidad de La Laguna.<\/ul><ul>1999-2002- Vocal de la Junta Directiva de la Sociedad Espa\u00f1ola de Astronom\u00eda.<\/ul><ul>1992-\u2026-Real Sociedad Espa\u00f1ola de F\u00edsica.<\/ul><ul>1992-\u2026-Sociedad Espa\u00f1ola de Astronom\u00eda.<\/ul><ul>1992-\u2026-European Astronomical Society.<\/ul><ul>1988-1990- Comisi\u00f3n de concesi\u00f3n de tiempos de observaci\u00f3n con telescopios nocturnos del IAC.<\/ul><ul>1984-1989- Comisi\u00f3n de concesi\u00f3n de tiempos de observaci\u00f3n con telescopios diurnos del IAC.<\/ul><ul>1982-1984- Real Sociedad Espa\u00f1ola de F\u00edsica y Qu\u00edmica.<\/ul><ul>1979-fecha desconocida. European Geophysical Union.<\/ul><ul>1978-fecha desconocida. American Geophysical Union.<\/ul><ul>1977-1981 Miembro de la Mesa Directiva de la Secci\u00f3n de Geomagnetismo y Aeronom\u00eda de la Comisi\u00f3n Nacional de Geodesia y Geof\u00edsica.<\/ul><ul>1997-1981- Experto en Geomagnetismo y Aeronom\u00eda de la Comisi\u00f3n Nacional de Geodesia y Geof\u00edsica, nombrado por la Presidencia de Gobierno.<\/ul><ul>1976-\u2026- Internacional Astronomical Union.<\/ul><p>\u00a0<\/p>\t\t\t\t\t\t<\/div>\n\t\t\t\t<\/div>\n\t\t\t\t\t<\/div>\n\t\t<\/div>\n\t\t\t\t\t\t\t<\/div>\n\t\t<\/section>\n\t\t\t\t\t\t\t<\/div>\n\t\t","protected":false},"excerpt":{"rendered":"<p>2021-\u2026- Presidente de la Secci\u00f3n de F\u00edsica-Qu\u00edmica de la Academia de Ciencias Matem\u00e1ticas, F\u00edsico-Qu\u00edmicas y Naturales. 2016-\u2026- Colaborador externo de los Telescopios QUIJOTE en la isla de Tenerife. 2015-\u2026- Representante en la EADA: Estrategia Andaluza para la Divulgaci\u00f3n de la Astronom\u00eda. 2014-\u2026- Miembro del Comit\u00e9 Editorial del \u00abSpanish SKA White Book\u00bb. 2014-\u2026- Associate in SKA (Square kilometer array) en el Grupo de Trabajo Cosmic Magnetism. 2011-\u2026- Reelecci\u00f3n como Vicepresidente del GEA de la RSEF. 2011-\u2026- Pertenencia al Grupo Especializado de Comunicaci\u00f3n y divulgaci\u00f3n de la F\u00edsica de la RSEF. 2010-2014 Miembro de la Comisi\u00f3n Nacional de Astronom\u00eda como experto en Cosmolog\u00eda. 2009-\u2026- Miembro del \u00abCore Team\u00bb de la misi\u00f3n Planck. 2007-\u2026- Planck Scientist. 2006-\u2026-Amigos del Parque de las Ciencias. 2006-\u2026-Red de interlocutores universitarios para el 7PM. Univ. Granada. \u00c1rea tem\u00e1tica: Espacio y seguridad. 2005-\u2026-Academia de Ciencias Matem\u00e1ticas, F\u00edsico-Qu\u00edmicas y Naturales de Granada. 2005-2015. Secretario de la Secci\u00f3n de F\u00edsica-Qu\u00edmicas de la Academia de Ciencias Matem\u00e1ticas, F\u00edsico-Qu\u00edmicas y Naturales de Granada. 2004-2008. Presidente de la Red Acad\u00e9mica de Astrof\u00edsica y Astronom\u00eda. 2005- Miembro del Panel de Seguimiento de Proyectos AYA2003. 2003- Vicepresidente del Grupo Especializado de Astronom\u00eda de la Real Sociedad Espa\u00f1ola de F\u00edsica. 2002-\u2026 Co-I (Co-Investigator) del HFI de la Misi\u00f3n Planck de la ESA. 2001-\u2026 Comit\u00e9 de Seguimiento del GTC (Gran Telescopio Canario). 2000-\u2026 Red Acad\u00e9mica de Astrof\u00edsica y Astronom\u00eda. 2000- Comit\u00e9 de Evaluaci\u00f3n Externa de la Facultad de F\u00edsicas de la Universidad de La Laguna. 1999-2002- Vocal de la Junta Directiva de la Sociedad Espa\u00f1ola de Astronom\u00eda. 1992-\u2026-Real Sociedad Espa\u00f1ola de F\u00edsica. 1992-\u2026-Sociedad Espa\u00f1ola de Astronom\u00eda. 1992-\u2026-European Astronomical Society. 1988-1990- Comisi\u00f3n de concesi\u00f3n de tiempos de observaci\u00f3n con telescopios nocturnos del IAC. 1984-1989- Comisi\u00f3n de concesi\u00f3n de tiempos de observaci\u00f3n con telescopios diurnos del IAC. 1982-1984- Real Sociedad Espa\u00f1ola de F\u00edsica y Qu\u00edmica. 1979-fecha desconocida. European Geophysical Union. 1978-fecha desconocida. American Geophysical Union. 1977-1981 Miembro de la Mesa Directiva de la Secci\u00f3n de Geomagnetismo y Aeronom\u00eda de la Comisi\u00f3n Nacional de Geodesia y Geof\u00edsica. 1997-1981- Experto en Geomagnetismo y Aeronom\u00eda de la Comisi\u00f3n Nacional de Geodesia y Geof\u00edsica, nombrado por la Presidencia de Gobierno. 1976-\u2026- Internacional Astronomical Union. \u00a0<\/p>\n","protected":false},"author":1,"featured_media":0,"parent":0,"menu_order":0,"comment_status":"closed","ping_status":"closed","template":"","meta":[],"_links":{"self":[{"href":"https:\/\/wpd.ugr.es\/~battaner\/index.php?rest_route=\/wp\/v2\/pages\/386"}],"collection":[{"href":"https:\/\/wpd.ugr.es\/~battaner\/index.php?rest_route=\/wp\/v2\/pages"}],"about":[{"href":"https:\/\/wpd.ugr.es\/~battaner\/index.php?rest_route=\/wp\/v2\/types\/page"}],"author":[{"embeddable":true,"href":"https:\/\/wpd.ugr.es\/~battaner\/index.php?rest_route=\/wp\/v2\/users\/1"}],"replies":[{"embeddable":true,"href":"https:\/\/wpd.ugr.es\/~battaner\/index.php?rest_route=%2Fwp%2Fv2%2Fcomments&post=386"}],"version-history":[{"count":4,"href":"https:\/\/wpd.ugr.es\/~battaner\/index.php?rest_route=\/wp\/v2\/pages\/386\/revisions"}],"predecessor-version":[{"id":390,"href":"https:\/\/wpd.ugr.es\/~battaner\/index.php?rest_route=\/wp\/v2\/pages\/386\/revisions\/390"}],"wp:attachment":[{"href":"https:\/\/wpd.ugr.es\/~battaner\/index.php?rest_route=%2Fwp%2Fv2%2Fmedia&parent=386"}],"curies":[{"name":"wp","href":"https:\/\/api.w.org\/{rel}","templated":true}]}}