{"id":1385,"date":"2019-04-03T13:40:04","date_gmt":"2019-04-03T11:40:04","guid":{"rendered":"http:\/\/wpd.ugr.es\/~filolab\/wordpress\/?page_id=1385"},"modified":"2024-07-10T13:29:00","modified_gmt":"2024-07-10T11:29:00","slug":"escuela-internacional-de-verano-2019","status":"publish","type":"page","link":"https:\/\/wpd.ugr.es\/~filolab\/wordpress\/actividades\/escuela-internacional-de-verano-2019\/","title":{"rendered":"Escuela Internacional de Verano 2019"},"content":{"rendered":"<div id=\"pl-1385\"  class=\"panel-layout\" ><div id=\"pg-1385-0\"  class=\"panel-grid panel-no-style\" ><div id=\"pgc-1385-0-0\"  class=\"panel-grid-cell\" ><div id=\"panel-1385-0-0-0\" class=\"so-panel widget widget_sow-image panel-first-child panel-last-child\" data-index=\"0\" ><div class=\"panel-widget-style panel-widget-style-for-1385-0-0-0\" ><div class=\"so-widget-sow-image so-widget-sow-image-default-a5258576d588\">\n\n<div class=\"sow-image-container\">\n\t<img src=\"https:\/\/wpd.ugr.es\/~filolab\/wordpress\/wp-content\/uploads\/2019\/04\/Imagen-Alhambra-min-720x360.jpg\" width=\"720\" height=\"360\" sizes=\"(max-width: 720px) 100vw, 720px\" title=\"Imagen Alhambra-min\" alt=\"\" \t\tclass=\"so-widget-image\"\/>\n<\/div>\n\n<\/div><\/div><\/div><\/div><\/div><div id=\"pg-1385-1\"  class=\"panel-grid panel-no-style\" ><div id=\"pgc-1385-1-0\"  class=\"panel-grid-cell\" ><div id=\"panel-1385-1-0-0\" class=\"so-panel widget widget_sow-editor panel-first-child panel-last-child\" data-index=\"1\" ><div class=\"so-widget-sow-editor so-widget-sow-editor-base\">\n<div class=\"siteorigin-widget-tinymce textwidget\">\n\t<h1><strong><span style=\"color: #3f96ac;\">Injusticia discursiva y cr\u00edtica social: epistemolog\u00eda y formaci\u00f3n para la deliberaci\u00f3n<\/span><\/strong><\/h1>\n<p>&nbsp;<\/p>\n<blockquote>\n<h3><strong>del 8 al 12 de julio de 2019, en Granada (Espa\u00f1a)<\/strong><\/h3>\n<h4>Carmen de la Victoria, Universidad de Granada, Cuesta del Chapiz, 9, 18010 Granada, <a href=\"https:\/\/www.google.es\/maps\/place\/Carmen+de+la+Victoria\/@37.1808104,-3.5908582,17z\/data=!3m1!4b1!4m5!3m4!1s0xd71fcc9b27a8adf:0xef1207c73e2dc726!8m2!3d37.1808104!4d-3.5886695\" target=\"_blank\" rel=\"noopener\">Mapa<\/a><\/h4>\n<\/blockquote>\n<\/div>\n<\/div><\/div><\/div><\/div><div id=\"pg-1385-2\"  class=\"panel-grid panel-no-style\" ><div id=\"pgc-1385-2-0\"  class=\"panel-grid-cell\" ><div id=\"panel-1385-2-0-0\" class=\"so-panel widget widget_sow-editor panel-first-child panel-last-child\" data-index=\"2\" ><div class=\"so-widget-sow-editor so-widget-sow-editor-base\">\n<div class=\"siteorigin-widget-tinymce textwidget\">\n\t<p>Entre el lunes 8 y el viernes 12 de julio de 2019, en su segunda edici\u00f3n, la Escuela Internacional de Verano de FiloLab ofrecer\u00e1 a estudiantes de doctorado y j\u00f3venes doctores\/as de diferentes pa\u00edses la oportunidad para exponer sus trabajos en curso o recientemente acabados, obtener comentarios cualificados sobre ellos y asesoramiento sobre su proyecci\u00f3n posdoctoral.<\/p>\n<p>El curso est\u00e1 especialmente pensado para que j\u00f3venes investigadores\/as puedan presentar sus investigaciones vinculadas a la tesis doctoral o art\u00edculos en curso, a pares y acad\u00e9micos\/as senior en el \u00e1mbito de la argumentaci\u00f3n, la epistemolog\u00eda, la \u00e9tica aplicada y la deliberaci\u00f3n, para su comentario y discusi\u00f3n.<\/p>\n<p>Se facilitar\u00e1n procesos de tutorizaci\u00f3n por profesores\/as en el \u00e1mbito de las humanidades y las ciencias sociales, as\u00ed como un fluido intercambio acad\u00e9mico con pares con intereses de investigaci\u00f3n cercanos. Se pretende con ello generar oportunidades de colaboraci\u00f3n entre j\u00f3venes investigadores\/as de diferentes disciplinas relacionadas con la filosof\u00eda.<\/p>\n<p>Adem\u00e1s, se ofrecer\u00e1 asesoramiento sobre estrategias espec\u00edficas para la publicaci\u00f3n y la difusi\u00f3n de los resultados de la investigaci\u00f3n. Se espera la presencia durante las sesiones de editores\/as de revistas y directores\/as de colecciones de editoriales y revistas como Theoria, Dilemata, Daimon, Isegor\u00eda, Springer, Plaza y Vald\u00e9s y Comares.<\/p>\n<\/div>\n<\/div><\/div><\/div><div id=\"pgc-1385-2-1\"  class=\"panel-grid-cell\" ><div id=\"panel-1385-2-1-0\" class=\"so-panel widget widget_sow-image panel-first-child panel-last-child\" data-index=\"3\" ><div class=\"panel-widget-style panel-widget-style-for-1385-2-1-0\" ><div class=\"so-widget-sow-image so-widget-sow-image-default-d6014b76747a\">\n\n<div class=\"sow-image-container\">\n\t<img src=\"https:\/\/wpd.ugr.es\/~filolab\/wordpress\/wp-content\/uploads\/2019\/05\/FiloLab-768x1080.jpg\" width=\"640\" height=\"900\" srcset=\"https:\/\/wpd.ugr.es\/~filolab\/wordpress\/wp-content\/uploads\/2019\/05\/FiloLab-768x1080.jpg 768w, https:\/\/wpd.ugr.es\/~filolab\/wordpress\/wp-content\/uploads\/2019\/05\/FiloLab-213x300.jpg 213w, https:\/\/wpd.ugr.es\/~filolab\/wordpress\/wp-content\/uploads\/2019\/05\/FiloLab-728x1024.jpg 728w, https:\/\/wpd.ugr.es\/~filolab\/wordpress\/wp-content\/uploads\/2019\/05\/FiloLab.jpg 1247w\" sizes=\"(max-width: 640px) 100vw, 640px\" alt=\"\" \t\tclass=\"so-widget-image\"\/>\n<\/div>\n\n<\/div><\/div><\/div><\/div><\/div><div id=\"pg-1385-3\"  class=\"panel-grid panel-no-style\" ><div id=\"pgc-1385-3-0\"  class=\"panel-grid-cell\" ><div id=\"panel-1385-3-0-0\" class=\"so-panel widget widget_sow-editor panel-first-child panel-last-child\" data-index=\"4\" ><div class=\"so-widget-sow-editor so-widget-sow-editor-base\"><h3 class=\"widget-title\">Metodolog\u00eda docente<\/h3>\n<div class=\"siteorigin-widget-tinymce textwidget\">\n\t<div class=\"siteorigin-widget-tinymce textwidget\">\n<p>El curso tendr\u00e1 una duraci\u00f3n de cuatro d\u00edas, con dos sesiones concentradas en las ma\u00f1anas y una a primera hora de la tarde, quedando el resto de la tarde libre para realizar actividades acad\u00e9micas informales y de ocio.<\/p>\n<p>Cada sesi\u00f3n durar\u00e1 una hora y media, con un m\u00e1ximo de 45 minutos de presentaci\u00f3n seguidos de un comentario y discusi\u00f3n durante otros 45 minutos. Las intervenciones se agrupar\u00e1n en funci\u00f3n de su afinidad tem\u00e1tica y metodol\u00f3gica. En ellas, cada investigador\/a presentar\u00e1 sus trabajos de doctorado o su proyecto posdoctoral. A continuaci\u00f3n, el profesorado invitado har\u00e1 un comentario a la exposici\u00f3n y despu\u00e9s moderar\u00e1 la sesi\u00f3n, en la que intervendr\u00e1n el profesorado adscrito a la Unidad de Excelencia FiloLab-UGR y los\/as dem\u00e1s asistentes.<\/p>\n<p>Al programar sesiones amplias y contemplar descansos entre las intervenciones se pretenden reproducir algunos de los elementos mejor valorados por los\/as asistentes a la edici\u00f3n de 2018, generando adem\u00e1s espacios para discutir de manera m\u00e1s informal con los\/as acad\u00e9micos\/as invitados, en los que se tratar\u00e1n asuntos como la carrera acad\u00e9mica profesional, las estrategias de financiaci\u00f3n, difusi\u00f3n de resultados y oportunidades de colaboraci\u00f3n.<\/p>\n<\/div>\n<\/div>\n<\/div><\/div><\/div><div id=\"pgc-1385-3-1\"  class=\"panel-grid-cell\" ><div id=\"panel-1385-3-1-0\" class=\"so-panel widget widget_sow-editor panel-first-child panel-last-child\" data-index=\"5\" ><div class=\"so-widget-sow-editor so-widget-sow-editor-base\"><h3 class=\"widget-title\">Profesorado invitado<\/h3>\n<div class=\"siteorigin-widget-tinymce textwidget\">\n\t<div class=\"siteorigin-widget-tinymce textwidget\">\n<figure id=\"attachment_1388\" aria-describedby=\"caption-attachment-1388\" style=\"width: 150px\" class=\"wp-caption alignleft\"><a href=\"http:\/\/pure.au.dk\/portal\/en\/persons\/asger-soerensen(9d3771c9-3110-4f3c-b22c-28215e4b03b6).html\"><img loading=\"lazy\" class=\"wp-image-1388 size-thumbnail\" src=\"http:\/\/wpd.ugr.es\/~filolab\/wordpress\/wp-content\/uploads\/2019\/03\/0-150x150.jpeg\" alt=\"\" width=\"150\" height=\"150\" srcset=\"https:\/\/wpd.ugr.es\/~filolab\/wordpress\/wp-content\/uploads\/2019\/03\/0-150x150.jpeg 150w, https:\/\/wpd.ugr.es\/~filolab\/wordpress\/wp-content\/uploads\/2019\/03\/0-100x100.jpeg 100w, https:\/\/wpd.ugr.es\/~filolab\/wordpress\/wp-content\/uploads\/2019\/03\/0.jpeg 200w\" sizes=\"(max-width: 150px) 100vw, 150px\" \/><\/a><figcaption id=\"caption-attachment-1388\" class=\"wp-caption-text\">Asger S\u00f8rensen Universidad de Aarhus, Aarhus, Dinamarca<\/figcaption><\/figure>\n<figure id=\"attachment_1390\" aria-describedby=\"caption-attachment-1390\" style=\"width: 150px\" class=\"wp-caption alignleft\"><img loading=\"lazy\" class=\"wp-image-1390 size-thumbnail\" src=\"http:\/\/wpd.ugr.es\/~filolab\/wordpress\/wp-content\/uploads\/2019\/03\/B002039-150x150.gif\" alt=\"\" width=\"150\" height=\"150\" srcset=\"https:\/\/wpd.ugr.es\/~filolab\/wordpress\/wp-content\/uploads\/2019\/03\/B002039-150x150.gif 150w, https:\/\/wpd.ugr.es\/~filolab\/wordpress\/wp-content\/uploads\/2019\/03\/B002039-100x100.gif 100w\" sizes=\"(max-width: 150px) 100vw, 150px\" \/><figcaption id=\"caption-attachment-1390\" class=\"wp-caption-text\">Saray Ayala Universidad Estatal de California Sacramento, EE.\u00a0UU.<\/figcaption><\/figure>\n<\/div>\n<\/div>\n<\/div><\/div><\/div><div id=\"pgc-1385-3-2\"  class=\"panel-grid-cell\" ><div id=\"panel-1385-3-2-0\" class=\"so-panel widget widget_sow-editor panel-first-child panel-last-child\" data-index=\"6\" ><div class=\"so-widget-sow-editor so-widget-sow-editor-base\"><h3 class=\"widget-title\">Comit\u00e9 organizador<\/h3>\n<div class=\"siteorigin-widget-tinymce textwidget\">\n\t<div class=\"siteorigin-widget-tinymce textwidget\">\n<p>Pedro Franc\u00e9s G\u00f3mez<\/p>\n<p>Lilian Bermejo Luque<\/p>\n<p>Jorge Costa Delgado<\/p>\n<p>Roc\u00edo Gonz\u00e1lez Mart\u00ednez<\/p>\n<p>Alba Moreno Zurita<\/p>\n<p>Neftal\u00ed Villanueva Fern\u00e1ndez<\/p>\n<p>Henrik Zinkernagel<\/p>\n<\/div>\n<\/div>\n<\/div><\/div><\/div><\/div><div id=\"pg-1385-4\"  class=\"panel-grid panel-no-style\" ><div id=\"pgc-1385-4-0\"  class=\"panel-grid-cell\" ><div id=\"panel-1385-4-0-0\" class=\"so-panel widget widget_sow-editor panel-first-child panel-last-child\" data-index=\"7\" ><div class=\"so-widget-sow-editor so-widget-sow-editor-base\"><h3 class=\"widget-title\">Qui\u00e9n puede participar<\/h3>\n<div class=\"siteorigin-widget-tinymce textwidget\">\n\t<div class=\"siteorigin-widget-tinymce textwidget\">\n<p>El curso est\u00e1 destinado a j\u00f3venes investigadores\/as de todos los \u00e1mbitos de las Humanidades y de las Ciencias Sociales, pero tambi\u00e9n a aquellos\/as que, no perteneciendo a estos \u00e1mbitos, hayan centrado sus investigaciones en \u00e1reas de conocimiento relevantes para el tema del curso, como las \u00e9ticas aplicadas, la econom\u00eda social, o las pol\u00edticas p\u00fablicas.<\/p>\n<p>La Escuela de Verano Internacional de FiloLab tiene una vocaci\u00f3n transdisciplinar e inclusiva. Ser\u00e1n bienvenidas tanto las propuestas que traten aspectos de fundamentaci\u00f3n y conceptuales, como aquellas que aborden aspectos metodol\u00f3gicos o aspectos aplicados de las tem\u00e1ticas propuestas, pero se considerar\u00e1n otras tem\u00e1ticas igualmente si se demuestra alguna compatibilidad tem\u00e1tica o metodol\u00f3gica. Se destacan, entre otros, \u00e1mbitos de conocimiento como\u00a0la filosof\u00eda de la ciencia, los estudios de ciencia y tecnolog\u00eda, la filosof\u00eda de la mente y la psicolog\u00eda, la l\u00f3gica y la filosof\u00eda del lenguaje, la teor\u00eda de la argumentaci\u00f3n, la filosof\u00eda moral y pol\u00edtica, la filosof\u00eda social o la \u00e9tica aplicada.<\/p>\n<p>Tambi\u00e9n se admitir\u00e1 la inscripci\u00f3n de personas que no presenten propuestas, pero quieran asistir a las sesiones y participar en los debates.<\/p>\n<\/div>\n<\/div>\n<\/div><\/div><\/div><\/div><div id=\"pg-1385-5\"  class=\"panel-grid panel-no-style\" ><div id=\"pgc-1385-5-0\"  class=\"panel-grid-cell\" ><div id=\"panel-1385-5-0-0\" class=\"so-panel widget widget_sow-editor panel-first-child panel-last-child\" data-index=\"8\" ><div class=\"so-widget-sow-editor so-widget-sow-editor-base\">\n<div class=\"siteorigin-widget-tinymce textwidget\">\n\t<hr \/>\n<p>A modo de ejemplo, podr\u00e1n abordarse cuestiones te\u00f3ricas, metodol\u00f3gicas y aplicadas relacionadas con los siguientes temas:<\/p>\n<ul>\n<li>Conocimiento y opini\u00f3n: objetividad, pluralismo y relativismo<\/li>\n<li>Verdad y justificaci\u00f3n: verdad y consecuencias; verdad, \u00e9tica y pol\u00edtica; verdad y posverdad<\/li>\n<li>Desacuerdos: desacuerdos epist\u00e9micos y normativos; legos y expertos; hechos y valores<\/li>\n<li>Argumentaci\u00f3n: emociones y razonamiento, validez en juicios y evaluaciones, requisitos del razonamiento; sesgos en la enunciaci\u00f3n y el an\u00e1lisis de problemas<\/li>\n<li>Injusticia epist\u00e9mica y discursiva<\/li>\n<li>Lenguaje, g\u00e9nero y filosof\u00eda<\/li>\n<li>Sesgos cognitivos<\/li>\n<li>Deliberaci\u00f3n y participaci\u00f3n pol\u00edtica<\/li>\n<li>Filosof\u00eda, educaci\u00f3n y democracia<\/li>\n<\/ul>\n<hr \/>\n<p>&nbsp;<\/p>\n<\/div>\n<\/div><\/div><\/div><\/div><div id=\"pg-1385-6\"  class=\"panel-grid panel-no-style\" ><div id=\"pgc-1385-6-0\"  class=\"panel-grid-cell\" ><div id=\"panel-1385-6-0-0\" class=\"so-panel widget widget_sow-editor panel-first-child panel-last-child\" data-index=\"9\" ><div class=\"so-widget-sow-editor so-widget-sow-editor-base\"><h3 class=\"widget-title\">Env\u00edo de propuestas<\/h3>\n<div class=\"siteorigin-widget-tinymce textwidget\">\n\t<p>El env\u00edo de propuestas se realizar\u00e1 mediante el correo <a href=\"mailto:filolab@ugr.es\">filolab@ugr.es<\/a>. <strong>Se ha ampliado la fecha l\u00edmite para la presentaci\u00f3n de propuestas hasta el 31 de mayo de 2019<\/strong>. Confirmaci\u00f3n de propuestas aceptadas a medida que se vayan recibiendo, hasta cubrir el l\u00edmite de plazas disponibles. Cada propuesta deber\u00e1 incluir:<\/p>\n<ul>\n<li data-leveltext=\"\uf0b7\" data-font=\"Symbol\" data-listid=\"6\" aria-setsize=\"-1\" data-aria-posinset=\"1\" data-aria-level=\"1\">Nombre<\/li>\n<li data-leveltext=\"\uf0b7\" data-font=\"Symbol\" data-listid=\"6\" aria-setsize=\"-1\" data-aria-posinset=\"2\" data-aria-level=\"1\">Correo electr\u00f3nico<\/li>\n<li data-leveltext=\"\uf0b7\" data-font=\"Symbol\" data-listid=\"6\" aria-setsize=\"-1\" data-aria-posinset=\"3\" data-aria-level=\"1\">Afiliaci\u00f3n institucional (si la hay)<\/li>\n<li data-leveltext=\"\uf0b7\" data-font=\"Symbol\" data-listid=\"6\" aria-setsize=\"-1\" data-aria-posinset=\"3\" data-aria-level=\"1\">T\u00edtulo de la investigaci\u00f3n<\/li>\n<li data-leveltext=\"\uf0b7\" data-font=\"Symbol\" data-listid=\"6\" aria-setsize=\"-1\" data-aria-posinset=\"3\" data-aria-level=\"1\">Resumen de la investigaci\u00f3n (300 palabras m\u00e1x.)<\/li>\n<li data-leveltext=\"\uf0b7\" data-font=\"Symbol\" data-listid=\"6\" aria-setsize=\"-1\" data-aria-posinset=\"3\" data-aria-level=\"1\">\u00c1reas de inter\u00e9s cient\u00edfico (100 palabras m\u00e1x.)<\/li>\n<\/ul>\n<p>En caso de que quieras inscribirte sin presentar una propuesta, basta con que nos env\u00edes tu nombre, correo electr\u00f3nico y afiliaci\u00f3n institucional.<\/p>\n<\/div>\n<\/div><\/div><\/div><div id=\"pgc-1385-6-1\"  class=\"panel-grid-cell\" ><div id=\"panel-1385-6-1-0\" class=\"so-panel widget widget_sow-accordion panel-first-child\" data-index=\"10\" ><div class=\"so-widget-sow-accordion so-widget-sow-accordion-default-84021e6d2f91\"><h3 class=\"widget-title\">Matr\u00edcula<\/h3><div>\n\t<div class=\"sow-accordion\">\n\t\t\t<div class=\"sow-accordion-panel\"\n\t\t\t data-anchor=\"opci%c3%b3n-a-matr%c3%adcula-alumnado-ugr-75-%e2%82%ac\">\n\t\t\t\t<div class=\"sow-accordion-panel-header-container\" role=\"heading\" aria-level=\"2\">\n\t\t\t\t\t<div class=\"sow-accordion-panel-header\" tabindex=\"0\" role=\"button\" id=\"accordion-label-opci%c3%b3n-a-matr%c3%adcula-alumnado-ugr-75-%e2%82%ac\" aria-controls=\"accordion-content-opci%c3%b3n-a-matr%c3%adcula-alumnado-ugr-75-%e2%82%ac\" aria-expanded=\"false\">\n\t\t\t\t\t\t<div class=\"sow-accordion-title sow-accordion-title-icon-left\">\n\t\t\t\t\t\t\t\t\t\t\t\t\t\tOPCI\u00d3N A. Matr\u00edcula alumnado UGR (75 \u20ac)\t\t\t\t\t\t\t\t\t\t\t\t\t<\/div>\n\t\t\t\t\t\t<div class=\"sow-accordion-open-close-button\">\n\t\t\t\t\t\t\t<div class=\"sow-accordion-open-button\">\n\t\t\t\t\t\t\t\t<span class=\"sow-icon-ionicons\" data-sow-icon=\"&#xf218;\" ><\/span>\t\t\t\t\t\t\t<\/div>\n\t\t\t\t\t\t\t<div class=\"sow-accordion-close-button\">\n\t\t\t\t\t\t\t\t<span class=\"sow-icon-ionicons\" data-sow-icon=\"&#xf209;\" ><\/span>\t\t\t\t\t\t\t<\/div>\n\t\t\t\t\t\t<\/div>\n\t\t\t\t\t<\/div>\n\t\t\t\t<\/div>\n\n\t\t\t<div class=\"sow-accordion-panel-content\" role=\"region\" aria-labelledby=\"accordion-label-opci%c3%b3n-a-matr%c3%adcula-alumnado-ugr-75-%e2%82%ac\" id=\"accordion-content-opci%c3%b3n-a-matr%c3%adcula-alumnado-ugr-75-%e2%82%ac\">\n\t\t\t\t<div class=\"sow-accordion-panel-border\" tabindex=\"0\">\n\t\t\t\t\t<p>Incluye:<\/p>\n<ul>\n<li>Inscripci\u00f3n<\/li>\n<li>Materiales<\/li>\n<li>Almuerzos en el Carmen de la Victoria<\/li>\n<li>Visita guiada a la Alhambra<\/li>\n<\/ul>\n<p>Ingreso en cuenta corriente<br \/>\nN\u00famero: ES67 2038 3505 3764 0000 1291<br \/>\nSWIFT: CAHMESMMXXX<br \/>\nConcepto: \"FILOLAB\" + NOMBRE + APELLIDOS<br \/>\n<strong>Nota: es muy importante que en el concepto de la transferencia figure la referencia a \"FILOLAB\"<\/strong>. Adem\u00e1s, en alg\u00fan apartado debe constar el DNI o el pasaporte de la persona inscrita.<br \/>\nRemitir el justificante de ingreso a <a href=\"mailto:filolab@ugr.es\">filolab@ugr.es<\/a><\/p>\n\t\t\t\t<\/div>\n\t\t\t<\/div>\n\t\t<\/div>\n\t\t\t<div class=\"sow-accordion-panel\"\n\t\t\t data-anchor=\"opci%c3%b3n-b-matr%c3%adcula-alumnado-externo-a-la-ugr-150-%e2%82%ac\">\n\t\t\t\t<div class=\"sow-accordion-panel-header-container\" role=\"heading\" aria-level=\"2\">\n\t\t\t\t\t<div class=\"sow-accordion-panel-header\" tabindex=\"0\" role=\"button\" id=\"accordion-label-opci%c3%b3n-b-matr%c3%adcula-alumnado-externo-a-la-ugr-150-%e2%82%ac\" aria-controls=\"accordion-content-opci%c3%b3n-b-matr%c3%adcula-alumnado-externo-a-la-ugr-150-%e2%82%ac\" aria-expanded=\"false\">\n\t\t\t\t\t\t<div class=\"sow-accordion-title sow-accordion-title-icon-left\">\n\t\t\t\t\t\t\t\t\t\t\t\t\t\tOPCI\u00d3N B. Matr\u00edcula alumnado externo a la UGR (150 \u20ac)\t\t\t\t\t\t\t\t\t\t\t\t\t<\/div>\n\t\t\t\t\t\t<div class=\"sow-accordion-open-close-button\">\n\t\t\t\t\t\t\t<div class=\"sow-accordion-open-button\">\n\t\t\t\t\t\t\t\t<span class=\"sow-icon-ionicons\" data-sow-icon=\"&#xf218;\" ><\/span>\t\t\t\t\t\t\t<\/div>\n\t\t\t\t\t\t\t<div class=\"sow-accordion-close-button\">\n\t\t\t\t\t\t\t\t<span class=\"sow-icon-ionicons\" data-sow-icon=\"&#xf209;\" ><\/span>\t\t\t\t\t\t\t<\/div>\n\t\t\t\t\t\t<\/div>\n\t\t\t\t\t<\/div>\n\t\t\t\t<\/div>\n\n\t\t\t<div class=\"sow-accordion-panel-content\" role=\"region\" aria-labelledby=\"accordion-label-opci%c3%b3n-b-matr%c3%adcula-alumnado-externo-a-la-ugr-150-%e2%82%ac\" id=\"accordion-content-opci%c3%b3n-b-matr%c3%adcula-alumnado-externo-a-la-ugr-150-%e2%82%ac\">\n\t\t\t\t<div class=\"sow-accordion-panel-border\" tabindex=\"0\">\n\t\t\t\t\t<div id=\"pg-133-4\" class=\"panel-grid panel-no-style\" data-style=\"{&quot;background_image_attachment&quot;:false,&quot;background_display&quot;:&quot;tile&quot;,&quot;cell_alignment&quot;:&quot;flex-start&quot;}\" data-ratio=\"1\" data-ratio-direction=\"right\">\n<div id=\"pgc-133-4-0\" class=\"panel-grid-cell\" data-weight=\"1\">\n<div id=\"panel-133-4-0-2\" class=\"so-panel widget widget_sow-editor panel-last-child\" data-index=\"7\" data-style=\"{&quot;background_image_attachment&quot;:false,&quot;background_display&quot;:&quot;tile&quot;,&quot;border_color&quot;:&quot;#000000&quot;}\">\n<div class=\"panel-widget-style panel-widget-style-for-133-4-0-2\">\n<div class=\"so-widget-sow-editor so-widget-sow-editor-base\">\n<div class=\"siteorigin-widget-tinymce textwidget\">\n<p>Incluye:<\/p>\n<ul>\n<li>Inscripci\u00f3n<\/li>\n<li>Materiales<\/li>\n<li>Almuerzos en el Carmen de la Victoria<\/li>\n<li>Visita guiada a la Alhambra<\/li>\n<\/ul>\n<p>Ingreso en cuenta corriente<br \/>\nTitular de la cuenta: Escuela Internacional de Posgrado<br \/>\nN\u00famero: ES67 2038 3505 3764 0000 1291<br \/>\nSWIFT: CAHMESMMXXX<br \/>\nConcepto: \"FILOLAB\" + NOMBRE + APELLIDOS<br \/>\n<strong>Nota: es muy importante que en el concepto de la transferencia figure la referencia a \"FILOLAB\"<\/strong>. Adem\u00e1s, en alg\u00fan apartado debe constar el DNI o el Pasaporte de la persona inscrita.<br \/>\nRemitir el justificante de ingreso a <a href=\"mailto:filolab@ugr.es\">filolab@ugr.es<\/a><\/p>\n<\/div>\n<\/div>\n<\/div>\n<\/div>\n<\/div>\n<\/div>\n\t\t\t\t<\/div>\n\t\t\t<\/div>\n\t\t<\/div>\n\t\t<\/div>\n<\/div>\n<\/div><\/div><div id=\"panel-1385-6-1-1\" class=\"so-panel widget widget_sow-accordion panel-last-child\" data-index=\"11\" ><div class=\"so-widget-sow-accordion so-widget-sow-accordion-default-84021e6d2f91\"><div>\n\t<div class=\"sow-accordion\">\n\t\t\t<div class=\"sow-accordion-panel\"\n\t\t\t data-anchor=\"%c2%bfnecesitas-factura\">\n\t\t\t\t<div class=\"sow-accordion-panel-header-container\" role=\"heading\" aria-level=\"2\">\n\t\t\t\t\t<div class=\"sow-accordion-panel-header\" tabindex=\"0\" role=\"button\" id=\"accordion-label-%c2%bfnecesitas-factura\" aria-controls=\"accordion-content-%c2%bfnecesitas-factura\" aria-expanded=\"false\">\n\t\t\t\t\t\t<div class=\"sow-accordion-title sow-accordion-title-icon-left\">\n\t\t\t\t\t\t\t\t\t\t\t\t\t\t\u00bfNecesitas factura?\t\t\t\t\t\t\t\t\t\t\t\t\t<\/div>\n\t\t\t\t\t\t<div class=\"sow-accordion-open-close-button\">\n\t\t\t\t\t\t\t<div class=\"sow-accordion-open-button\">\n\t\t\t\t\t\t\t\t<span class=\"sow-icon-ionicons\" data-sow-icon=\"&#xf218;\" ><\/span>\t\t\t\t\t\t\t<\/div>\n\t\t\t\t\t\t\t<div class=\"sow-accordion-close-button\">\n\t\t\t\t\t\t\t\t<span class=\"sow-icon-ionicons\" data-sow-icon=\"&#xf209;\" ><\/span>\t\t\t\t\t\t\t<\/div>\n\t\t\t\t\t\t<\/div>\n\t\t\t\t\t<\/div>\n\t\t\t\t<\/div>\n\n\t\t\t<div class=\"sow-accordion-panel-content\" role=\"region\" aria-labelledby=\"accordion-label-%c2%bfnecesitas-factura\" id=\"accordion-content-%c2%bfnecesitas-factura\">\n\t\t\t\t<div class=\"sow-accordion-panel-border\" tabindex=\"0\">\n\t\t\t\t\t<p>Para la confecci\u00f3n de una <strong>factura<\/strong>, es requisito imprescindible notificarlo por correo electr\u00f3nico e indicar los datos de facturaci\u00f3n:<\/p>\n<ul>\n<li>Nombre, Apellidos, Direcci\u00f3n, NIF y Nacionalidad (en caso caso de que la factura sea a t\u00edtulo personal)<\/li>\n<li>Nombre de la instituci\u00f3n, Direcci\u00f3n fiscal y CIF (en caso de que se quiera justificar el pago de la factura ante alguna instituci\u00f3n)<\/li>\n<\/ul>\n\t\t\t\t<\/div>\n\t\t\t<\/div>\n\t\t<\/div>\n\t\t<\/div>\n<\/div>\n<\/div><\/div><\/div><\/div><div id=\"pg-1385-7\"  class=\"panel-grid panel-no-style\" ><div id=\"pgc-1385-7-0\"  class=\"panel-grid-cell\" ><div id=\"panel-1385-7-0-0\" class=\"so-panel widget widget_sow-editor panel-first-child panel-last-child\" data-index=\"12\" ><div class=\"so-widget-sow-editor so-widget-sow-editor-base\"><h3 class=\"widget-title\">Alojamiento<\/h3>\n<div class=\"siteorigin-widget-tinymce textwidget\">\n\t<p>Recomendamos reservar alojamiento en el mismo lugar en el que se celebra la Escuela de Verano: el <a href=\"https:\/\/carmendelavictoria.ugr.es\">Carmen de la Victoria<\/a>. La organizaci\u00f3n de la Escuela de Verano se ofrece a facilitar la reserva. Para ello, las personas interesadas deben ponerse en contacto con nosotros a trav\u00e9s de <a href=\"mailto:filolab@ugr.es\">filolab@ugr.es<\/a>. Los precios p\u00fablicos de las habitaciones pueden consultarse en este <a href=\"https:\/\/carmendelavictoria.ugr.es\/pages\/reservas_y_alojamiento\">enlace<\/a> e incluyen pensi\u00f3n completa. Las plazas son limitadas, por lo que recomendamos hacer la reserva con suficiente antelaci\u00f3n.<\/p>\n<\/div>\n<\/div><\/div><\/div><\/div><div id=\"pg-1385-8\"  class=\"panel-grid panel-no-style\" ><div id=\"pgc-1385-8-0\"  class=\"panel-grid-cell\" ><div id=\"panel-1385-8-0-0\" class=\"so-panel widget widget_sow-editor panel-first-child panel-last-child\" data-index=\"13\" ><div class=\"so-widget-sow-editor so-widget-sow-editor-base\"><h3 class=\"widget-title\">Becas<\/h3>\n<div class=\"siteorigin-widget-tinymce textwidget\">\n\t<div class=\"siteorigin-widget-tinymce textwidget\">\n<p>Se ofrecer\u00e1n tres becas de exenci\u00f3n de matr\u00edcula. Para optar a ellas se debe enviar, antes del 17 de mayo, un texto con la intervenci\u00f3n completa que se presentar\u00e1 en la Escuela. El texto deber\u00e1 tener una extensi\u00f3n de entre 4.000 y 6.000 palabras. El comit\u00e9 organizador seleccionar\u00e1 los tres mejores textos, de acuerdo a las l\u00edneas tem\u00e1ticas consideradas en la presente edici\u00f3n.<\/p>\n<hr \/>\n<p>&nbsp;<\/p>\n<\/div>\n<\/div>\n<\/div><\/div><\/div><\/div><div id=\"pg-1385-9\"  class=\"panel-grid panel-no-style\" ><div id=\"pgc-1385-9-0\"  class=\"panel-grid-cell\" ><div id=\"panel-1385-9-0-0\" class=\"so-panel widget widget_sow-editor panel-first-child\" data-index=\"14\" ><div class=\"so-widget-sow-editor so-widget-sow-editor-base\"><h3 class=\"widget-title\">Contacto<\/h3>\n<div class=\"siteorigin-widget-tinymce textwidget\">\n\t<p>Para cualquier consulta, puedes escribirnos a <a href=\"mailto:filolab@ugr.es\">filolab@ugr.es<\/a><\/p>\n<\/div>\n<\/div><\/div><div id=\"panel-1385-9-0-1\" class=\"so-panel widget widget_sow-editor panel-last-child\" data-index=\"15\" ><div class=\"so-widget-sow-editor so-widget-sow-editor-base\">\n<div class=\"siteorigin-widget-tinymce textwidget\">\n\t<\/div>\n<\/div><\/div><\/div><div id=\"pgc-1385-9-1\"  class=\"panel-grid-cell\" ><div id=\"panel-1385-9-1-0\" class=\"so-panel widget widget_sow-editor panel-first-child panel-last-child\" data-index=\"16\" ><div class=\"so-widget-sow-editor so-widget-sow-editor-base\"><h3 class=\"widget-title\">D\u00f3nde estamos<\/h3>\n<div class=\"siteorigin-widget-tinymce textwidget\">\n\t<div class=\"siteorigin-widget-tinymce textwidget\">\n<p><iframe loading=\"lazy\" style=\"border: 1px solid black;\" src=\"https:\/\/www.openstreetmap.org\/export\/embed.html?bbox=-3.5979902744293213%2C37.191860677852894%2C-3.590469360351563%2C37.19711675248216&amp;layer=mapnik&amp;marker=37.19448876090678%2C-3.594229817390442\" width=\"425\" height=\"350\" frameborder=\"0\" marginwidth=\"0\" marginheight=\"0\" scrolling=\"no\"><\/iframe><small><a href=\"https:\/\/www.openstreetmap.org\/?mlat=37.19449&amp;mlon=-3.59423#map=17\/37.19449\/-3.59423\">Ampliar mapa<\/a><\/small><\/p>\n<blockquote>\n<p><em>Facultad de Filosof\u00eda (Edificio de Psicolog\u00eda), Campus Cartuja s\/n, 18011 Granada, Espa\u00f1a<\/em><\/p>\n<\/blockquote>\n<\/div>\n<\/div>\n<\/div><\/div><\/div><\/div><\/div><!-- AddThis Advanced Settings generic via filter on the_content --><!-- AddThis Share Buttons generic via filter on the_content -->","protected":false},"excerpt":{"rendered":"<p>Injusticia discursiva y cr\u00edtica social: epistemolog\u00eda y formaci\u00f3n para la deliberaci\u00f3n &nbsp; del 8 al 12 de julio de 2019, en Granada (Espa\u00f1a) Carmen de la Victoria, Universidad de Granada, Cuesta del Chapiz, 9, 18010 Granada, Mapa<!-- AddThis Advanced Settings generic via filter on get_the_excerpt --><!-- AddThis Share Buttons generic via filter on get_the_excerpt --><\/p>\n","protected":false},"author":1,"featured_media":0,"parent":5620,"menu_order":0,"comment_status":"closed","ping_status":"closed","template":"","meta":[],"_links":{"self":[{"href":"https:\/\/wpd.ugr.es\/~filolab\/wordpress\/wp-json\/wp\/v2\/pages\/1385"}],"collection":[{"href":"https:\/\/wpd.ugr.es\/~filolab\/wordpress\/wp-json\/wp\/v2\/pages"}],"about":[{"href":"https:\/\/wpd.ugr.es\/~filolab\/wordpress\/wp-json\/wp\/v2\/types\/page"}],"author":[{"embeddable":true,"href":"https:\/\/wpd.ugr.es\/~filolab\/wordpress\/wp-json\/wp\/v2\/users\/1"}],"replies":[{"embeddable":true,"href":"https:\/\/wpd.ugr.es\/~filolab\/wordpress\/wp-json\/wp\/v2\/comments?post=1385"}],"version-history":[{"count":76,"href":"https:\/\/wpd.ugr.es\/~filolab\/wordpress\/wp-json\/wp\/v2\/pages\/1385\/revisions"}],"predecessor-version":[{"id":5625,"href":"https:\/\/wpd.ugr.es\/~filolab\/wordpress\/wp-json\/wp\/v2\/pages\/1385\/revisions\/5625"}],"up":[{"embeddable":true,"href":"https:\/\/wpd.ugr.es\/~filolab\/wordpress\/wp-json\/wp\/v2\/pages\/5620"}],"wp:attachment":[{"href":"https:\/\/wpd.ugr.es\/~filolab\/wordpress\/wp-json\/wp\/v2\/media?parent=1385"}],"curies":[{"name":"wp","href":"https:\/\/api.w.org\/{rel}","templated":true}]}}