{"id":4430,"date":"2022-02-11T13:51:49","date_gmt":"2022-02-11T12:51:49","guid":{"rendered":"https:\/\/wpd.ugr.es\/~filolab\/wordpress\/?page_id=4430"},"modified":"2025-03-27T13:14:24","modified_gmt":"2025-03-27T12:14:24","slug":"escuela-internacional-de-verano-2022","status":"publish","type":"page","link":"https:\/\/wpd.ugr.es\/~filolab\/wordpress\/actividades\/escuela-internacional-de-verano-2022\/","title":{"rendered":"ESCUELA INTERNACIONAL DE VERANO 2022 | Red tem\u00e1tica APPLY de filosof\u00eda aplicada y Unidad de Excelencia FILOLAB"},"content":{"rendered":"<div id=\"pl-4430\"  class=\"panel-layout\" ><div id=\"pg-4430-0\"  class=\"panel-grid panel-no-style\" ><div id=\"pgc-4430-0-0\"  class=\"panel-grid-cell\" ><div id=\"panel-4430-0-0-0\" class=\"so-panel widget widget_sow-image panel-first-child panel-last-child\" data-index=\"0\" ><div class=\"so-widget-sow-image so-widget-sow-image-default-17bc2272b535\">\n\n<div class=\"sow-image-container\">\n\t<img src=\"https:\/\/wpd.ugr.es\/~filolab\/wordpress\/wp-content\/uploads\/2022\/02\/Alhambra-Reflejo2.png\" width=\"714\" height=\"365\" srcset=\"https:\/\/wpd.ugr.es\/~filolab\/wordpress\/wp-content\/uploads\/2022\/02\/Alhambra-Reflejo2.png 714w, https:\/\/wpd.ugr.es\/~filolab\/wordpress\/wp-content\/uploads\/2022\/02\/Alhambra-Reflejo2-300x153.png 300w\" sizes=\"(max-width: 714px) 100vw, 714px\" title=\"Alhambra Reflejo2\" alt=\"\" \t\tclass=\"so-widget-image\"\/>\n<\/div>\n\n<\/div><\/div><\/div><\/div><div id=\"pg-4430-1\"  class=\"panel-grid panel-no-style\" ><div id=\"pgc-4430-1-0\"  class=\"panel-grid-cell\" ><div id=\"panel-4430-1-0-0\" class=\"so-panel widget widget_sow-accordion panel-first-child\" data-index=\"1\" ><div class=\"so-widget-sow-accordion so-widget-sow-accordion-default-99be652ed941\"><h3 class=\"widget-title\">Application<\/h3><div>\n\t<div class=\"sow-accordion\">\n\t\t\t<div class=\"sow-accordion-panel\"\n\t\t\t data-anchor=\"sow-accordion-14904747656238887d4d18f096751539-0\">\n\t\t\t\t<div class=\"sow-accordion-panel-header-container\" role=\"heading\" aria-level=\"2\">\n\t\t\t\t\t<div class=\"sow-accordion-panel-header\" tabindex=\"0\" role=\"button\" id=\"accordion-label-sow-accordion-14904747656238887d4d18f096751539-0\" aria-controls=\"accordion-content-sow-accordion-14904747656238887d4d18f096751539-0\" aria-expanded=\"false\">\n\t\t\t\t\t\t<div class=\"sow-accordion-title sow-accordion-title-icon-left\">\n\t\t\t\t\t\t\t\t\t\t\t\t\t\t\t\t\t\t\t\t\t\t\t\t\t\t\t<\/div>\n\t\t\t\t\t\t<div class=\"sow-accordion-open-close-button\">\n\t\t\t\t\t\t\t<div class=\"sow-accordion-open-button\">\n\t\t\t\t\t\t\t\t<span class=\"sow-icon-ionicons\" data-sow-icon=\"&#xf218;\" ><\/span>\t\t\t\t\t\t\t<\/div>\n\t\t\t\t\t\t\t<div class=\"sow-accordion-close-button\">\n\t\t\t\t\t\t\t\t<span class=\"sow-icon-ionicons\" data-sow-icon=\"&#xf209;\" ><\/span>\t\t\t\t\t\t\t<\/div>\n\t\t\t\t\t\t<\/div>\n\t\t\t\t\t<\/div>\n\t\t\t\t<\/div>\n\n\t\t\t<div class=\"sow-accordion-panel-content\" role=\"region\" aria-labelledby=\"accordion-label-sow-accordion-14904747656238887d4d18f096751539-0\" id=\"accordion-content-sow-accordion-14904747656238887d4d18f096751539-0\">\n\t\t\t\t<div class=\"sow-accordion-panel-border\" tabindex=\"0\">\n\t\t\t\t\t<p><strong>Application<\/strong><\/p>\n<p>There are two modalities of applications. A general modality for students who just wish to attend the school, and a different modality for students also willing to present their own work during the school. Every accepted student will have their eating expenses during the Summer School covered. Students whose presentations are selected will also have their accommodation covered.<\/p>\n<p>For both of them, a letter of interest and a CV should be sent to filolab@ugr.es.<\/p>\n<p>For the second modality, a 2000 words proposal with a detailed summary of the thesis or a long abstract of the article that you wished to present during the Summer School should also be included in the email.<\/p>\n<p><strong>Important Dates<\/strong><\/p>\n<p>Deadline for students\u2019 proposals: Extended Deadline May the 25th<\/p>\n<p>Communication of acceptance: May the 30th<\/p>\n<p><strong>Registration will be open from the 1st of June to the 15th of June for accepted students<\/strong><\/p>\n\t\t\t\t<\/div>\n\t\t\t<\/div>\n\t\t<\/div>\n\t\t<\/div>\n<\/div>\n<\/div><\/div><div id=\"panel-4430-1-0-1\" class=\"so-panel widget widget_sow-editor panel-last-child\" data-index=\"2\" ><div class=\"so-widget-sow-editor so-widget-sow-editor-base\">\n<div class=\"siteorigin-widget-tinymce textwidget\">\n\t<h1 class=\"western\" align=\"center\">Polarization and Social Change<\/h1>\n<h4 align=\"justify\">June 21 - 24, 2022.<\/h4>\n<\/div>\n<\/div><\/div><\/div><\/div><div id=\"pg-4430-2\"  class=\"panel-grid panel-no-style\" ><div id=\"pgc-4430-2-0\"  class=\"panel-grid-cell\" ><div id=\"panel-4430-2-0-0\" class=\"so-panel widget widget_sow-editor panel-first-child\" data-index=\"3\" ><div class=\"so-widget-sow-editor so-widget-sow-editor-base\"><h3 class=\"widget-title\">Presentation<\/h3>\n<div class=\"siteorigin-widget-tinymce textwidget\">\n\t<p>The APPLY-FILOLAB International Doctoral Summer School will be held at the Carmen de la Victoria (University of Granada - Granada, Spain).<\/p>\n<p>The summer school will be a 4-day event, and will comprise, amongst other activities, invited talks by Anna Bosco (University of Firenze), Michael Lynch (University of Connecticut), Lilliana Mason (John Hopkins University), and Jason Stanley (Yale University). Participants are encouraged to discuss their own work with the guests and mentors of the School. Thus, applicants to this summer school will be asked to send a brief summary of the material they would like to present during these days. Ideally, this would comprise a synthesis of the doctoral project they are developing, or a particular paper they want to obtain feedback on. The organizing committee will select \u2013in case the number of proposals exceed that of slots\u2013 amongst those proposals the ones that seem more suited for the goals of the Summer School. The presentations will be selected by their quality and their proximity to the topics of the lectures. Of course, participants might decide not to present their own work, and instead simply attend the sessions and take part in the discussions. Every accepted student will have their eating expenses during the Summer School covered. Students whose presentations are selected will also have their accommodation covered. The enrolled students, a maximum of 25, will be divided in groups of 3, under the supervision of an APPLY member, in order to work on a brief draft for a paper that will be presented the final evening of the school. The school will finish with brief presentations of the drafts prepared by the groups of students.<\/p>\n<\/div>\n<\/div><\/div><div id=\"panel-4430-2-0-1\" class=\"so-panel widget widget_sow-editor panel-last-child\" data-index=\"4\" ><div class=\"so-widget-sow-editor so-widget-sow-editor-base\"><h3 class=\"widget-title\">Topic<\/h3>\n<div class=\"siteorigin-widget-tinymce textwidget\">\n\t<p>The organizing committee has decided to focus on polarization and social change. Political polarization, the process through which a group\u2019s opinion with respect to a given political issue sets apart from a normal distribution, to form two or more groups with different levels of extremism, has been studied from several sub-disciplines within the past few years. The phenomenon has been approached from a political and social perspective, but some attention has also been paid to the epistemological problems motivated by polarization, as well as some of the linguistic factors involved. Moral and political philosophy, but also epistemology and the philosophy of language, have thus produced key results related to the topic of polarization. Together, they allow us to better understand the phenomenon, and to complement the strategies of detection and depolarization that have been independently developed.<\/p>\n<p>The first studies on polarization come from the realm of sociology and social psychology. These studies focus on how more balanced components of a group tend to adopt riskier attitudes after a conversation with people who are more prone to take risks. The development of these initial studies has been supplemented not only by the aforementioned philosophical contributions, but also by research coming from political science. It is, therefore, a topic that it is simply impossible to tackle without adopting a multidisciplinary approach. This feature of the research on polarization is reflected on the composition of the different teams, and research projects, that support this application. We might be able to find moral and political philosophers, epistemologists, researchers working on the philosophy of language, but also sociologists, and political scientists.<\/p>\n<p>For four days, PhD students will have the chance to meet researchers whose work on polarization is widely known and discussed. Student will not only be able to discuss some of the more recent findings within this area of research, they will also present their own research, and thus receive comments from the invited researchers. The ultimate goal of this summer school is to provide doctoral students with direct access to highly recognized researchers whose work is linked, in one way or another, to the topic of polarization.<\/p>\n<p>The workshop admits of two ways of participation:<\/p>\n<ul>\n<li>Attendance: general audience of Ph.D. candidates who wish to attend to the three-session workshop<\/li>\n<li>Presentation: presenters who wish to submit their Ph.D. research project for eventual discussion with specialist professors in the course of the workshop. Prospective presenters must submit an extended abstract of their research (1000 - 1500 words). These abstracts will be considered by the organizing committee of the Doctoral Workshop and on the basis of thematic fit and quality, may be given the chance of being presented and discussed as part of the Workshop sessions. These presentations will be assigned to a particular session according to their topic and presentations slots in the final program.<\/li>\n<\/ul>\n<p>&nbsp;<\/p>\n<p align=\"justify\"><span style=\"font-family: Times New Roman, serif;\"><span style=\"font-size: medium;\">\u00a0<\/span><\/span><\/p>\n<\/div>\n<\/div><\/div><\/div><\/div><div id=\"pg-4430-3\"  class=\"panel-grid panel-no-style\" ><div id=\"pgc-4430-3-0\"  class=\"panel-grid-cell\" ><div id=\"panel-4430-3-0-0\" class=\"so-panel widget widget_sow-editor panel-first-child panel-last-child\" data-index=\"5\" ><div class=\"so-widget-sow-editor so-widget-sow-editor-base\"><h3 class=\"widget-title\">Methodology<\/h3>\n<div class=\"siteorigin-widget-tinymce textwidget\">\n\t<p align=\"justify\">The workshop is conceived as a theoretical\/practical encounter where Ph.D. candidates are given the chance to present and discuss their projects with the guest professors as well as with specialized members of our own program and colleagues. The Workshop will have four independent sessions. Each session will feature one of our guest professors.<\/p>\n<p>Sessions will be organized in-person, using the facilities provided by the Carmen de la Victoria (<a href=\"https:\/\/carmendelavictoria.ugr.es\/\">https:\/\/carmendelavictoria.ugr.es<\/a>).<\/p>\n<p>&nbsp;<\/p>\n<p align=\"justify\">\n<\/div>\n<\/div><\/div><\/div><\/div><div id=\"pg-4430-4\"  class=\"panel-grid panel-no-style\" ><div id=\"pgc-4430-4-0\"  class=\"panel-grid-cell\" ><div id=\"panel-4430-4-0-0\" class=\"so-panel widget widget_sow-editor panel-first-child\" data-index=\"6\" ><div class=\"so-widget-sow-editor so-widget-sow-editor-base\"><h3 class=\"widget-title\">Organizing Committee<\/h3>\n<div class=\"siteorigin-widget-tinymce textwidget\">\n\t<p>Lilian Bermejo Luque, Pedro Franc\u00e9s G\u00f3mez, Manuel de Pinedo Garc\u00eda, Jos\u00e9 Luis Moreno Pesta\u00f1a, Mario Espinoza Pino, Neftal\u00ed Villanueva Fern\u00e1ndez y Manuel Almagro Holgado.<\/p>\n<\/div>\n<\/div><\/div><div id=\"panel-4430-4-0-1\" class=\"so-panel widget widget_sow-editor\" data-index=\"7\" ><div class=\"so-widget-sow-editor so-widget-sow-editor-base\"><h3 class=\"widget-title\">Invited Scholars<\/h3>\n<div class=\"siteorigin-widget-tinymce textwidget\">\n\t<p align=\"justify\"><img loading=\"lazy\" class=\"alignleft wp-image-4446\" src=\"http:\/\/wpd.ugr.es\/~filolab\/wordpress\/wp-content\/uploads\/2022\/02\/CHY6ZNX7V5GKXBH4GJO2M6FCV4-300x200.jpg\" alt=\"\" width=\"290\" height=\"193\" srcset=\"https:\/\/wpd.ugr.es\/~filolab\/wordpress\/wp-content\/uploads\/2022\/02\/CHY6ZNX7V5GKXBH4GJO2M6FCV4-300x200.jpg 300w, https:\/\/wpd.ugr.es\/~filolab\/wordpress\/wp-content\/uploads\/2022\/02\/CHY6ZNX7V5GKXBH4GJO2M6FCV4-768x512.jpg 768w, https:\/\/wpd.ugr.es\/~filolab\/wordpress\/wp-content\/uploads\/2022\/02\/CHY6ZNX7V5GKXBH4GJO2M6FCV4-272x182.jpg 272w, https:\/\/wpd.ugr.es\/~filolab\/wordpress\/wp-content\/uploads\/2022\/02\/CHY6ZNX7V5GKXBH4GJO2M6FCV4.jpg 900w\" sizes=\"(max-width: 290px) 100vw, 290px\" \/><\/p>\n<p><strong>Jason Stanley <\/strong>is Jacob Urowsky Professor of Philosophy at Yale University. He has made contributions to the philosophy of language and epistemology, which often draw upon and influence other fields, including linguistics and cognitive science. Some of his works are (2011)\u00a0 <em>Know How,<\/em>\u00a0Oxford: Oxford University Press, (2015) <em>How Propaganda Works, <\/em>Princeton, NJ: Princeton University Press, and (2018) <em>How Fascism Works: The Politics of Us and Them<\/em>, London: Penguin.<\/p>\n<p>&nbsp;<\/p>\n<p>&nbsp;<\/p>\n<p><img loading=\"lazy\" class=\"alignleft wp-image-4466\" src=\"http:\/\/wpd.ugr.es\/~filolab\/wordpress\/wp-content\/uploads\/2022\/02\/Lilliana-Mason-200x183-1.jpg\" alt=\"\" width=\"215\" height=\"197\" \/><\/p>\n<p><strong>Lilliana Mason<\/strong> is an SNF Agora Institute Associate Professor of Political Science. She is author of (2018) <em>Uncivil Agreement: How Politics Became Our Identity, <\/em>Chicago: University of Chicago Press. She received her PhD in political psychology from Stony Brook University and her BA in politics from Princeton University. Her research on partisan identity, partisan bias, social sorting, and American social polarization has been published in journals such as American Political Science Review, American Journal of Political Science, Public Opinion Quarterly, and Political Behavior, and featured in media outlets including the <em>New York Times<\/em>, the <em>Washington Post<\/em>, <em>CNN<\/em>, and <em>National Public Radio.<\/em><\/p>\n<p>&nbsp;<\/p>\n<p>&nbsp;<\/p>\n<p align=\"justify\"><strong><img loading=\"lazy\" class=\"alignleft wp-image-4447\" src=\"http:\/\/wpd.ugr.es\/~filolab\/wordpress\/wp-content\/uploads\/2022\/02\/ML-022BW-240x300.jpg\" alt=\"\" width=\"188\" height=\"235\" srcset=\"https:\/\/wpd.ugr.es\/~filolab\/wordpress\/wp-content\/uploads\/2022\/02\/ML-022BW-240x300.jpg 240w, https:\/\/wpd.ugr.es\/~filolab\/wordpress\/wp-content\/uploads\/2022\/02\/ML-022BW-819x1024.jpg 819w, https:\/\/wpd.ugr.es\/~filolab\/wordpress\/wp-content\/uploads\/2022\/02\/ML-022BW-768x960.jpg 768w, https:\/\/wpd.ugr.es\/~filolab\/wordpress\/wp-content\/uploads\/2022\/02\/ML-022BW.jpg 867w\" sizes=\"(max-width: 188px) 100vw, 188px\" \/><\/strong><\/p>\n<p align=\"justify\"><strong>Michael Patrick Lynch<\/strong> is Professor of Philosophy at the University of Connecticut. He is also the director of the University of Connecticut Humanities Institute. His work is well known in the field of the Theory of Truth and has also worked on epistemology, especially epistemological issues related to big data and democracy.\u00a0Some of his works are: (2009) <em>Truth as one and many, <\/em>Oxford: Oxford Scholarship Online, (2016) <em>The Internet of Us: Knowing More and Understanding Less in the Age of Big Data<\/em>, New York: Liveright Publishing, and (2019) <em>Know-It-All Society: Truth and Arrogance in Political Culture<\/em>, New York: W.W. Norton &amp; Co.<\/p>\n<p>&nbsp;<\/p>\n<p>&nbsp;<\/p>\n<p><img loading=\"lazy\" class=\" wp-image-4572 alignleft\" src=\"http:\/\/wpd.ugr.es\/~filolab\/wordpress\/wp-content\/uploads\/2022\/03\/Anna-Bosco.png\" alt=\"\" width=\"214\" height=\"214\" srcset=\"https:\/\/wpd.ugr.es\/~filolab\/wordpress\/wp-content\/uploads\/2022\/03\/Anna-Bosco.png 294w, https:\/\/wpd.ugr.es\/~filolab\/wordpress\/wp-content\/uploads\/2022\/03\/Anna-Bosco-150x150.png 150w, https:\/\/wpd.ugr.es\/~filolab\/wordpress\/wp-content\/uploads\/2022\/03\/Anna-Bosco-100x100.png 100w\" sizes=\"(max-width: 214px) 100vw, 214px\" \/><\/p>\n<p>&nbsp;<\/p>\n<p><strong>Anna Bosco\u00a0<\/strong>is Professor of European Politics at the University of Florence. She is also director (with Susannan Verney) of the <em>South European Society and Politics Journal<\/em>. She is Co-editor of (2007) <em>Party Change in SouthernEurope, <\/em>UK: Routledge (with Leonardo Morlino), Co-author of (2009) <em>La Espa\u00f1a de Zapatero: a\u00f1os de cambios, 2004 - 2008,\u00a0<\/em>Madrid: Editorial Pablo Iglesias (with Ignacio S\u00e1nchez - Cuenca), Co-editor of\u00a0(2013) <em>Elections in Hard Times: Southern Europe 2010-11<\/em>, UK: Routledge (with Susannah Verney) and (2019) <em>Crisis Elections, New Contenders and Government Formation: Breaking the Mould in Southern Europe, <\/em>UK: Routledge (with Susannah Verney).<\/p>\n<p>&nbsp;<\/p>\n<p>&nbsp;<\/p>\n<p>&nbsp;<\/p>\n<\/div>\n<\/div><\/div><div id=\"panel-4430-4-0-2\" class=\"so-panel widget widget_sow-editor\" data-index=\"8\" ><div class=\"so-widget-sow-editor so-widget-sow-editor-base\"><h3 class=\"widget-title\">Expected attendance<\/h3>\n<div class=\"siteorigin-widget-tinymce textwidget\">\n\t<div class=\"siteorigin-widget-tinymce textwidget\">\n<p>The organizing committee has set the number of expected attendees at 20, based on previous experience. However, the number of possible presenters will be set at a maximum of twelve (12) persons.<\/p>\n<p><strong>Who can attend:<\/strong> the workshop has an open and interdisciplinary scope. The main topic as well as the above-mentioned themes and issues, are of interest for philosophers, political scientists, and social psychologists. Previous experience shows that discussion is greatly enriched when the Summer School includes graduate students from several backgrounds. Therefore, Ph.D. candidates not only in Philosophy\/Ethics, but also in neighboring areas such a Social Psychology, Sociology\/Political Science, other branches of the Humanities, Law, Economy, etc., are welcome.<\/p>\n<p>The workshop is expected to generate a network of contacts for future collaboration and academic exchange.<\/p>\n<p>&nbsp;<\/p>\n<p align=\"justify\">\n<\/div>\n<\/div>\n<\/div><\/div><div id=\"panel-4430-4-0-3\" class=\"so-panel widget widget_sow-editor panel-last-child\" data-index=\"9\" ><div class=\"so-widget-sow-editor so-widget-sow-editor-base\"><h3 class=\"widget-title\">Program<\/h3>\n<div class=\"siteorigin-widget-tinymce textwidget\">\n\t<p style=\"margin: 12px auto 6px auto; font-family: Helvetica,Arial,Sans-serif; font-style: normal; font-variant: normal; font-weight: normal; font-size: 14px; line-height: normal; font-size-adjust: none; font-stretch: normal; -x-system-font: none; display: block;\"><a style=\"text-decoration: underline;\" title=\"View Program FiloLab Summer School | 2022 on Scribd\" href=\"https:\/\/www.scribd.com\/document\/579004879\/Program-FiloLab-Summer-School-2022#from_embed\">Program FiloLab Summer School | 2022<\/a> by <a style=\"text-decoration: underline;\" title=\"View Mario Espinoza Pino's profile on Scribd\" href=\"https:\/\/es.scribd.com\/user\/31035957\/Mario-Espinoza-Pino#from_embed\">Mario Espinoza Pino<\/a> on Scribd<\/p>\n<p><iframe loading=\"lazy\" id=\"doc_72594\" class=\"scribd_iframe_embed\" title=\"Program FiloLab Summer School | 2022\" src=\"https:\/\/es.scribd.com\/embeds\/579004879\/content?start_page=1&amp;view_mode=scroll&amp;access_key=key-vAjIh8nlVUW9WZK278DG\" width=\"100%\" height=\"600\" frameborder=\"0\" scrolling=\"no\" data-auto-height=\"false\" data-aspect-ratio=\"0.7729220222793488\"><\/iframe><\/p>\n<\/div>\n<\/div><\/div><\/div><\/div><div id=\"pg-4430-5\"  class=\"panel-grid panel-no-style\" ><div id=\"pgc-4430-5-0\"  class=\"panel-grid-cell panel-grid-cell-mobile-last\" ><div id=\"panel-4430-5-0-0\" class=\"so-panel widget widget_sow-editor panel-first-child\" data-index=\"10\" ><div class=\"so-widget-sow-editor so-widget-sow-editor-base\"><h3 class=\"widget-title\">Application<\/h3>\n<div class=\"siteorigin-widget-tinymce textwidget\">\n\t<div class=\"siteorigin-widget-tinymce textwidget\">\n<p class=\"\" data-start=\"80\" data-end=\"119\">There are two application modalities:<\/p>\n<ol data-start=\"120\" data-end=\"328\">\n<li class=\"\" data-start=\"120\" data-end=\"230\">\n<p class=\"\" data-start=\"123\" data-end=\"230\"><strong data-start=\"123\" data-end=\"145\">General attendance<\/strong> \u2013 for students who wish to attend the Summer School without presenting their work.<\/p>\n<\/li>\n<li class=\"\" data-start=\"231\" data-end=\"328\">\n<p class=\"\" data-start=\"234\" data-end=\"328\"><strong data-start=\"234\" data-end=\"250\">Presentation<\/strong> \u2013 for students who wish to present their research during the Summer School.<\/p>\n<\/li>\n<\/ol>\n<p class=\"\" data-start=\"330\" data-end=\"489\">Students whose presentations are selected will receive accommodation and mail support.<\/p>\n<h3 class=\"\" data-start=\"491\" data-end=\"525\"><strong data-start=\"495\" data-end=\"523\">Application Requirements<\/strong><\/h3>\n<p class=\"\" data-start=\"526\" data-end=\"618\">For both modalities, applicants must submit the following documents to <strong data-start=\"597\" data-end=\"615\"><a rel=\"noopener\" data-start=\"599\" data-end=\"613\">filolab@ugr.es<\/a><\/strong>:<\/p>\n<ul data-start=\"619\" data-end=\"660\">\n<li class=\"\" data-start=\"619\" data-end=\"647\">\n<p class=\"\" data-start=\"621\" data-end=\"647\">A <strong data-start=\"623\" data-end=\"645\">letter of interest<\/strong><\/p>\n<\/li>\n<li class=\"\" data-start=\"648\" data-end=\"660\">\n<p class=\"\" data-start=\"650\" data-end=\"660\">A <strong data-start=\"652\" data-end=\"658\">CV<\/strong><\/p>\n<\/li>\n<\/ul>\n<p class=\"\" data-start=\"662\" data-end=\"728\">For the <strong data-start=\"670\" data-end=\"695\">presentation modality<\/strong>, applicants must also include:<\/p>\n<ul data-start=\"729\" data-end=\"874\">\n<li class=\"\" data-start=\"729\" data-end=\"874\">\n<p class=\"\" data-start=\"731\" data-end=\"874\">A <strong data-start=\"733\" data-end=\"762\">1,000\u20131,500-word proposal<\/strong>, containing a detailed summary of their thesis or an extended abstract of the article they intend to present.<\/p>\n<\/li>\n<\/ul>\n<h3 class=\"\" data-start=\"876\" data-end=\"901\"><strong data-start=\"880\" data-end=\"899\">Important Dates<\/strong><\/h3>\n<ul data-start=\"902\" data-end=\"1055\">\n<li class=\"\" data-start=\"902\" data-end=\"946\">\n<p class=\"\" data-start=\"904\" data-end=\"946\"><strong data-start=\"904\" data-end=\"936\">Proposal submission deadline<\/strong>: May 15<\/p>\n<\/li>\n<li class=\"\" data-start=\"947\" data-end=\"989\">\n<p class=\"\" data-start=\"949\" data-end=\"989\"><strong data-start=\"949\" data-end=\"979\">Notification of acceptance<\/strong>: June 3<\/p>\n<\/li>\n<li class=\"\" data-start=\"990\" data-end=\"1055\">\n<p class=\"\" data-start=\"992\" data-end=\"1055\"><strong data-start=\"992\" data-end=\"1037\">Registration period for accepted students<\/strong>: June 1\u2013June 15<\/p>\n<\/li>\n<\/ul>\n<p>&nbsp;<\/p>\n<p>&nbsp;<\/p>\n<hr \/>\n<p>&nbsp;<\/p>\n<\/div>\n<\/div>\n<\/div><\/div><div id=\"panel-4430-5-0-1\" class=\"so-panel widget widget_sow-editor panel-last-child\" data-index=\"11\" ><div class=\"so-widget-sow-editor so-widget-sow-editor-base\"><h3 class=\"widget-title\">Registration and fees<\/h3>\n<div class=\"siteorigin-widget-tinymce textwidget\">\n\t<div class=\"siteorigin-widget-tinymce textwidget\">\n<p>There will be a <strong>single registration fee of twenty-five Euros (25\u20ac)<\/strong> that covers administrative paperwork, course materials, and certificate of participation\/presentation.<\/p>\n<p>&nbsp;<\/p>\n<p>&nbsp;<\/p>\n<p>&nbsp;<\/p>\n<hr \/>\n<p>&nbsp;<\/p>\n<\/div>\n<\/div>\n<\/div><\/div><\/div><div id=\"pgc-4430-5-1\"  class=\"panel-grid-cell panel-grid-cell-empty\" ><\/div><\/div><div id=\"pg-4430-6\"  class=\"panel-grid panel-no-style\" ><div id=\"pgc-4430-6-0\"  class=\"panel-grid-cell\" ><div id=\"panel-4430-6-0-0\" class=\"so-panel widget widget_sow-editor panel-first-child\" data-index=\"12\" ><div class=\"so-widget-sow-editor so-widget-sow-editor-base\"><h3 class=\"widget-title\">Contact<\/h3>\n<div class=\"siteorigin-widget-tinymce textwidget\">\n\t<p>For further information, please write to <a href=\"mailto:filolab@ugr.es\">filolab@ugr.es<\/a><\/p>\n<\/div>\n<\/div><\/div><div id=\"panel-4430-6-0-1\" class=\"so-panel widget widget_sow-editor panel-last-child\" data-index=\"13\" ><div class=\"so-widget-sow-editor so-widget-sow-editor-base\">\n<div class=\"siteorigin-widget-tinymce textwidget\">\n\t<h2><strong>Apply: New Trends In applied Philosophy. From theoretical philosophy to new challenges of society (RED2018-102695-t)<\/strong><\/h2>\n<h3><\/h3>\n<\/div>\n<\/div><\/div><\/div><div id=\"pgc-4430-6-1\"  class=\"panel-grid-cell\" ><div id=\"panel-4430-6-1-0\" class=\"so-panel widget widget_sow-editor panel-first-child\" data-index=\"14\" ><div class=\"so-widget-sow-editor so-widget-sow-editor-base\"><h3 class=\"widget-title\">Where are we<\/h3>\n<div class=\"siteorigin-widget-tinymce textwidget\">\n\t<div class=\"siteorigin-widget-tinymce textwidget\">\n<p><iframe loading=\"lazy\" width=\"425\" height=\"350\" frameborder=\"0\" scrolling=\"no\" marginheight=\"0\" marginwidth=\"0\" src=\"https:\/\/www.openstreetmap.org\/export\/embed.html?bbox=-3.590590059757233%2C37.18024901131552%2C-3.5880795121192937%2C37.18153334858659&amp;layer=mapnik\" style=\"border: 1px solid black\"><\/iframe><br \/><small><a href=\"https:\/\/www.openstreetmap.org\/#map=19\/37.18089\/-3.58933&amp;layers=N\">Ver mapa m\u00e1s grande<\/a><\/small><\/div>\n<\/div>\n<\/div><\/div><div id=\"panel-4430-6-1-1\" class=\"so-panel widget widget_sow-image panel-last-child\" data-index=\"15\" ><div class=\"so-widget-sow-image so-widget-sow-image-default-d6014b76747a\">\n\n<div class=\"sow-image-container\">\n\t<img src=\"https:\/\/wpd.ugr.es\/~filolab\/wordpress\/wp-content\/uploads\/2021\/04\/eip-ingles.png\" width=\"945\" height=\"529\" srcset=\"https:\/\/wpd.ugr.es\/~filolab\/wordpress\/wp-content\/uploads\/2021\/04\/eip-ingles.png 945w, https:\/\/wpd.ugr.es\/~filolab\/wordpress\/wp-content\/uploads\/2021\/04\/eip-ingles-300x168.png 300w, https:\/\/wpd.ugr.es\/~filolab\/wordpress\/wp-content\/uploads\/2021\/04\/eip-ingles-768x430.png 768w\" sizes=\"(max-width: 945px) 100vw, 945px\" alt=\"\" \t\tclass=\"so-widget-image\"\/>\n<\/div>\n\n<\/div><\/div><\/div><\/div><div id=\"pg-4430-7\"  class=\"panel-grid panel-no-style\" ><div id=\"pgc-4430-7-0\"  class=\"panel-grid-cell\" ><div id=\"panel-4430-7-0-0\" class=\"so-panel widget widget_sow-image panel-first-child panel-last-child\" data-index=\"16\" ><div class=\"so-widget-sow-image so-widget-sow-image-default-d6014b76747a\">\n\n<div class=\"sow-image-container\">\n\t<img src=\"https:\/\/wpd.ugr.es\/~filolab\/wordpress\/wp-content\/uploads\/2022\/03\/logo-micinn-jpg.jpg\" width=\"1228\" height=\"316\" srcset=\"https:\/\/wpd.ugr.es\/~filolab\/wordpress\/wp-content\/uploads\/2022\/03\/logo-micinn-jpg.jpg 1228w, https:\/\/wpd.ugr.es\/~filolab\/wordpress\/wp-content\/uploads\/2022\/03\/logo-micinn-jpg-300x77.jpg 300w, https:\/\/wpd.ugr.es\/~filolab\/wordpress\/wp-content\/uploads\/2022\/03\/logo-micinn-jpg-1024x264.jpg 1024w, https:\/\/wpd.ugr.es\/~filolab\/wordpress\/wp-content\/uploads\/2022\/03\/logo-micinn-jpg-768x198.jpg 768w\" sizes=\"(max-width: 1228px) 100vw, 1228px\" alt=\"\" \t\tclass=\"so-widget-image\"\/>\n<\/div>\n\n<\/div><\/div><\/div><\/div><\/div><!-- AddThis Advanced Settings generic via filter on the_content --><!-- AddThis Share Buttons generic via filter on the_content -->","protected":false},"excerpt":{"rendered":"<p>Polarization and Social Change June 21 &#8211; 24, 2022.<!-- AddThis Advanced Settings generic via filter on get_the_excerpt --><!-- AddThis Share Buttons generic via filter on get_the_excerpt --><\/p>\n","protected":false},"author":1,"featured_media":0,"parent":5620,"menu_order":0,"comment_status":"closed","ping_status":"closed","template":"","meta":[],"_links":{"self":[{"href":"https:\/\/wpd.ugr.es\/~filolab\/wordpress\/wp-json\/wp\/v2\/pages\/4430"}],"collection":[{"href":"https:\/\/wpd.ugr.es\/~filolab\/wordpress\/wp-json\/wp\/v2\/pages"}],"about":[{"href":"https:\/\/wpd.ugr.es\/~filolab\/wordpress\/wp-json\/wp\/v2\/types\/page"}],"author":[{"embeddable":true,"href":"https:\/\/wpd.ugr.es\/~filolab\/wordpress\/wp-json\/wp\/v2\/users\/1"}],"replies":[{"embeddable":true,"href":"https:\/\/wpd.ugr.es\/~filolab\/wordpress\/wp-json\/wp\/v2\/comments?post=4430"}],"version-history":[{"count":117,"href":"https:\/\/wpd.ugr.es\/~filolab\/wordpress\/wp-json\/wp\/v2\/pages\/4430\/revisions"}],"predecessor-version":[{"id":4591,"href":"https:\/\/wpd.ugr.es\/~filolab\/wordpress\/wp-json\/wp\/v2\/pages\/4430\/revisions\/4591"}],"up":[{"embeddable":true,"href":"https:\/\/wpd.ugr.es\/~filolab\/wordpress\/wp-json\/wp\/v2\/pages\/5620"}],"wp:attachment":[{"href":"https:\/\/wpd.ugr.es\/~filolab\/wordpress\/wp-json\/wp\/v2\/media?parent=4430"}],"curies":[{"name":"wp","href":"https:\/\/api.w.org\/{rel}","templated":true}]}}