{"id":474,"date":"2018-06-13T17:07:02","date_gmt":"2018-06-13T15:07:02","guid":{"rendered":"http:\/\/wpd.ugr.es\/~filolab\/wordpress\/amp\/?page_id=474"},"modified":"2024-07-10T13:28:44","modified_gmt":"2024-07-10T11:28:44","slug":"escuela-internacional-de-verano-2018","status":"publish","type":"page","link":"https:\/\/wpd.ugr.es\/~filolab\/wordpress\/actividades\/escuela-internacional-de-verano-2018\/","title":{"rendered":"Escuela Internacional de Verano 2018"},"content":{"rendered":"<div id=\"pl-474\"  class=\"panel-layout\" ><div id=\"pg-474-0\"  class=\"panel-grid panel-no-style\" ><div id=\"pgc-474-0-0\"  class=\"panel-grid-cell\" ><div id=\"panel-474-0-0-0\" class=\"so-panel widget widget_sow-editor panel-first-child panel-last-child\" data-index=\"0\" ><div class=\"so-widget-sow-editor so-widget-sow-editor-base\">\n<div class=\"siteorigin-widget-tinymce textwidget\">\n\t<h1><strong><span style=\"color: #3f96ac;\">Emociones y juicio: argumentaci\u00f3n, sesgos y asuntos p\u00fablicos<\/span><\/strong><\/h1>\n<p>&nbsp;<\/p>\n<blockquote>\n<h3><strong>del 10 al 14 de Septiembre de 2018, en Granada (Espa\u00f1a)<\/strong><\/h3>\n<h4>Carmen de la Victoria, Universidad de Granada, Cuesta del Chapiz, 9, 18010 Granada, <a href=\"https:\/\/www.google.es\/maps\/place\/Carmen+de+la+Victoria\/@37.1808104,-3.5908582,17z\/data=!3m1!4b1!4m5!3m4!1s0xd71fcc9b27a8adf:0xef1207c73e2dc726!8m2!3d37.1808104!4d-3.5886695\" target=\"_blank\" rel=\"noopener\">Mapa<\/a><\/h4>\n<\/blockquote>\n<p>&nbsp;<\/p>\n<p>Entre los d\u00edas 10 y 14 de septiembre de 2018, la Escuela Internacional de Verano de FiloLab ofrecer\u00e1 a estudiantes de doctorado y j\u00f3venes doctores\/as de diferentes pa\u00edses la oportunidad para exponer sus trabajos en curso o recientemente acabados, para obtener comentarios cualificados sobre ellos, y asesoramiento sobre su proyecci\u00f3n posdoctoral.<\/p>\n<p>El curso est\u00e1 especialmente pensado para que j\u00f3venes investigadores\/as puedan presentar sus investigaciones vinculadas a la tesis doctoral \u2014\u202frecientemente acabadas o pr\u00f3ximas a terminarse\u202f\u2014, o art\u00edculos en curso, a pares y acad\u00e9micos\/as s\u00e9nior en el \u00e1mbito de la argumentaci\u00f3n, la epistemolog\u00eda y la \u00e9tica aplicada, para su comentario y discusi\u00f3n.<\/p>\n<p>Se facilitar\u00e1n procesos de tutorizaci\u00f3n por profesores\/as en el \u00e1mbito de las humanidades y las ciencias sociales, as\u00ed como un fluido intercambio acad\u00e9mico con pares con intereses de investigaci\u00f3n cercanos. Se pretende con ello generar oportunidades de colaboraci\u00f3n entre j\u00f3venes investigadores\/as de diferentes disciplinas relacionadas de alg\u00fan modo u otro con la filosof\u00eda.<\/p>\n<p>Adem\u00e1s, se ofrecer\u00e1 asesoramiento sobre estrategias espec\u00edficas para la publicaci\u00f3n y la difusi\u00f3n de los resultados de la investigaci\u00f3n doctoral. Se espera la presencia durante las sesiones de editores\/as de revistas y directores\/as de colecciones de editoriales y revistas como Theoria, Dilemata, Daimon, Isegor\u00eda, Springer, Plaza y Vald\u00e9s y Comares.<\/p>\n<\/div>\n<\/div><\/div><\/div><\/div><div id=\"pg-474-1\"  class=\"panel-grid panel-no-style\" ><div id=\"pgc-474-1-0\"  class=\"panel-grid-cell\" ><div id=\"panel-474-1-0-0\" class=\"so-panel widget widget_sow-editor panel-first-child\" data-index=\"1\" ><div class=\"so-widget-sow-editor so-widget-sow-editor-base\"><h3 class=\"widget-title\">Metodolog\u00eda docente<\/h3>\n<div class=\"siteorigin-widget-tinymce textwidget\">\n\t<div class=\"siteorigin-widget-tinymce textwidget\">\n<p>El curso tendr\u00e1 una duraci\u00f3n de cuatro d\u00edas, con sesiones concentradas mayoritariamente en las ma\u00f1anas, dej\u00e1ndose las tardes para realizar actividades acad\u00e9micas informales y actividades sociales, como una visita a la Alhambra, y visitas guiadas por Granada.<\/p>\n<p>Cada sesi\u00f3n durar\u00e1 una hora, con 30 minutos de presentaci\u00f3n seguidas de un comentario de otros 30 minutos. Se agrupar\u00e1n en funci\u00f3n de su afinidad tem\u00e1tica y metod\u00f3logica. En ellas, cada investigador\/a presentar\u00e1 sus trabajos de doctorado o su proyecto posdoctoral. A continuaci\u00f3n, el profesorado invitado, acompa\u00f1ado por el profesorado adscrito a la Unidad de Excelencia FiloLab-UGR y por los\/as dem\u00e1s asistentes contribuir\u00e1n con comentarios al trabajo presentado.<\/p>\n<p>Cada sesi\u00f3n contar\u00e1 con una persona para moderar los tiempos y facilitar la discusi\u00f3n. Al final de cada d\u00eda, habr\u00e1 reuniones de dos horas para discutir de manera m\u00e1s informal con los\/as acad\u00e9micos\/as invitados, y en las que se tratar\u00e1n asuntos como la carrera acad\u00e9mica profesional, las estrategias de financiaci\u00f3n, difusi\u00f3n de resultados, y oportunidades de colaboraci\u00f3n.<\/p>\n<\/div>\n<\/div>\n<\/div><\/div><div id=\"panel-474-1-0-1\" class=\"so-panel widget widget_sow-editor panel-last-child\" data-index=\"2\" ><div class=\"so-widget-sow-editor so-widget-sow-editor-base\"><h3 class=\"widget-title\">Qui\u00e9n puede participar<\/h3>\n<div class=\"siteorigin-widget-tinymce textwidget\">\n\t<div class=\"siteorigin-widget-tinymce textwidget\">\n<p>El curso est\u00e1 destinado a j\u00f3venes investigadores\/as de todos los \u00e1mbitos de las Humanidades y de las Ciencias Sociales, pero tambi\u00e9n a aquellos\/as que, no perteneciendo a estos \u00e1mbitos, hayan centrado sus investigaciones en \u00e1reas de conocimiento relevantes para los asuntos p\u00fablicos, como las \u00e9ticas aplicadas, la econom\u00eda social, o las pol\u00edticas p\u00fablicas.<\/p>\n<p>La Escuela Internacional de Verano de FiloLab tiene una vocaci\u00f3n transdisciplinar e inclusiva. Ser\u00e1n bienvenidas propuestas que traten tanto aspectos de fundamentaci\u00f3n y conceptuales, como aquellas que aborden aspectos metodol\u00f3gicos o aspectos aplicados de las tem\u00e1ticas propuestas, pero se considerar\u00e1n otras tem\u00e1ticas igualmente si se demuestra alguna compatibilidad tem\u00e1tica o metodol\u00f3gica.<\/p>\n<p>Ser\u00e1n bienvenidas propuestas procedentes de \u00e1mbitos de conocimiento como la filosof\u00eda de la ciencia, los estudios de ciencia y tecnolog\u00eda, la filosof\u00eda de la mente y la psicolog\u00eda, la l\u00f3gica y la filosof\u00eda del lenguaje, la teor\u00eda de la argumentaci\u00f3n, la filosof\u00eda moral o la \u00e9tica aplicada.<\/p>\n<\/div>\n<\/div>\n<\/div><\/div><\/div><div id=\"pgc-474-1-1\"  class=\"panel-grid-cell\" ><div id=\"panel-474-1-1-0\" class=\"so-panel widget widget_sow-editor panel-first-child panel-last-child\" data-index=\"3\" ><div class=\"so-widget-sow-editor so-widget-sow-editor-base\"><h3 class=\"widget-title\">Profesorado invitado<\/h3>\n<div class=\"siteorigin-widget-tinymce textwidget\">\n\t<div class=\"siteorigin-widget-tinymce textwidget\">\n<figure id=\"attachment_426\" aria-describedby=\"caption-attachment-426\" style=\"width: 150px\" class=\"wp-caption alignleft\"><a href=\"http:\/\/www.institutnicod.org\/membres\/membres-permanents\/stojanovic-isidora\/?lang=en\" target=\"_blank\" rel=\"noopener\"><img loading=\"lazy\" class=\"wp-image-426 size-thumbnail\" src=\"http:\/\/wpd.ugr.es\/~filolab\/wordpress\/old\/amp\/wp-content\/uploads\/sites\/4\/2018\/06\/isidora-stojanovic-150x150.jpg\" alt=\"\" width=\"150\" height=\"150\" srcset=\"https:\/\/wpd.ugr.es\/~filolab\/wordpress\/wp-content\/uploads\/2018\/06\/isidora-stojanovic-150x150.jpg 150w, https:\/\/wpd.ugr.es\/~filolab\/wordpress\/wp-content\/uploads\/2018\/06\/isidora-stojanovic-100x100.jpg 100w\" sizes=\"(max-width: 150px) 100vw, 150px\" \/><\/a><figcaption id=\"caption-attachment-426\" class=\"wp-caption-text\">Isidora Stojanovic Institut Nicod, CNRS, Par\u00eds, Francia<\/figcaption><\/figure>\n<figure id=\"attachment_427\" aria-describedby=\"caption-attachment-427\" style=\"width: 150px\" class=\"wp-caption alignleft\"><a href=\"https:\/\/case.edu\/medicine\/bioethics\/about\/faculty--staff\/youngner.html\" target=\"_blank\" rel=\"noopener\"><img loading=\"lazy\" class=\"wp-image-427 size-thumbnail\" src=\"http:\/\/wpd.ugr.es\/~filolab\/wordpress\/old\/amp\/wp-content\/uploads\/sites\/4\/2018\/06\/Stuart-Youngner-150x150.jpg\" alt=\"\" width=\"150\" height=\"150\" srcset=\"https:\/\/wpd.ugr.es\/~filolab\/wordpress\/wp-content\/uploads\/2018\/06\/Stuart-Youngner-150x150.jpg 150w, https:\/\/wpd.ugr.es\/~filolab\/wordpress\/wp-content\/uploads\/2018\/06\/Stuart-Youngner-100x100.jpg 100w\" sizes=\"(max-width: 150px) 100vw, 150px\" \/><\/a><figcaption id=\"caption-attachment-427\" class=\"wp-caption-text\">Stuart Youngner Case Western Reserve University, EE. UU.<\/figcaption><\/figure>\n<figure id=\"attachment_428\" aria-describedby=\"caption-attachment-428\" style=\"width: 150px\" class=\"wp-caption alignleft\"><a href=\"https:\/\/www.rug.nl\/staff\/j.a.van.laar\/\"><img loading=\"lazy\" class=\"wp-image-428 size-thumbnail\" src=\"http:\/\/wpd.ugr.es\/~filolab\/wordpress\/old\/amp\/wp-content\/uploads\/sites\/4\/2018\/06\/Jan_Albert_Laar-150x150.jpg\" alt=\"\" width=\"150\" height=\"150\" srcset=\"https:\/\/wpd.ugr.es\/~filolab\/wordpress\/wp-content\/uploads\/2018\/06\/Jan_Albert_Laar-150x150.jpg 150w, https:\/\/wpd.ugr.es\/~filolab\/wordpress\/wp-content\/uploads\/2018\/06\/Jan_Albert_Laar-300x300.jpg 300w, https:\/\/wpd.ugr.es\/~filolab\/wordpress\/wp-content\/uploads\/2018\/06\/Jan_Albert_Laar-400x400.jpg 400w, https:\/\/wpd.ugr.es\/~filolab\/wordpress\/wp-content\/uploads\/2018\/06\/Jan_Albert_Laar-100x100.jpg 100w, https:\/\/wpd.ugr.es\/~filolab\/wordpress\/wp-content\/uploads\/2018\/06\/Jan_Albert_Laar.jpg 512w\" sizes=\"(max-width: 150px) 100vw, 150px\" \/><\/a><figcaption id=\"caption-attachment-428\" class=\"wp-caption-text\">Jan Albert van Laar Universidad de Groningen, Pa\u00edses Bajos<\/figcaption><\/figure>\n<\/div>\n<\/div>\n<\/div><\/div><\/div><div id=\"pgc-474-1-2\"  class=\"panel-grid-cell\" ><div id=\"panel-474-1-2-0\" class=\"so-panel widget widget_sow-editor panel-first-child\" data-index=\"4\" ><div class=\"so-widget-sow-editor so-widget-sow-editor-base\"><h3 class=\"widget-title\">Comit\u00e9 organizador<\/h3>\n<div class=\"siteorigin-widget-tinymce textwidget\">\n\t<div class=\"siteorigin-widget-tinymce textwidget\">\n<p>Juan A. Nicol\u00e1s<\/p>\n<p>Lilian Bermejo<\/p>\n<p>Fernando Mart\u00ednez Manrique<\/p>\n<p>Manuel de Pinedo<\/p>\n<p>David Rodr\u00edguez-Arias<\/p>\n<\/div>\n<\/div>\n<\/div><\/div><div id=\"panel-474-1-2-1\" class=\"so-panel widget widget_sow-editor panel-last-child\" data-index=\"5\" ><div class=\"so-widget-sow-editor so-widget-sow-editor-base\"><h3 class=\"widget-title\">Comit\u00e9 cient\u00edfico<\/h3>\n<div class=\"siteorigin-widget-tinymce textwidget\">\n\t<div class=\"siteorigin-widget-tinymce textwidget\">\n<p>Lilian Bermejo<\/p>\n<p>Pedro Franc\u00e9s<\/p>\n<p>Mar\u00eda Jos\u00e9 Fr\u00e1polli<\/p>\n<p>Francisco Lara<\/p>\n<p>Fernando Mart\u00ednez Manrique<\/p>\n<p>Jos\u00e9 Luis Moreno Pesta\u00f1a<\/p>\n<p>Juan Antonio Nicol\u00e1s<\/p>\n<p>Manuel de Pinedo<\/p>\n<p>David Rodr\u00edguez-Arias<\/p>\n<p>Neftal\u00ed Villanueva<\/p>\n<p>Henrik Zinkernagel<\/p>\n<\/div>\n<\/div>\n<\/div><\/div><\/div><\/div><div id=\"pg-474-2\"  class=\"panel-grid panel-no-style\" ><div id=\"pgc-474-2-0\"  class=\"panel-grid-cell\" ><div id=\"panel-474-2-0-0\" class=\"so-panel widget widget_sow-editor panel-first-child panel-last-child\" data-index=\"6\" ><div class=\"so-widget-sow-editor so-widget-sow-editor-base\">\n<div class=\"siteorigin-widget-tinymce textwidget\">\n\t<hr \/>\n<p>A modo de ejemplo, podr\u00e1n abordarse cuestiones te\u00f3ricas, metodol\u00f3gicas y aplicadas relacionadas con los siguientes temas:<\/p>\n<ul>\n<li>Conocimiento y opini\u00f3n: objetividad, pluralismo y relativismo<\/li>\n<li>Verdad y justificaci\u00f3n: verdad y consencuencias; verdad, \u00e9tica y pol\u00edtica, verdad y posverdad<\/li>\n<li>Desacuerdos: desacuerdos epist\u00e9micos y normativos; legos y expertos; hechos y valores<\/li>\n<li>Argumentaci\u00f3n: emociones y razonamiento, validez en juicios y evaluaciones, requisitos del razonamiento<\/li>\n<li>Sesgos en la enunciaci\u00f3n y el an\u00e1lisis de problemas<\/li>\n<li>Injusticia epist\u00e9mica y discursiva<\/li>\n<li>Lenguaje, g\u00e9nero y filosof\u00eda<\/li>\n<li>Sesgos cognitivos<br \/>\n<hr \/>\n<\/li>\n<\/ul>\n<\/div>\n<\/div><\/div><\/div><\/div><div id=\"pg-474-3\"  class=\"panel-grid panel-no-style\" ><div id=\"pgc-474-3-0\"  class=\"panel-grid-cell\" ><div id=\"panel-474-3-0-0\" class=\"so-panel widget widget_sow-editor panel-first-child panel-last-child\" data-index=\"7\" ><div class=\"so-widget-sow-editor so-widget-sow-editor-base\"><h3 class=\"widget-title\">Env\u00edo de propuestas<\/h3>\n<div class=\"siteorigin-widget-tinymce textwidget\">\n\t<p>El env\u00edo de propuestas se realizar\u00e1 mediante el correo <a href=\"mailto:filolab@ugr.es\">filolab@ugr.es<\/a>. Fecha l\u00edmite para la presentaci\u00f3n de propuestas: 1 de septiembre de 2018. Confirmaci\u00f3n de propuestas aceptadas a medida que se vayan recibiendo hasta cubrir el l\u00edmite de 30 plazas disponibles. Cada propuesta deber\u00e1 incluir:<\/p>\n<ul>\n<li data-leveltext=\"\uf0b7\" data-font=\"Symbol\" data-listid=\"6\" aria-setsize=\"-1\" data-aria-posinset=\"1\" data-aria-level=\"1\">Nombre<\/li>\n<li data-leveltext=\"\uf0b7\" data-font=\"Symbol\" data-listid=\"6\" aria-setsize=\"-1\" data-aria-posinset=\"2\" data-aria-level=\"1\">Correo electr\u00f3nico<\/li>\n<li data-leveltext=\"\uf0b7\" data-font=\"Symbol\" data-listid=\"6\" aria-setsize=\"-1\" data-aria-posinset=\"3\" data-aria-level=\"1\">Afiliaci\u00f3n institucional (si la hay)<\/li>\n<li data-leveltext=\"\uf0b7\" data-font=\"Symbol\" data-listid=\"6\" aria-setsize=\"-1\" data-aria-posinset=\"3\" data-aria-level=\"1\">T\u00edtulo de la investigaci\u00f3n<\/li>\n<li data-leveltext=\"\uf0b7\" data-font=\"Symbol\" data-listid=\"6\" aria-setsize=\"-1\" data-aria-posinset=\"3\" data-aria-level=\"1\">Resumen de la investigaci\u00f3n (300 palabras m\u00e1x.)<\/li>\n<li data-leveltext=\"\uf0b7\" data-font=\"Symbol\" data-listid=\"6\" aria-setsize=\"-1\" data-aria-posinset=\"3\" data-aria-level=\"1\">\u00c1reas de inter\u00e9s cient\u00edfico (100 palabras m\u00e1x.)<\/li>\n<\/ul>\n<\/div>\n<\/div><\/div><\/div><div id=\"pgc-474-3-1\"  class=\"panel-grid-cell\" ><div id=\"panel-474-3-1-0\" class=\"so-panel widget widget_sow-editor panel-first-child\" data-index=\"8\" ><div class=\"so-widget-sow-editor so-widget-sow-editor-base\">\n<div class=\"siteorigin-widget-tinymce textwidget\">\n\t<h2>Matr\u00edcula<\/h2>\n<\/div>\n<\/div><\/div><div id=\"panel-474-3-1-1\" class=\"so-panel widget widget_sow-accordion\" data-index=\"9\" ><div class=\"so-widget-sow-accordion so-widget-sow-accordion-default-84021e6d2f91\"><div>\n\t<div class=\"sow-accordion\">\n\t\t\t<div class=\"sow-accordion-panel\"\n\t\t\t data-anchor=\"opci%c3%b3n-a-matr%c3%adcula-60-%e2%82%ac\">\n\t\t\t\t<div class=\"sow-accordion-panel-header-container\" role=\"heading\" aria-level=\"2\">\n\t\t\t\t\t<div class=\"sow-accordion-panel-header\" tabindex=\"0\" role=\"button\" id=\"accordion-label-opci%c3%b3n-a-matr%c3%adcula-60-%e2%82%ac\" aria-controls=\"accordion-content-opci%c3%b3n-a-matr%c3%adcula-60-%e2%82%ac\" aria-expanded=\"false\">\n\t\t\t\t\t\t<div class=\"sow-accordion-title sow-accordion-title-icon-left\">\n\t\t\t\t\t\t\t\t\t\t\t\t\t\tOPCI\u00d3N A. Matr\u00edcula (60 \u20ac)\t\t\t\t\t\t\t\t\t\t\t\t\t<\/div>\n\t\t\t\t\t\t<div class=\"sow-accordion-open-close-button\">\n\t\t\t\t\t\t\t<div class=\"sow-accordion-open-button\">\n\t\t\t\t\t\t\t\t<span class=\"sow-icon-ionicons\" data-sow-icon=\"&#xf218;\" ><\/span>\t\t\t\t\t\t\t<\/div>\n\t\t\t\t\t\t\t<div class=\"sow-accordion-close-button\">\n\t\t\t\t\t\t\t\t<span class=\"sow-icon-ionicons\" data-sow-icon=\"&#xf209;\" ><\/span>\t\t\t\t\t\t\t<\/div>\n\t\t\t\t\t\t<\/div>\n\t\t\t\t\t<\/div>\n\t\t\t\t<\/div>\n\n\t\t\t<div class=\"sow-accordion-panel-content\" role=\"region\" aria-labelledby=\"accordion-label-opci%c3%b3n-a-matr%c3%adcula-60-%e2%82%ac\" id=\"accordion-content-opci%c3%b3n-a-matr%c3%adcula-60-%e2%82%ac\">\n\t\t\t\t<div class=\"sow-accordion-panel-border\" tabindex=\"0\">\n\t\t\t\t\t<p>Incluye:<\/p>\n<ul>\n<li>Inscripci\u00f3n<\/li>\n<li>Comidas en el Carmen de la Victoria<\/li>\n<li>Materiales<\/li>\n<\/ul>\n<p>Ingreso en cuenta corriente n\u00famero: ES89 2038 3505 3664 0000 5794<br \/>\nConcepto: NOMBRE + APELLIDOS + \"Escuela de verano\"<br \/>\nRemitir el justificante de ingreso a <a href=\"mailto:filolab@ugr.es\">filolab@ugr.es<\/a><\/p>\n\t\t\t\t<\/div>\n\t\t\t<\/div>\n\t\t<\/div>\n\t\t\t<div class=\"sow-accordion-panel\"\n\t\t\t data-anchor=\"opci%c3%b3n-b-matr%c3%adcula-y-alojamiento-300-%e2%82%ac-habitaci%c3%b3n-simple\">\n\t\t\t\t<div class=\"sow-accordion-panel-header-container\" role=\"heading\" aria-level=\"2\">\n\t\t\t\t\t<div class=\"sow-accordion-panel-header\" tabindex=\"0\" role=\"button\" id=\"accordion-label-opci%c3%b3n-b-matr%c3%adcula-y-alojamiento-300-%e2%82%ac-habitaci%c3%b3n-simple\" aria-controls=\"accordion-content-opci%c3%b3n-b-matr%c3%adcula-y-alojamiento-300-%e2%82%ac-habitaci%c3%b3n-simple\" aria-expanded=\"false\">\n\t\t\t\t\t\t<div class=\"sow-accordion-title sow-accordion-title-icon-left\">\n\t\t\t\t\t\t\t\t\t\t\t\t\t\tOPCI\u00d3N B. Matr\u00edcula y alojamiento (300 \u20ac, habitaci\u00f3n simple)\t\t\t\t\t\t\t\t\t\t\t\t\t<\/div>\n\t\t\t\t\t\t<div class=\"sow-accordion-open-close-button\">\n\t\t\t\t\t\t\t<div class=\"sow-accordion-open-button\">\n\t\t\t\t\t\t\t\t<span class=\"sow-icon-ionicons\" data-sow-icon=\"&#xf218;\" ><\/span>\t\t\t\t\t\t\t<\/div>\n\t\t\t\t\t\t\t<div class=\"sow-accordion-close-button\">\n\t\t\t\t\t\t\t\t<span class=\"sow-icon-ionicons\" data-sow-icon=\"&#xf209;\" ><\/span>\t\t\t\t\t\t\t<\/div>\n\t\t\t\t\t\t<\/div>\n\t\t\t\t\t<\/div>\n\t\t\t\t<\/div>\n\n\t\t\t<div class=\"sow-accordion-panel-content\" role=\"region\" aria-labelledby=\"accordion-label-opci%c3%b3n-b-matr%c3%adcula-y-alojamiento-300-%e2%82%ac-habitaci%c3%b3n-simple\" id=\"accordion-content-opci%c3%b3n-b-matr%c3%adcula-y-alojamiento-300-%e2%82%ac-habitaci%c3%b3n-simple\">\n\t\t\t\t<div class=\"sow-accordion-panel-border\" tabindex=\"0\">\n\t\t\t\t\t<div id=\"pg-133-4\" class=\"panel-grid panel-no-style\" data-style=\"{&quot;background_image_attachment&quot;:false,&quot;background_display&quot;:&quot;tile&quot;,&quot;cell_alignment&quot;:&quot;flex-start&quot;}\" data-ratio=\"1\" data-ratio-direction=\"right\">\n<div id=\"pgc-133-4-0\" class=\"panel-grid-cell\" data-weight=\"1\">\n<div id=\"panel-133-4-0-2\" class=\"so-panel widget widget_sow-editor panel-last-child\" data-index=\"7\" data-style=\"{&quot;background_image_attachment&quot;:false,&quot;background_display&quot;:&quot;tile&quot;,&quot;border_color&quot;:&quot;#000000&quot;}\">\n<div class=\"panel-widget-style panel-widget-style-for-133-4-0-2\">\n<div class=\"so-widget-sow-editor so-widget-sow-editor-base\">\n<div class=\"siteorigin-widget-tinymce textwidget\">\n<p>Incluye:<\/p>\n<ul>\n<li>Inscripci\u00f3n<\/li>\n<li>Materiales<\/li>\n<li>Alojamiento en habitaci\u00f3n simple: llegada 9 Sept, salida 14 Sept<\/li>\n<li>Pensi\u00f3n completa en el Carmen de la Victoria (desayuno, comida y cena)<\/li>\n<\/ul>\n<p>Pago y reserva de habitaciones en el Carmen de la Victoria<br \/>\nN\u00famero de cuenta: ES15 0237 0724 7091 7089 9764<br \/>\nConcepto: NOMBRE + APELLIDOS + \u201c78\/18\u201d<\/p>\n<p>Remitir el justificante a <a href=\"mailto:rinvitadoscarmenv@ugr.es\">rinvitadoscarmenv@ugr.es<\/a> <strong>y<\/strong> <a href=\"mailto:filolab@ugr.es\">filolab@ugr.es<\/a><\/p>\n<\/div>\n<\/div>\n<\/div>\n<\/div>\n<\/div>\n<\/div>\n<div id=\"pg-133-5\" class=\"panel-grid panel-no-style\">\n<div id=\"pgc-133-5-0\" class=\"panel-grid-cell\" data-weight=\"1\">\n<div id=\"panel-133-5-0-0\" class=\"so-panel widget widget_sow-editor panel-first-child panel-last-child\" data-index=\"8\" data-style=\"{&quot;background_image_attachment&quot;:false,&quot;background_display&quot;:&quot;tile&quot;}\">\n<div class=\"so-widget-sow-editor so-widget-sow-editor-base\">\n<div class=\"siteorigin-widget-tinymce textwidget\">\n<p>Hay un n\u00famero limitado de habitaciones disponibles, por lo que se recomienda reservar cuanto antes. Para que la reserva quede confirmada, ser\u00e1 requisito imprescindible el pago adelantado del 50 % del importe total del alojamiento reservado. Informaci\u00f3n y contacto: <a href=\"http:\/\/carmendelavictoria.ugr.es\/\">http:\/\/carmendelavictoria.ugr.es\/<\/a><\/p>\n<\/div>\n<\/div>\n<\/div>\n<\/div>\n<\/div>\n\t\t\t\t<\/div>\n\t\t\t<\/div>\n\t\t<\/div>\n\t\t<\/div>\n<\/div>\n<\/div><\/div><div id=\"panel-474-3-1-2\" class=\"so-panel widget widget_sow-editor panel-last-child\" data-index=\"10\" ><div class=\"so-widget-sow-editor so-widget-sow-editor-base\">\n<div class=\"siteorigin-widget-tinymce textwidget\">\n\t<p>Para la confecci\u00f3n de <strong>factura<\/strong>, es requisito imprescindible indicar con antelaci\u00f3n los datos de facturaci\u00f3n (NOMBRE, APELLIDOS, DIRECCI\u00d3N, NIF y NACIONALIDAD).<\/p>\n<\/div>\n<\/div><\/div><\/div><\/div><div id=\"pg-474-4\"  class=\"panel-grid panel-no-style\" ><div id=\"pgc-474-4-0\"  class=\"panel-grid-cell\" ><div id=\"panel-474-4-0-0\" class=\"so-panel widget widget_sow-editor panel-first-child panel-last-child\" data-index=\"11\" ><div class=\"so-widget-sow-editor so-widget-sow-editor-base\"><h3 class=\"widget-title\">Becas<\/h3>\n<div class=\"siteorigin-widget-tinymce textwidget\">\n\t<div class=\"siteorigin-widget-tinymce textwidget\">\n<p>Se ofrecer\u00e1n cuatro becas de exenci\u00f3n de matr\u00edcula para las personas que lo soliciten y justifiquen la necesidad de la beca por motivos econ\u00f3micos.<\/p>\n<hr \/>\n<p>&nbsp;<\/p>\n<\/div>\n<\/div>\n<\/div><\/div><\/div><\/div><div id=\"pg-474-5\"  class=\"panel-grid panel-no-style\" ><div id=\"pgc-474-5-0\"  class=\"panel-grid-cell\" ><div id=\"panel-474-5-0-0\" class=\"so-panel widget widget_sow-editor panel-first-child panel-last-child\" data-index=\"12\" ><div class=\"so-widget-sow-editor so-widget-sow-editor-base\"><h3 class=\"widget-title\">Contacto<\/h3>\n<div class=\"siteorigin-widget-tinymce textwidget\">\n\t<div class=\"siteorigin-widget-tinymce textwidget\"><div class=\"wpforms-container wpforms-container-full\" id=\"wpforms-442\"><form id=\"wpforms-form-442\" class=\"wpforms-validate wpforms-form\" data-formid=\"442\" method=\"post\" enctype=\"multipart\/form-data\" action=\"\/~filolab\/wordpress\/wp-json\/wp\/v2\/pages\/474\" data-token=\"27933fe2a5c3b78b666999d891689004\" data-token-time=\"1777641954\"><noscript class=\"wpforms-error-noscript\">Por favor, activa JavaScript en tu navegador para completar este formulario.<\/noscript><div class=\"wpforms-field-container\"><div id=\"wpforms-442-field_0-container\" class=\"wpforms-field wpforms-field-name\" data-field-id=\"0\"><label class=\"wpforms-field-label\" for=\"wpforms-442-field_0\">Nombre y apellidos \/ Name and surname <span class=\"wpforms-required-label\">*<\/span><\/label><div class=\"wpforms-field-row wpforms-field-medium\"><div class=\"wpforms-field-row-block wpforms-first wpforms-one-half\"><input type=\"text\" id=\"wpforms-442-field_0\" class=\"wpforms-field-name-first wpforms-field-required\" name=\"wpforms[fields][0][first]\" required><label for=\"wpforms-442-field_0\" class=\"wpforms-field-sublabel after wpforms-sublabel-hide\">Nombre<\/label><\/div><div class=\"wpforms-field-row-block wpforms-one-half\"><input type=\"text\" id=\"wpforms-442-field_0-last\" class=\"wpforms-field-name-last wpforms-field-required\" name=\"wpforms[fields][0][last]\" required><label for=\"wpforms-442-field_0-last\" class=\"wpforms-field-sublabel after wpforms-sublabel-hide\">Apellidos<\/label><\/div><\/div><\/div><div id=\"wpforms-442-field_3-container\" class=\"wpforms-field wpforms-field-text\" data-field-id=\"3\"><label class=\"wpforms-field-label\" for=\"wpforms-442-field_3\">Instituci\u00f3n \/ Institution<\/label><input type=\"text\" id=\"wpforms-442-field_3\" class=\"wpforms-field-medium\" name=\"wpforms[fields][3]\" ><\/div><div id=\"wpforms-442-field_2-container\" class=\"wpforms-field wpforms-field-textarea\" data-field-id=\"2\"><label class=\"wpforms-field-label\" for=\"wpforms-442-field_2\">Mensaje o comentario \/ Message or comment <span class=\"wpforms-required-label\">*<\/span><\/label><textarea id=\"wpforms-442-field_2\" class=\"wpforms-field-medium wpforms-field-required\" name=\"wpforms[fields][2]\" required><\/textarea><\/div><div id=\"wpforms-442-field_1-container\" class=\"wpforms-field wpforms-field-email\" data-field-id=\"1\"><label class=\"wpforms-field-label\" for=\"wpforms-442-field_1\">Correo electr\u00f3nico \/ Email <span class=\"wpforms-required-label\">*<\/span><\/label><input type=\"email\" id=\"wpforms-442-field_1\" class=\"wpforms-field-medium wpforms-field-required\" name=\"wpforms[fields][1]\" spellcheck=\"false\" required><\/div><\/div><!-- .wpforms-field-container --><div class=\"wpforms-field wpforms-field-hp\"><label for=\"wpforms-442-field-hp\" class=\"wpforms-field-label\">Comment<\/label><input type=\"text\" name=\"wpforms[hp]\" id=\"wpforms-442-field-hp\" class=\"wpforms-field-medium\"><\/div><div class=\"wpforms-submit-container\" ><input type=\"hidden\" name=\"wpforms[id]\" value=\"442\"><input type=\"hidden\" name=\"page_title\" value=\"\"><input type=\"hidden\" name=\"page_url\" value=\"https:\/\/wpd.ugr.es\/~filolab\/wordpress\/wp-json\/wp\/v2\/pages\/474\"><button type=\"submit\" name=\"wpforms[submit]\" id=\"wpforms-submit-442\" class=\"wpforms-submit\" data-alt-text=\"Sending...\" data-submit-text=\"Enviar \/ Submit\" aria-live=\"assertive\" value=\"wpforms-submit\">Enviar \/ Submit<\/button><\/div><\/form><\/div>  <!-- .wpforms-container --><\/div>\n<\/div>\n<\/div><\/div><\/div><div id=\"pgc-474-5-1\"  class=\"panel-grid-cell\" ><div id=\"panel-474-5-1-0\" class=\"so-panel widget widget_sow-editor panel-first-child panel-last-child\" data-index=\"13\" ><div class=\"so-widget-sow-editor so-widget-sow-editor-base\"><h3 class=\"widget-title\">D\u00f3nde estamos<\/h3>\n<div class=\"siteorigin-widget-tinymce textwidget\">\n\t<div class=\"siteorigin-widget-tinymce textwidget\">\n<p><iframe loading=\"lazy\" style=\"border: 1px solid black;\" src=\"https:\/\/www.openstreetmap.org\/export\/embed.html?bbox=-3.5979902744293213%2C37.191860677852894%2C-3.590469360351563%2C37.19711675248216&amp;layer=mapnik&amp;marker=37.19448876090678%2C-3.594229817390442\" width=\"425\" height=\"350\" frameborder=\"0\" marginwidth=\"0\" marginheight=\"0\" scrolling=\"no\"><\/iframe><small><a href=\"https:\/\/www.openstreetmap.org\/?mlat=37.19449&amp;mlon=-3.59423#map=17\/37.19449\/-3.59423\">Ampliar mapa<\/a><\/small><\/p>\n<blockquote>\n<p><em>Facultad de Psicolog\u00eda (Edificio de Psicolog\u00eda), Campus de Cartuja s\/n, 18011 Granada, Espa\u00f1a<\/em><\/p>\n<\/blockquote>\n<\/div>\n<\/div>\n<\/div><\/div><\/div><\/div><\/div><!-- AddThis Advanced Settings generic via filter on the_content --><!-- AddThis Share Buttons generic via filter on the_content -->","protected":false},"excerpt":{"rendered":"<p>Emociones y juicio: argumentaci\u00f3n, sesgos y asuntos p\u00fablicos &nbsp; del 10 al 14 de Septiembre de 2018, en Granada (Espa\u00f1a) Carmen de la Victoria, Universidad de Granada, Cuesta del Chapiz, 9, 18010 Granada, Mapa &nbsp; Entre los d\u00edas 10 y 14 de septiembre de 2018, la Escuela Internacional de Verano de FiloLab ofrecer\u00e1 a estudiantes [&hellip;]<!-- AddThis Advanced Settings generic via filter on get_the_excerpt --><!-- AddThis Share Buttons generic via filter on get_the_excerpt --><\/p>\n","protected":false},"author":1,"featured_media":0,"parent":5620,"menu_order":0,"comment_status":"closed","ping_status":"closed","template":"","meta":[],"_links":{"self":[{"href":"https:\/\/wpd.ugr.es\/~filolab\/wordpress\/wp-json\/wp\/v2\/pages\/474"}],"collection":[{"href":"https:\/\/wpd.ugr.es\/~filolab\/wordpress\/wp-json\/wp\/v2\/pages"}],"about":[{"href":"https:\/\/wpd.ugr.es\/~filolab\/wordpress\/wp-json\/wp\/v2\/types\/page"}],"author":[{"embeddable":true,"href":"https:\/\/wpd.ugr.es\/~filolab\/wordpress\/wp-json\/wp\/v2\/users\/1"}],"replies":[{"embeddable":true,"href":"https:\/\/wpd.ugr.es\/~filolab\/wordpress\/wp-json\/wp\/v2\/comments?post=474"}],"version-history":[{"count":65,"href":"https:\/\/wpd.ugr.es\/~filolab\/wordpress\/wp-json\/wp\/v2\/pages\/474\/revisions"}],"predecessor-version":[{"id":5624,"href":"https:\/\/wpd.ugr.es\/~filolab\/wordpress\/wp-json\/wp\/v2\/pages\/474\/revisions\/5624"}],"up":[{"embeddable":true,"href":"https:\/\/wpd.ugr.es\/~filolab\/wordpress\/wp-json\/wp\/v2\/pages\/5620"}],"wp:attachment":[{"href":"https:\/\/wpd.ugr.es\/~filolab\/wordpress\/wp-json\/wp\/v2\/media?parent=474"}],"curies":[{"name":"wp","href":"https:\/\/api.w.org\/{rel}","templated":true}]}}