{"id":5771,"date":"2024-09-03T13:46:22","date_gmt":"2024-09-03T11:46:22","guid":{"rendered":"https:\/\/wpd.ugr.es\/~filolab\/wordpress\/?page_id=5771"},"modified":"2024-09-03T13:50:26","modified_gmt":"2024-09-03T11:50:26","slug":"raul-linares-peralta","status":"publish","type":"page","link":"https:\/\/wpd.ugr.es\/~filolab\/wordpress\/quienes-somos-nueva\/investigadores-en-formacion\/raul-linares-peralta\/","title":{"rendered":"Ra\u00fal Linares-Peralta"},"content":{"rendered":"<div id=\"pl-5771\"  class=\"panel-layout\" ><div id=\"pg-5771-0\"  class=\"panel-grid panel-no-style\" ><div id=\"pgc-5771-0-0\"  class=\"panel-grid-cell\" ><div id=\"panel-5771-0-0-0\" class=\"so-panel widget widget_sow-image panel-first-child panel-last-child\" data-index=\"0\" ><div class=\"so-widget-sow-image so-widget-sow-image-default-d6014b76747a\">\n\n<div class=\"sow-image-container\">\n\t<img src=\"https:\/\/wpd.ugr.es\/~filolab\/wordpress\/wp-content\/uploads\/2024\/09\/RaulLinares-Peralta3-scaled.jpg\" width=\"1920\" height=\"2560\" srcset=\"https:\/\/wpd.ugr.es\/~filolab\/wordpress\/wp-content\/uploads\/2024\/09\/RaulLinares-Peralta3-scaled.jpg 1920w, https:\/\/wpd.ugr.es\/~filolab\/wordpress\/wp-content\/uploads\/2024\/09\/RaulLinares-Peralta3-225x300.jpg 225w, https:\/\/wpd.ugr.es\/~filolab\/wordpress\/wp-content\/uploads\/2024\/09\/RaulLinares-Peralta3-768x1024.jpg 768w, https:\/\/wpd.ugr.es\/~filolab\/wordpress\/wp-content\/uploads\/2024\/09\/RaulLinares-Peralta3-1152x1536.jpg 1152w, https:\/\/wpd.ugr.es\/~filolab\/wordpress\/wp-content\/uploads\/2024\/09\/RaulLinares-Peralta3-1536x2048.jpg 1536w\" sizes=\"(max-width: 1920px) 100vw, 1920px\" title=\"Ra\u00fal Linares-Peralta\" alt=\"\" \t\tclass=\"so-widget-image\"\/>\n<\/div>\n\n<\/div><\/div><\/div><div id=\"pgc-5771-0-1\"  class=\"panel-grid-cell\" ><div id=\"panel-5771-0-1-0\" class=\"so-panel widget widget_sow-editor panel-first-child panel-last-child\" data-index=\"1\" ><div class=\"so-widget-sow-editor so-widget-sow-editor-base\">\n<div class=\"siteorigin-widget-tinymce textwidget\">\n\t<p>Ra\u00fal Linares-Peralta<\/p>\n<p>Miembro del Equipo de Trabajo de FiloLab<\/p>\n<p>Investigador Predoctoral (FPU), Departamento de Filosof\u00eda II, UGR<\/p>\n<p>P\u00e1gina web: <a href=\"https:\/\/www.researchgate.net\/profile\/Raul-Linares-Peralta\" target=\"_blank\" rel=\"noopener noreferrer\">https:\/\/www.researchgate.net\/profile\/Raul-Linares-Peralta<\/a><\/p>\n<p>Direcci\u00f3n de contacto:\u00a0<a href=\"mailto:raullinares@ugr.es\">raullinares@ugr.es<\/a><\/p>\n<p>&nbsp;<\/p>\n<p>&nbsp;<\/p>\n<p>&nbsp;<\/p>\n<\/div>\n<\/div><\/div><\/div><\/div><div id=\"pg-5771-1\"  class=\"panel-grid panel-no-style\" ><div id=\"pgc-5771-1-0\"  class=\"panel-grid-cell\" ><div id=\"panel-5771-1-0-0\" class=\"so-panel widget widget_sow-editor panel-first-child\" data-index=\"2\" ><div class=\"so-widget-sow-editor so-widget-sow-editor-base\">\n<div class=\"siteorigin-widget-tinymce textwidget\">\n\t<p>Ra\u00fal Linares-Peralta es graduado en Filosof\u00eda y m\u00e1ster en Filosof\u00eda Contempor\u00e1nea por la Universidad de Granada, y fue t\u00e9cnico investigador con cargo al proyecto \"Posverdad a debate: Reconstrucci\u00f3n social despu\u00e9s de la pandemia\" (P20_00703). Actualmente es investigador predoctoral FPU (Ministerio de Universidades) y co-IP del proyecto de investigaci\u00f3n para doctorandos \"Posthumanismo y posverdad: Retos ante la transformaci\u00f3n tecnol\u00f3gica de la sociedad\" (PPJIB2023-021). Su tesis doctoral, dirigida por el profesor <a href=\"https:\/\/wpd.ugr.es\/~filolab\/wordpress\/quienes-somos-nueva\/investigadores-garantes\/juan-a-nicolas-marin\/\">Juan Antonio Nicol\u00e1s<\/a>, analiza y valora cr\u00edticamente los problemas filos\u00f3ficos del fen\u00f3meno posverdad y plantea una alternativa desde la filosof\u00eda de Zubiri. Es coordinador de la colecci\u00f3n \u00abFilosof\u00eda Hoy\u00bb (Comares), del Bolet\u00edn Veritas (http:\/\/leibniz.es\/ boletin-veritas\/) y del Seminario de Filosof\u00eda Espa\u00f1ola Contempor\u00e1nea: X. Zubiri (Universidad de Granada).<\/p>\n<\/div>\n<\/div><\/div><div id=\"panel-5771-1-0-1\" class=\"so-panel widget widget_sow-headline\" data-index=\"3\" ><div class=\"so-widget-sow-headline so-widget-sow-headline-default-66949b92e845\"><div class=\"sow-headline-container \">\n\t<h1 class='sow-headline'>L\u00edneas de investigaci\u00f3n<\/h1>\t\t\t\t\t<div class=\"decoration\">\n\t\t\t\t\t\t<div class=\"decoration-inside\"><\/div>\n\t\t\t\t\t<\/div>\n\t\t\t\t\t<\/div><\/div><\/div><div id=\"panel-5771-1-0-2\" class=\"so-panel widget widget_sow-editor\" data-index=\"4\" ><div class=\"so-widget-sow-editor so-widget-sow-editor-base\">\n<div class=\"siteorigin-widget-tinymce textwidget\">\n\t<p>Su investigaci\u00f3n aborda los problemas filos\u00f3ficos en torno a la posverdad y propone alternativas desde el desarrollo del pensamiento de Xavier Zubiri en discusi\u00f3n con corrientes filos\u00f3ficas contempor\u00e1neas, como la hermen\u00e9utica, la fenomenolog\u00eda y el nuevo realismo.<\/p>\n<\/div>\n<\/div><\/div><div id=\"panel-5771-1-0-3\" class=\"so-panel widget widget_sow-headline\" data-index=\"5\" ><div class=\"so-widget-sow-headline so-widget-sow-headline-default-66949b92e845\"><div class=\"sow-headline-container \">\n\t<h1 class='sow-headline'>Publicaciones destacadas<\/h1>\t\t\t\t\t<div class=\"decoration\">\n\t\t\t\t\t\t<div class=\"decoration-inside\"><\/div>\n\t\t\t\t\t<\/div>\n\t\t\t\t\t<\/div><\/div><\/div><div id=\"panel-5771-1-0-4\" class=\"so-panel widget widget_sow-editor\" data-index=\"6\" ><div class=\"so-widget-sow-editor so-widget-sow-editor-base\">\n<div class=\"siteorigin-widget-tinymce textwidget\">\n\t<p>Linares-Peralta, Ra\u00fal y Nicol\u00e1s, Juan Antonio (eds.) (2024). <em>Post-Truth: A Multidisciplinary Approach<\/em>. Newcastle upon Tyne: Cambridge Scholars Publishing.<\/p>\n<p>Linares-Peralta, Ra\u00fal y Llorca Albareda, Joan (2024). \"Repensando la Antropolog\u00eda Digital: Estructurismo, mediaci\u00f3n tecnol\u00f3gica e implicaciones epist\u00e9micas y morales\". <em>Enrahonar. An International Journal of Theoretical and Practical Reason<\/em>. 10.5565\/rev\/enrahonar.1577<\/p>\n<p>Guijarro Galindo, Pelayo, y Linares-Peralta, Ra\u00fal (2024). \"Proyecto editorial Ellacur\u00eda: Obras completas\". <em>Andamios. Revista de Investigaci\u00f3n Social<\/em>, 21 (55), 263-279\". 10.29092\/uacm.v21i55.1098<\/p>\n<p>Nicol\u00e1s, Juan Antonio, Ballesteros-Aguayo, Luc\u00eda, y Linares-Peralta, Ra\u00fal (eds.) (2023). <em>Diccionario posverdad<\/em>. Granada: Comares.<\/p>\n<p>Linares-Peralta, Ra\u00fal (2023). \"Hermen\u00e9utica, posverdad y \u2018realismos\u2019. Un enfoque desde Zubiri.<br \/>\n<em>\u00c1peiron. Estudios de filosof\u00eda<\/em>, 18, 209-232.\u00a0<a href=\"https:\/\/www.apeironestudiosdefilosofia.com\/n%C3%BAmero-18\" target=\"_blank\" rel=\"noopener noreferrer\">https:\/\/www.apeironestudiosdefilosofia.com\/n%C3%BAmero-18<\/a><\/p>\n<p>Linares-Peralta, Ra\u00fal (2023). \"Problema hermen\u00e9utico de la posverdad. Sobre la cr\u00edtica de la interpretaci\u00f3n\". En Nicol\u00e1s, Juan Antonio y Garc\u00eda Moriy\u00f3n, F\u00e9lix (coords.). <em>El reto de la posverdad. An\u00e1lisis multidisciplinar, valoraci\u00f3n cr\u00edtica y alternativas<\/em> (pp. 269-284). Editorial Sind\u00e9resis\/ UPSAL Publicaciones. ISBN: 978-84-19199-782<\/p>\n<p>Linares-Peralta, Ra\u00fal (2022). \u201cPosverdad: el contexto de la desinformaci\u00f3n en tiempos de pandemia\u201d. <em>Analysis. Claves de Pensamiento Contempor\u00e1neo<\/em>, 35 (13), 1-11.\u00a0<a href=\"https:\/\/studiahumanitatis.eu\/ojs\/index.php\/analysis\/article\/view\/2022linares\" target=\"_blank\" rel=\"noopener noreferrer\">https:\/\/studiahumanitatis.eu\/ojs\/index.php\/analysis\/article\/view\/2022linares<\/a><\/p>\n<p>Nicol\u00e1s, Juan Antonio, y Linares-Peralta, Ra\u00fal (2021). \u201cLa noolog\u00eda realista de Xavier Zubiri\u201d. Gazeta de Antropolog\u00eda, 37 (3), n\u00ba7. 10.30827\/Digibug.70187<\/p>\n<\/div>\n<\/div><\/div><div id=\"panel-5771-1-0-5\" class=\"so-panel widget widget_sow-headline\" data-index=\"7\" ><div class=\"so-widget-sow-headline so-widget-sow-headline-default-66949b92e845\"><div class=\"sow-headline-container \">\n\t<h1 class='sow-headline'>Proyectos<\/h1>\t\t\t\t\t<div class=\"decoration\">\n\t\t\t\t\t\t<div class=\"decoration-inside\"><\/div>\n\t\t\t\t\t<\/div>\n\t\t\t\t\t<\/div><\/div><\/div><div id=\"panel-5771-1-0-6\" class=\"so-panel widget widget_sow-editor panel-last-child\" data-index=\"8\" ><div class=\"so-widget-sow-editor so-widget-sow-editor-base\">\n<div class=\"siteorigin-widget-tinymce textwidget\">\n\t<p>T\u00e9cnico investigador en el proyecto: \"Posverdad a debate: Reconstrucci\u00f3n social despu\u00e9s de la pandemia\" (P20_00703).<\/p>\n<p>Actualmente es y co-IP del proyecto de investigaci\u00f3n para doctorandos \"Posthumanismo y posverdad: Retos ante la transformaci\u00f3n tecnol\u00f3gica de la sociedad\" (PPJIB2023-021)<\/p>\n<\/div>\n<\/div><\/div><\/div><\/div><\/div><!-- AddThis Advanced Settings generic via filter on the_content --><!-- AddThis Share Buttons generic via filter on the_content -->","protected":false},"excerpt":{"rendered":"<p>Ra\u00fal Linares-Peralta Miembro del Equipo de Trabajo de FiloLab Investigador Predoctoral (FPU), Departamento de Filosof\u00eda II, UGR P\u00e1gina web: https:\/\/www.researchgate.net\/profile\/Raul-Linares-Peralta Direcci\u00f3n de contacto:\u00a0raullinares@ugr.es &nbsp; &nbsp; &nbsp; Ra\u00fal Linares-Peralta es graduado en Filosof\u00eda y m\u00e1ster en Filosof\u00eda Contempor\u00e1nea por la Universidad de Granada, y fue t\u00e9cnico investigador con cargo al proyecto \u00abPosverdad a debate: Reconstrucci\u00f3n social [&hellip;]<!-- AddThis Advanced Settings generic via filter on get_the_excerpt --><!-- AddThis Share Buttons generic via filter on get_the_excerpt --><\/p>\n","protected":false},"author":1,"featured_media":0,"parent":950,"menu_order":0,"comment_status":"closed","ping_status":"closed","template":"","meta":[],"_links":{"self":[{"href":"https:\/\/wpd.ugr.es\/~filolab\/wordpress\/wp-json\/wp\/v2\/pages\/5771"}],"collection":[{"href":"https:\/\/wpd.ugr.es\/~filolab\/wordpress\/wp-json\/wp\/v2\/pages"}],"about":[{"href":"https:\/\/wpd.ugr.es\/~filolab\/wordpress\/wp-json\/wp\/v2\/types\/page"}],"author":[{"embeddable":true,"href":"https:\/\/wpd.ugr.es\/~filolab\/wordpress\/wp-json\/wp\/v2\/users\/1"}],"replies":[{"embeddable":true,"href":"https:\/\/wpd.ugr.es\/~filolab\/wordpress\/wp-json\/wp\/v2\/comments?post=5771"}],"version-history":[{"count":4,"href":"https:\/\/wpd.ugr.es\/~filolab\/wordpress\/wp-json\/wp\/v2\/pages\/5771\/revisions"}],"predecessor-version":[{"id":5777,"href":"https:\/\/wpd.ugr.es\/~filolab\/wordpress\/wp-json\/wp\/v2\/pages\/5771\/revisions\/5777"}],"up":[{"embeddable":true,"href":"https:\/\/wpd.ugr.es\/~filolab\/wordpress\/wp-json\/wp\/v2\/pages\/950"}],"wp:attachment":[{"href":"https:\/\/wpd.ugr.es\/~filolab\/wordpress\/wp-json\/wp\/v2\/media?parent=5771"}],"curies":[{"name":"wp","href":"https:\/\/api.w.org\/{rel}","templated":true}]}}