{"id":736,"date":"2018-09-19T11:21:05","date_gmt":"2018-09-19T09:21:05","guid":{"rendered":"http:\/\/wpd.ugr.es\/~filolab\/wordpress\/?page_id=736"},"modified":"2024-06-21T20:38:04","modified_gmt":"2024-06-21T18:38:04","slug":"filolab-philosophy-and-public-controversies-2","status":"publish","type":"page","link":"https:\/\/wpd.ugr.es\/~filolab\/wordpress\/","title":{"rendered":"FILOLAB \u2013 Philosophy and Public Controversies"},"content":{"rendered":"<div id=\"pl-736\"  class=\"panel-layout\" ><div id=\"pg-736-0\"  class=\"panel-grid panel-no-style\" ><div id=\"pgc-736-0-0\"  class=\"panel-grid-cell\" ><div id=\"panel-736-0-0-0\" class=\"so-panel widget widget_sow-post-carousel panel-first-child panel-last-child\" data-index=\"0\" ><div class=\"so-widget-sow-post-carousel so-widget-sow-post-carousel-default-971e41e9e54d\">\n\t<div class=\"sow-carousel-title\">\n\t\t\n\t\t<a href=\"#\" class=\"sow-carousel-next\" title=\"Siguiente\" aria-label=\"Entradas siguientes\" role=\"button\"><\/a>\n\t\t<a href=\"#\" class=\"sow-carousel-previous\" title=\"Anterior\" aria-label=\"Entradas anteriores\" role=\"button\"><\/a>\n\n\t<\/div>\n\n\t<div class=\"sow-carousel-container\">\n\n\t\t<a href=\"#\" class=\"sow-carousel-previous\" title=\"Anterior\" aria-label=\"Entradas anteriores\" role=\"button\"><\/a>\n\n\t\t<a href=\"#\" class=\"sow-carousel-next\" title=\"Siguiente\" aria-label=\"Entradas siguientes\" role=\"button\"><\/a>\n\n\t\t<div class=\"sow-carousel-wrapper\"\n\t\t     data-post-count=\"10\"\n\t\t     data-loop-posts-enabled=\"1\"\n\t\t     data-ajax-url=\"https:\/\/wpd.ugr.es\/~filolab\/wordpress\/wp-admin\/admin-ajax.php?_widgets_nonce=37f6c93e51\"\n\t\t\t>\n\t\t\t<ul class=\"sow-carousel-items\">\n\t\t\t\t\t<li class=\"sow-carousel-item\">\n\t\t<div class=\"sow-carousel-thumbnail\">\n\t\t\t\t\t\t\t<a href=\"https:\/\/wpd.ugr.es\/~filolab\/wordpress\/2026\/04\/30\/seminario-permanente-leibniz-8a-sesion-la-place-de-lharmonie-dans-les-essais-de-theodicee\/\" style=\"background-image: url(https:\/\/wpd.ugr.es\/~filolab\/wordpress\/wp-content\/uploads\/2026\/04\/Sesion-VIII_-Arnaud-Lalanne_Corto-272x182.png)\" aria-labelledby=\"sow-carousel-id-8099\">\n\t\t\t\t\t<span class=\"overlay\"><\/span>\n\t\t\t\t<\/a>\n\t\t\t\t\t<\/div>\n\t\t<h3><a href=\"https:\/\/wpd.ugr.es\/~filolab\/wordpress\/2026\/04\/30\/seminario-permanente-leibniz-8a-sesion-la-place-de-lharmonie-dans-les-essais-de-theodicee\/\" id=\"sow-carousel-id-8099\">Seminario Permanente Leibniz. 8\u00aa Sesi\u00f3n: \u00abLa place de l\u2019harmonie dans les essais de Th\u00e9odic\u00e9e\u00bb<\/a><\/h3>\n\t<\/li>\n\t<li class=\"sow-carousel-item\">\n\t\t<div class=\"sow-carousel-thumbnail\">\n\t\t\t\t\t\t\t<a href=\"https:\/\/wpd.ugr.es\/~filolab\/wordpress\/2026\/04\/28\/cuarta-sesion-del-seminario-de-lectura-sobre-percepcion-moral\/\" style=\"background-image: url(https:\/\/wpd.ugr.es\/~filolab\/wordpress\/wp-content\/uploads\/2026\/04\/MurdochianMind_corto-272x182.png)\" aria-labelledby=\"sow-carousel-id-8086\">\n\t\t\t\t\t<span class=\"overlay\"><\/span>\n\t\t\t\t<\/a>\n\t\t\t\t\t<\/div>\n\t\t<h3><a href=\"https:\/\/wpd.ugr.es\/~filolab\/wordpress\/2026\/04\/28\/cuarta-sesion-del-seminario-de-lectura-sobre-percepcion-moral\/\" id=\"sow-carousel-id-8086\">Cuarta sesi\u00f3n del seminario de lectura sobre percepci\u00f3n moral<\/a><\/h3>\n\t<\/li>\n\t<li class=\"sow-carousel-item\">\n\t\t<div class=\"sow-carousel-thumbnail\">\n\t\t\t\t\t\t\t<a href=\"https:\/\/wpd.ugr.es\/~filolab\/wordpress\/2026\/04\/28\/tercera-sesion-de-filosofas-en-streaming-hacia-un-universalismo-estetico-decolonial\/\" style=\"background-image: url(https:\/\/wpd.ugr.es\/~filolab\/wordpress\/wp-content\/uploads\/2026\/04\/4Sesion-Adriana-Clavel-768x540-1-272x182.jpg)\" aria-labelledby=\"sow-carousel-id-8080\">\n\t\t\t\t\t<span class=\"overlay\"><\/span>\n\t\t\t\t<\/a>\n\t\t\t\t\t<\/div>\n\t\t<h3><a href=\"https:\/\/wpd.ugr.es\/~filolab\/wordpress\/2026\/04\/28\/tercera-sesion-de-filosofas-en-streaming-hacia-un-universalismo-estetico-decolonial\/\" id=\"sow-carousel-id-8080\">Tercera sesi\u00f3n de Fil\u00f3sofas en Streaming: \u00abHacia un universalismo est\u00e9tico decolonial\u00bb<\/a><\/h3>\n\t<\/li>\n\t<li class=\"sow-carousel-item\">\n\t\t<div class=\"sow-carousel-thumbnail\">\n\t\t\t\t\t\t\t<a href=\"https:\/\/wpd.ugr.es\/~filolab\/wordpress\/2026\/04\/25\/jornadas-de-matematicas-y-filosofia-de-la-universidad-de-cordoba\/\" style=\"background-image: url(https:\/\/wpd.ugr.es\/~filolab\/wordpress\/wp-content\/uploads\/2026\/04\/Jornadas-Cordoba_corto1-272x182.jpg)\" aria-labelledby=\"sow-carousel-id-8090\">\n\t\t\t\t\t<span class=\"overlay\"><\/span>\n\t\t\t\t<\/a>\n\t\t\t\t\t<\/div>\n\t\t<h3><a href=\"https:\/\/wpd.ugr.es\/~filolab\/wordpress\/2026\/04\/25\/jornadas-de-matematicas-y-filosofia-de-la-universidad-de-cordoba\/\" id=\"sow-carousel-id-8090\">Jornadas de Matem\u00e1ticas y Filosof\u00eda de la Universidad de C\u00f3rdoba<\/a><\/h3>\n\t<\/li>\n\t<li class=\"sow-carousel-item\">\n\t\t<div class=\"sow-carousel-thumbnail\">\n\t\t\t\t\t\t\t<a href=\"https:\/\/wpd.ugr.es\/~filolab\/wordpress\/2026\/04\/23\/seminario-phidelo-3a-sesion-logica-y-diferencia-aportes-fregeanos-para-crear-aulas-diversas-de-logica\/\" style=\"background-image: url(https:\/\/wpd.ugr.es\/~filolab\/wordpress\/wp-content\/uploads\/2026\/02\/PHIDELO-expandido2-claro-2-edited-272x182.png)\" aria-labelledby=\"sow-carousel-id-8074\">\n\t\t\t\t\t<span class=\"overlay\"><\/span>\n\t\t\t\t<\/a>\n\t\t\t\t\t<\/div>\n\t\t<h3><a href=\"https:\/\/wpd.ugr.es\/~filolab\/wordpress\/2026\/04\/23\/seminario-phidelo-3a-sesion-logica-y-diferencia-aportes-fregeanos-para-crear-aulas-diversas-de-logica\/\" id=\"sow-carousel-id-8074\">Seminario PHIDELO, 3\u00aa Sesi\u00f3n: \u00abL\u00f3gica y diferencia: aportes fregeanos para crear aulas diversas de l\u00f3gica\u00bb<\/a><\/h3>\n\t<\/li>\n\t<li class=\"sow-carousel-item\">\n\t\t<div class=\"sow-carousel-thumbnail\">\n\t\t\t\t\t\t\t<a href=\"https:\/\/wpd.ugr.es\/~filolab\/wordpress\/2026\/04\/22\/nuevo-seminario-de-lectura-biocog-primera-sesion\/\" style=\"background-image: url(https:\/\/wpd.ugr.es\/~filolab\/wordpress\/wp-content\/uploads\/2026\/04\/EvolutionSensitiveSoul_corto-272x182.jpg)\" aria-labelledby=\"sow-carousel-id-8067\">\n\t\t\t\t\t<span class=\"overlay\"><\/span>\n\t\t\t\t<\/a>\n\t\t\t\t\t<\/div>\n\t\t<h3><a href=\"https:\/\/wpd.ugr.es\/~filolab\/wordpress\/2026\/04\/22\/nuevo-seminario-de-lectura-biocog-primera-sesion\/\" id=\"sow-carousel-id-8067\">Nuevo seminario de lectura BioCog: primera sesi\u00f3n<\/a><\/h3>\n\t<\/li>\n\t<li class=\"sow-carousel-item\">\n\t\t<div class=\"sow-carousel-thumbnail\">\n\t\t\t\t\t\t\t<a href=\"https:\/\/wpd.ugr.es\/~filolab\/wordpress\/2026\/04\/21\/dia-de-la-verdad-desinformacion-estrategica-la-influencia-de-los-bulos-en-la-accion-de-la-justicia\/\" style=\"background-image: url(https:\/\/wpd.ugr.es\/~filolab\/wordpress\/wp-content\/uploads\/2026\/03\/Dia-de-la-Verdad_8-2026_corto-272x182.jpg)\" aria-labelledby=\"sow-carousel-id-7937\">\n\t\t\t\t\t<span class=\"overlay\"><\/span>\n\t\t\t\t<\/a>\n\t\t\t\t\t<\/div>\n\t\t<h3><a href=\"https:\/\/wpd.ugr.es\/~filolab\/wordpress\/2026\/04\/21\/dia-de-la-verdad-desinformacion-estrategica-la-influencia-de-los-bulos-en-la-accion-de-la-justicia\/\" id=\"sow-carousel-id-7937\">D\u00eda de la Verdad: \u00abDesinformaci\u00f3n estrat\u00e9gica: la influencia de los bulos en la acci\u00f3n de la justicia\u00bb<\/a><\/h3>\n\t<\/li>\n\t<li class=\"sow-carousel-item\">\n\t\t<div class=\"sow-carousel-thumbnail\">\n\t\t\t\t\t\t\t<a href=\"https:\/\/wpd.ugr.es\/~filolab\/wordpress\/2026\/04\/21\/cineforum-sobre-final-de-vida\/\" style=\"background-image: url(https:\/\/wpd.ugr.es\/~filolab\/wordpress\/wp-content\/uploads\/2026\/04\/Cineforum_sesion11_corto2-272x182.png)\" aria-labelledby=\"sow-carousel-id-8051\">\n\t\t\t\t\t<span class=\"overlay\"><\/span>\n\t\t\t\t<\/a>\n\t\t\t\t\t<\/div>\n\t\t<h3><a href=\"https:\/\/wpd.ugr.es\/~filolab\/wordpress\/2026\/04\/21\/cineforum-sobre-final-de-vida\/\" id=\"sow-carousel-id-8051\">Cinef\u00f3rum sobre final de vida: primera sesi\u00f3n<\/a><\/h3>\n\t<\/li>\n\t<li class=\"sow-carousel-item\">\n\t\t<div class=\"sow-carousel-thumbnail\">\n\t\t\t\t\t\t\t<a href=\"https:\/\/wpd.ugr.es\/~filolab\/wordpress\/2026\/04\/21\/la-revolucion-de-la-edad-o-el-dia-que-brad-pitt-cumplio-sesenta-anos-2\/\" style=\"background-image: url(https:\/\/wpd.ugr.es\/~filolab\/wordpress\/wp-content\/uploads\/2026\/04\/Presentacion_Libro_JuanCarlos-272x182.jpeg)\" aria-labelledby=\"sow-carousel-id-8046\">\n\t\t\t\t\t<span class=\"overlay\"><\/span>\n\t\t\t\t<\/a>\n\t\t\t\t\t<\/div>\n\t\t<h3><a href=\"https:\/\/wpd.ugr.es\/~filolab\/wordpress\/2026\/04\/21\/la-revolucion-de-la-edad-o-el-dia-que-brad-pitt-cumplio-sesenta-anos-2\/\" id=\"sow-carousel-id-8046\">La revoluci\u00f3n de la edad: o el d\u00eda que Brad Pitt cumpli\u00f3 sesenta a\u00f1os<\/a><\/h3>\n\t<\/li>\n\t<li class=\"sow-carousel-item\">\n\t\t<div class=\"sow-carousel-thumbnail\">\n\t\t\t\t\t\t\t<a href=\"https:\/\/wpd.ugr.es\/~filolab\/wordpress\/2026\/04\/15\/quinta-sesion-del-seminario-de-jovenes-investigadores-leibniz\/\" style=\"background-image: url(https:\/\/wpd.ugr.es\/~filolab\/wordpress\/wp-content\/uploads\/2026\/04\/CARTEL-Sesion-V-21-ABRIL_corto-272x182.jpg)\" aria-labelledby=\"sow-carousel-id-8029\">\n\t\t\t\t\t<span class=\"overlay\"><\/span>\n\t\t\t\t<\/a>\n\t\t\t\t\t<\/div>\n\t\t<h3><a href=\"https:\/\/wpd.ugr.es\/~filolab\/wordpress\/2026\/04\/15\/quinta-sesion-del-seminario-de-jovenes-investigadores-leibniz\/\" id=\"sow-carousel-id-8029\">Quinta sesi\u00f3n del Seminario de J\u00f3venes Investigadores Leibniz<\/a><\/h3>\n\t<\/li>\n\t\t\t<\/ul>\n\t\t<\/div>\n\t<\/div>\n\t<input type=\"hidden\" name=\"instance_hash\" value=\"5a10e3c5\"\/>\n<\/div><\/div><\/div><\/div><div id=\"pg-736-1\"  class=\"panel-grid panel-no-style\" ><div id=\"pgc-736-1-0\"  class=\"panel-grid-cell\" ><div id=\"panel-736-1-0-0\" class=\"so-panel widget widget_siteorigin-panels-postloop panel-first-child panel-last-child\" data-index=\"1\" >\r\n<article id=\"post-8099\" class=\"total-hentry ht-clearfix post-8099 post type-post status-publish format-standard has-post-thumbnail hentry category-seminarios tag-armonia tag-historia-de-la-filosofia tag-leibniz tag-teodicea\">\r\n            <div class=\"entry-meta ht-post-info\">\r\n            <span class=\"entry-date published updated\"><span class=\"ht-day\">30<\/span><span class=\"ht-month-year\">Abr 2026<\/span><\/span><span class=\"byline\"> por <span class=\"author vcard\"><a class=\"url fn n\" href=\"https:\/\/wpd.ugr.es\/~filolab\/wordpress\/author\/filolab\/\">FiloLab<\/a><\/span><\/span><a href=\"https:\/\/wpd.ugr.es\/~filolab\/wordpress\/2026\/04\/30\/seminario-permanente-leibniz-8a-sesion-la-place-de-lharmonie-dans-les-essais-de-theodicee\/#respond\"><i class=\"far fa-comment\" aria-hidden=\"true\"><\/i> No hay comentarios<\/a>        <\/div><!-- .entry-meta -->\r\n    \r\n\r\n    <div class=\"ht-post-wrapper\">\r\n                        <figure class=\"entry-figure\">\r\n                                        <a href=\"https:\/\/wpd.ugr.es\/~filolab\/wordpress\/2026\/04\/30\/seminario-permanente-leibniz-8a-sesion-la-place-de-lharmonie-dans-les-essais-de-theodicee\/\"><img src=\"https:\/\/wpd.ugr.es\/~filolab\/wordpress\/wp-content\/uploads\/2026\/04\/Sesion-VIII_-Arnaud-Lalanne_Corto-720x360.png\" alt=\"Seminario Permanente Leibniz. 8\u00aa Sesi\u00f3n: \u00abLa place de l\u2019harmonie dans les essais de Th\u00e9odic\u00e9e\u00bb\"><\/a>\r\n                <\/figure>\r\n                \r\n        <header class=\"entry-header\">\r\n            <h3 class=\"entry-title\"><a href=\"https:\/\/wpd.ugr.es\/~filolab\/wordpress\/2026\/04\/30\/seminario-permanente-leibniz-8a-sesion-la-place-de-lharmonie-dans-les-essais-de-theodicee\/\" rel=\"bookmark\">Seminario Permanente Leibniz. 8\u00aa Sesi\u00f3n: \u00abLa place de l\u2019harmonie dans les essais de Th\u00e9odic\u00e9e\u00bb<\/a><\/h3>        <\/header><!-- .entry-header -->\r\n\r\n        <div class=\"entry-categories\">\r\n            <i class=\"far fa-bookmark\"><\/i><a href=\"https:\/\/wpd.ugr.es\/~filolab\/wordpress\/category\/noticias\/seminarios\/\" rel=\"category tag\">Seminarios<\/a>        <\/div>\r\n\r\n        <div class=\"entry-summary\">\r\n            El jueves, 7 de mayo, a las 17 h (horario de Espa\u00f1a peninsular), tendr\u00e1 lugar la sexta sesi\u00f3n del Seminario Internacional Leibniz, organizado por\u00a0C\u00e1tedra Leibniz de Filosof\u00eda, que est\u00e1 dirigida por\u00a0Juan-Antonio Nicol\u00e1s, miembro de FiloLab. La sesi\u00f3n correr\u00e1 a cargo de Arnaud Lalanne (Burdeos, Francia), y lleva por t\u00edtulo: &quot;La place de l\u2019harmonie dans les essais de Th\u00e9odic\u00e9e&quot;. Se puede acceder online a la sesi\u00f3n a trav\u00e9s de este enlace. En la p\u00e1gina web de la C\u00e1tedra (www.leibniz.es) y directamente en:\u00a0http:\/\/leibniz.es\/reuniones-seminario-permanente-leibniz, se ir\u00e1 actualizando la informaci\u00f3n sobre los ponentes, t\u00edtulos, fechas, horarios y enlaces de todas las sesiones de este curso.        <\/div><!-- .entry-content -->\r\n\r\n        <div class=\"entry-readmore\">\r\n            <a href=\"https:\/\/wpd.ugr.es\/~filolab\/wordpress\/2026\/04\/30\/seminario-permanente-leibniz-8a-sesion-la-place-de-lharmonie-dans-les-essais-de-theodicee\/\">Leer m\u00e1s<\/a>\r\n        <\/div>\r\n    <\/div>\r\n<\/article><!-- #post-## -->\r\n\r\n<article id=\"post-8086\" class=\"total-hentry ht-clearfix post-8086 post type-post status-publish format-standard has-post-thumbnail hentry category-seminarios tag-amor tag-animales tag-atencion tag-particularismo tag-percepcion-moral\">\r\n            <div class=\"entry-meta ht-post-info\">\r\n            <span class=\"entry-date published updated\"><span class=\"ht-day\">28<\/span><span class=\"ht-month-year\">Abr 2026<\/span><\/span><span class=\"byline\"> por <span class=\"author vcard\"><a class=\"url fn n\" href=\"https:\/\/wpd.ugr.es\/~filolab\/wordpress\/author\/filolab\/\">FiloLab<\/a><\/span><\/span><a href=\"https:\/\/wpd.ugr.es\/~filolab\/wordpress\/2026\/04\/28\/cuarta-sesion-del-seminario-de-lectura-sobre-percepcion-moral\/#respond\"><i class=\"far fa-comment\" aria-hidden=\"true\"><\/i> No hay comentarios<\/a>        <\/div><!-- .entry-meta -->\r\n    \r\n\r\n    <div class=\"ht-post-wrapper\">\r\n                        <figure class=\"entry-figure\">\r\n                                        <a href=\"https:\/\/wpd.ugr.es\/~filolab\/wordpress\/2026\/04\/28\/cuarta-sesion-del-seminario-de-lectura-sobre-percepcion-moral\/\"><img src=\"https:\/\/wpd.ugr.es\/~filolab\/wordpress\/wp-content\/uploads\/2026\/04\/MurdochianMind_corto-564x360.png\" alt=\"Cuarta sesi\u00f3n del seminario de lectura sobre percepci\u00f3n moral\"><\/a>\r\n                <\/figure>\r\n                \r\n        <header class=\"entry-header\">\r\n            <h3 class=\"entry-title\"><a href=\"https:\/\/wpd.ugr.es\/~filolab\/wordpress\/2026\/04\/28\/cuarta-sesion-del-seminario-de-lectura-sobre-percepcion-moral\/\" rel=\"bookmark\">Cuarta sesi\u00f3n del seminario de lectura sobre percepci\u00f3n moral<\/a><\/h3>        <\/header><!-- .entry-header -->\r\n\r\n        <div class=\"entry-categories\">\r\n            <i class=\"far fa-bookmark\"><\/i><a href=\"https:\/\/wpd.ugr.es\/~filolab\/wordpress\/category\/noticias\/seminarios\/\" rel=\"category tag\">Seminarios<\/a>        <\/div>\r\n\r\n        <div class=\"entry-summary\">\r\n            El mi\u00e9rcoles 29 de abril, a las 12:30, tendr\u00e1 lugar la segunda sesi\u00f3n del seminario de lectura sobre percepci\u00f3n moral, organizado por el grupo de investigaci\u00f3n Filosof\u00eda y An\u00e1lisis (HUM-975) con la colaboraci\u00f3n de FiloLab. La sesi\u00f3n se desarrollar\u00e1 en la Sala de reuniones de la Biblioteca de Psicolog\u00eda y estar\u00e1 dedicada a la discusi\u00f3n del ensayo: \u2013 &quot;Loving attention to animals&quot;, de Tony Milligan El texto est\u00e1 incluido en el volumen\u00a0The Murdochian Mind, editado por Silvia Caprioglio Panizza y Mark Hopwood (Routledge, 2022). Nuestro compa\u00f1ero Daniel Mart\u00ednez Moreno, investigador en formaci\u00f3n de FiloLab, har\u00e1 una breve presentaci\u00f3n de los textos para introducir la discusi\u00f3n posterior. La sesi\u00f3n podr\u00e1 seguirse online a trav\u00e9s de este enlace.        <\/div><!-- .entry-content -->\r\n\r\n        <div class=\"entry-readmore\">\r\n            <a href=\"https:\/\/wpd.ugr.es\/~filolab\/wordpress\/2026\/04\/28\/cuarta-sesion-del-seminario-de-lectura-sobre-percepcion-moral\/\">Leer m\u00e1s<\/a>\r\n        <\/div>\r\n    <\/div>\r\n<\/article><!-- #post-## -->\r\n\r\n<article id=\"post-8080\" class=\"total-hentry ht-clearfix post-8080 post type-post status-publish format-standard has-post-thumbnail hentry category-actividades category-seminarios tag-estetica tag-filosofia-decolonial tag-universalismo\">\r\n            <div class=\"entry-meta ht-post-info\">\r\n            <span class=\"entry-date published updated\"><span class=\"ht-day\">28<\/span><span class=\"ht-month-year\">Abr 2026<\/span><\/span><span class=\"byline\"> por <span class=\"author vcard\"><a class=\"url fn n\" href=\"https:\/\/wpd.ugr.es\/~filolab\/wordpress\/author\/filolab\/\">FiloLab<\/a><\/span><\/span><a href=\"https:\/\/wpd.ugr.es\/~filolab\/wordpress\/2026\/04\/28\/tercera-sesion-de-filosofas-en-streaming-hacia-un-universalismo-estetico-decolonial\/#respond\"><i class=\"far fa-comment\" aria-hidden=\"true\"><\/i> No hay comentarios<\/a>        <\/div><!-- .entry-meta -->\r\n    \r\n\r\n    <div class=\"ht-post-wrapper\">\r\n                        <figure class=\"entry-figure\">\r\n                                        <a href=\"https:\/\/wpd.ugr.es\/~filolab\/wordpress\/2026\/04\/28\/tercera-sesion-de-filosofas-en-streaming-hacia-un-universalismo-estetico-decolonial\/\"><img src=\"https:\/\/wpd.ugr.es\/~filolab\/wordpress\/wp-content\/uploads\/2026\/04\/4Sesion-Adriana-Clavel-768x540-1-720x360.jpg\" alt=\"Tercera sesi\u00f3n de Fil\u00f3sofas en Streaming: \u00abHacia un universalismo est\u00e9tico decolonial\u00bb\"><\/a>\r\n                <\/figure>\r\n                \r\n        <header class=\"entry-header\">\r\n            <h3 class=\"entry-title\"><a href=\"https:\/\/wpd.ugr.es\/~filolab\/wordpress\/2026\/04\/28\/tercera-sesion-de-filosofas-en-streaming-hacia-un-universalismo-estetico-decolonial\/\" rel=\"bookmark\">Tercera sesi\u00f3n de Fil\u00f3sofas en Streaming: \u00abHacia un universalismo est\u00e9tico decolonial\u00bb<\/a><\/h3>        <\/header><!-- .entry-header -->\r\n\r\n        <div class=\"entry-categories\">\r\n            <i class=\"far fa-bookmark\"><\/i><a href=\"https:\/\/wpd.ugr.es\/~filolab\/wordpress\/category\/actividades\/\" rel=\"category tag\">Actividades<\/a>, <a href=\"https:\/\/wpd.ugr.es\/~filolab\/wordpress\/category\/noticias\/seminarios\/\" rel=\"category tag\">Seminarios<\/a>        <\/div>\r\n\r\n        <div class=\"entry-summary\">\r\n            El martes 28 de abril tendr\u00e1 lugar la tercera sesi\u00f3n de &nbsp;Fil\u00f3sofas en Streaming de esta temporada, con una charla de Adriana Clavel-V\u00e1zquez (Tilburg University) titulada &quot;Hacia un universalismo est\u00e9tico decolonial&quot;. El evento se celebrar\u00e1 de forma online a trav\u00e9s de la plataforma de Google Meet a las 16:30 (CET). Para asistir es necesario registrarse previamente. M\u00e1s informaci\u00f3n en este enlace. Adjuntamos el cartel de la sesi\u00f3n con un resumen de la charla.        <\/div><!-- .entry-content -->\r\n\r\n        <div class=\"entry-readmore\">\r\n            <a href=\"https:\/\/wpd.ugr.es\/~filolab\/wordpress\/2026\/04\/28\/tercera-sesion-de-filosofas-en-streaming-hacia-un-universalismo-estetico-decolonial\/\">Leer m\u00e1s<\/a>\r\n        <\/div>\r\n    <\/div>\r\n<\/article><!-- #post-## -->\r\n\r\n<article id=\"post-8090\" class=\"total-hentry ht-clearfix post-8090 post type-post status-publish format-standard has-post-thumbnail hentry category-conferencia tag-frege tag-matematicas tag-russell tag-filosofia-de-la-logica tag-filosofia-de-las-matematicas\">\r\n            <div class=\"entry-meta ht-post-info\">\r\n            <span class=\"entry-date published updated\"><span class=\"ht-day\">25<\/span><span class=\"ht-month-year\">Abr 2026<\/span><\/span><span class=\"byline\"> por <span class=\"author vcard\"><a class=\"url fn n\" href=\"https:\/\/wpd.ugr.es\/~filolab\/wordpress\/author\/filolab\/\">FiloLab<\/a><\/span><\/span><a href=\"https:\/\/wpd.ugr.es\/~filolab\/wordpress\/2026\/04\/25\/jornadas-de-matematicas-y-filosofia-de-la-universidad-de-cordoba\/#respond\"><i class=\"far fa-comment\" aria-hidden=\"true\"><\/i> No hay comentarios<\/a>        <\/div><!-- .entry-meta -->\r\n    \r\n\r\n    <div class=\"ht-post-wrapper\">\r\n                        <figure class=\"entry-figure\">\r\n                                        <a href=\"https:\/\/wpd.ugr.es\/~filolab\/wordpress\/2026\/04\/25\/jornadas-de-matematicas-y-filosofia-de-la-universidad-de-cordoba\/\"><img src=\"https:\/\/wpd.ugr.es\/~filolab\/wordpress\/wp-content\/uploads\/2026\/04\/Jornadas-Cordoba_corto1-720x360.jpg\" alt=\"Jornadas de Matem\u00e1ticas y Filosof\u00eda de la Universidad de C\u00f3rdoba\"><\/a>\r\n                <\/figure>\r\n                \r\n        <header class=\"entry-header\">\r\n            <h3 class=\"entry-title\"><a href=\"https:\/\/wpd.ugr.es\/~filolab\/wordpress\/2026\/04\/25\/jornadas-de-matematicas-y-filosofia-de-la-universidad-de-cordoba\/\" rel=\"bookmark\">Jornadas de Matem\u00e1ticas y Filosof\u00eda de la Universidad de C\u00f3rdoba<\/a><\/h3>        <\/header><!-- .entry-header -->\r\n\r\n        <div class=\"entry-categories\">\r\n            <i class=\"far fa-bookmark\"><\/i><a href=\"https:\/\/wpd.ugr.es\/~filolab\/wordpress\/category\/conferencia\/\" rel=\"category tag\">Conferencia<\/a>        <\/div>\r\n\r\n        <div class=\"entry-summary\">\r\n            Nuestra compa\u00f1era Mar\u00eda Jos\u00e9 Fr\u00e1polli, investigadora de FiloLab, participar\u00e1 el pr\u00f3ximo 27 de abril de 2026 en las Jornadas de Matem\u00e1ticas y Filosof\u00eda de la Universidad de C\u00f3rdoba con la conferencia &quot;Lo que la paradoja de Russell nos ense\u00f1a&quot;. Su intervenci\u00f3n tendr\u00e1 lugar de 18:00 a 19:00 en el Aula 2 de Matem\u00e1ticas del Edificio Albert Einstein. En su ponencia, Fr\u00e1polli defiende que de la sem\u00e1ntica de Frege no se sigue la paradoja de Russell. La lectura hist\u00f3rica de esta afirmaci\u00f3n es que Frege dispon\u00eda de los recursos necesarios para responder a las cr\u00edticas de Russell relativas a las consecuencias de la Ley B\u00e1sica V. La lectura conceptual es m\u00e1s d\u00e9bil: sostiene que en los escritos de Frege hay indicaciones suficientes para desarrollar una soluci\u00f3n fregeana a la paradoja. Bajo&hellip;        <\/div><!-- .entry-content -->\r\n\r\n        <div class=\"entry-readmore\">\r\n            <a href=\"https:\/\/wpd.ugr.es\/~filolab\/wordpress\/2026\/04\/25\/jornadas-de-matematicas-y-filosofia-de-la-universidad-de-cordoba\/\">Leer m\u00e1s<\/a>\r\n        <\/div>\r\n    <\/div>\r\n<\/article><!-- #post-## -->\r\n\r\n<article id=\"post-8074\" class=\"total-hentry ht-clearfix post-8074 post type-post status-publish format-standard has-post-thumbnail hentry category-seminarios tag-filosofia-analitica tag-frege tag-historia-de-la-filosofia tag-logica tag-filosofia-de-la-logica tag-siglo-xx\">\r\n            <div class=\"entry-meta ht-post-info\">\r\n            <span class=\"entry-date published updated\"><span class=\"ht-day\">23<\/span><span class=\"ht-month-year\">Abr 2026<\/span><\/span><span class=\"byline\"> por <span class=\"author vcard\"><a class=\"url fn n\" href=\"https:\/\/wpd.ugr.es\/~filolab\/wordpress\/author\/filolab\/\">FiloLab<\/a><\/span><\/span><a href=\"https:\/\/wpd.ugr.es\/~filolab\/wordpress\/2026\/04\/23\/seminario-phidelo-3a-sesion-logica-y-diferencia-aportes-fregeanos-para-crear-aulas-diversas-de-logica\/#respond\"><i class=\"far fa-comment\" aria-hidden=\"true\"><\/i> No hay comentarios<\/a>        <\/div><!-- .entry-meta -->\r\n    \r\n\r\n    <div class=\"ht-post-wrapper\">\r\n                        <figure class=\"entry-figure\">\r\n                                        <a href=\"https:\/\/wpd.ugr.es\/~filolab\/wordpress\/2026\/04\/23\/seminario-phidelo-3a-sesion-logica-y-diferencia-aportes-fregeanos-para-crear-aulas-diversas-de-logica\/\"><img src=\"https:\/\/wpd.ugr.es\/~filolab\/wordpress\/wp-content\/uploads\/2026\/02\/PHIDELO-expandido2-claro-2-edited-720x360.png\" alt=\"Seminario PHIDELO, 3\u00aa Sesi\u00f3n: \u00abL\u00f3gica y diferencia: aportes fregeanos para crear aulas diversas de l\u00f3gica\u00bb\"><\/a>\r\n                <\/figure>\r\n                \r\n        <header class=\"entry-header\">\r\n            <h3 class=\"entry-title\"><a href=\"https:\/\/wpd.ugr.es\/~filolab\/wordpress\/2026\/04\/23\/seminario-phidelo-3a-sesion-logica-y-diferencia-aportes-fregeanos-para-crear-aulas-diversas-de-logica\/\" rel=\"bookmark\">Seminario PHIDELO, 3\u00aa Sesi\u00f3n: \u00abL\u00f3gica y diferencia: aportes fregeanos para crear aulas diversas de l\u00f3gica\u00bb<\/a><\/h3>        <\/header><!-- .entry-header -->\r\n\r\n        <div class=\"entry-categories\">\r\n            <i class=\"far fa-bookmark\"><\/i><a href=\"https:\/\/wpd.ugr.es\/~filolab\/wordpress\/category\/noticias\/seminarios\/\" rel=\"category tag\">Seminarios<\/a>        <\/div>\r\n\r\n        <div class=\"entry-summary\">\r\n            El mi\u00e9rcoles 29 de abril, a las 17:30, tendr\u00e1 lugar la tercera sesi\u00f3n de la presente edici\u00f3n del Seminario PHIDELO (Debates Filos\u00f3ficos en la L\u00f3gica del Siglo XX). La sesi\u00f3n estar\u00e1 a cargo de \u00c1ngela Bejarano (Universidad P\u00fablica de Navarra), que presentar\u00e1 la charla titulada &quot;L\u00f3gica y diferencia: aportes fregeanos para crear aulas diversas de l\u00f3gica&quot;. El seminario, centrado en cuestiones de l\u00f3gica, filosof\u00eda del lenguaje y filosof\u00eda anal\u00edtica contempor\u00e1nea, se desarrolla en modalidad online y est\u00e1 abierto a la participaci\u00f3n de estudiantes, personal investigador y p\u00fablico interesado. Para asistir, es necesario inscribirse a trav\u00e9s de este formulario. Puede encontrarse m\u00e1s informaci\u00f3n sobre PHIDELIO y sus actividades en este enlace.        <\/div><!-- .entry-content -->\r\n\r\n        <div class=\"entry-readmore\">\r\n            <a href=\"https:\/\/wpd.ugr.es\/~filolab\/wordpress\/2026\/04\/23\/seminario-phidelo-3a-sesion-logica-y-diferencia-aportes-fregeanos-para-crear-aulas-diversas-de-logica\/\">Leer m\u00e1s<\/a>\r\n        <\/div>\r\n    <\/div>\r\n<\/article><!-- #post-## -->\r\n\r\n<article id=\"post-8067\" class=\"total-hentry ht-clearfix post-8067 post type-post status-publish format-standard has-post-thumbnail hentry category-actividades category-formacion category-seminarios tag-ciencias-cognitivas tag-biofisica tag-biologia-del-desarrollo tag-biologia-evolutiva tag-biosemiotica\">\r\n            <div class=\"entry-meta ht-post-info\">\r\n            <span class=\"entry-date published updated\"><span class=\"ht-day\">22<\/span><span class=\"ht-month-year\">Abr 2026<\/span><\/span><span class=\"byline\"> por <span class=\"author vcard\"><a class=\"url fn n\" href=\"https:\/\/wpd.ugr.es\/~filolab\/wordpress\/author\/filolab\/\">FiloLab<\/a><\/span><\/span><a href=\"https:\/\/wpd.ugr.es\/~filolab\/wordpress\/2026\/04\/22\/nuevo-seminario-de-lectura-biocog-primera-sesion\/#respond\"><i class=\"far fa-comment\" aria-hidden=\"true\"><\/i> No hay comentarios<\/a>        <\/div><!-- .entry-meta -->\r\n    \r\n\r\n    <div class=\"ht-post-wrapper\">\r\n                        <figure class=\"entry-figure\">\r\n                                        <a href=\"https:\/\/wpd.ugr.es\/~filolab\/wordpress\/2026\/04\/22\/nuevo-seminario-de-lectura-biocog-primera-sesion\/\"><img src=\"https:\/\/wpd.ugr.es\/~filolab\/wordpress\/wp-content\/uploads\/2026\/04\/EvolutionSensitiveSoul_corto-720x360.jpg\" alt=\"Nuevo seminario de lectura BioCog: primera sesi\u00f3n\"><\/a>\r\n                <\/figure>\r\n                \r\n        <header class=\"entry-header\">\r\n            <h3 class=\"entry-title\"><a href=\"https:\/\/wpd.ugr.es\/~filolab\/wordpress\/2026\/04\/22\/nuevo-seminario-de-lectura-biocog-primera-sesion\/\" rel=\"bookmark\">Nuevo seminario de lectura BioCog: primera sesi\u00f3n<\/a><\/h3>        <\/header><!-- .entry-header -->\r\n\r\n        <div class=\"entry-categories\">\r\n            <i class=\"far fa-bookmark\"><\/i><a href=\"https:\/\/wpd.ugr.es\/~filolab\/wordpress\/category\/actividades\/\" rel=\"category tag\">Actividades<\/a>, <a href=\"https:\/\/wpd.ugr.es\/~filolab\/wordpress\/category\/formacion\/\" rel=\"category tag\">Formaci\u00f3n<\/a>, <a href=\"https:\/\/wpd.ugr.es\/~filolab\/wordpress\/category\/noticias\/seminarios\/\" rel=\"category tag\">Seminarios<\/a>        <\/div>\r\n\r\n        <div class=\"entry-summary\">\r\n            Nuestros compa\u00f1eros David S\u00e1nchez y Daniel Mart\u00ednez, investigadores en formaci\u00f3n de FiloLab, han puesto en marcha el seminario de lectura BioCog, una iniciativa dedicada a la lectura y discusi\u00f3n de obras cl\u00e1sicas y contempor\u00e1neas que aborden de manera interdisciplinar la relaci\u00f3n entre biolog\u00eda evolutiva y del desarrollo, ciencias cognitivas, biosemi\u00f3tica y biof\u00edsica. La primera sesi\u00f3n tendr\u00e1 lugar el pr\u00f3ximo domingo 26 de abril, a las 18h (CET), y estar\u00e1 dedicada al primer cap\u00edtulo de The Evolution of the Sensitive Soul, de Eva Jablonka y Simona Ginsburg. La elecci\u00f3n de esta fecha responde a la participaci\u00f3n de personas procedentes de distintas ramas de la ciencia y de diversos lugares de Latinoam\u00e9rica y Europa, lo que busca favorecer un espacio de discusi\u00f3n amplio e interdisciplinar. El seminario puede resultar especialmente interesante para&hellip;        <\/div><!-- .entry-content -->\r\n\r\n        <div class=\"entry-readmore\">\r\n            <a href=\"https:\/\/wpd.ugr.es\/~filolab\/wordpress\/2026\/04\/22\/nuevo-seminario-de-lectura-biocog-primera-sesion\/\">Leer m\u00e1s<\/a>\r\n        <\/div>\r\n    <\/div>\r\n<\/article><!-- #post-## -->\r\n\r\n<article id=\"post-7937\" class=\"total-hentry ht-clearfix post-7937 post type-post status-publish format-standard has-post-thumbnail hentry category-actividades category-conferencia category-transferencia-de-conocimiento tag-democracia tag-desinformacion tag-posverdad tag-verdad tag-justicia-2 tag-memoria-historica\">\r\n            <div class=\"entry-meta ht-post-info\">\r\n            <span class=\"entry-date published updated\"><span class=\"ht-day\">21<\/span><span class=\"ht-month-year\">Abr 2026<\/span><\/span><span class=\"byline\"> por <span class=\"author vcard\"><a class=\"url fn n\" href=\"https:\/\/wpd.ugr.es\/~filolab\/wordpress\/author\/filolab\/\">FiloLab<\/a><\/span><\/span><a href=\"https:\/\/wpd.ugr.es\/~filolab\/wordpress\/2026\/04\/21\/dia-de-la-verdad-desinformacion-estrategica-la-influencia-de-los-bulos-en-la-accion-de-la-justicia\/#respond\"><i class=\"far fa-comment\" aria-hidden=\"true\"><\/i> No hay comentarios<\/a>        <\/div><!-- .entry-meta -->\r\n    \r\n\r\n    <div class=\"ht-post-wrapper\">\r\n                        <figure class=\"entry-figure\">\r\n                                        <a href=\"https:\/\/wpd.ugr.es\/~filolab\/wordpress\/2026\/04\/21\/dia-de-la-verdad-desinformacion-estrategica-la-influencia-de-los-bulos-en-la-accion-de-la-justicia\/\"><img src=\"https:\/\/wpd.ugr.es\/~filolab\/wordpress\/wp-content\/uploads\/2026\/03\/Dia-de-la-Verdad_8-2026_corto-720x360.jpg\" alt=\"D\u00eda de la Verdad: \u00abDesinformaci\u00f3n estrat\u00e9gica: la influencia de los bulos en la acci\u00f3n de la justicia\u00bb\"><\/a>\r\n                <\/figure>\r\n                \r\n        <header class=\"entry-header\">\r\n            <h3 class=\"entry-title\"><a href=\"https:\/\/wpd.ugr.es\/~filolab\/wordpress\/2026\/04\/21\/dia-de-la-verdad-desinformacion-estrategica-la-influencia-de-los-bulos-en-la-accion-de-la-justicia\/\" rel=\"bookmark\">D\u00eda de la Verdad: \u00abDesinformaci\u00f3n estrat\u00e9gica: la influencia de los bulos en la acci\u00f3n de la justicia\u00bb<\/a><\/h3>        <\/header><!-- .entry-header -->\r\n\r\n        <div class=\"entry-categories\">\r\n            <i class=\"far fa-bookmark\"><\/i><a href=\"https:\/\/wpd.ugr.es\/~filolab\/wordpress\/category\/actividades\/\" rel=\"category tag\">Actividades<\/a>, <a href=\"https:\/\/wpd.ugr.es\/~filolab\/wordpress\/category\/conferencia\/\" rel=\"category tag\">Conferencia<\/a>, <a href=\"https:\/\/wpd.ugr.es\/~filolab\/wordpress\/category\/transferencia-de-conocimiento\/\" rel=\"category tag\">Transferencia de conocimiento<\/a>        <\/div>\r\n\r\n        <div class=\"entry-summary\">\r\n            El martes 12 de mayo tendr\u00e1 lugar la octava edici\u00f3n del D\u00eda de la Verdad, organizada por la C\u00e1tedra Leibniz de Filosof\u00eda. El acto se celebrar\u00e1 en el Aula Garc\u00eda Lorca de la Facultad de Filosof\u00eda y Letras de la Universidad de Granada y estar\u00e1 presidido por Teresa Ortega, decana de Filosof\u00eda y Letras de la UGR. La jornada contar\u00e1 con una presentaci\u00f3n inicial a cargo de Juan-Antonio Nicol\u00e1s, director de la C\u00e1tedra y miembro de FiloLab. A continuaci\u00f3n, Baltasar Garz\u00f3n (magistrado-juez y abogado) pronunciar\u00e1 la conferencia &quot;Desinformaci\u00f3n estrat\u00e9gica: la influencia de los bulos en la acci\u00f3n de la justicia&quot;. Tras una pausa, Nadia Gayoso de la Calle ofrecer\u00e1 la segunda conferencia de la jornada, titulada &quot;Memoria democr\u00e1tica frente a la posverdad: retos y responsabilidades&quot;. El evento concluir\u00e1 con una&hellip;        <\/div><!-- .entry-content -->\r\n\r\n        <div class=\"entry-readmore\">\r\n            <a href=\"https:\/\/wpd.ugr.es\/~filolab\/wordpress\/2026\/04\/21\/dia-de-la-verdad-desinformacion-estrategica-la-influencia-de-los-bulos-en-la-accion-de-la-justicia\/\">Leer m\u00e1s<\/a>\r\n        <\/div>\r\n    <\/div>\r\n<\/article><!-- #post-## -->\r\n\r\n<article id=\"post-8051\" class=\"total-hentry ht-clearfix post-8051 post type-post status-publish format-standard has-post-thumbnail hentry category-actividades category-transferencia-de-conocimiento tag-bioetica tag-cine tag-final-de-la-vida\">\r\n            <div class=\"entry-meta ht-post-info\">\r\n            <span class=\"entry-date published updated\"><span class=\"ht-day\">21<\/span><span class=\"ht-month-year\">Abr 2026<\/span><\/span><span class=\"byline\"> por <span class=\"author vcard\"><a class=\"url fn n\" href=\"https:\/\/wpd.ugr.es\/~filolab\/wordpress\/author\/filolab\/\">FiloLab<\/a><\/span><\/span><a href=\"https:\/\/wpd.ugr.es\/~filolab\/wordpress\/2026\/04\/21\/cineforum-sobre-final-de-vida\/#respond\"><i class=\"far fa-comment\" aria-hidden=\"true\"><\/i> No hay comentarios<\/a>        <\/div><!-- .entry-meta -->\r\n    \r\n\r\n    <div class=\"ht-post-wrapper\">\r\n                        <figure class=\"entry-figure\">\r\n                                        <a href=\"https:\/\/wpd.ugr.es\/~filolab\/wordpress\/2026\/04\/21\/cineforum-sobre-final-de-vida\/\"><img src=\"https:\/\/wpd.ugr.es\/~filolab\/wordpress\/wp-content\/uploads\/2026\/04\/Cineforum_sesion11_corto2-720x360.png\" alt=\"Cinef\u00f3rum sobre final de vida: primera sesi\u00f3n\"><\/a>\r\n                <\/figure>\r\n                \r\n        <header class=\"entry-header\">\r\n            <h3 class=\"entry-title\"><a href=\"https:\/\/wpd.ugr.es\/~filolab\/wordpress\/2026\/04\/21\/cineforum-sobre-final-de-vida\/\" rel=\"bookmark\">Cinef\u00f3rum sobre final de vida: primera sesi\u00f3n<\/a><\/h3>        <\/header><!-- .entry-header -->\r\n\r\n        <div class=\"entry-categories\">\r\n            <i class=\"far fa-bookmark\"><\/i><a href=\"https:\/\/wpd.ugr.es\/~filolab\/wordpress\/category\/actividades\/\" rel=\"category tag\">Actividades<\/a>, <a href=\"https:\/\/wpd.ugr.es\/~filolab\/wordpress\/category\/transferencia-de-conocimiento\/\" rel=\"category tag\">Transferencia de conocimiento<\/a>        <\/div>\r\n\r\n        <div class=\"entry-summary\">\r\n            El martes 28 de abril comienzan las sesiones del Cinef\u00f3rum sobre final de vida organizado por la C\u00e1tedra Youngner de Bio\u00e9tica Emp\u00edrica (CYBE), en el marco del proyecto INEDyTO 3. Este ciclo se llevar\u00e1 a cabo entre los meses de abril y junio y contar\u00e1 con un total de tres proyecciones centradas en las pr\u00e1cticas relacionadas con el final de vida desde un prisma \u00e9tico. Las sesiones estar\u00e1n moderadas por Miguel Melguizo, m\u00e9dico de familia jubilado y profesor asociado del Departamento de Medicina de la UGR. La primera proyecci\u00f3n del ciclo es: El \u00faltimo suspiro Direcci\u00f3n: Costa-Gavras (2024). Sinopsis: En un di\u00e1logo amistoso y apasionado, el m\u00e9dico Augustin Masset y el escritor Fabrice Toussaint se enfrentan cara a cara, uno con el final de la vida de sus pacientes, y&hellip;        <\/div><!-- .entry-content -->\r\n\r\n        <div class=\"entry-readmore\">\r\n            <a href=\"https:\/\/wpd.ugr.es\/~filolab\/wordpress\/2026\/04\/21\/cineforum-sobre-final-de-vida\/\">Leer m\u00e1s<\/a>\r\n        <\/div>\r\n    <\/div>\r\n<\/article><!-- #post-## -->\r\n\r\n<article id=\"post-8046\" class=\"total-hentry ht-clearfix post-8046 post type-post status-publish format-standard has-post-thumbnail hentry category-actividades category-publicaciones category-transferencia-de-conocimiento tag-edadismo tag-envejecimiento tag-generaciones tag-juventud tag-vejez\">\r\n            <div class=\"entry-meta ht-post-info\">\r\n            <span class=\"entry-date published updated\"><span class=\"ht-day\">21<\/span><span class=\"ht-month-year\">Abr 2026<\/span><\/span><span class=\"byline\"> por <span class=\"author vcard\"><a class=\"url fn n\" href=\"https:\/\/wpd.ugr.es\/~filolab\/wordpress\/author\/filolab\/\">FiloLab<\/a><\/span><\/span><a href=\"https:\/\/wpd.ugr.es\/~filolab\/wordpress\/2026\/04\/21\/la-revolucion-de-la-edad-o-el-dia-que-brad-pitt-cumplio-sesenta-anos-2\/#respond\"><i class=\"far fa-comment\" aria-hidden=\"true\"><\/i> No hay comentarios<\/a>        <\/div><!-- .entry-meta -->\r\n    \r\n\r\n    <div class=\"ht-post-wrapper\">\r\n                        <figure class=\"entry-figure\">\r\n                                        <a href=\"https:\/\/wpd.ugr.es\/~filolab\/wordpress\/2026\/04\/21\/la-revolucion-de-la-edad-o-el-dia-que-brad-pitt-cumplio-sesenta-anos-2\/\"><img src=\"https:\/\/wpd.ugr.es\/~filolab\/wordpress\/wp-content\/uploads\/2026\/04\/Presentacion_Libro_JuanCarlos-720x360.jpeg\" alt=\"La revoluci\u00f3n de la edad: o el d\u00eda que Brad Pitt cumpli\u00f3 sesenta a\u00f1os\"><\/a>\r\n                <\/figure>\r\n                \r\n        <header class=\"entry-header\">\r\n            <h3 class=\"entry-title\"><a href=\"https:\/\/wpd.ugr.es\/~filolab\/wordpress\/2026\/04\/21\/la-revolucion-de-la-edad-o-el-dia-que-brad-pitt-cumplio-sesenta-anos-2\/\" rel=\"bookmark\">La revoluci\u00f3n de la edad: o el d\u00eda que Brad Pitt cumpli\u00f3 sesenta a\u00f1os<\/a><\/h3>        <\/header><!-- .entry-header -->\r\n\r\n        <div class=\"entry-categories\">\r\n            <i class=\"far fa-bookmark\"><\/i><a href=\"https:\/\/wpd.ugr.es\/~filolab\/wordpress\/category\/actividades\/\" rel=\"category tag\">Actividades<\/a>, <a href=\"https:\/\/wpd.ugr.es\/~filolab\/wordpress\/category\/publicaciones\/\" rel=\"category tag\">Publicaciones<\/a>, <a href=\"https:\/\/wpd.ugr.es\/~filolab\/wordpress\/category\/transferencia-de-conocimiento\/\" rel=\"category tag\">Transferencia de conocimiento<\/a>        <\/div>\r\n\r\n        <div class=\"entry-summary\">\r\n            El pr\u00f3ximo mi\u00e9rcoles 22 de abril, a las 19:00 h, tendr\u00e1 lugar en la Librer\u00eda Picasso de Granada la presentaci\u00f3n del libro La revoluci\u00f3n de la edad: o el d\u00eda que Brad Pitt cumpli\u00f3 sesenta a\u00f1os, de Juan Carlos P\u00e9rez Jim\u00e9nez. Junto al autor, participar\u00e1 en el acto nuestro compa\u00f1ero David Rodr\u00edguez-Arias, subdirector de FiloLab y director de la C\u00e1tedra Youngner de Bio\u00e9tica Emp\u00edrica. Publicado por Plaza y Vald\u00e9s Editores, el libro propone una reflexi\u00f3n cr\u00edtica sobre el edadismo y sobre la necesidad de repensar qu\u00e9 significa envejecer en una cultura dominada por el ideal de la juventud. Frente a la idea de la madurez como mera p\u00e9rdida, el ensayo reivindica nuevas formas de ser mayor y defiende una actitud cr\u00edtica y creativa ante esta etapa de la vida.        <\/div><!-- .entry-content -->\r\n\r\n        <div class=\"entry-readmore\">\r\n            <a href=\"https:\/\/wpd.ugr.es\/~filolab\/wordpress\/2026\/04\/21\/la-revolucion-de-la-edad-o-el-dia-que-brad-pitt-cumplio-sesenta-anos-2\/\">Leer m\u00e1s<\/a>\r\n        <\/div>\r\n    <\/div>\r\n<\/article><!-- #post-## -->\r\n\r\n<article id=\"post-8029\" class=\"total-hentry ht-clearfix post-8029 post type-post status-publish format-standard has-post-thumbnail hentry category-seminarios tag-filosofia-moderna tag-historia-de-la-filosofia tag-leibniz tag-metafisica tag-necesidad tag-percepcion tag-ley-de-continuidad tag-verdad-contingente tag-verdad-necesaria\">\r\n            <div class=\"entry-meta ht-post-info\">\r\n            <span class=\"entry-date published updated\"><span class=\"ht-day\">15<\/span><span class=\"ht-month-year\">Abr 2026<\/span><\/span><span class=\"byline\"> por <span class=\"author vcard\"><a class=\"url fn n\" href=\"https:\/\/wpd.ugr.es\/~filolab\/wordpress\/author\/filolab\/\">FiloLab<\/a><\/span><\/span><a href=\"https:\/\/wpd.ugr.es\/~filolab\/wordpress\/2026\/04\/15\/quinta-sesion-del-seminario-de-jovenes-investigadores-leibniz\/#respond\"><i class=\"far fa-comment\" aria-hidden=\"true\"><\/i> No hay comentarios<\/a>        <\/div><!-- .entry-meta -->\r\n    \r\n\r\n    <div class=\"ht-post-wrapper\">\r\n                        <figure class=\"entry-figure\">\r\n                                        <a href=\"https:\/\/wpd.ugr.es\/~filolab\/wordpress\/2026\/04\/15\/quinta-sesion-del-seminario-de-jovenes-investigadores-leibniz\/\"><img src=\"https:\/\/wpd.ugr.es\/~filolab\/wordpress\/wp-content\/uploads\/2026\/04\/CARTEL-Sesion-V-21-ABRIL_corto-720x360.jpg\" alt=\"Quinta sesi\u00f3n del Seminario de J\u00f3venes Investigadores Leibniz\"><\/a>\r\n                <\/figure>\r\n                \r\n        <header class=\"entry-header\">\r\n            <h3 class=\"entry-title\"><a href=\"https:\/\/wpd.ugr.es\/~filolab\/wordpress\/2026\/04\/15\/quinta-sesion-del-seminario-de-jovenes-investigadores-leibniz\/\" rel=\"bookmark\">Quinta sesi\u00f3n del Seminario de J\u00f3venes Investigadores Leibniz<\/a><\/h3>        <\/header><!-- .entry-header -->\r\n\r\n        <div class=\"entry-categories\">\r\n            <i class=\"far fa-bookmark\"><\/i><a href=\"https:\/\/wpd.ugr.es\/~filolab\/wordpress\/category\/noticias\/seminarios\/\" rel=\"category tag\">Seminarios<\/a>        <\/div>\r\n\r\n        <div class=\"entry-summary\">\r\n            El martes, 21 de abril, a las 17h (horario de Espa\u00f1a peninsular), tendr\u00e1 lugar la quinta sesi\u00f3n del curso 2025-26 del Seminario de J\u00f3venes Investigadores Leibniz, organizado por la C\u00e1tedra Leibniz de Filosof\u00eda, que est\u00e1 dirigida por\u00a0Juan-Antonio Nicol\u00e1s, miembro de FiloLab. La sesi\u00f3n correr\u00e1 a cargo de dos ponentes: Vivianne de Castilho (Universidade Federal do Paran\u00e1), con una presentaci\u00f3n titulada: &quot;Translating Leibniz into Portuguese&quot;, y Alejandro Blazquez (Universidad de Valencia), que hablar\u00e1 sobre &quot;La Contingencia antes que la Infinitud&quot;. Moderar\u00e1 William de Siqueira Piau\u00ed (Universidade Federal de Sergipe). Se puede acceder online a la sesi\u00f3n a trav\u00e9s de este enlace. En la p\u00e1gina web de la C\u00e1tedra (www.leibniz.es) y directamente en:\u00a0https:\/\/leibniz.es\/reuniones-red-jovenes-investigadores\/, se ir\u00e1 actualizando la informaci\u00f3n sobre los ponentes, t\u00edtulos, fechas, horarios y enlaces de las sesiones.        <\/div><!-- .entry-content -->\r\n\r\n        <div class=\"entry-readmore\">\r\n            <a href=\"https:\/\/wpd.ugr.es\/~filolab\/wordpress\/2026\/04\/15\/quinta-sesion-del-seminario-de-jovenes-investigadores-leibniz\/\">Leer m\u00e1s<\/a>\r\n        <\/div>\r\n    <\/div>\r\n<\/article><!-- #post-## -->\r\n<\/div><\/div><div id=\"pgc-736-1-1\"  class=\"panel-grid-cell\" ><div id=\"panel-736-1-1-0\" class=\"so-panel widget widget_categories panel-first-child\" data-index=\"2\" ><h3 class=\"widget-title\">Categor\u00edas<\/h3>\n\t\t\t<ul>\n\t\t\t\t\t<li class=\"cat-item cat-item-1239\"><a href=\"https:\/\/wpd.ugr.es\/~filolab\/wordpress\/category\/actividades\/\">Actividades<\/a>\n<\/li>\n\t<li class=\"cat-item cat-item-1319\"><a href=\"https:\/\/wpd.ugr.es\/~filolab\/wordpress\/category\/activities\/\">Activities<\/a>\n<\/li>\n\t<li class=\"cat-item cat-item-937\"><a href=\"https:\/\/wpd.ugr.es\/~filolab\/wordpress\/category\/covid-19\/\">COVID-19<\/a>\n<\/li>\n\t<li class=\"cat-item cat-item-999\"><a href=\"https:\/\/wpd.ugr.es\/~filolab\/wordpress\/category\/covid-19-en\/\">COVID-19<\/a>\n<\/li>\n\t<li class=\"cat-item cat-item-184\"><a href=\"https:\/\/wpd.ugr.es\/~filolab\/wordpress\/category\/news\/calls\/\">Calls<\/a>\n<\/li>\n\t<li class=\"cat-item cat-item-25\"><a href=\"https:\/\/wpd.ugr.es\/~filolab\/wordpress\/category\/noticias\/comunicaciones\/\">Comunicaciones<\/a>\n<\/li>\n\t<li class=\"cat-item cat-item-156\"><a href=\"https:\/\/wpd.ugr.es\/~filolab\/wordpress\/category\/news\/conferences\/\">Conferences<\/a>\n<\/li>\n\t<li class=\"cat-item cat-item-3392\"><a href=\"https:\/\/wpd.ugr.es\/~filolab\/wordpress\/category\/conferencia\/\">Conferencia<\/a>\n<\/li>\n\t<li class=\"cat-item cat-item-141\"><a href=\"https:\/\/wpd.ugr.es\/~filolab\/wordpress\/category\/noticias\/congresos\/\">Congresos<\/a>\n<\/li>\n\t<li class=\"cat-item cat-item-180\"><a href=\"https:\/\/wpd.ugr.es\/~filolab\/wordpress\/category\/convocatorias\/\">Convocatorias<\/a>\n<\/li>\n\t<li class=\"cat-item cat-item-9\"><a href=\"https:\/\/wpd.ugr.es\/~filolab\/wordpress\/category\/escuela-verano\/\">Escuela de verano<\/a>\n<\/li>\n\t<li class=\"cat-item cat-item-3370\"><a href=\"https:\/\/wpd.ugr.es\/~filolab\/wordpress\/category\/experimento\/\">Experimento<\/a>\n<\/li>\n\t<li class=\"cat-item cat-item-4124\"><a href=\"https:\/\/wpd.ugr.es\/~filolab\/wordpress\/category\/formacion\/\">Formaci\u00f3n<\/a>\n<\/li>\n\t<li class=\"cat-item cat-item-4126\"><a href=\"https:\/\/wpd.ugr.es\/~filolab\/wordpress\/category\/formacion-es\/\">Formaci\u00f3n<\/a>\n<\/li>\n\t<li class=\"cat-item cat-item-463\"><a href=\"https:\/\/wpd.ugr.es\/~filolab\/wordpress\/category\/news\/media-news\/\">Media<\/a>\n<\/li>\n\t<li class=\"cat-item cat-item-222\"><a href=\"https:\/\/wpd.ugr.es\/~filolab\/wordpress\/category\/noticias\/media\/\">Medios de comunicaci\u00f3n<\/a>\n<\/li>\n\t<li class=\"cat-item cat-item-18\"><a href=\"https:\/\/wpd.ugr.es\/~filolab\/wordpress\/category\/news\/\">News<\/a>\n<\/li>\n\t<li class=\"cat-item cat-item-16\"><a href=\"https:\/\/wpd.ugr.es\/~filolab\/wordpress\/category\/noticias\/\">Noticias<\/a>\n<\/li>\n\t<li class=\"cat-item cat-item-41\"><a href=\"https:\/\/wpd.ugr.es\/~filolab\/wordpress\/category\/posts\/\">Posts<\/a>\n<\/li>\n\t<li class=\"cat-item cat-item-650\"><a href=\"https:\/\/wpd.ugr.es\/~filolab\/wordpress\/category\/premios\/\">Premios<\/a>\n<\/li>\n\t<li class=\"cat-item cat-item-652\"><a href=\"https:\/\/wpd.ugr.es\/~filolab\/wordpress\/category\/prizes\/\">Prizes<\/a>\n<\/li>\n\t<li class=\"cat-item cat-item-2218\"><a href=\"https:\/\/wpd.ugr.es\/~filolab\/wordpress\/category\/proyectos-de-investigacion\/\">Proyectos de investigaci\u00f3n<\/a>\n<\/li>\n\t<li class=\"cat-item cat-item-21\"><a href=\"https:\/\/wpd.ugr.es\/~filolab\/wordpress\/category\/publicaciones\/\">Publicaciones<\/a>\n<\/li>\n\t<li class=\"cat-item cat-item-23\"><a href=\"https:\/\/wpd.ugr.es\/~filolab\/wordpress\/category\/publications\/\">Publications<\/a>\n<\/li>\n\t<li class=\"cat-item cat-item-3500\"><a href=\"https:\/\/wpd.ugr.es\/~filolab\/wordpress\/category\/seminario-sib\/\">Seminario SiB<\/a>\n<\/li>\n\t<li class=\"cat-item cat-item-73\"><a href=\"https:\/\/wpd.ugr.es\/~filolab\/wordpress\/category\/noticias\/seminarios\/\">Seminarios<\/a>\n<\/li>\n\t<li class=\"cat-item cat-item-12\"><a href=\"https:\/\/wpd.ugr.es\/~filolab\/wordpress\/category\/summer-school\/\">Summer School<\/a>\n<\/li>\n\t<li class=\"cat-item cat-item-27\"><a href=\"https:\/\/wpd.ugr.es\/~filolab\/wordpress\/category\/news\/talks\/\">Talks<\/a>\n<\/li>\n\t<li class=\"cat-item cat-item-31\"><a href=\"https:\/\/wpd.ugr.es\/~filolab\/wordpress\/category\/news\/talks\/tec-en\/\">TeC<\/a>\n<\/li>\n\t<li class=\"cat-item cat-item-29\"><a href=\"https:\/\/wpd.ugr.es\/~filolab\/wordpress\/category\/noticias\/comunicaciones\/tec-es\/\">TeC FiloLab<\/a>\n<\/li>\n\t<li class=\"cat-item cat-item-1162\"><a href=\"https:\/\/wpd.ugr.es\/~filolab\/wordpress\/category\/transferencia-de-conocimiento\/\">Transferencia de conocimiento<\/a>\n<\/li>\n\t<li class=\"cat-item cat-item-149\"><a href=\"https:\/\/wpd.ugr.es\/~filolab\/wordpress\/category\/unidad-de-excelencia\/\">Unidad de excelencia<\/a>\n<\/li>\n\t<li class=\"cat-item cat-item-3340\"><a href=\"https:\/\/wpd.ugr.es\/~filolab\/wordpress\/category\/noticias\/workshop\/\">Workshop<\/a>\n<\/li>\n\t<li class=\"cat-item cat-item-99\"><a href=\"https:\/\/wpd.ugr.es\/~filolab\/wordpress\/category\/news\/workshops\/\">workshops<\/a>\n<\/li>\n\t\t\t<\/ul>\n\n\t\t\t<\/div><div id=\"panel-736-1-1-1\" class=\"so-panel widget widget_search\" data-index=\"3\" ><form role=\"search\" method=\"get\" class=\"search-form\" action=\"https:\/\/wpd.ugr.es\/~filolab\/wordpress\/\">\n\t\t\t\t<label>\n\t\t\t\t\t<span class=\"screen-reader-text\">Buscar:<\/span>\n\t\t\t\t\t<input type=\"search\" class=\"search-field\" placeholder=\"Buscar &hellip;\" value=\"\" name=\"s\" \/>\n\t\t\t\t<\/label>\n\t\t\t\t<input type=\"submit\" class=\"search-submit\" value=\"Buscar\" \/>\n\t\t\t<\/form><\/div><div id=\"panel-736-1-1-2\" class=\"so-panel widget widget_text panel-last-child\" data-index=\"4\" ><h3 class=\"widget-title\">Follow us on X<\/h3>\t\t\t<div class=\"textwidget\"><p><a class=\"twitter-timeline\" href=\"https:\/\/twitter.com\/FiloLab_UGR?ref_src=twsrc%5Etfw\" width=\"300\" height=\"600\">Tweets by FiloLab_UGR<\/a> <script async src=\"https:\/\/platform.twitter.com\/widgets.js\" charset=\"utf-8\"><\/script><\/p>\n<\/div>\n\t\t<\/div><\/div><\/div><\/div><!-- AddThis Advanced Settings generic via filter on the_content --><!-- AddThis Share Buttons generic via filter on the_content -->","protected":false},"excerpt":{"rendered":"<p>Follow us on X Tweets by FiloLab_UGR<!-- AddThis Advanced Settings generic via filter on get_the_excerpt --><!-- AddThis Share Buttons generic via filter on get_the_excerpt --><\/p>\n","protected":false},"author":1,"featured_media":0,"parent":0,"menu_order":0,"comment_status":"closed","ping_status":"closed","template":"","meta":[],"_links":{"self":[{"href":"https:\/\/wpd.ugr.es\/~filolab\/wordpress\/wp-json\/wp\/v2\/pages\/736"}],"collection":[{"href":"https:\/\/wpd.ugr.es\/~filolab\/wordpress\/wp-json\/wp\/v2\/pages"}],"about":[{"href":"https:\/\/wpd.ugr.es\/~filolab\/wordpress\/wp-json\/wp\/v2\/types\/page"}],"author":[{"embeddable":true,"href":"https:\/\/wpd.ugr.es\/~filolab\/wordpress\/wp-json\/wp\/v2\/users\/1"}],"replies":[{"embeddable":true,"href":"https:\/\/wpd.ugr.es\/~filolab\/wordpress\/wp-json\/wp\/v2\/comments?post=736"}],"version-history":[{"count":26,"href":"https:\/\/wpd.ugr.es\/~filolab\/wordpress\/wp-json\/wp\/v2\/pages\/736\/revisions"}],"predecessor-version":[{"id":5479,"href":"https:\/\/wpd.ugr.es\/~filolab\/wordpress\/wp-json\/wp\/v2\/pages\/736\/revisions\/5479"}],"wp:attachment":[{"href":"https:\/\/wpd.ugr.es\/~filolab\/wordpress\/wp-json\/wp\/v2\/media?parent=736"}],"curies":[{"name":"wp","href":"https:\/\/api.w.org\/{rel}","templated":true}]}}