{"id":249,"date":"2015-04-30T14:50:45","date_gmt":"2015-04-30T14:50:45","guid":{"rendered":"http:\/\/wpd.ugr.es\/~icufop\/?page_id=249"},"modified":"2016-02-11T17:48:09","modified_gmt":"2016-02-11T17:48:09","slug":"ramon-montes-rodriguez","status":"publish","type":"page","link":"https:\/\/wpd.ugr.es\/~icufop\/miembros-icufop\/ramon-montes-rodriguez\/","title":{"rendered":"Ram\u00f3n Montes Rodr\u00edguez"},"content":{"rendered":"<div id=\"pl-249\"  class=\"panel-layout\" ><div id=\"pg-249-0\"  class=\"panel-grid panel-no-style\" ><div id=\"pgc-249-0-0\"  class=\"panel-grid-cell\" ><div id=\"panel-249-0-0-0\" class=\"so-panel widget widget_black-studio-tinymce widget_black_studio_tinymce panel-first-child panel-last-child\" data-index=\"0\" ><div class=\"textwidget\"><p><a href=\"http:\/\/wpd.ugr.es\/~icufop\/wp-content\/uploads\/Screen-Shot-2015-04-30-at-16.32.53.png\"><img loading=\"lazy\" decoding=\"async\" class=\"alignleft size-thumbnail wp-image-250\" src=\"http:\/\/wpd.ugr.es\/~icufop\/wp-content\/uploads\/Screen-Shot-2015-04-30-at-16.32.53-150x150.png\" alt=\"Ram\u00f3n Montes\" width=\"150\" height=\"150\" \/><\/a><\/p>\n<\/div><\/div><\/div><div id=\"pgc-249-0-1\"  class=\"panel-grid-cell\" ><div id=\"panel-249-0-1-0\" class=\"so-panel widget widget_black-studio-tinymce widget_black_studio_tinymce panel-first-child panel-last-child\" data-index=\"1\" ><div class=\"panel-widget-style panel-widget-style-for-249-0-1-0\" ><h3 class=\"widget-title\">Ram\u00f3n Montes Rodr\u00edguez<\/h3><div class=\"textwidget\"><h4>Investigador<\/h4>\n<p>Maestro especialista en Educaci\u00f3n Musical, guitarrista y Licenciado en Pedagog\u00eda (Premio extraordinario Fin de Carrera). M\u00e1ster en Investigaci\u00f3n e Innovaci\u00f3n en Curr\u00edculum y Formaci\u00f3n. Actualmente doctorando en Ciencias de la Educaci\u00f3n en la <a href=\"http:\/\/fcce.ugr.es\">Facultad de Ciencias de Educaci\u00f3n<\/a> de la <a href=\"http:\/\/www.ugr.es\">Universidad de Granada<\/a>, donde adem\u00e1s colabora en tareas de investigaci\u00f3n con el grupo ICUFOP desde el a\u00f1o 2012. Su proyecto de tesis est\u00e1 ligado al proyecto de investigaci\u00f3n de I+D+i \u201cEcolog\u00edas del aprendizaje en contextos m\u00faltiples: an\u00e1lisis de proyectos de educaci\u00f3n expandida y construcci\u00f3n de ciudadan\u00eda\u201d.<\/p>\n<\/div><\/div><\/div><\/div><\/div><div id=\"pg-249-1\"  class=\"panel-grid panel-no-style\" ><div id=\"pgc-249-1-0\"  class=\"panel-grid-cell panel-grid-cell-empty\" ><\/div><div id=\"pgc-249-1-1\"  class=\"panel-grid-cell panel-grid-cell-mobile-last\" ><div id=\"panel-249-1-1-0\" class=\"so-panel widget widget_black-studio-tinymce widget_black_studio_tinymce panel-first-child panel-last-child\" data-index=\"2\" ><div class=\"textwidget\"><table><tbody><tr><td>Correo electr\u00f3nico<\/td><td><a href=\"mailto:ramonmontesrodriguez@gmail.com\">ramonmontesrodriguez@gmail.com<\/a><\/td><\/tr><tr><td>Titulaci\u00f3n<\/td><td>Licenciado en Pedagog\u00eda y Master en Investigaci\u00f3n<\/td><\/tr><tr><td>Puesto de trabajo<\/td><td>Doctorando (FPU)<\/td><\/tr><tr><td>Departamento<\/td><td>Did\u00e1ctica y Organizaci\u00f3n Escolar<\/td><\/tr><tr><td>Universidad<\/td><td>Facultad de Ciencias de la Educaci\u00f3n. Universidad de Granada<\/td><\/tr><tr><td>P\u00e1gina web<\/td><td><a href=\"http:\/\/www.ramonmontes.es\">ramonmontes.es<\/a><\/td><\/tr><tr><td>Twitter<\/td><td><a href=\"http:\/\/twitter.com\/maestro_montes\">@maestro_montes<\/a><\/td><\/tr><tr><td>L\u00edneas de trabajo y especializaci\u00f3n<\/td><td>Investigaci\u00f3n cualitativa, redes sociales, educaci\u00f3n musical, curr\u00edculum<\/td><\/tr><\/tbody><\/table><p>\u00a0<\/p><\/div><\/div><\/div><div id=\"pgc-249-1-2\"  class=\"panel-grid-cell panel-grid-cell-empty\" ><\/div><\/div><div id=\"pg-249-2\"  class=\"panel-grid panel-no-style\" ><div id=\"pgc-249-2-0\"  class=\"panel-grid-cell\" ><div id=\"panel-249-2-0-0\" class=\"so-panel widget widget_black-studio-tinymce widget_black_studio_tinymce panel-first-child panel-last-child\" data-index=\"3\" ><div class=\"textwidget\"><h4>Publicaciones recientes destacadas:<\/h4>\n<ul>\n<li>Montes Rodr\u00edguez, R. (2015). <a href=\"http:\/\/recyt.fecyt.es\/index.php\/profesorado\/article\/view\/43598\">Rese\u00f1a de \"Am\u00e9rica Latina despu\u00e9s de PISA: Lecciones aprendidas de la educaci\u00f3n en siete pa\u00edses (2000- 2015)\"<\/a>. <i>Profesorado, Revista de Curr\u00edculum y Formaci\u00f3n del Profesorado, 19 (3).<\/i><\/li>\n<li>\n<div class=\"gs_gray\">Montes Rodr\u00edguez, R. (2014). <a class=\"gsc_a_at\" href=\"https:\/\/scholar.google.es\/citations?view_op=view_citation&amp;hl=es&amp;user=w6Ahh10AAAAJ&amp;citation_for_view=w6Ahh10AAAAJ:d1gkVwhDpl0C\">Educaci\u00f3n expandida: Nuevas formas de aprendizaje en contextos m\u00faltiples. Estado de la cuesti\u00f3n. <\/a><em>AUFOP2014: XIII Congreso Internacional de Formaci\u00f3n del Profesorado.<\/em><\/div>\n<\/li>\n<li>Montes Rodr\u00edguez, R. y Oca\u00f1a Fern\u00e1ndez, A. (2014). <a class=\"gsc_a_at\" href=\"https:\/\/scholar.google.es\/citations?view_op=view_citation&amp;hl=es&amp;user=w6Ahh10AAAAJ&amp;citation_for_view=w6Ahh10AAAAJ:u-x6o8ySG0sC\">Investigaci\u00f3n en Educaci\u00f3n Musical en la base de datos ISOC en la \u00faltima d\u00e9cada (2004-2013). <\/a><em>CIMIE14: 3rd Multidisciplinary International Conference on Educational Research<\/em><\/li>\n<li>Casta\u00f1o Villar, F. y Montes Rodr\u00edguez, R. (2013). <a class=\"gsc_a_at\" href=\"https:\/\/scholar.google.es\/citations?view_op=view_citation&amp;hl=es&amp;user=w6Ahh10AAAAJ&amp;citation_for_view=w6Ahh10AAAAJ:u5HHmVD_uO8C\">\u00bfLa deserci\u00f3n de un v\u00ednculo com\u00fan?: desencuentros en la relaci\u00f3n alumno-maestro<\/a>. <em>Cuadernos de Pedagog\u00eda, 440<\/em>, 50-53.<\/li>\n<\/ul>\n<p>\u00a0<\/p>\n<\/div><\/div><\/div><\/div><div id=\"pg-249-3\"  class=\"panel-grid panel-no-style\" ><div id=\"pgc-249-3-0\"  class=\"panel-grid-cell panel-grid-cell-empty\" ><\/div><div id=\"pgc-249-3-1\"  class=\"panel-grid-cell panel-grid-cell-mobile-last\" ><div id=\"panel-249-3-1-0\" class=\"so-panel widget widget_black-studio-tinymce widget_black_studio_tinymce panel-first-child panel-last-child\" data-index=\"4\" ><div class=\"panel-widget-style panel-widget-style-for-249-3-1-0\" ><div class=\"textwidget\"><h4 style=\"text-align: center;\"><a href=\"https:\/\/scholar.google.es\/citations?user=w6Ahh10AAAAJ&amp;hl=es\">Perfil de Google Acad\u00e9mico<\/a><\/h4>\n<\/div><\/div><\/div><\/div><div id=\"pgc-249-3-2\"  class=\"panel-grid-cell panel-grid-cell-empty\" ><\/div><\/div><div id=\"pg-249-4\"  class=\"panel-grid panel-no-style\" ><div id=\"pgc-249-4-0\"  class=\"panel-grid-cell panel-grid-cell-empty\" ><\/div><div id=\"pgc-249-4-1\"  class=\"panel-grid-cell panel-grid-cell-mobile-last\" ><div id=\"panel-249-4-1-0\" class=\"so-panel widget widget_black-studio-tinymce widget_black_studio_tinymce panel-first-child panel-last-child\" data-index=\"5\" ><div class=\"panel-widget-style panel-widget-style-for-249-4-1-0\" ><div class=\"textwidget\"><h4 style=\"text-align: center;\"><a href=\"https:\/\/ugr.academia.edu\/Ram\u00f3nMontesRodr%C3%ADguez\">Perfil de Academia.edu<\/a><\/h4>\n<\/div><\/div><\/div><\/div><div id=\"pgc-249-4-2\"  class=\"panel-grid-cell panel-grid-cell-empty\" ><\/div><\/div><\/div>","protected":false},"excerpt":{"rendered":"<p>InvestigadorMaestro especialista en Educaci\u00f3n Musical, guitarrista y Licenciado en Pedagog\u00eda (Premio extraordinario Fin de Carrera). M\u00e1ster en Investigaci\u00f3n e Innovaci\u00f3n en Curr\u00edculum y Formaci\u00f3n. Actualmente doctorando en Ciencias de la Educaci\u00f3n en la Facultad de Ciencias de Educaci\u00f3n de la Universidad de Granada, donde adem\u00e1s colabora en tareas de investigaci\u00f3n con el grupo ICUFOP desde [&hellip;]<\/p>\n","protected":false},"author":1,"featured_media":0,"parent":10,"menu_order":0,"comment_status":"open","ping_status":"closed","template":"custom-page.php","meta":{"_acf_changed":false,"jetpack_post_was_ever_published":false,"footnotes":""},"acf":[],"jetpack_sharing_enabled":true,"jetpack_shortlink":"https:\/\/wp.me\/P64Oaw-41","_links":{"self":[{"href":"https:\/\/wpd.ugr.es\/~icufop\/wp-json\/wp\/v2\/pages\/249"}],"collection":[{"href":"https:\/\/wpd.ugr.es\/~icufop\/wp-json\/wp\/v2\/pages"}],"about":[{"href":"https:\/\/wpd.ugr.es\/~icufop\/wp-json\/wp\/v2\/types\/page"}],"author":[{"embeddable":true,"href":"https:\/\/wpd.ugr.es\/~icufop\/wp-json\/wp\/v2\/users\/1"}],"replies":[{"embeddable":true,"href":"https:\/\/wpd.ugr.es\/~icufop\/wp-json\/wp\/v2\/comments?post=249"}],"version-history":[{"count":7,"href":"https:\/\/wpd.ugr.es\/~icufop\/wp-json\/wp\/v2\/pages\/249\/revisions"}],"predecessor-version":[{"id":567,"href":"https:\/\/wpd.ugr.es\/~icufop\/wp-json\/wp\/v2\/pages\/249\/revisions\/567"}],"up":[{"embeddable":true,"href":"https:\/\/wpd.ugr.es\/~icufop\/wp-json\/wp\/v2\/pages\/10"}],"wp:attachment":[{"href":"https:\/\/wpd.ugr.es\/~icufop\/wp-json\/wp\/v2\/media?parent=249"}],"curies":[{"name":"wp","href":"https:\/\/api.w.org\/{rel}","templated":true}]}}