{"id":273,"date":"2015-04-30T17:26:00","date_gmt":"2015-04-30T17:26:00","guid":{"rendered":"http:\/\/wpd.ugr.es\/~icufop\/?page_id=273"},"modified":"2023-03-15T00:16:14","modified_gmt":"2023-03-15T00:16:14","slug":"juan-bautista-martinez","status":"publish","type":"page","link":"https:\/\/wpd.ugr.es\/~icufop\/miembros-icufop\/juan-bautista-martinez\/","title":{"rendered":"Juan Bautista Mart\u00ednez Rodr\u00edguez"},"content":{"rendered":"<div id=\"pl-273\"  class=\"panel-layout\" ><div id=\"pg-273-0\"  class=\"panel-grid panel-no-style\" ><div id=\"pgc-273-0-0\"  class=\"panel-grid-cell\" ><div id=\"panel-273-0-0-0\" class=\"so-panel widget widget_black-studio-tinymce widget_black_studio_tinymce panel-first-child panel-last-child\" data-index=\"0\" ><div class=\"textwidget\"><p><a href=\"http:\/\/wpd.ugr.es\/~icufop\/wp-content\/uploads\/juan.png\"><img loading=\"lazy\" decoding=\"async\" class=\"alignleft size-thumbnail wp-image-274\" src=\"http:\/\/wpd.ugr.es\/~icufop\/wp-content\/uploads\/juan-150x150.png\" alt=\"Juan Bautista\" width=\"150\" height=\"150\" \/><\/a><\/p>\n<\/div><\/div><\/div><div id=\"pgc-273-0-1\"  class=\"panel-grid-cell\" ><div id=\"panel-273-0-1-0\" class=\"so-panel widget widget_black-studio-tinymce widget_black_studio_tinymce panel-first-child panel-last-child\" data-index=\"1\" ><div class=\"panel-widget-style panel-widget-style-for-273-0-1-0\" ><h3 class=\"widget-title\">Juan Bautista Mart\u00ednez Rodr\u00edguez<\/h3><div class=\"textwidget\"><h4>Investigador<\/h4>\n<p>Catedr\u00e1tico del <a href=\"http:\/\/didacoe.ugr.es\/\">Departamento de Did\u00e1ctica y Organizaci\u00f3n Escolar<\/a> en la <a href=\"http:\/\/fcce.ugr.es\/\">Facultad de Ciencias de la Educaci\u00f3n<\/a> de la <a href=\"https:\/\/www.ugr.es\/\">Universidad de Granada<\/a>. Premio Internacional de la UNESCO como Director del Programa de Alfabetizaci\u00f3n de la Junta de Andaluc\u00eda (Par\u00eds, 1987). Primer Premio Nacional a la Investigaci\u00f3n e Innovaci\u00f3n Educativas <em>ex aequo<\/em> (1992) del Ministerio de Educaci\u00f3n y Ciencia, CIDE en la modalidad de Investigaci\u00f3n Educativa<em>.<\/em> Subdirector de la Unidad de Evaluaci\u00f3n y Mejora de la Calidad de la Universidad de Granada. Miembro del Comit\u00e9 Cient\u00edfico de varias revistas de educaci\u00f3n. Director de 13 tesis doctorales e Investigador principal desde 1995 del grupo consolidado ICUFOP con seis proyectos I+D, un proyecto internacional ALFA y otros proyectos europeos desarrolados con entidades y representando a la universidad de Granada (EQUAL, PERQUALITAS). Como profesor de curriculum ha impartido cursos de posgrado en las universidades: Metropolitada de Ciencias de la Educaci\u00f3n (Chile), Rio Cuarto (Argentina), Universidad de Yucat\u00e1n (M\u00e9xico), Universidad de Kaz\u00e1n (Rusia), universidades de C\u00e1diz y A Coru\u00f1a (Espa\u00f1a) y ha coordinado el doctorado de Curriculum, profesorado e instituciones educativas en la Universidad del mar (Chile).<\/p>\n<\/div><\/div><\/div><\/div><\/div><div id=\"pg-273-1\"  class=\"panel-grid panel-no-style\" ><div id=\"pgc-273-1-0\"  class=\"panel-grid-cell panel-grid-cell-empty\" ><\/div><div id=\"pgc-273-1-1\"  class=\"panel-grid-cell panel-grid-cell-mobile-last\" ><div id=\"panel-273-1-1-0\" class=\"so-panel widget widget_black-studio-tinymce widget_black_studio_tinymce panel-first-child panel-last-child\" data-index=\"2\" ><div class=\"textwidget\"><table>\n<tbody>\n<tr>\n<td>Correo electr\u00f3nico<\/td>\n<td><a href=\"jbmr@ugr.es\">jbmr@ugr.es<\/a><\/td>\n<\/tr>\n<tr>\n<td>Titulaci\u00f3n<\/td>\n<td>Dr. en Filosof\u00eda y Ciencias de la Educaci\u00f3n<\/td>\n<\/tr>\n<tr>\n<td>Puesto de trabajo<\/td>\n<td>Catedr\u00e1tico de Universidad<\/td>\n<\/tr>\n<tr>\n<td>Departamento<\/td>\n<td>Did\u00e1ctica y Organizaci\u00f3n Escolar<\/td>\n<\/tr>\n<tr>\n<td>Universidad<\/td>\n<td>Facultad de Ciencias de la Educaci\u00f3n. Universidad de Granada<\/td>\n<\/tr>\n<tr>\n<td>P\u00e1gina web<\/td>\n<td><a href=\"http:\/\/www.ugr.es\/~jbmr\">http:\/\/juanbautistamartinezrodriguez.com<\/a><\/td>\n<\/tr>\n<tr>\n<td>Twitter<\/td>\n<td><a href=\"http:\/\/twitter.com\/netjuanba\">@netjuanba<\/a><\/td>\n<\/tr>\n<tr>\n<td>L\u00edneas de trabajo y especializaci\u00f3n<\/td>\n<td>Curriculum, Educaci\u00f3n para la ciudadan\u00eda, Evaluaci\u00f3n democr\u00e1tica, Ecolog\u00edas del aprendizaje.<\/td>\n<\/tr>\n<\/tbody>\n<\/table><\/div><\/div><\/div><div id=\"pgc-273-1-2\"  class=\"panel-grid-cell panel-grid-cell-empty\" ><\/div><\/div><div id=\"pg-273-2\"  class=\"panel-grid panel-no-style\" ><div id=\"pgc-273-2-0\"  class=\"panel-grid-cell\" ><div id=\"panel-273-2-0-0\" class=\"so-panel widget widget_black-studio-tinymce widget_black_studio_tinymce panel-first-child panel-last-child\" data-index=\"3\" ><div class=\"textwidget\"><h4>Publicaciones recientes destacadas:<\/h4>\n<p>Entre sus publicaciones destacan los siguientes libros: <a href=\"http:\/\/scholar.google.com\/citations?view_op=view_citation&amp;hl=es&amp;user=GFpo5vcAAAAJ&amp;citation_for_view=GFpo5vcAAAAJ:u-x6o8ySG0sC\"><em>Evaluar la participaci\u00f3n en los centros educativos<\/em><\/a>, (Escuela Espa\u00f1ola); <em><a href=\"http:\/\/scholar.google.com\/citations?view_op=view_citation&amp;hl=es&amp;user=GFpo5vcAAAAJ&amp;citation_for_view=GFpo5vcAAAAJ:9yKSN-GCB0IC\">La negociaci\u00f3n del curr\u00edculum<\/a> <\/em>(La Muralla); <em><a href=\"http:\/\/redined.mecd.gob.es\/xmlui\/bitstream\/handle\/11162\/62062\/00820092000049.pdf?sequence=1\">Evaluaci\u00f3n del papel de la Direcci\u00f3n en la elaboraci\u00f3n y desarrollo de los Proyectos Curriculares de Centros<\/a><\/em> (CIDE); <a href=\"http:\/\/scholar.google.com\/citations?view_op=view_citation&amp;hl=es&amp;user=GFpo5vcAAAAJ&amp;citation_for_view=GFpo5vcAAAAJ:abG-DnoFyZgC\"><em>Educaci\u00f3n para la Ciudadan\u00eda<\/em><\/a> (Morata); <em><a href=\"http:\/\/scholar.google.com\/citations?view_op=view_citation&amp;hl=es&amp;user=GFpo5vcAAAAJ&amp;citation_for_view=GFpo5vcAAAAJ:UxriW0iASnsC\">Globalizaci\u00f3n, Postmodernidad y Educaci\u00f3n<\/a> <\/em>(Akal). <em><a href=\"http:\/\/scholar.google.com\/citations?view_op=view_citation&amp;hl=es&amp;user=GFpo5vcAAAAJ&amp;cstart=20&amp;citation_for_view=GFpo5vcAAAAJ:qxL8FJ1GzNcC\">Innovaci\u00f3n en la universidad: pol\u00edticas, pr\u00e1cticas y ret\u00f3ricas<\/a><\/em> (Gra\u00f3,). Tiene m\u00e1s de una decena de cap\u00edtulos de libros y m\u00e1s de treinta art\u00edculos en revistas reconocidas.<\/p>\n<ul>\n<li>(2014) MART\u00cdNEZ RODR\u00cdGUEZ, Juan Bautista y FERN\u00c1NDEZ RODR\u00cdGUEZ, Eduardo.\u00a0<a href=\"http:\/\/dialnet.unirioja.es\/servlet\/articulo?codigo=4569334\">J\u00f3venes interactivos. Redes sociales, culturas emergentes y escuelas<\/a>. En <em>Organizaci\u00f3n y Gesti\u00f3n Educativa,\u00a01<\/em>, 14-18.<em>\u00a0<\/em>Ref. ISSN: 1134-0312.<\/li>\n<li>(2014) MART\u00cdNEZ RODR\u00cdGUEZ, Juan Bautista y FERN\u00c1NDEZ RODR\u00cdGUEZ, Eduardo.\u00a0<a href=\"http:\/\/dialnet.unirioja.es\/servlet\/articulo?codigo=4756067\">Escenarios para la interpretaci\u00f3n de lo social: casa, ciudad, escuela y redes<\/a>. En <em>Cuadernos de Pedagog\u00eda, 447<\/em>, 58-62.\u00a0Ref. ISSN: 0210-0630.<\/li>\n<li>(2013) MART\u00cdNEZ RODR\u00cdGUEZ, Juan Bautista y ANGUITA MART\u00cdNEZ, Roc\u00edo.\u00a0<a href=\"http:\/\/dialnet.unirioja.es\/servlet\/articulo?codigo=4514743\">Explorar nuevas culturas c\u00edvicas<\/a>. En <em>Cuadernos de Pedagog\u00eda, 440,\u00a0<\/em>10-12.\u00a0Ref. ISSN: 0210-0630.<\/li>\n<li>(2013) MART\u00cdNEZ RODR\u00cdGUEZ, Juan Bautista y HERN\u00c1NDEZ MERAYO, Elisa.\u00a0<a href=\"http:\/\/www.google.es\/url?sa=t&amp;rct=j&amp;q=&amp;esrc=s&amp;source=web&amp;cd=3&amp;cad=rja&amp;uact=8&amp;ved=0CCwQFjAC&amp;url=http%3A%2F%2Fdialnet.unirioja.es%2Fservlet%2Farticulo%3Fcodigo%3D4514829&amp;ei=XGhCVcOEFKmu7gaKg4GIAw&amp;usg=AFQjCNFcZc07iMtNLWGc1dgp7e_02W9XTw&amp;sig2=TdpRuigTKUo1gj30yaJvMA&amp;bvm=bv.92189499,d.ZGU\">Alumnado entre pancartas: el valor educativo de los movimientos sociales<\/a>. En <em>Cuadernos de Pedagog\u00eda, 440<\/em>, 70-75.\u00a0Ref. ISSN: 0210-0630.<\/li>\n<li>(2013) MART\u00cdNEZ RODR\u00cdGUEZ, Juan Bautista y ANGUITA MART\u00cdNEZ, Roc\u00edo.\u00a0<a href=\"http:\/\/dialnet.unirioja.es\/servlet\/articulo?codigo=4514830\">Salir, cotillear, ligar, el aprendizaje de lo privado y lo p\u00fablico<\/a>. En <em>Cuadernos de Pedagog\u00eda, 440<\/em>, 75-79.\u00a0Ref. ISSN: 0210-0630.<\/li>\n<li>(2013) VV.AA. Foro de Sevilla.\u00a0<em><a href=\"http:\/\/www.ub.edu\/pedagogia\/noticies\/otra_politicaeducativa.pdf\">Manifiesto: Por otra pol\u00edtica educativa<\/a>.\u00a0<\/em>Madrid: Morata.<\/li>\n<li>(2013) HERN\u00c1NDEZ MERAYO, Elisa; ROBLES VILCHEZ, Mari Carmen y MART\u00cdNEZ RODR\u00cdGUEZ, JUAN BAUTISTA.\u00a0<a href=\"http:\/\/www.revistacomunicar.com\/index.php?contenido=detalles&amp;numero=40&amp;articulo=40-2013-08\">J\u00f3venes interactivos y culturas c\u00edvicas: sentido educativo, medi\u00e1tico y pol\u00edtico del 15M<\/a>. En <em>Revista COMUNICAR, BUCKINGHAM, David y MART\u00cdNEZ RODR\u00cdGUEZ, Juan Bautista (Eds.), 40,\u00a0<\/em>59-67.\u00a0Ref. ISSN: 1134-3478.<\/li>\n<\/ul>\n<\/div><\/div><\/div><\/div><div id=\"pg-273-3\"  class=\"panel-grid panel-no-style\" ><div id=\"pgc-273-3-0\"  class=\"panel-grid-cell panel-grid-cell-empty\" ><\/div><div id=\"pgc-273-3-1\"  class=\"panel-grid-cell panel-grid-cell-mobile-last\" ><div id=\"panel-273-3-1-0\" class=\"so-panel widget widget_black-studio-tinymce widget_black_studio_tinymce panel-first-child panel-last-child\" data-index=\"4\" ><div class=\"panel-widget-style panel-widget-style-for-273-3-1-0\" ><div class=\"textwidget\"><h4 style=\"text-align: center;\"><a href=\"http:\/\/scholar.google.com\/citations?user=GFpo5vcAAAAJ&amp;hl=es\">Perfil de Google Acad\u00e9mico<\/a><\/h4>\n<\/div><\/div><\/div><\/div><div id=\"pgc-273-3-2\"  class=\"panel-grid-cell panel-grid-cell-empty\" ><\/div><\/div><\/div>","protected":false},"excerpt":{"rendered":"<p>Investigador Catedr\u00e1tico del Departamento de Did\u00e1ctica y Organizaci\u00f3n Escolar en la Facultad de Ciencias de la Educaci\u00f3n de la Universidad de Granada. Premio Internacional de la UNESCO como Director del Programa de Alfabetizaci\u00f3n de la Junta de Andaluc\u00eda (Par\u00eds, 1987). Primer Premio Nacional a la Investigaci\u00f3n e Innovaci\u00f3n Educativas ex aequo (1992) del Ministerio de [&hellip;]<\/p>\n","protected":false},"author":1,"featured_media":0,"parent":10,"menu_order":0,"comment_status":"open","ping_status":"closed","template":"custom-page.php","meta":{"_acf_changed":false,"jetpack_post_was_ever_published":false,"footnotes":""},"acf":[],"jetpack_sharing_enabled":true,"jetpack_shortlink":"https:\/\/wp.me\/P64Oaw-4p","_links":{"self":[{"href":"https:\/\/wpd.ugr.es\/~icufop\/wp-json\/wp\/v2\/pages\/273"}],"collection":[{"href":"https:\/\/wpd.ugr.es\/~icufop\/wp-json\/wp\/v2\/pages"}],"about":[{"href":"https:\/\/wpd.ugr.es\/~icufop\/wp-json\/wp\/v2\/types\/page"}],"author":[{"embeddable":true,"href":"https:\/\/wpd.ugr.es\/~icufop\/wp-json\/wp\/v2\/users\/1"}],"replies":[{"embeddable":true,"href":"https:\/\/wpd.ugr.es\/~icufop\/wp-json\/wp\/v2\/comments?post=273"}],"version-history":[{"count":3,"href":"https:\/\/wpd.ugr.es\/~icufop\/wp-json\/wp\/v2\/pages\/273\/revisions"}],"predecessor-version":[{"id":940,"href":"https:\/\/wpd.ugr.es\/~icufop\/wp-json\/wp\/v2\/pages\/273\/revisions\/940"}],"up":[{"embeddable":true,"href":"https:\/\/wpd.ugr.es\/~icufop\/wp-json\/wp\/v2\/pages\/10"}],"wp:attachment":[{"href":"https:\/\/wpd.ugr.es\/~icufop\/wp-json\/wp\/v2\/media?parent=273"}],"curies":[{"name":"wp","href":"https:\/\/api.w.org\/{rel}","templated":true}]}}