{"id":297,"date":"2015-05-04T10:40:59","date_gmt":"2015-05-04T10:40:59","guid":{"rendered":"http:\/\/wpd.ugr.es\/~icufop\/?page_id=297"},"modified":"2016-06-17T08:45:58","modified_gmt":"2016-06-17T08:45:58","slug":"feliciano-castano-villar","status":"publish","type":"page","link":"https:\/\/wpd.ugr.es\/~icufop\/miembros-icufop\/feliciano-castano-villar\/","title":{"rendered":"Feliciano Casta\u00f1o Villar"},"content":{"rendered":"<div id=\"pl-297\"  class=\"panel-layout\" ><div id=\"pg-297-0\"  class=\"panel-grid panel-no-style\" ><div id=\"pgc-297-0-0\"  class=\"panel-grid-cell\" ><div id=\"panel-297-0-0-0\" class=\"so-panel widget widget_black-studio-tinymce widget_black_studio_tinymce panel-first-child panel-last-child\" data-index=\"0\" ><div class=\"textwidget\"><p><a href=\"http:\/\/wpd.ugr.es\/~icufop\/wp-content\/uploads\/feliciano_villar.jpg\"><img loading=\"lazy\" decoding=\"async\" class=\"alignleft size-full wp-image-102\" src=\"http:\/\/wpd.ugr.es\/~icufop\/wp-content\/uploads\/feliciano_villar.jpg\" alt=\"Feliciano Casta\u00f1o\" width=\"85\" height=\"117\" \/><\/a><\/p>\n<\/div><\/div><\/div><div id=\"pgc-297-0-1\"  class=\"panel-grid-cell\" ><div id=\"panel-297-0-1-0\" class=\"so-panel widget widget_black-studio-tinymce widget_black_studio_tinymce panel-first-child panel-last-child\" data-index=\"1\" ><div class=\"panel-widget-style panel-widget-style-for-297-0-1-0\" ><h3 class=\"widget-title\">Feliciano Casta\u00f1o Villar<\/h3><div class=\"textwidget\"><h4>Investigador<\/h4>\n<p>Educador de calle, educador sexual, animador sociocultural, educador social, antrop\u00f3logo social y cultural, postgrado en estudios migratorios, desarrollo y acci\u00f3n social.\u00a0Ha trabajado como educador y coordinador en programas de acci\u00f3n social e intercultural, ocio alternativo y cultural. Con profesorado, personal de servicios sociales, desempleados, migrantes, familias, mujeres, juventud y menores.\u00a0Asesor de proyectos educativos y de cooperaci\u00f3n al desarrollo vinculados a la educaci\u00f3n comunitaria y escolar, la convivencia, la sostenibilidad, la ecolog\u00eda econ\u00f3mica, el <em>sumak kawsay,<\/em> las soberan\u00edas, el turismo responsable-comunitario, las universidades, la democracia participativa y el trabajo social comunitario.\u00a0Profesor de la licenciatura de <em>educaci\u00f3n intercultural biling\u00fce en comunidades amaz\u00f3nicas <\/em>en Sarayaku. <a href=\"http:\/\/www.ucuenca.edu.ec\">Universidad de Cuenca<\/a>, DINEIB-M\u00ba de Educaci\u00f3n, Ecuador.<\/p>\n<\/div><\/div><\/div><\/div><\/div><div id=\"pg-297-1\"  class=\"panel-grid panel-no-style\" ><div id=\"pgc-297-1-0\"  class=\"panel-grid-cell panel-grid-cell-empty\" ><\/div><div id=\"pgc-297-1-1\"  class=\"panel-grid-cell panel-grid-cell-mobile-last\" ><div id=\"panel-297-1-1-0\" class=\"so-panel widget widget_black-studio-tinymce widget_black_studio_tinymce panel-first-child panel-last-child\" data-index=\"2\" ><div class=\"textwidget\"><table><tbody><tr><td>Correo electr\u00f3nico<\/td><td><a href=\"mailto:fcvillar@ugr.es\">fcvillar@ugr.es<\/a><\/td><\/tr><tr><td>Puesto de trabajo<\/td><td>Investigador del programa de PIF-FPI 2011 del MICINN<\/td><\/tr><tr><td>Departamento<\/td><td>Did\u00e1ctica y Organizaci\u00f3n Escolar<\/td><\/tr><tr><td>Universidad<\/td><td>Facultad de Ciencias de la Educaci\u00f3n. Universidad de Granada<\/td><\/tr><tr><td>P\u00e1gina web<\/td><td><a href=\"https:\/\/plus.google.com\/115101119149986868752\/posts?hl=es\">Perfil de Google+<\/a><\/td><\/tr><tr><td>L\u00edneas de trabajo y especializaci\u00f3n<\/td><td>Ciudadan\u00eda(s), profundizaci\u00f3n democr\u00e1tica, mediaciones, ecolog\u00eda de saberes-aprendizajes y praxis de investigaci\u00f3n creativa.<\/td><\/tr><\/tbody><\/table><p>\u00a0<\/p><\/div><\/div><\/div><div id=\"pgc-297-1-2\"  class=\"panel-grid-cell panel-grid-cell-empty\" ><\/div><\/div><div id=\"pg-297-2\"  class=\"panel-grid panel-no-style\" ><div id=\"pgc-297-2-0\"  class=\"panel-grid-cell\" ><div id=\"panel-297-2-0-0\" class=\"so-panel widget widget_black-studio-tinymce widget_black_studio_tinymce panel-first-child panel-last-child\" data-index=\"3\" ><div class=\"textwidget\"><h4>Publicaciones recientes destacadas:<\/h4>\n<ul>\n<li>Casta\u00f1o Villar, F. (2015). <a href=\"http:\/\/atheneadigital.net\/article\/view\/v15-n1-casta%C3%B1o\/1372-pdf-es\">Internet: entre escenario de (re)invenci\u00f3n y campo de batalla<\/a>. <em>Athenea digital. Revista de pensamiento e investigaci\u00f3n social, 15<\/em>(1).<\/li>\n<li>\n<div class=\"gs_gray\">Casta\u00f1o Villar, F. (2014).\u00a03\u00baA: In-consecuencia pol\u00edtica y mediaciones difusas en la era (escuela) de la racionalidad instrumental (evaluadora) y la alta velocidad. En:\u00a0<em><a href=\"http:\/\/e-spacio.uned.es\/fez\/eserv\/bibliuned:500383-IIICongresoEtnografia-1025\/Documento.pdf\">Etnograf\u00edas de la educaci\u00f3n y conceptos de educaci\u00f3n. Contextos m\u00faltiples de socializaci\u00f3n y aprendizaje: un an\u00e1lisis desde la etnograf\u00eda de la educaci\u00f3n<\/a>, 87-92.\u00a0<\/em>III Congreso Internacional de Etnograf\u00eda y Educaci\u00f3n. Madrid.<\/div>\n<\/li>\n<li>Casta\u00f1o Villar, F. (2013).\u00a0La experiencia de ejercer como profesor: entre el ense\u00f1ante aprendiz y el eterno acumulador de m\u00e9ritos.\u00a0<em><a href=\"http:\/\/diposit.ub.edu\/dspace\/bitstream\/2445\/50680\/8\/Esbrina-Aprender_docente_cambio-Simposio_2014.pdf\">Aprender a ser docente en un mundo en cambio<\/a>.\u00a0<\/em>Simposio internacional. Barcelona.<\/li>\n<li>Casta\u00f1o Villar, F. y Montes Rodr\u00edguez, R. (2013). <a class=\"gsc_a_at\" href=\"https:\/\/scholar.google.es\/citations?view_op=view_citation&amp;hl=es&amp;user=w6Ahh10AAAAJ&amp;citation_for_view=w6Ahh10AAAAJ:u5HHmVD_uO8C\">\u00bfLa deserci\u00f3n de un v\u00ednculo com\u00fan?: desencuentros en la relaci\u00f3n alumno-maestro<\/a>. <em>Cuadernos de Pedagog\u00eda, 440<\/em>, 50-53.<\/li>\n<\/ul>\n<\/div><\/div><\/div><\/div><div id=\"pg-297-3\"  class=\"panel-grid panel-no-style\" ><div id=\"pgc-297-3-0\"  class=\"panel-grid-cell panel-grid-cell-empty\" ><\/div><div id=\"pgc-297-3-1\"  class=\"panel-grid-cell panel-grid-cell-mobile-last\" ><div id=\"panel-297-3-1-0\" class=\"so-panel widget widget_black-studio-tinymce widget_black_studio_tinymce panel-first-child panel-last-child\" data-index=\"4\" ><div class=\"panel-widget-style panel-widget-style-for-297-3-1-0\" ><div class=\"textwidget\"><h4 style=\"text-align: center;\"><a href=\"http:\/\/orcid.org\/0000-0002-5541-5591\" target=\"_blank\">ORCID<\/a><\/h4>\n<\/div><\/div><\/div><\/div><div id=\"pgc-297-3-2\"  class=\"panel-grid-cell panel-grid-cell-empty\" ><\/div><\/div><div id=\"pg-297-4\"  class=\"panel-grid panel-no-style\" ><div id=\"pgc-297-4-0\"  class=\"panel-grid-cell panel-grid-cell-empty\" ><\/div><div id=\"pgc-297-4-1\"  class=\"panel-grid-cell panel-grid-cell-mobile-last\" ><div id=\"panel-297-4-1-0\" class=\"so-panel widget widget_black-studio-tinymce widget_black_studio_tinymce panel-first-child panel-last-child\" data-index=\"5\" ><div class=\"panel-widget-style panel-widget-style-for-297-4-1-0\" ><div class=\"textwidget\"><h4 style=\"text-align: center;\"><a href=\"https:\/\/www.researchgate.net\/profile\/Feliciano_Castano_Villar\" target=\"_blank\">Perfil de ResearchGate<\/a><\/h4>\n<\/div><\/div><\/div><\/div><div id=\"pgc-297-4-2\"  class=\"panel-grid-cell panel-grid-cell-empty\" ><\/div><\/div><\/div>","protected":false},"excerpt":{"rendered":"<p>InvestigadorEducador de calle, educador sexual, animador sociocultural, educador social, antrop\u00f3logo social y cultural, postgrado en estudios migratorios, desarrollo y acci\u00f3n social.\u00a0Ha trabajado como educador y coordinador en programas de acci\u00f3n social e intercultural, ocio alternativo y cultural. Con profesorado, personal de servicios sociales, desempleados, migrantes, familias, mujeres, juventud y menores.\u00a0Asesor de proyectos educativos y de [&hellip;]<\/p>\n","protected":false},"author":1,"featured_media":0,"parent":10,"menu_order":0,"comment_status":"open","ping_status":"closed","template":"custom-page.php","meta":{"_acf_changed":false,"jetpack_post_was_ever_published":false,"footnotes":""},"acf":[],"jetpack_sharing_enabled":true,"jetpack_shortlink":"https:\/\/wp.me\/P64Oaw-4N","_links":{"self":[{"href":"https:\/\/wpd.ugr.es\/~icufop\/wp-json\/wp\/v2\/pages\/297"}],"collection":[{"href":"https:\/\/wpd.ugr.es\/~icufop\/wp-json\/wp\/v2\/pages"}],"about":[{"href":"https:\/\/wpd.ugr.es\/~icufop\/wp-json\/wp\/v2\/types\/page"}],"author":[{"embeddable":true,"href":"https:\/\/wpd.ugr.es\/~icufop\/wp-json\/wp\/v2\/users\/1"}],"replies":[{"embeddable":true,"href":"https:\/\/wpd.ugr.es\/~icufop\/wp-json\/wp\/v2\/comments?post=297"}],"version-history":[{"count":4,"href":"https:\/\/wpd.ugr.es\/~icufop\/wp-json\/wp\/v2\/pages\/297\/revisions"}],"predecessor-version":[{"id":617,"href":"https:\/\/wpd.ugr.es\/~icufop\/wp-json\/wp\/v2\/pages\/297\/revisions\/617"}],"up":[{"embeddable":true,"href":"https:\/\/wpd.ugr.es\/~icufop\/wp-json\/wp\/v2\/pages\/10"}],"wp:attachment":[{"href":"https:\/\/wpd.ugr.es\/~icufop\/wp-json\/wp\/v2\/media?parent=297"}],"curies":[{"name":"wp","href":"https:\/\/api.w.org\/{rel}","templated":true}]}}