{"id":312,"date":"2015-05-07T15:28:30","date_gmt":"2015-05-07T15:28:30","guid":{"rendered":"http:\/\/wpd.ugr.es\/~icufop\/?page_id=312"},"modified":"2015-05-07T15:28:30","modified_gmt":"2015-05-07T15:28:30","slug":"enrique-javier-diez-gutierrez","status":"publish","type":"page","link":"https:\/\/wpd.ugr.es\/~icufop\/miembros-icufop\/enrique-javier-diez-gutierrez\/","title":{"rendered":"Enrique Javier D\u00edez Guti\u00e9rrez"},"content":{"rendered":"<div id=\"pl-312\"  class=\"panel-layout\" ><div id=\"pg-312-0\"  class=\"panel-grid panel-no-style\" ><div id=\"pgc-312-0-0\"  class=\"panel-grid-cell\" ><div id=\"panel-312-0-0-0\" class=\"so-panel widget widget_black-studio-tinymce widget_black_studio_tinymce panel-first-child panel-last-child\" data-index=\"0\" ><div class=\"textwidget\"><p><a href=\"http:\/\/wpd.ugr.es\/~icufop\/wp-content\/uploads\/Di\u0301ez-Enrique-250x250.jpg\"><img loading=\"lazy\" decoding=\"async\" class=\"alignleft size-thumbnail wp-image-313\" src=\"http:\/\/wpd.ugr.es\/~icufop\/wp-content\/uploads\/Di\u0301ez-Enrique-250x250-150x150.jpg\" alt=\"Enrique D\u00edez\" width=\"150\" height=\"150\" srcset=\"https:\/\/wpd.ugr.es\/~icufop\/wp-content\/uploads\/Di\u0301ez-Enrique-250x250-150x150.jpg 150w, https:\/\/wpd.ugr.es\/~icufop\/wp-content\/uploads\/Di\u0301ez-Enrique-250x250.jpg 200w\" sizes=\"(max-width: 150px) 100vw, 150px\" \/><\/a><\/p>\n<\/div><\/div><\/div><div id=\"pgc-312-0-1\"  class=\"panel-grid-cell\" ><div id=\"panel-312-0-1-0\" class=\"so-panel widget widget_black-studio-tinymce widget_black_studio_tinymce panel-first-child panel-last-child\" data-index=\"1\" ><div class=\"panel-widget-style panel-widget-style-for-312-0-1-0\" ><h3 class=\"widget-title\">Enrique Javier D\u00edez Guti\u00e9rrez<\/h3><div class=\"textwidget\"><h4>Investigador<\/h4>\n<p>Profesor de la <a href=\"https:\/\/www.unileon.es\/\">Universidad de Le\u00f3n<\/a>. Doctor en Ciencias de la Educaci\u00f3n. Licenciado en Filosof\u00eda. Diplomado en Trabajo Social y Educaci\u00f3n Social. Ha trabajado como educador social, como maestro de primaria, como profesor de secundaria, como orientador en institutos y como responsable de atenci\u00f3n a la diversidad en la administraci\u00f3n educativa. Actualmente es Profesor de la Facultad de Educaci\u00f3n de la Universidad de Le\u00f3n y Coordinador del \u00c1rea Federal de Educaci\u00f3n de Izquierda Unida a nivel nacional. Es tambi\u00e9n vicepresidente del \u201cForo por la Memoria de Le\u00f3n\u201d que trabaja sobre la recuperaci\u00f3n de la memoria hist\u00f3rica y su \u00faltimo proyecto ha sido la creaci\u00f3n de un monumento a los dos mil Fusilados del franquismo en el cementerio de la ciudad de Le\u00f3n. Es secretario de la Asociaci\u00f3n \u201cPrometeo, Hombres por la Igualdad de Le\u00f3n\u201d, que lucha por la implicaci\u00f3n de los hombres en la lucha por la igualdad y participan activamente con los colectivos feministas en la denuncia de la violencia de g\u00e9nero. Y presidente de la asociaci\u00f3n estatal \u201cHombres por la Abolici\u00f3n de la Prostituci\u00f3n\u201d que denuncia la complicidad de los hombres en esta forma de violencia de g\u00e9nero y proponen la soluci\u00f3n sueca para la erradicaci\u00f3n de esta explotaci\u00f3n y esclavitud en la sociedad actual.<\/p>\n<\/div><\/div><\/div><\/div><\/div><div id=\"pg-312-1\"  class=\"panel-grid panel-no-style\" ><div id=\"pgc-312-1-0\"  class=\"panel-grid-cell panel-grid-cell-empty\" ><\/div><div id=\"pgc-312-1-1\"  class=\"panel-grid-cell panel-grid-cell-mobile-last\" ><div id=\"panel-312-1-1-0\" class=\"so-panel widget widget_black-studio-tinymce widget_black_studio_tinymce panel-first-child panel-last-child\" data-index=\"2\" ><div class=\"textwidget\"><table><tbody><tr><td>Correo electr\u00f3nico<\/td><td><a href=\"mailto:enrique.diez@unileon.es\">enrique.diez@unileon.es<\/a><\/td><\/tr><tr><td>Titulaci\u00f3n<\/td><td>Doctor en Ciencias de la Educaci\u00f3n<\/td><\/tr><tr><td>Puesto de trabajo<\/td><td>Profesor Titular de Universidad<\/td><\/tr><tr><td>Departamento<\/td><td>Did\u00e1ctica General, Espec\u00edficas y Teor\u00eda de la Educaci\u00f3n<\/td><\/tr><tr><td>Universidad<\/td><td>Facultad de Educaci\u00f3n. Universidad de Le\u00f3n<\/td><\/tr><tr><td>P\u00e1gina web<\/td><td><a href=\"http:\/\/educar.unileon.es\">http:\/\/educar.unileon.es<\/a> | <a href=\"https:\/\/educa2012.wordpress.com\/\">https:\/\/educa2012.wordpress.com\/<\/a><\/td><\/tr><tr><td>Twitter<\/td><td><a href=\"http:\/\/twitter.com\/EnriqueJDiez\">@EnriqueJDiez<\/a><\/td><\/tr><tr><td>L\u00edneas de trabajo y especializaci\u00f3n<\/td><td>Organizaci\u00f3n educativa, Educaci\u00f3n intercultural, G\u00e9nero y Pol\u00edtica educativa<\/td><\/tr><\/tbody><\/table><p>\u00a0<\/p><\/div><\/div><\/div><div id=\"pgc-312-1-2\"  class=\"panel-grid-cell panel-grid-cell-empty\" ><\/div><\/div><div id=\"pg-312-2\"  class=\"panel-grid panel-no-style\" ><div id=\"pgc-312-2-0\"  class=\"panel-grid-cell\" ><div id=\"panel-312-2-0-0\" class=\"so-panel widget widget_black-studio-tinymce widget_black_studio_tinymce panel-first-child panel-last-child\" data-index=\"3\" ><div class=\"textwidget\"><h4>Publicaciones recientes destacadas:<\/h4>\n<ul>\n<li><em>Qu\u00e9 hacemos con la Universidad<\/em> con Josep Ferrer, Adoraci\u00f3n Guam\u00e1n y Ana Jorge (Akal, 2014)<\/li>\n<li><em>Educaci\u00f3n P\u00fablica: de tod@s, para tod@s<\/em> con Adoraci\u00f3n Guam\u00e1n (Bomarzo, 2013)<\/li>\n<li><em>Qu\u00e9 hacemos con la educaci\u00f3n<\/em> con Agust\u00edn Moreno y Jose Luis Pazos (Akal, 2012)<\/li>\n<li><em>Educaci\u00f3n Intercultural: Manual de Grado<\/em> (Aljibe, 2012)<\/li>\n<li>\u201c<em>Decrecimiento y educaci\u00f3n\u201d <\/em>con Carlos Taibo (Catarata, 2011)<em>, <\/em><em>Globalizaci\u00f3n y Educaci\u00f3n Cr\u00edtica<\/em> (Colombia, 2009)<\/li>\n<li><em>Globalizaci\u00f3n neoliberal y sus repercusiones en la educaci\u00f3n<\/em> (El Roure, 2007)<\/li>\n<\/ul>\n<p>Colabora con peri\u00f3dicos y revistas como <em>El Viejo Topo, Diagonal, El Pa\u00eds, P\u00fablico <\/em>o<em> Diario de Le\u00f3n<\/em>.<\/p>\n<p>\u00a0<\/p>\n<\/div><\/div><\/div><\/div><div id=\"pg-312-3\"  class=\"panel-grid panel-no-style\" ><div id=\"pgc-312-3-0\"  class=\"panel-grid-cell panel-grid-cell-empty\" ><\/div><div id=\"pgc-312-3-1\"  class=\"panel-grid-cell panel-grid-cell-mobile-last\" ><div id=\"panel-312-3-1-0\" class=\"so-panel widget widget_black-studio-tinymce widget_black_studio_tinymce panel-first-child panel-last-child\" data-index=\"4\" ><div class=\"panel-widget-style panel-widget-style-for-312-3-1-0\" ><div class=\"textwidget\"><h4 style=\"text-align: center;\"><a href=\"http:\/\/scholar.google.es\/citations?user=kKNXt3YAAAAJ&amp;hl=es\">Perfil de Google Acad\u00e9mico<\/a><\/h4>\n<\/div><\/div><\/div><\/div><div id=\"pgc-312-3-2\"  class=\"panel-grid-cell panel-grid-cell-empty\" ><\/div><\/div><div id=\"pg-312-4\"  class=\"panel-grid panel-no-style\" ><div id=\"pgc-312-4-0\"  class=\"panel-grid-cell panel-grid-cell-empty\" ><\/div><div id=\"pgc-312-4-1\"  class=\"panel-grid-cell panel-grid-cell-mobile-last\" ><div id=\"panel-312-4-1-0\" class=\"so-panel widget widget_black-studio-tinymce widget_black_studio_tinymce panel-first-child panel-last-child\" data-index=\"5\" ><div class=\"panel-widget-style panel-widget-style-for-312-4-1-0\" ><div class=\"textwidget\"><h4 style=\"text-align: center;\"><a href=\"http:\/\/es.wikipedia.org\/wiki\/Enrique_Javier_D%C3%ADez_Guti%C3%A9rrez\">P\u00e1gina en Wikipedia<\/a><\/h4>\n<\/div><\/div><\/div><\/div><div id=\"pgc-312-4-2\"  class=\"panel-grid-cell panel-grid-cell-empty\" ><\/div><\/div><\/div>","protected":false},"excerpt":{"rendered":"<p>InvestigadorProfesor de la Universidad de Le\u00f3n. Doctor en Ciencias de la Educaci\u00f3n. Licenciado en Filosof\u00eda. Diplomado en Trabajo Social y Educaci\u00f3n Social. Ha trabajado como educador social, como maestro de primaria, como profesor de secundaria, como orientador en institutos y como responsable de atenci\u00f3n a la diversidad en la administraci\u00f3n educativa. Actualmente es Profesor de [&hellip;]<\/p>\n","protected":false},"author":1,"featured_media":0,"parent":10,"menu_order":0,"comment_status":"open","ping_status":"closed","template":"custom-page.php","meta":{"_acf_changed":false,"jetpack_post_was_ever_published":false,"footnotes":""},"acf":[],"jetpack_sharing_enabled":true,"jetpack_shortlink":"https:\/\/wp.me\/P64Oaw-52","_links":{"self":[{"href":"https:\/\/wpd.ugr.es\/~icufop\/wp-json\/wp\/v2\/pages\/312"}],"collection":[{"href":"https:\/\/wpd.ugr.es\/~icufop\/wp-json\/wp\/v2\/pages"}],"about":[{"href":"https:\/\/wpd.ugr.es\/~icufop\/wp-json\/wp\/v2\/types\/page"}],"author":[{"embeddable":true,"href":"https:\/\/wpd.ugr.es\/~icufop\/wp-json\/wp\/v2\/users\/1"}],"replies":[{"embeddable":true,"href":"https:\/\/wpd.ugr.es\/~icufop\/wp-json\/wp\/v2\/comments?post=312"}],"version-history":[{"count":1,"href":"https:\/\/wpd.ugr.es\/~icufop\/wp-json\/wp\/v2\/pages\/312\/revisions"}],"predecessor-version":[{"id":315,"href":"https:\/\/wpd.ugr.es\/~icufop\/wp-json\/wp\/v2\/pages\/312\/revisions\/315"}],"up":[{"embeddable":true,"href":"https:\/\/wpd.ugr.es\/~icufop\/wp-json\/wp\/v2\/pages\/10"}],"wp:attachment":[{"href":"https:\/\/wpd.ugr.es\/~icufop\/wp-json\/wp\/v2\/media?parent=312"}],"curies":[{"name":"wp","href":"https:\/\/api.w.org\/{rel}","templated":true}]}}