{"id":318,"date":"2015-05-07T17:50:25","date_gmt":"2015-05-07T17:50:25","guid":{"rendered":"http:\/\/wpd.ugr.es\/~icufop\/?page_id=318"},"modified":"2015-05-07T17:51:50","modified_gmt":"2015-05-07T17:51:50","slug":"david-perez-heredia","status":"publish","type":"page","link":"https:\/\/wpd.ugr.es\/~icufop\/miembros-icufop\/david-perez-heredia\/","title":{"rendered":"Manuel David P\u00e9rez Heredia"},"content":{"rendered":"<div id=\"pl-318\"  class=\"panel-layout\" ><div id=\"pg-318-0\"  class=\"panel-grid panel-no-style\" ><div id=\"pgc-318-0-0\"  class=\"panel-grid-cell\" ><div id=\"panel-318-0-0-0\" class=\"so-panel widget widget_black-studio-tinymce widget_black_studio_tinymce panel-first-child panel-last-child\" data-index=\"0\" ><div class=\"textwidget\"><p><a href=\"http:\/\/wpd.ugr.es\/~icufop\/wp-content\/uploads\/Screen-Shot-2015-05-07-at-19.42.40.png\"><img loading=\"lazy\" decoding=\"async\" class=\"alignleft size-thumbnail wp-image-319\" src=\"http:\/\/wpd.ugr.es\/~icufop\/wp-content\/uploads\/Screen-Shot-2015-05-07-at-19.42.40-150x150.png\" alt=\"David P\u00e9rez\" width=\"150\" height=\"150\" \/><\/a><\/p>\n<\/div><\/div><\/div><div id=\"pgc-318-0-1\"  class=\"panel-grid-cell\" ><div id=\"panel-318-0-1-0\" class=\"so-panel widget widget_black-studio-tinymce widget_black_studio_tinymce panel-first-child panel-last-child\" data-index=\"1\" ><div class=\"panel-widget-style panel-widget-style-for-318-0-1-0\" ><h3 class=\"widget-title\">Manuel David P\u00e9rez Heredia<\/h3><div class=\"textwidget\"><h4>Investigador<\/h4>\n<p>Licenciado en Pedagog\u00eda y Diplomado en Magisterio de Educaci\u00f3n F\u00edsica. Grado medio en gesti\u00f3n administrativa. Activista y participante de movimientos sociales. Ha trabajado como monitor de actividades en centro de servicios sociales. Actualmente colabora con la Asociaci\u00f3n PIDES con la impartici\u00f3n de talleres en el Centro Penitenciario de Albolote a trav\u00e9s de su proyecto de intervenci\u00f3n \u201cLa mano verde\u201d.<\/p>\n<\/div><\/div><\/div><\/div><\/div><div id=\"pg-318-1\"  class=\"panel-grid panel-no-style\" ><div id=\"pgc-318-1-0\"  class=\"panel-grid-cell panel-grid-cell-empty\" ><\/div><div id=\"pgc-318-1-1\"  class=\"panel-grid-cell panel-grid-cell-mobile-last\" ><div id=\"panel-318-1-1-0\" class=\"so-panel widget widget_black-studio-tinymce widget_black_studio_tinymce panel-first-child panel-last-child\" data-index=\"2\" ><div class=\"textwidget\"><table><tbody><tr><td>Correo electr\u00f3nico<\/td><td><a href=\"mailto:dalyx20039@gmail.com\">dalyx20039@gmail.com<\/a><\/td><\/tr><tr><td>Titulaci\u00f3n<\/td><td>Licenciado en Pedagog\u00eda<\/td><\/tr><tr><td>P\u00e1gina web<\/td><td><a href=\"http:\/\/piensacrealucha.wordpress.com\">piensacrealucha.wordpress.com<\/a><\/td><\/tr><tr><td>Twitter<\/td><td><a href=\"http:\/\/twitter.com\/mdaviip\">@mdaviip<\/a><\/td><\/tr><tr><td>L\u00edneas de trabajo y especializaci\u00f3n<\/td><td>TIC y Educaci\u00f3n, Alfabetizaci\u00f3n, Educaci\u00f3n social, movimientos sociales, redes de colaboraci\u00f3n, educaci\u00f3n expandida<\/td><\/tr><\/tbody><\/table><p>\u00a0<\/p><\/div><\/div><\/div><div id=\"pgc-318-1-2\"  class=\"panel-grid-cell panel-grid-cell-empty\" ><\/div><\/div><div id=\"pg-318-2\"  class=\"panel-grid panel-no-style\" ><div id=\"pgc-318-2-0\"  class=\"panel-grid-cell\" ><div id=\"panel-318-2-0-0\" class=\"so-panel widget widget_black-studio-tinymce widget_black_studio_tinymce panel-first-child panel-last-child\" data-index=\"3\" ><div class=\"textwidget\"><h4>Publicaciones recientes destacadas:<\/h4>\n<ul>\n<li>Garc\u00eda Sierra, Juan M.; P\u00e9rez Heredia, M. David y Jim\u00e9nez Cuadros, Javier. <a href=\"http:\/\/www.cuadernosartesanos.org\/2014\/cac61.pdf\">Un acercamiento a los factores de desarrollo de las iniciativas P2P<\/a>. En Esteban Romero Fr\u00edas y Mar\u00eda S\u00e1nchez Gonz\u00e1lez eds. (2014). Ciencias sociales y humanidades digitales : t\u00e9cnicas, herramientas y experiencias de e-research e investigaci\u00f3n en colaboraci\u00f3n. La Laguna (Tenerife). Sociedad Latina de Comunicaci\u00f3n Social. Pags 183-193.<\/li>\n<li>Perez Heredia, David y Hern\u00e1ndez Merayo Elisa (2013) <a href=\"http:\/\/dialnet.unirioja.es\/servlet\/articulo?codigo=4514777\">El teatro de lo posible<\/a>. <i>Cuadernos de pedagog\u00eda,<\/i> 440, 58-62<\/li>\n<li>Hern\u00e1ndez Merayo, Elisa y P\u00e9rez Heredia, M. David (2012). \u00bf<a href=\"https:\/\/www.academia.edu\/1778468\/_Qu%8E_nos_dicen_qu%8E_queremos_saber_un_an%87lisis_cr%92tico_de_informes_sobre_nuevas_tecnolog%92as\">Qu\u00e9 nos dicen, qu\u00e9 queremos saber? Un an\u00e1lisis cr\u00edtico de informes sobre nuevas tecnolog\u00edas<\/a>. CIMIE: Congreso Internacional Multidisplinar de Investigaci\u00f3n Educativa.<\/li>\n<li>Hern\u00e1ndez Merayo, Elisa; Robles Vilchez, M. Carmen y P\u00e9rez Heredia, M. David (2011). <a href=\"http:\/\/www.quadernsdigitals.net\/index.php?accionMenu=hemeroteca.VisualizaArticuloIU.visualiza&amp;articulo_id=11051\">Una experiencia de ciudadan\u00eda joven y cr\u00edtica. Aproximaci\u00f3n educativa al 15M<\/a>. <em>Revista Quaderns Digitals, 69. Actas Congreso Mejora Educativa y Ciudadan\u00eda Cr\u00edtica \/ Mesa 3: Ciudadan\u00eda cr\u00edtica y transformaci\u00f3n social<\/em>.<\/li>\n<\/ul>\n<\/div><\/div><\/div><\/div><div id=\"pg-318-3\"  class=\"panel-grid panel-no-style\" ><div id=\"pgc-318-3-0\"  class=\"panel-grid-cell panel-grid-cell-empty\" ><\/div><div id=\"pgc-318-3-1\"  class=\"panel-grid-cell panel-grid-cell-mobile-last\" ><div id=\"panel-318-3-1-0\" class=\"so-panel widget widget_black-studio-tinymce widget_black_studio_tinymce panel-first-child panel-last-child\" data-index=\"4\" ><div class=\"panel-widget-style panel-widget-style-for-318-3-1-0\" ><div class=\"textwidget\"><h4 style=\"text-align: center;\"><a href=\"http:\/\/scholar.google.com\/citations?user=Dars19wAAAAJ&amp;hl=es\">Perfil de Google Acad\u00e9mico<\/a><\/h4>\n<\/div><\/div><\/div><\/div><div id=\"pgc-318-3-2\"  class=\"panel-grid-cell panel-grid-cell-empty\" ><\/div><\/div><div id=\"pg-318-4\"  class=\"panel-grid panel-no-style\" ><div id=\"pgc-318-4-0\"  class=\"panel-grid-cell panel-grid-cell-empty\" ><\/div><div id=\"pgc-318-4-1\"  class=\"panel-grid-cell panel-grid-cell-mobile-last\" ><div id=\"panel-318-4-1-0\" class=\"so-panel widget widget_black-studio-tinymce widget_black_studio_tinymce panel-first-child panel-last-child\" data-index=\"5\" ><div class=\"panel-widget-style panel-widget-style-for-318-4-1-0\" ><div class=\"textwidget\"><h4 style=\"text-align: center;\"><a href=\"https:\/\/independent.academia.edu\/ManuelDavidP%C3%A9rezHeredia\">Perfil de Academia.edu<\/a><\/h4>\n<\/div><\/div><\/div><\/div><div id=\"pgc-318-4-2\"  class=\"panel-grid-cell panel-grid-cell-empty\" ><\/div><\/div><\/div>","protected":false},"excerpt":{"rendered":"<p>InvestigadorLicenciado en Pedagog\u00eda y Diplomado en Magisterio de Educaci\u00f3n F\u00edsica. Grado medio en gesti\u00f3n administrativa. Activista y participante de movimientos sociales. Ha trabajado como monitor de actividades en centro de servicios sociales. Actualmente colabora con la Asociaci\u00f3n PIDES con la impartici\u00f3n de talleres en el Centro Penitenciario de Albolote a trav\u00e9s de su proyecto de [&hellip;]<\/p>\n","protected":false},"author":1,"featured_media":0,"parent":10,"menu_order":0,"comment_status":"open","ping_status":"closed","template":"custom-page.php","meta":{"_acf_changed":false,"jetpack_post_was_ever_published":false,"footnotes":""},"acf":[],"jetpack_sharing_enabled":true,"jetpack_shortlink":"https:\/\/wp.me\/P64Oaw-58","_links":{"self":[{"href":"https:\/\/wpd.ugr.es\/~icufop\/wp-json\/wp\/v2\/pages\/318"}],"collection":[{"href":"https:\/\/wpd.ugr.es\/~icufop\/wp-json\/wp\/v2\/pages"}],"about":[{"href":"https:\/\/wpd.ugr.es\/~icufop\/wp-json\/wp\/v2\/types\/page"}],"author":[{"embeddable":true,"href":"https:\/\/wpd.ugr.es\/~icufop\/wp-json\/wp\/v2\/users\/1"}],"replies":[{"embeddable":true,"href":"https:\/\/wpd.ugr.es\/~icufop\/wp-json\/wp\/v2\/comments?post=318"}],"version-history":[{"count":1,"href":"https:\/\/wpd.ugr.es\/~icufop\/wp-json\/wp\/v2\/pages\/318\/revisions"}],"predecessor-version":[{"id":320,"href":"https:\/\/wpd.ugr.es\/~icufop\/wp-json\/wp\/v2\/pages\/318\/revisions\/320"}],"up":[{"embeddable":true,"href":"https:\/\/wpd.ugr.es\/~icufop\/wp-json\/wp\/v2\/pages\/10"}],"wp:attachment":[{"href":"https:\/\/wpd.ugr.es\/~icufop\/wp-json\/wp\/v2\/media?parent=318"}],"curies":[{"name":"wp","href":"https:\/\/api.w.org\/{rel}","templated":true}]}}