{"id":335,"date":"2015-05-20T18:16:41","date_gmt":"2015-05-20T18:16:41","guid":{"rendered":"http:\/\/wpd.ugr.es\/~icufop\/?page_id=335"},"modified":"2015-05-20T18:16:41","modified_gmt":"2015-05-20T18:16:41","slug":"maria-luisa-reyes-lopez","status":"publish","type":"page","link":"https:\/\/wpd.ugr.es\/~icufop\/miembros-icufop\/maria-luisa-reyes-lopez\/","title":{"rendered":"Mar\u00eda Luisa Reyes L\u00f3pez"},"content":{"rendered":"<div id=\"pl-335\"  class=\"panel-layout\" ><div id=\"pg-335-0\"  class=\"panel-grid panel-no-style\" ><div id=\"pgc-335-0-0\"  class=\"panel-grid-cell\" ><div id=\"panel-335-0-0-0\" class=\"so-panel widget widget_black-studio-tinymce widget_black_studio_tinymce panel-first-child panel-last-child\" data-index=\"0\" ><div class=\"textwidget\"><p><a href=\"http:\/\/wpd.ugr.es\/~icufop\/wp-content\/uploads\/mar_rey.png\"><img loading=\"lazy\" decoding=\"async\" class=\"alignleft size-thumbnail wp-image-336\" src=\"http:\/\/wpd.ugr.es\/~icufop\/wp-content\/uploads\/mar_rey-150x150.png\" alt=\"Mar\u00eda Luisa Reyes L\u00f3pez\" width=\"150\" height=\"150\" srcset=\"https:\/\/wpd.ugr.es\/~icufop\/wp-content\/uploads\/mar_rey-150x150.png 150w, https:\/\/wpd.ugr.es\/~icufop\/wp-content\/uploads\/mar_rey.png 300w\" sizes=\"(max-width: 150px) 100vw, 150px\" \/><\/a><\/p>\n<\/div><\/div><\/div><div id=\"pgc-335-0-1\"  class=\"panel-grid-cell\" ><div id=\"panel-335-0-1-0\" class=\"so-panel widget widget_black-studio-tinymce widget_black_studio_tinymce panel-first-child panel-last-child\" data-index=\"1\" ><div class=\"panel-widget-style panel-widget-style-for-335-0-1-0\" ><h3 class=\"widget-title\">Mar\u00eda Luisa Reyes L\u00f3pez<\/h3><div class=\"textwidget\"><h4>Investigadora<\/h4>\n<p>Profesora contratada doctora del Departamento de Did\u00e1ctica de la Expresi\u00f3n Musical, Pl\u00e1stica y Corporal en la Facultad de Ciencias de la Educaci\u00f3n de la Universidad de Granada (Espa\u00f1a) en la que imparte materias relacionadas con la Educaci\u00f3n Musical en las etapas de Primaria e Infantil. Titulada Superior de Piano y Doctora en Ciencias de la Educaci\u00f3n por la Universidad de Granada. Desde 2006 coordina el Aula de Educaci\u00f3n Musical para ni\u00f1os y ni\u00f1as dentro de la Facultad de Ciencias de la Educaci\u00f3n de la Universidad de Granada. Ha participado en proyectos de Investigaci\u00f3n sobre el estudio de los efectos de la banda sonora y sus narrativas audiovisuales en la infancia, el aprendizaje en las redes sociales, y la Educaci\u00f3n Musical temprana.\u00a0Ha coordinado proyectos de innovaci\u00f3n docente y cursos de formaci\u00f3n de profesorado. Actualmente es secretar\u00eda del Departamento de Did\u00e1ctica de la Expresi\u00f3n Musical, Pl\u00e1stica y Corporal.<\/p>\n<\/div><\/div><\/div><\/div><\/div><div id=\"pg-335-1\"  class=\"panel-grid panel-no-style\" ><div id=\"pgc-335-1-0\"  class=\"panel-grid-cell panel-grid-cell-empty\" ><\/div><div id=\"pgc-335-1-1\"  class=\"panel-grid-cell panel-grid-cell-mobile-last\" ><div id=\"panel-335-1-1-0\" class=\"so-panel widget widget_black-studio-tinymce widget_black_studio_tinymce panel-first-child panel-last-child\" data-index=\"2\" ><div class=\"textwidget\"><table><tbody><tr><td>Correo electr\u00f3nico<\/td><td><a href=\"mailto:mlreyes@ugr.es\">mlreyes@ugr.es<\/a><\/td><\/tr><tr><td>Titulaci\u00f3n<\/td><td>Doctora en Educaci\u00f3n<\/td><\/tr><tr><td>Puesto de trabajo<\/td><td>Contratada Doctora<\/td><\/tr><tr><td>Departamento<\/td><td>Did\u00e1ctica de la Expresi\u00f3n Musical. Pl\u00e1stica y Corporal<\/td><\/tr><tr><td>Universidad<\/td><td>Facultad de Ciencias de la Educaci\u00f3n. Universidad de Granada<\/td><\/tr><tr><td>L\u00edneas de trabajo y especializaci\u00f3n<\/td><td>Educaci\u00f3n musical temprana, Infancia y banda sonora, Ciudadan\u00eda y redes sociales<\/td><\/tr><\/tbody><\/table><p>\u00a0<\/p><\/div><\/div><\/div><div id=\"pgc-335-1-2\"  class=\"panel-grid-cell panel-grid-cell-empty\" ><\/div><\/div><div id=\"pg-335-2\"  class=\"panel-grid panel-no-style\" ><div id=\"pgc-335-2-0\"  class=\"panel-grid-cell\" ><div id=\"panel-335-2-0-0\" class=\"so-panel widget widget_black-studio-tinymce widget_black_studio_tinymce panel-first-child panel-last-child\" data-index=\"3\" ><div class=\"textwidget\"><h4>Publicaciones recientes destacadas:<\/h4>\n<ul>\n<li>\n<div class=\"gs_gray\">\u00a0<\/div>\n<\/li>\n<\/ul>\n<p>\u00a0<\/p>\n<\/div><\/div><\/div><\/div><div id=\"pg-335-3\"  class=\"panel-grid panel-no-style\" ><div id=\"pgc-335-3-0\"  class=\"panel-grid-cell panel-grid-cell-empty\" ><\/div><div id=\"pgc-335-3-1\"  class=\"panel-grid-cell panel-grid-cell-mobile-last\" ><div id=\"panel-335-3-1-0\" class=\"so-panel widget widget_black-studio-tinymce widget_black_studio_tinymce panel-first-child panel-last-child\" data-index=\"4\" ><div class=\"panel-widget-style panel-widget-style-for-335-3-1-0\" ><div class=\"textwidget\"><h4 style=\"text-align: center;\"><a href=\"http:\/\/dialnet.unirioja.es\/servlet\/autor?codigo=1892959\">Perfil de Dialnet<\/a><\/h4>\n<\/div><\/div><\/div><\/div><div id=\"pgc-335-3-2\"  class=\"panel-grid-cell panel-grid-cell-empty\" ><\/div><\/div><\/div>","protected":false},"excerpt":{"rendered":"<p>InvestigadoraProfesora contratada doctora del Departamento de Did\u00e1ctica de la Expresi\u00f3n Musical, Pl\u00e1stica y Corporal en la Facultad de Ciencias de la Educaci\u00f3n de la Universidad de Granada (Espa\u00f1a) en la que imparte materias relacionadas con la Educaci\u00f3n Musical en las etapas de Primaria e Infantil. Titulada Superior de Piano y Doctora en Ciencias de la [&hellip;]<\/p>\n","protected":false},"author":1,"featured_media":0,"parent":10,"menu_order":0,"comment_status":"open","ping_status":"closed","template":"custom-page.php","meta":{"_acf_changed":false,"jetpack_post_was_ever_published":false,"footnotes":""},"acf":[],"jetpack_sharing_enabled":true,"jetpack_shortlink":"https:\/\/wp.me\/P64Oaw-5p","_links":{"self":[{"href":"https:\/\/wpd.ugr.es\/~icufop\/wp-json\/wp\/v2\/pages\/335"}],"collection":[{"href":"https:\/\/wpd.ugr.es\/~icufop\/wp-json\/wp\/v2\/pages"}],"about":[{"href":"https:\/\/wpd.ugr.es\/~icufop\/wp-json\/wp\/v2\/types\/page"}],"author":[{"embeddable":true,"href":"https:\/\/wpd.ugr.es\/~icufop\/wp-json\/wp\/v2\/users\/1"}],"replies":[{"embeddable":true,"href":"https:\/\/wpd.ugr.es\/~icufop\/wp-json\/wp\/v2\/comments?post=335"}],"version-history":[{"count":1,"href":"https:\/\/wpd.ugr.es\/~icufop\/wp-json\/wp\/v2\/pages\/335\/revisions"}],"predecessor-version":[{"id":337,"href":"https:\/\/wpd.ugr.es\/~icufop\/wp-json\/wp\/v2\/pages\/335\/revisions\/337"}],"up":[{"embeddable":true,"href":"https:\/\/wpd.ugr.es\/~icufop\/wp-json\/wp\/v2\/pages\/10"}],"wp:attachment":[{"href":"https:\/\/wpd.ugr.es\/~icufop\/wp-json\/wp\/v2\/media?parent=335"}],"curies":[{"name":"wp","href":"https:\/\/api.w.org\/{rel}","templated":true}]}}