{"id":338,"date":"2015-05-20T18:24:56","date_gmt":"2015-05-20T18:24:56","guid":{"rendered":"http:\/\/wpd.ugr.es\/~icufop\/?page_id=338"},"modified":"2015-05-20T18:24:56","modified_gmt":"2015-05-20T18:24:56","slug":"almudena-ocana-fernandez","status":"publish","type":"page","link":"https:\/\/wpd.ugr.es\/~icufop\/miembros-icufop\/almudena-ocana-fernandez\/","title":{"rendered":"Almudena Oca\u00f1a Fern\u00e1ndez"},"content":{"rendered":"<div id=\"pl-338\"  class=\"panel-layout\" ><div id=\"pg-338-0\"  class=\"panel-grid panel-no-style\" ><div id=\"pgc-338-0-0\"  class=\"panel-grid-cell\" ><div id=\"panel-338-0-0-0\" class=\"so-panel widget widget_black-studio-tinymce widget_black_studio_tinymce panel-first-child panel-last-child\" data-index=\"0\" ><div class=\"textwidget\"><p><a href=\"http:\/\/wpd.ugr.es\/~icufop\/wp-content\/uploads\/Screen-Shot-2015-05-20-at-20.19.22.png\"><img loading=\"lazy\" decoding=\"async\" class=\"alignleft size-thumbnail wp-image-339\" src=\"http:\/\/wpd.ugr.es\/~icufop\/wp-content\/uploads\/Screen-Shot-2015-05-20-at-20.19.22-149x150.png\" alt=\"Almudena Oca\u00f1a\" width=\"149\" height=\"150\" \/><\/a><\/p>\n<\/div><\/div><\/div><div id=\"pgc-338-0-1\"  class=\"panel-grid-cell\" ><div id=\"panel-338-0-1-0\" class=\"so-panel widget widget_black-studio-tinymce widget_black_studio_tinymce panel-first-child panel-last-child\" data-index=\"1\" ><div class=\"panel-widget-style panel-widget-style-for-338-0-1-0\" ><h3 class=\"widget-title\">Almudena Oca\u00f1a Fern\u00e1ndez<\/h3><div class=\"textwidget\"><h4>Investigadora<\/h4>\n<p>Profesora contratada doctora del Departamento de Did\u00e1ctica Expresi\u00f3n Musical, Pl\u00e1stica y Corporal de la Universidad de Granada (Espa\u00f1a) donde ha impartido diferentes asignaturas relacionadas con la Educaci\u00f3n Musical en los diferentes Grados de Magisterio y sobre procesos de investigaci\u00f3n cualitativa y creatividad musical en diferentes m\u00e1steres. Diplomada en Magisterio (Especialidad Educaci\u00f3n Musical), Licenciada en Historia y Ciencias de la M\u00fasica y Doctora en Ciencias de la Educaci\u00f3n por la Universidad de Granada.\u00a0Ha pertenecido a los grupos de investigaci\u00f3n HUM-742, RNM-304 y actualmente forma parte del grupo ICUFOP con el que trabaja sobre aspectos relacionados con la ciudadan\u00eda en los nuevos escenarios digitales y escolares.<\/p>\n<p>Entre sus l\u00edneas de investigaci\u00f3n destacan la investigaci\u00f3n biogr\u00e1fico narrativa en la formaci\u00f3n del docente, el an\u00e1lisis de la banda sonora infantil y su repercusi\u00f3n educativa y los procesos de enculturaci\u00f3n musical en la infancia. Actualmente es Vicedecana de Estudiantes y Extensi\u00f3n Universitaria de la Facultad de Ciencias de la Educaci\u00f3n de la UGR.<\/p>\n<\/div><\/div><\/div><\/div><\/div><div id=\"pg-338-1\"  class=\"panel-grid panel-no-style\" ><div id=\"pgc-338-1-0\"  class=\"panel-grid-cell panel-grid-cell-empty\" ><\/div><div id=\"pgc-338-1-1\"  class=\"panel-grid-cell panel-grid-cell-mobile-last\" ><div id=\"panel-338-1-1-0\" class=\"so-panel widget widget_black-studio-tinymce widget_black_studio_tinymce panel-first-child panel-last-child\" data-index=\"2\" ><div class=\"textwidget\"><table><tbody><tr><td>Correo electr\u00f3nico<\/td><td><a href=\"mailto:aocafer@ugr.es\">aocafer@ugr.es<\/a><\/td><\/tr><tr><td>Titulaci\u00f3n<\/td><td>Doctora en Educaci\u00f3n<\/td><\/tr><tr><td>Puesto de trabajo<\/td><td>Contratada Doctora<\/td><\/tr><tr><td>Departamento<\/td><td>Did\u00e1ctica de la Expresi\u00f3n Musical. Pl\u00e1stica y Corporal<\/td><\/tr><tr><td>Universidad<\/td><td>Facultad de Ciencias de la Educaci\u00f3n. Universidad de Granada<\/td><\/tr><tr><td>P\u00e1gina web<\/td><td><a href=\"http:\/\/almudena-ocana.es\">http:\/\/almudena-ocana.es<\/a><\/td><\/tr><tr><td>L\u00edneas de trabajo y especializaci\u00f3n<\/td><td>Educaci\u00f3n musical temprana, Infancia y banda sonora, Ciudadan\u00eda y redes sociales<\/td><\/tr><\/tbody><\/table><p>\u00a0<\/p><\/div><\/div><\/div><div id=\"pgc-338-1-2\"  class=\"panel-grid-cell panel-grid-cell-empty\" ><\/div><\/div><div id=\"pg-338-2\"  class=\"panel-grid panel-no-style\" ><div id=\"pgc-338-2-0\"  class=\"panel-grid-cell\" ><div id=\"panel-338-2-0-0\" class=\"so-panel widget widget_black-studio-tinymce widget_black_studio_tinymce panel-first-child panel-last-child\" data-index=\"3\" ><div class=\"textwidget\"><h4>Publicaciones recientes destacadas:<\/h4>\n<ul>\n<li>\n<div class=\"gs_gray\">\u00a0<\/div>\n<\/li>\n<\/ul>\n<p>\u00a0<\/p>\n<\/div><\/div><\/div><\/div><div id=\"pg-338-3\"  class=\"panel-grid panel-no-style\" ><div id=\"pgc-338-3-0\"  class=\"panel-grid-cell panel-grid-cell-empty\" ><\/div><div id=\"pgc-338-3-1\"  class=\"panel-grid-cell panel-grid-cell-mobile-last\" ><div id=\"panel-338-3-1-0\" class=\"so-panel widget widget_black-studio-tinymce widget_black_studio_tinymce panel-first-child panel-last-child\" data-index=\"4\" ><div class=\"panel-widget-style panel-widget-style-for-338-3-1-0\" ><div class=\"textwidget\"><h4 style=\"text-align: center;\"><a href=\"http:\/\/dialnet.unirioja.es\/servlet\/autor?codigo=794184\">Perfil de Dialnet<\/a><\/h4>\n<\/div><\/div><\/div><\/div><div id=\"pgc-338-3-2\"  class=\"panel-grid-cell panel-grid-cell-empty\" ><\/div><\/div><\/div>","protected":false},"excerpt":{"rendered":"<p>InvestigadoraProfesora contratada doctora del Departamento de Did\u00e1ctica Expresi\u00f3n Musical, Pl\u00e1stica y Corporal de la Universidad de Granada (Espa\u00f1a) donde ha impartido diferentes asignaturas relacionadas con la Educaci\u00f3n Musical en los diferentes Grados de Magisterio y sobre procesos de investigaci\u00f3n cualitativa y creatividad musical en diferentes m\u00e1steres. Diplomada en Magisterio (Especialidad Educaci\u00f3n Musical), Licenciada en Historia [&hellip;]<\/p>\n","protected":false},"author":1,"featured_media":0,"parent":10,"menu_order":0,"comment_status":"open","ping_status":"closed","template":"custom-page.php","meta":{"_acf_changed":false,"jetpack_post_was_ever_published":false,"footnotes":""},"acf":[],"jetpack_sharing_enabled":true,"jetpack_shortlink":"https:\/\/wp.me\/P64Oaw-5s","_links":{"self":[{"href":"https:\/\/wpd.ugr.es\/~icufop\/wp-json\/wp\/v2\/pages\/338"}],"collection":[{"href":"https:\/\/wpd.ugr.es\/~icufop\/wp-json\/wp\/v2\/pages"}],"about":[{"href":"https:\/\/wpd.ugr.es\/~icufop\/wp-json\/wp\/v2\/types\/page"}],"author":[{"embeddable":true,"href":"https:\/\/wpd.ugr.es\/~icufop\/wp-json\/wp\/v2\/users\/1"}],"replies":[{"embeddable":true,"href":"https:\/\/wpd.ugr.es\/~icufop\/wp-json\/wp\/v2\/comments?post=338"}],"version-history":[{"count":1,"href":"https:\/\/wpd.ugr.es\/~icufop\/wp-json\/wp\/v2\/pages\/338\/revisions"}],"predecessor-version":[{"id":340,"href":"https:\/\/wpd.ugr.es\/~icufop\/wp-json\/wp\/v2\/pages\/338\/revisions\/340"}],"up":[{"embeddable":true,"href":"https:\/\/wpd.ugr.es\/~icufop\/wp-json\/wp\/v2\/pages\/10"}],"wp:attachment":[{"href":"https:\/\/wpd.ugr.es\/~icufop\/wp-json\/wp\/v2\/media?parent=338"}],"curies":[{"name":"wp","href":"https:\/\/api.w.org\/{rel}","templated":true}]}}