{"id":84,"date":"2022-05-04T14:01:08","date_gmt":"2022-05-04T13:01:08","guid":{"rendered":"http:\/\/innoteduc"},"modified":"2022-10-30T08:04:57","modified_gmt":"2022-10-30T07:04:57","slug":"organos-de-coordinacion","status":"publish","type":"page","link":"https:\/\/wpd.ugr.es\/~innoteduc\/organos-de-coordinacion\/","title":{"rendered":"\u00d3rgano de coordinaci\u00f3n"},"content":{"rendered":"\t\t<div data-elementor-type=\"wp-page\" data-elementor-id=\"84\" class=\"elementor elementor-84\">\n\t\t\t\t\t\t\t\t\t<section class=\"elementor-section elementor-top-section elementor-element elementor-element-4a726a8 elementor-section-height-min-height elementor-section-boxed elementor-section-height-default elementor-section-items-middle\" data-id=\"4a726a8\" data-element_type=\"section\" data-settings=\"{&quot;background_background&quot;:&quot;classic&quot;}\">\n\t\t\t\t\t\t\t<div class=\"elementor-background-overlay\"><\/div>\n\t\t\t\t\t\t\t<div class=\"elementor-container elementor-column-gap-default\">\n\t\t\t\t\t<div class=\"elementor-column elementor-col-100 elementor-top-column elementor-element elementor-element-283056d\" data-id=\"283056d\" data-element_type=\"column\">\n\t\t\t<div class=\"elementor-widget-wrap elementor-element-populated\">\n\t\t\t\t\t\t\t\t<div class=\"elementor-element elementor-element-1bb9ea3 elementor-widget elementor-widget-heading\" data-id=\"1bb9ea3\" data-element_type=\"widget\" data-widget_type=\"heading.default\">\n\t\t\t\t<div class=\"elementor-widget-container\">\n\t\t\t<style>\/*! elementor - v3.13.3 - 28-05-2023 *\/\n.elementor-heading-title{padding:0;margin:0;line-height:1}.elementor-widget-heading .elementor-heading-title[class*=elementor-size-]>a{color:inherit;font-size:inherit;line-height:inherit}.elementor-widget-heading .elementor-heading-title.elementor-size-small{font-size:15px}.elementor-widget-heading .elementor-heading-title.elementor-size-medium{font-size:19px}.elementor-widget-heading .elementor-heading-title.elementor-size-large{font-size:29px}.elementor-widget-heading .elementor-heading-title.elementor-size-xl{font-size:39px}.elementor-widget-heading .elementor-heading-title.elementor-size-xxl{font-size:59px}<\/style><h1 class=\"elementor-heading-title elementor-size-default\">\u00d3rgano de coordinaci\u00f3n<\/h1>\t\t<\/div>\n\t\t\t\t<\/div>\n\t\t\t\t\t<\/div>\n\t\t<\/div>\n\t\t\t\t\t\t\t<\/div>\n\t\t<\/section>\n\t\t\t\t<section class=\"elementor-section elementor-top-section elementor-element elementor-element-eb19867 elementor-section-full_width elementor-section-height-default elementor-section-height-default\" data-id=\"eb19867\" data-element_type=\"section\" data-settings=\"{&quot;background_background&quot;:&quot;classic&quot;}\">\n\t\t\t\t\t\t<div class=\"elementor-container elementor-column-gap-default\">\n\t\t\t\t\t<div class=\"elementor-column elementor-col-100 elementor-top-column elementor-element elementor-element-18569c2\" data-id=\"18569c2\" data-element_type=\"column\">\n\t\t\t<div class=\"elementor-widget-wrap elementor-element-populated\">\n\t\t\t\t\t\t\t\t<div class=\"elementor-element elementor-element-727d69f elementor-view-default elementor-invisible elementor-widget elementor-widget-icon\" data-id=\"727d69f\" data-element_type=\"widget\" data-settings=\"{&quot;_animation&quot;:&quot;fadeInDown&quot;}\" data-widget_type=\"icon.default\">\n\t\t\t\t<div class=\"elementor-widget-container\">\n\t\t\t\t\t<div class=\"elementor-icon-wrapper\">\n\t\t\t<a class=\"elementor-icon\" href=\"#coordinacion\">\n\t\t\t<svg xmlns=\"http:\/\/www.w3.org\/2000\/svg\" id=\"f091b371-0a0c-4a7a-b831-d1a750619811\" data-name=\"Layer 1\" viewBox=\"0 0 24.9999 32\"><title>scroll-down-icon<\/title><g id=\"a2db11b3-5623-466b-a28d-fa1595a1ff7d\" data-name=\"Home-Page-\"><g id=\"a060ad71-be4b-4462-8469-bf6bb42ed1bf\" data-name=\"Hero\"><path d=\"M24.8505,18.7959a.5.5,0,0,0-.707.0059L12.871,30.2773V.5a.5.5,0,0,0-1,0V30.2588L.86,18.8057A.5.5,0,1,0,.14,19.499L12.0087,31.8447l.0078.0078.001.001a.5057.5057,0,0,0,.1274.0928h.001l.001.001.0015.0009a.3267.3267,0,0,0,.0415.0176A.5029.5029,0,0,0,12.3573,32h.0288a.4941.4941,0,0,0,.1783-.0391l.02-.0078v-.001h.002l.0014-.0009a.4835.4835,0,0,0,.1358-.0967h0l.0054-.0059L24.8564,19.5029A.5.5,0,0,0,24.8505,18.7959Z\"><\/path><\/g><\/g><\/svg>\t\t\t<\/a>\n\t\t<\/div>\n\t\t\t\t<\/div>\n\t\t\t\t<\/div>\n\t\t\t\t\t<\/div>\n\t\t<\/div>\n\t\t\t\t\t\t\t<\/div>\n\t\t<\/section>\n\t\t\t\t<section class=\"elementor-section elementor-top-section elementor-element elementor-element-bda43be elementor-section-height-min-height elementor-section-boxed elementor-section-height-default elementor-section-items-middle\" data-id=\"bda43be\" data-element_type=\"section\">\n\t\t\t\t\t\t<div class=\"elementor-container elementor-column-gap-default\">\n\t\t\t\t\t<div class=\"elementor-column elementor-col-100 elementor-top-column elementor-element elementor-element-1418471\" data-id=\"1418471\" data-element_type=\"column\">\n\t\t\t<div class=\"elementor-widget-wrap elementor-element-populated\">\n\t\t\t\t\t\t\t\t<section class=\"elementor-section elementor-inner-section elementor-element elementor-element-10b4f57 elementor-section-boxed elementor-section-height-default elementor-section-height-default\" data-id=\"10b4f57\" data-element_type=\"section\">\n\t\t\t\t\t\t<div class=\"elementor-container elementor-column-gap-default\">\n\t\t\t\t\t<div class=\"elementor-column elementor-col-33 elementor-inner-column elementor-element elementor-element-864c8bb\" data-id=\"864c8bb\" data-element_type=\"column\">\n\t\t\t<div class=\"elementor-widget-wrap\">\n\t\t\t\t\t\t\t\t\t<\/div>\n\t\t<\/div>\n\t\t\t\t<div class=\"elementor-column elementor-col-33 elementor-inner-column elementor-element elementor-element-b86e14f\" data-id=\"b86e14f\" data-element_type=\"column\">\n\t\t\t<div class=\"elementor-widget-wrap elementor-element-populated\">\n\t\t\t\t\t\t\t\t<div class=\"elementor-element elementor-element-416b954 elementor-widget elementor-widget-menu-anchor\" data-id=\"416b954\" data-element_type=\"widget\" data-widget_type=\"menu-anchor.default\">\n\t\t\t\t<div class=\"elementor-widget-container\">\n\t\t\t<style>\/*! elementor - v3.13.3 - 28-05-2023 *\/\nbody.elementor-page .elementor-widget-menu-anchor{margin-bottom:0}<\/style>\t\t<div id=\"coordinacion\" class=\"elementor-menu-anchor\"><\/div>\n\t\t\t\t<\/div>\n\t\t\t\t<\/div>\n\t\t\t\t<div class=\"elementor-element elementor-element-0575f7e elementor-position-top elementor-vertical-align-top elementor-widget elementor-widget-image-box\" data-id=\"0575f7e\" data-element_type=\"widget\" data-widget_type=\"image-box.default\">\n\t\t\t\t<div class=\"elementor-widget-container\">\n\t\t\t<style>.elementor-widget-image-box .elementor-image-box-content{width:100%}@media (min-width:768px){.elementor-widget-image-box.elementor-position-left .elementor-image-box-wrapper,.elementor-widget-image-box.elementor-position-right .elementor-image-box-wrapper{display:flex}.elementor-widget-image-box.elementor-position-right .elementor-image-box-wrapper{text-align:right;flex-direction:row-reverse}.elementor-widget-image-box.elementor-position-left .elementor-image-box-wrapper{text-align:left;flex-direction:row}.elementor-widget-image-box.elementor-position-top .elementor-image-box-img{margin:auto}.elementor-widget-image-box.elementor-vertical-align-top .elementor-image-box-wrapper{align-items:flex-start}.elementor-widget-image-box.elementor-vertical-align-middle .elementor-image-box-wrapper{align-items:center}.elementor-widget-image-box.elementor-vertical-align-bottom .elementor-image-box-wrapper{align-items:flex-end}}@media (max-width:767px){.elementor-widget-image-box .elementor-image-box-img{margin-left:auto!important;margin-right:auto!important;margin-bottom:15px}}.elementor-widget-image-box .elementor-image-box-img{display:inline-block}.elementor-widget-image-box .elementor-image-box-title a{color:inherit}.elementor-widget-image-box .elementor-image-box-wrapper{text-align:center}.elementor-widget-image-box .elementor-image-box-description{margin:0}<\/style><div class=\"elementor-image-box-wrapper\"><figure class=\"elementor-image-box-img\"><img decoding=\"async\" width=\"405\" height=\"438\" src=\"https:\/\/wpd.ugr.es\/~innoteduc\/wp-content\/uploads\/2022\/05\/Oswaldo-Lorenzo-Quiles-ecalfor-405x438-1.png\" class=\"attachment-full size-full wp-image-74\" alt=\"\" loading=\"lazy\" srcset=\"https:\/\/wpd.ugr.es\/~innoteduc\/wp-content\/uploads\/2022\/05\/Oswaldo-Lorenzo-Quiles-ecalfor-405x438-1.png 405w, https:\/\/wpd.ugr.es\/~innoteduc\/wp-content\/uploads\/2022\/05\/Oswaldo-Lorenzo-Quiles-ecalfor-405x438-1-277x300.png 277w\" sizes=\"(max-width: 405px) 100vw, 405px\" \/><\/figure><div class=\"elementor-image-box-content\"><h3 class=\"elementor-image-box-title\">IP: Oswaldo Lorenzo Quiles<\/h3><p class=\"elementor-image-box-description\">Investigador Principal del proyecto de investigaci\u00f3n \u201cInnovaci\u00f3n TIC para el An\u00e1lisis de la Formaci\u00f3n y Satisfacci\u00f3n de Estudiantes y Egresados de Grado en Educaci\u00f3n Infantil y Primaria y de la Valoraci\u00f3n de sus Empleadores. Una Perspectiva Transnacional (Innoteduc). Proyecto I+D+i del Programa Operativo FEDER-Andaluc\u00eda. Referencia: B-SEJ-554-UGR20. 2021-2023 Director de 16 tesis doctorales de estudiantes nacionales y extranjeros. Autor de publicaciones cient\u00edficas en revistas JCR: Psicodid\u00e1ctica, Infancia y Aprendizaje, Comunicar, Educaci\u00f3n XX1\u2026 Evaluador de las agencias AVAP, ACSUG y Fundaci\u00f3n madrid+d. Director de la revista Publicaciones de la Universidad de Granada (Web of Science y Scopus-SJR) https:\/\/revistaseug.ugr.es\/index.php\/publicaciones\nProfesor Titular de Universidad y Vicedecano de Investigaci\u00f3n, Proyectos Internacionales y Transferencia en la Facultad de Ciencias de la Educaci\u00f3n y del Deporte de Melilla (Universidad de Granada, Espa\u00f1a). Premio Extraordinario de Doctorado en Ciencias de la Educaci\u00f3n (UNED). Tercer premio nacional de investigaci\u00f3n educativa 2004 (Ministerio de Educaci\u00f3n y Ciencia de Espa\u00f1a-CIDE). Cuatro sexenios CNEAI en el campo 7 (\u00e1rea de Ciencias de la Educaci\u00f3n). <\/p><\/div><\/div>\t\t<\/div>\n\t\t\t\t<\/div>\n\t\t\t\t\t<\/div>\n\t\t<\/div>\n\t\t\t\t<div class=\"elementor-column elementor-col-33 elementor-inner-column elementor-element elementor-element-e462e48\" data-id=\"e462e48\" data-element_type=\"column\">\n\t\t\t<div class=\"elementor-widget-wrap\">\n\t\t\t\t\t\t\t\t\t<\/div>\n\t\t<\/div>\n\t\t\t\t\t\t\t<\/div>\n\t\t<\/section>\n\t\t\t\t\t<\/div>\n\t\t<\/div>\n\t\t\t\t\t\t\t<\/div>\n\t\t<\/section>\n\t\t\t\t\t\t\t<\/div>\n\t\t","protected":false},"excerpt":{"rendered":"<p>\u00d3rgano de coordinaci\u00f3n scroll-down-icon IP: Oswaldo Lorenzo Quiles Investigador Principal del proyecto de investigaci\u00f3n \u201cInnovaci\u00f3n TIC para el An\u00e1lisis de la Formaci\u00f3n y Satisfacci\u00f3n de Estudiantes y Egresados de Grado en Educaci\u00f3n Infantil y Primaria y de la Valoraci\u00f3n de sus Empleadores. Una Perspectiva Transnacional (Innoteduc). Proyecto I+D+i del Programa Operativo FEDER-Andaluc\u00eda. Referencia: B-SEJ-554-UGR20. 2021-2023 [&hellip;]<\/p>\n","protected":false},"author":1,"featured_media":0,"parent":0,"menu_order":-96,"comment_status":"closed","ping_status":"closed","template":"elementor_header_footer","meta":[],"yoast_head":"<!-- This site is optimized with the Yoast SEO plugin v20.9 - https:\/\/yoast.com\/wordpress\/plugins\/seo\/ -->\n<title>\u00d3rgano de coordinaci\u00f3n - INNOTEDUC<\/title>\n<meta name=\"robots\" content=\"index, follow, max-snippet:-1, max-image-preview:large, max-video-preview:-1\" \/>\n<link rel=\"canonical\" href=\"https:\/\/wpd.ugr.es\/~innoteduc\/organos-de-coordinacion\/\" \/>\n<meta property=\"og:locale\" content=\"es_ES\" \/>\n<meta property=\"og:type\" content=\"article\" \/>\n<meta property=\"og:title\" content=\"\u00d3rgano de coordinaci\u00f3n - INNOTEDUC\" \/>\n<meta property=\"og:description\" content=\"\u00d3rgano de coordinaci\u00f3n scroll-down-icon IP: Oswaldo Lorenzo Quiles Investigador Principal del proyecto de investigaci\u00f3n \u201cInnovaci\u00f3n TIC para el An\u00e1lisis de la Formaci\u00f3n y Satisfacci\u00f3n de Estudiantes y Egresados de Grado en Educaci\u00f3n Infantil y Primaria y de la Valoraci\u00f3n de sus Empleadores. Una Perspectiva Transnacional (Innoteduc). Proyecto I+D+i del Programa Operativo FEDER-Andaluc\u00eda. Referencia: B-SEJ-554-UGR20. 2021-2023 [&hellip;]\" \/>\n<meta property=\"og:url\" content=\"https:\/\/wpd.ugr.es\/~innoteduc\/organos-de-coordinacion\/\" \/>\n<meta property=\"og:site_name\" content=\"INNOTEDUC\" \/>\n<meta property=\"article:modified_time\" content=\"2022-10-30T07:04:57+00:00\" \/>\n<meta property=\"og:image\" content=\"https:\/\/wpd.ugr.es\/~innoteduc\/wp-content\/uploads\/2022\/05\/Oswaldo-Lorenzo-Quiles-ecalfor-405x438-1.png\" \/>\n<meta name=\"twitter:card\" content=\"summary_large_image\" \/>\n<meta name=\"twitter:label1\" content=\"Tiempo de lectura\" \/>\n\t<meta name=\"twitter:data1\" content=\"1 minuto\" \/>\n<script type=\"application\/ld+json\" class=\"yoast-schema-graph\">{\"@context\":\"https:\/\/schema.org\",\"@graph\":[{\"@type\":\"WebPage\",\"@id\":\"https:\/\/wpd.ugr.es\/~innoteduc\/organos-de-coordinacion\/\",\"url\":\"https:\/\/wpd.ugr.es\/~innoteduc\/organos-de-coordinacion\/\",\"name\":\"\u00d3rgano de coordinaci\u00f3n - INNOTEDUC\",\"isPartOf\":{\"@id\":\"https:\/\/wpd.ugr.es\/~innoteduc\/#website\"},\"datePublished\":\"2022-05-04T13:01:08+00:00\",\"dateModified\":\"2022-10-30T07:04:57+00:00\",\"breadcrumb\":{\"@id\":\"https:\/\/wpd.ugr.es\/~innoteduc\/organos-de-coordinacion\/#breadcrumb\"},\"inLanguage\":\"es\",\"potentialAction\":[{\"@type\":\"ReadAction\",\"target\":[\"https:\/\/wpd.ugr.es\/~innoteduc\/organos-de-coordinacion\/\"]}]},{\"@type\":\"BreadcrumbList\",\"@id\":\"https:\/\/wpd.ugr.es\/~innoteduc\/organos-de-coordinacion\/#breadcrumb\",\"itemListElement\":[{\"@type\":\"ListItem\",\"position\":1,\"name\":\"Portada\",\"item\":\"https:\/\/wpd.ugr.es\/~innoteduc\/\"},{\"@type\":\"ListItem\",\"position\":2,\"name\":\"\u00d3rgano de coordinaci\u00f3n\"}]},{\"@type\":\"WebSite\",\"@id\":\"https:\/\/wpd.ugr.es\/~innoteduc\/#website\",\"url\":\"https:\/\/wpd.ugr.es\/~innoteduc\/\",\"name\":\"INNOTEDUC\",\"description\":\"Una perspectiva transnacional.\",\"potentialAction\":[{\"@type\":\"SearchAction\",\"target\":{\"@type\":\"EntryPoint\",\"urlTemplate\":\"https:\/\/wpd.ugr.es\/~innoteduc\/?s={search_term_string}\"},\"query-input\":\"required name=search_term_string\"}],\"inLanguage\":\"es\"}]}<\/script>\n<!-- \/ Yoast SEO plugin. -->","yoast_head_json":{"title":"\u00d3rgano de coordinaci\u00f3n - INNOTEDUC","robots":{"index":"index","follow":"follow","max-snippet":"max-snippet:-1","max-image-preview":"max-image-preview:large","max-video-preview":"max-video-preview:-1"},"canonical":"https:\/\/wpd.ugr.es\/~innoteduc\/organos-de-coordinacion\/","og_locale":"es_ES","og_type":"article","og_title":"\u00d3rgano de coordinaci\u00f3n - INNOTEDUC","og_description":"\u00d3rgano de coordinaci\u00f3n scroll-down-icon IP: Oswaldo Lorenzo Quiles Investigador Principal del proyecto de investigaci\u00f3n \u201cInnovaci\u00f3n TIC para el An\u00e1lisis de la Formaci\u00f3n y Satisfacci\u00f3n de Estudiantes y Egresados de Grado en Educaci\u00f3n Infantil y Primaria y de la Valoraci\u00f3n de sus Empleadores. Una Perspectiva Transnacional (Innoteduc). Proyecto I+D+i del Programa Operativo FEDER-Andaluc\u00eda. Referencia: B-SEJ-554-UGR20. 2021-2023 [&hellip;]","og_url":"https:\/\/wpd.ugr.es\/~innoteduc\/organos-de-coordinacion\/","og_site_name":"INNOTEDUC","article_modified_time":"2022-10-30T07:04:57+00:00","og_image":[{"url":"https:\/\/wpd.ugr.es\/~innoteduc\/wp-content\/uploads\/2022\/05\/Oswaldo-Lorenzo-Quiles-ecalfor-405x438-1.png"}],"twitter_card":"summary_large_image","twitter_misc":{"Tiempo de lectura":"1 minuto"},"schema":{"@context":"https:\/\/schema.org","@graph":[{"@type":"WebPage","@id":"https:\/\/wpd.ugr.es\/~innoteduc\/organos-de-coordinacion\/","url":"https:\/\/wpd.ugr.es\/~innoteduc\/organos-de-coordinacion\/","name":"\u00d3rgano de coordinaci\u00f3n - INNOTEDUC","isPartOf":{"@id":"https:\/\/wpd.ugr.es\/~innoteduc\/#website"},"datePublished":"2022-05-04T13:01:08+00:00","dateModified":"2022-10-30T07:04:57+00:00","breadcrumb":{"@id":"https:\/\/wpd.ugr.es\/~innoteduc\/organos-de-coordinacion\/#breadcrumb"},"inLanguage":"es","potentialAction":[{"@type":"ReadAction","target":["https:\/\/wpd.ugr.es\/~innoteduc\/organos-de-coordinacion\/"]}]},{"@type":"BreadcrumbList","@id":"https:\/\/wpd.ugr.es\/~innoteduc\/organos-de-coordinacion\/#breadcrumb","itemListElement":[{"@type":"ListItem","position":1,"name":"Portada","item":"https:\/\/wpd.ugr.es\/~innoteduc\/"},{"@type":"ListItem","position":2,"name":"\u00d3rgano de coordinaci\u00f3n"}]},{"@type":"WebSite","@id":"https:\/\/wpd.ugr.es\/~innoteduc\/#website","url":"https:\/\/wpd.ugr.es\/~innoteduc\/","name":"INNOTEDUC","description":"Una perspectiva transnacional.","potentialAction":[{"@type":"SearchAction","target":{"@type":"EntryPoint","urlTemplate":"https:\/\/wpd.ugr.es\/~innoteduc\/?s={search_term_string}"},"query-input":"required name=search_term_string"}],"inLanguage":"es"}]}},"_links":{"self":[{"href":"https:\/\/wpd.ugr.es\/~innoteduc\/wp-json\/wp\/v2\/pages\/84"}],"collection":[{"href":"https:\/\/wpd.ugr.es\/~innoteduc\/wp-json\/wp\/v2\/pages"}],"about":[{"href":"https:\/\/wpd.ugr.es\/~innoteduc\/wp-json\/wp\/v2\/types\/page"}],"author":[{"embeddable":true,"href":"https:\/\/wpd.ugr.es\/~innoteduc\/wp-json\/wp\/v2\/users\/1"}],"replies":[{"embeddable":true,"href":"https:\/\/wpd.ugr.es\/~innoteduc\/wp-json\/wp\/v2\/comments?post=84"}],"version-history":[{"count":31,"href":"https:\/\/wpd.ugr.es\/~innoteduc\/wp-json\/wp\/v2\/pages\/84\/revisions"}],"predecessor-version":[{"id":762,"href":"https:\/\/wpd.ugr.es\/~innoteduc\/wp-json\/wp\/v2\/pages\/84\/revisions\/762"}],"wp:attachment":[{"href":"https:\/\/wpd.ugr.es\/~innoteduc\/wp-json\/wp\/v2\/media?parent=84"}],"curies":[{"name":"wp","href":"https:\/\/api.w.org\/{rel}","templated":true}]}}