{"id":2,"date":"2013-12-05T10:49:34","date_gmt":"2013-12-05T10:49:34","guid":{"rendered":"http:\/\/wdb.ugr.es\/~jperez\/wordpress\/?page_id=2"},"modified":"2024-09-13T11:44:04","modified_gmt":"2024-09-13T10:44:04","slug":"pagina-ejemplo","status":"publish","type":"page","link":"https:\/\/wpd.ugr.es\/~jperez\/","title":{"rendered":"Inicio"},"content":{"rendered":"<p><a href=\"http:\/\/wpd.ugr.es\/~jperez\/wordpress\/wp-content\/uploads\/Logo-UGR-apaisado-1-scaled.jpg\"><img loading=\"lazy\" decoding=\"async\" class=\"alignnone wp-image-1326\" src=\"http:\/\/wpd.ugr.es\/~jperez\/wordpress\/wp-content\/uploads\/Logo-UGR-apaisado-1-scaled.jpg\" alt=\"\" width=\"292\" height=\"99\" srcset=\"https:\/\/wpd.ugr.es\/~jperez\/wordpress\/wp-content\/uploads\/Logo-UGR-apaisado-1-scaled.jpg 2560w, https:\/\/wpd.ugr.es\/~jperez\/wordpress\/wp-content\/uploads\/Logo-UGR-apaisado-1-300x102.jpg 300w, https:\/\/wpd.ugr.es\/~jperez\/wordpress\/wp-content\/uploads\/Logo-UGR-apaisado-1-1024x349.jpg 1024w, https:\/\/wpd.ugr.es\/~jperez\/wordpress\/wp-content\/uploads\/Logo-UGR-apaisado-1-768x261.jpg 768w, https:\/\/wpd.ugr.es\/~jperez\/wordpress\/wp-content\/uploads\/Logo-UGR-apaisado-1-1536x523.jpg 1536w, https:\/\/wpd.ugr.es\/~jperez\/wordpress\/wp-content\/uploads\/Logo-UGR-apaisado-1-2048x697.jpg 2048w\" sizes=\"auto, (max-width: 292px) 100vw, 292px\" \/><\/a><br \/>\nBienvenido a mi sitio web.<\/p>\n<p><strong><a href=\"https:\/\/wpd.ugr.es\/~jperez\/wordpress\/wp-content\/uploads\/jperez1.jpg\"><img loading=\"lazy\" decoding=\"async\" class=\" wp-image-23 alignright\" src=\"https:\/\/wpd.ugr.es\/~jperez\/wordpress\/wp-content\/uploads\/jperez1.jpg\" alt=\"jperez1\" width=\"161\" height=\"240\" \/><\/a><\/strong>Soy Catedr\u00e1tico de Universidad en el <a title=\"Departamento de Geometr\u00eda y Topolog\u00eda UGR\" href=\"https:\/\/geometry.ugr.es\/\" target=\"_blank\" rel=\"noopener noreferrer\">Departamento de Geometr\u00eda y Topolog\u00eda<\/a>\u00a0de la <a title=\"Universidad de Granada\" href=\"https:\/\/www.ugr.es\/\" target=\"_blank\" rel=\"noopener noreferrer\">Universidad de Granada<\/a> y Director Cient\u00edfico de la Unidad de Excelencia Mar\u00eda de Maeztu <a href=\"https:\/\/wpd.ugr.es\/~imag\/\" target=\"_blank\" rel=\"noopener noreferrer\">IMAG<\/a>.<\/p>\n<p>Adem\u00e1s de a mis clases, me dedico a la investigaci\u00f3n en Geometr\u00eda Diferencial, especialmente en geometr\u00eda de superficies y problemas asociados a la curvatura media (superficies m\u00ednimas y de curvatura media constante, problema isoperim\u00e9trico).<\/p>\n<p><strong>Datos de contacto<\/strong><br \/>\nDespacho 17, Departamento de Geometr\u00eda y Topolog\u00eda<br \/>\n<a title=\"Facultad de Ciencas\" href=\"https:\/\/fciencias.ugr.es\/\" target=\"_blank\" rel=\"noopener noreferrer\">Facultad de Ciencias<\/a>\u00a0&#8211; Universidad de Granada<br \/>\nc\/ Fuentenueva, s\/n 18071 Granada (Espa\u00f1a)<br \/>\nTel\u00e9fono (34) 958243396 Fax (34) 958243281<br \/>\nemail \u00a0 \u00a0jperez(at)ugr.es<\/p>\n<p>Despacho de Direcci\u00f3n, <a title=\"IEMath-GR\" href=\"https:\/\/iemath.ugr.es\/\" target=\"_blank\" rel=\"noopener noreferrer\">IMAG<\/a><br \/>\nC\/ Ventanilla, 11 \u2013 18001 \u2013 Granada<br \/>\n(entrada por c\/ Rector L\u00f3pez-Arg\u00fceta, junto al Centro de Documentaci\u00f3n Cient\u00edfica de la UGR)<br \/>\nTel\u00e9fono (34) 958242797<\/p>\n<p>Profiles:<br \/>\n<a href=\"https:\/\/scholar.google.com\/citations?user=GK5bCXQAAAAJ&amp;hl=es\" target=\"_blank\" rel=\"noopener noreferrer\">Google Scholar<\/a><br \/>\n<a href=\"https:\/\/www.researchgate.net\/profile\/Joaquin_Perez5\" target=\"_blank\" rel=\"noopener noreferrer\">ResearchGate<\/a><br \/>\n<a href=\"https:\/\/www.scopus.com\/authid\/detail.uri?authorId=55452152800\" target=\"_blank\" rel=\"noopener noreferrer\">Scopus<\/a><br \/>\n<a href=\"https:\/\/apps.webofknowledge.com\/Search.do?product=UA&amp;SID=C2YXND52IkrLldYiHDK&amp;search_mode=GeneralSearch&amp;prID=6dde105d-d0ff-4484-bae6-53ef7956151c\" target=\"_blank\" rel=\"noopener noreferrer\">Web of Science<\/a><br \/>\n<a href=\"https:\/\/publons.com\/researcher\/1466811\/joaquin-perez\/\" target=\"_blank\" rel=\"noopener noreferrer\">Publons<\/a><\/p>\n","protected":false},"excerpt":{"rendered":"<p>Bienvenido a mi sitio web. Soy Catedr\u00e1tico de Universidad en el Departamento de Geometr\u00eda y Topolog\u00eda\u00a0de la Universidad de Granada&hellip;<\/p>\n","protected":false},"author":1,"featured_media":0,"parent":0,"menu_order":0,"comment_status":"closed","ping_status":"closed","template":"","meta":{"_monsterinsights_skip_tracking":false,"_monsterinsights_sitenote_active":false,"_monsterinsights_sitenote_note":"","_monsterinsights_sitenote_category":0,"footnotes":""},"class_list":["post-2","page","type-page","status-publish","hentry"],"_links":{"self":[{"href":"https:\/\/wpd.ugr.es\/~jperez\/wp-json\/wp\/v2\/pages\/2","targetHints":{"allow":["GET"]}}],"collection":[{"href":"https:\/\/wpd.ugr.es\/~jperez\/wp-json\/wp\/v2\/pages"}],"about":[{"href":"https:\/\/wpd.ugr.es\/~jperez\/wp-json\/wp\/v2\/types\/page"}],"author":[{"embeddable":true,"href":"https:\/\/wpd.ugr.es\/~jperez\/wp-json\/wp\/v2\/users\/1"}],"replies":[{"embeddable":true,"href":"https:\/\/wpd.ugr.es\/~jperez\/wp-json\/wp\/v2\/comments?post=2"}],"version-history":[{"count":63,"href":"https:\/\/wpd.ugr.es\/~jperez\/wp-json\/wp\/v2\/pages\/2\/revisions"}],"predecessor-version":[{"id":1492,"href":"https:\/\/wpd.ugr.es\/~jperez\/wp-json\/wp\/v2\/pages\/2\/revisions\/1492"}],"wp:attachment":[{"href":"https:\/\/wpd.ugr.es\/~jperez\/wp-json\/wp\/v2\/media?parent=2"}],"curies":[{"name":"wp","href":"https:\/\/api.w.org\/{rel}","templated":true}]}}