{"id":1520,"date":"2022-01-14T23:22:17","date_gmt":"2022-01-14T23:22:17","guid":{"rendered":"https:\/\/wpd.ugr.es\/~mitema\/wordpress\/?page_id=1520"},"modified":"2022-02-14T09:27:49","modified_gmt":"2022-02-14T09:27:49","slug":"actividades","status":"publish","type":"page","link":"https:\/\/wpd.ugr.es\/~mitema\/wordpress\/?page_id=1520","title":{"rendered":"ACTIVIDADES"},"content":{"rendered":"\n<h1><strong>Coloquios, seminarios y comunicaciones<\/strong><\/h1>\n\n\n\n<h1>2022 -23<\/h1>\n\n\n\n<h3>Organizaci\u00f3n<\/h3>\n\n\n\n<p>Montoro Araque, M. et Flores-Fern\u00e1ndez, M. Comit\u00e9 organisateur du colloque international \u201cMitos e imaginarios de los paisajes del agua: Andaluc\u00eda, encrucijada del Mediterr\u00e1neo\u201d, 15 et 16 mars, Universit\u00e9 de Grenade.&nbsp;<\/p>\n\n\n\n<h3>Participaci\u00f3n<\/h3>\n\n\n\n<p>Alberdi Urquizu, C.,&nbsp; Cortier, C. et Etienne, C. \u201cL&#8217;exemple en pratique dans les corpus d&#8217;interactions verbales: un t\u00e9moin de la variation et du sens\u201d. Colloque international de la SIHFLES, <em>La langue en \u00e9chantillons : histoire de l&#8217;exemple dans les ouvrages du fran\u00e7ais langue \u00e9trang\u00e8re du XVIe au XXe si\u00e8cle<\/em>. Nicosie, Chypre 12- 13 mai 2022.<\/p>\n\n\n\n<p>Chico Morales, J.M. \u201cLes m\u00e9caniques&nbsp; num\u00e9riques de l\u2019eau: le paysage m\u00e9diterran\u00e9en dans les cr\u00e9ations vid\u00e9oludiques\u201d. Journ\u00e9es Doctorales <em>Paisajes e imaginarios del agua. Perspectivas art\u00edsticas en el Mediterr\u00e1neo (Paysages et imaginaires de l&#8217;eau. Perspectives artistiques en M\u00e9diterran\u00e9e)<\/em>, mai 2022, Universit\u00e9 de C\u00e1diz.<\/p>\n\n\n\n<p>Flores-Fern\u00e1ndez, M. \u201cArqueolog\u00edas y arquetipos femeninos del agua en el paisaje granadino de los siglos XIX y XX a trav\u00e9s de un prisma durandiano\u201d. Colloque international <em>Mitos e imaginarios de los paisajes del agua: Andaluc\u00eda, encrucijada del Mediterr\u00e1neo (Mythes et imaginaires des paysages d&#8217;eau : l&#8217;Andalousie, carrefour de la M\u00e9diterran\u00e9e)<\/em>, 15-16 mars 2022, Universit\u00e9 de Grenade.&nbsp;<\/p>\n\n\n\n<p>Flores-Fern\u00e1ndez, M. \u201cLa symbolique alchimique du sel dans les paysages artistiques de Carmen Laff\u00f3n : une r\u00e9trospective f\u00e9minine des marais salants\u201d. Journ\u00e9es Doctorales <em>Paisajes e imaginarios del agua. Perspectivas art\u00edsticas en el Mediterr\u00e1neo (Paysages et imaginaires de l&#8217;eau. Perspectives artistiques en M\u00e9diterran\u00e9e)<\/em>, mai 2022, Universit\u00e9 de C\u00e1diz.<\/p>\n\n\n\n<p>Montoro Araque, M. \u201cRealidades, \u201cduendes\u201d y otros exotismos\u2026: el agua en Granada como \u201cgeos\u00edmbolo\u201d. Colloque international <em>Mitos e imaginarios de los paisajes del agua: Andaluc\u00eda, encrucijada del Mediterr\u00e1neo (Mythes et imaginaires des paysages d&#8217;eau : l&#8217;Andalousie, carrefour de la M\u00e9diterran\u00e9e)<\/em>, 15-16 mars 2022, Universit\u00e9 de Grenade.<\/p>\n\n\n\n<h1>2020 \/ 2021<\/h1>\n\n\n\n<h3>Participaci\u00f3n<\/h3>\n\n\n\n<p>Alberdi, C. et Blanco, T. \u201cLa multimodalidad como complemento de la alfabetizaci\u00f3n visual\u201d. <em>XIII Congreso Internacional Latina de Comunicaci\u00f3n Social,<\/em> 1-3 d\u00e9cembre 2021.<\/p>\n\n\n\n<p>Alberdi, C. \u201cTraducir a Ahmadou Kourouma: alteridad y \u00e9tica de la diferencia\u201d. <em>Congreso CIUTI 2021: Reflexiones sobre \u00e9tica profesional de traductores e int\u00e9rpretes y buenas pr\u00e1cticas: nuevos contextos en la profesi\u00f3n y en la formaci\u00f3n<\/em>, Grenade 16-17 septembre&nbsp; 2021.<\/p>\n\n\n\n<p>Alberdi, C., Andr\u00e9, V. et Etienne, C. \u201cApprendre \u00e0 interagir en fran\u00e7ais langue \u00e9trang\u00e8re avec et sur corpus : le r\u00e9cit\u201d. <em>Baby-Talc GRAPHELES 2020<\/em>, Perpignan 12-16 octobre 2020.<\/p>\n\n\n\n<p>Alberdi, C. \u201cDu machisme au f\u00e9minin ? Le n\u00e9gationnisme antisexiste dans le discours politique des femmes de VOX\u201d. <em>Colloque International Imaginaires du f\u00e9minin\/masculin : Permanences et m\u00e9tamorphoses<\/em>. Facult\u00e9 des lettres et des sciences humaines de Mohammedia, Casablanca, Maroc, 3-5 mars 2020.<\/p>\n\n\n\n<p>Alberdi, C. et Etienne, C. \u201cApprendre le fran\u00e7ais oral en simulant une immersion dans les interactions en contexte\u201d, <em>Colloque VALS-ASLA. La linguistique appliqu\u00e9e \u00e0 l\u2019\u00e8re digitale<\/em>. Neuch\u00e2tel, Suisse, 12-14 f\u00e9vrier 2020.<\/p>\n\n\n\n<p>Chico Morales, J.M. \u201cInteractuar con la cat\u00e1strofe: aproximaciones a las narraciones videol\u00fadicas del <em>cyberpunk<\/em>\u201d. Seminario de ecoficciones (2\u00aaEd.): Las mitolog\u00edas del fin del mundo, organizado por GIECO y AGLAYA, 3 de diciembre del 2021, Universidad de Alcal\u00e1 de Henares.<\/p>\n\n\n\n<p>Flores-Fern\u00e1ndez, M. \u201cCorps et territoire : lecture de l\u2019identit\u00e9 f\u00e9minine dans le paysage de sel\u201d<em>. <\/em>Colloque international <em>Imaginaires du masculin\/f\u00e9minin. Permanences et m\u00e9tamorphoses<\/em>. 3 et 5 mars 2020. (FLSH Mohammedia. Universit\u00e9 Hassan II Casablanca et Centre de recherches internationales sur l\u2019imaginaire, CRI2i).<\/p>\n\n\n\n<p>Flores-Fern\u00e1ndez, M. S\u00e9minaire \u201cLas mitolog\u00edas del fin del mundo en las ecoficciones\u201d, P\u00f4le de recherche GIECO et AGLAYA, Universit\u00e9 de Alcal\u00e1, 2021.<\/p>\n\n\n\n<p>Flores-Fern\u00e1ndez, M. S\u00e9minaire \u201cL&#8217;arch\u00e9topos de G\u00e9-Pandore : un mythe en train de na\u00eetre en postmodernit\u00e9\u201d, P\u00f4le de recherche 3 Cultures, langue, imaginaires, Universit\u00e9 Catholique de Lyon, 2021.<\/p>\n\n\n\n<p>Montoro Araque, M. \u201cNaturaleza y emociones, bajo el prisma de las cuencas sem\u00e1nticas\u201d. Participaci\u00f3n en el Seminario Internacional del CRIM de l\u2019UNAM \u201cImaginarios, Naturaleza y Arte\u201d. Proyecto PAPIIT IN 400219, organizado por la Universidad Nacional Aut\u00f3noma de M\u00e9jico (UNAM) el 19 de marzo de 2021.<\/p>\n\n\n\n<p>Montoro Araque, M. \u201cR\u00e9\u00e9critures contemporaines autour de la notion identitaire: vers l\u2019hypernarcissisme ?\u201d. IV Congr\u00e8s International du CRI2I \u201cImaginaires de l\u2019identit\u00e9: auto-images et repr\u00e9sentation de soi\u201d, Universit\u00e9 Babes-Bolyai de Cluj-Napoca (Roumanie), du 12 au 14 Novembre 2020.<\/p>\n\n\n\n<p>Montoro Araque, M. \u201cHerm\u00e8s ou l\u2019effacement de la dichotomie genr\u00e9e\u201d. V Congr\u00e8s International du CRI2I \u201cImaginaires du f\u00e9minin\/masculin: permanences et m\u00e9tamorphoses\u201d, Facult\u00e9 des lettres et des sciences humaines de Mohammedia, Casablanca (Marruecos) du 3 au 5 Mars 2020.<\/p>\n\n\n\n<p>Renouprez, M. \u201cFace au d\u00e9sastre : l\u2019amiti\u00e9 de Claire Lejeune et de Maurice Blanchot\u201d, Universit\u00e9 F\u00e9lix Houphou\u00ebt-Boigny, 19-22-10.2021, Abidjan.<\/p>\n\n\n\n<p>Renouprez, M. \u201cMujer, interculturalidad e innovaci\u00f3n. El papel de la mujer trans en la diversidad de g\u00e9nero\u201d, CIDICO 2, Madrid, 11.11.2020.<\/p>\n\n\n\n<p>Renouprez, M, \u201cTransiter du f\u00e9minin au masculin avec Paul B. Preciado\u201d, Imaginaires du F\u00e9minin\/masculin : permanences et m\u00e9tamorphoses, Facult\u00e9 des Lettres et des sciences humaines, Mohammedia, 4-5.03.2020.<\/p>\n\n\n\n<h1>2018 \/ 2019<\/h1>\n\n\n\n<h3>Participaci\u00f3n<\/h3>\n\n\n\n<p>Alberdi, C. et Blanco, T. \u201cLa multimodalidad como complemento de la alfabetizaci\u00f3n visual\u201d. <em>XIII Congreso Internacional Latina de Comunicaci\u00f3n Social,<\/em> 1-3 d\u00e9cembre 2021.<\/p>\n\n\n\n<p>Alberdi, C. \u201cTraducir a Ahmadou Kourouma: alteridad y \u00e9tica de la diferencia\u201d. <em>Congreso CIUTI 2021: Reflexiones sobre \u00e9tica profesional de traductores e int\u00e9rpretes y buenas pr\u00e1cticas: nuevos contextos en la profesi\u00f3n y en la formaci\u00f3n<\/em>, Grenade 16-17 septembre&nbsp; 2021.<\/p>\n\n\n\n<p>Alberdi, C., Andr\u00e9, V. et Etienne, C. \u201cApprendre \u00e0 interagir en fran\u00e7ais langue \u00e9trang\u00e8re avec et sur corpus : le r\u00e9cit\u201d. <em>Baby-Talc GRAPHELES 2020<\/em>, Perpignan 12-16 octobre 2020.<\/p>\n\n\n\n<p>Alberdi, C. \u201cDu machisme au f\u00e9minin ? Le n\u00e9gationnisme antisexiste dans le discours politique des femmes de VOX\u201d. <em>Colloque International Imaginaires du f\u00e9minin\/masculin : Permanences et m\u00e9tamorphoses<\/em>. Facult\u00e9 des lettres et des sciences humaines de Mohammedia, Casablanca, Maroc, 3-5 mars 2020.<\/p>\n\n\n\n<p>Alberdi, C. et Etienne, C. \u201cApprendre le fran\u00e7ais oral en simulant une immersion dans les interactions en contexte\u201d, <em>Colloque VALS-ASLA. La linguistique appliqu\u00e9e \u00e0 l\u2019\u00e8re digitale<\/em>. Neuch\u00e2tel, Suisse, 12-14 f\u00e9vrier 2020.<\/p>\n\n\n\n<p>Chico Morales, J.M. \u201cInteractuar con la cat\u00e1strofe: aproximaciones a las narraciones videol\u00fadicas del <em>cyberpunk<\/em>\u201d. Seminario de ecoficciones (2\u00aaEd.): Las mitolog\u00edas del fin del mundo, organizado por GIECO y AGLAYA, 3 de diciembre del 2021, Universidad de Alcal\u00e1 de Henares.<\/p>\n\n\n\n<p>Flores-Fern\u00e1ndez, M. \u201cCorps et territoire : lecture de l\u2019identit\u00e9 f\u00e9minine dans le paysage de sel\u201d<em>. <\/em>Colloque international <em>Imaginaires du masculin\/f\u00e9minin. Permanences et m\u00e9tamorphoses<\/em>. 3 et 5 mars 2020. (FLSH Mohammedia. Universit\u00e9 Hassan II Casablanca et Centre de recherches internationales sur l\u2019imaginaire, CRI2i).<\/p>\n\n\n\n<p>Flores-Fern\u00e1ndez, M. S\u00e9minaire \u201cLas mitolog\u00edas del fin del mundo en las ecoficciones\u201d, P\u00f4le de recherche GIECO et AGLAYA, Universit\u00e9 de Alcal\u00e1, 2021.<\/p>\n\n\n\n<p>Flores-Fern\u00e1ndez, M. S\u00e9minaire \u201cL&#8217;arch\u00e9topos de G\u00e9-Pandore : un mythe en train de na\u00eetre en postmodernit\u00e9\u201d, P\u00f4le de recherche 3 Cultures, langue, imaginaires, Universit\u00e9 Catholique de Lyon, 2021.<\/p>\n\n\n\n<p>Montoro Araque, M. \u201cNaturaleza y emociones, bajo el prisma de las cuencas sem\u00e1nticas\u201d. Participaci\u00f3n en el Seminario Internacional del CRIM de l\u2019UNAM \u201cImaginarios, Naturaleza y Arte\u201d. Proyecto PAPIIT IN 400219, organizado por la Universidad Nacional Aut\u00f3noma de M\u00e9jico (UNAM) el 19 de marzo de 2021.<\/p>\n\n\n\n<p>Montoro Araque, M. \u201cR\u00e9\u00e9critures contemporaines autour de la notion identitaire: vers l\u2019hypernarcissisme ?\u201d. IV Congr\u00e8s International du CRI2I \u201cImaginaires de l\u2019identit\u00e9: auto-images et repr\u00e9sentation de soi\u201d, Universit\u00e9 Babes-Bolyai de Cluj-Napoca (Roumanie), du 12 au 14 Novembre 2020.<\/p>\n\n\n\n<p>Montoro Araque, M. \u201cHerm\u00e8s ou l\u2019effacement de la dichotomie genr\u00e9e\u201d. V Congr\u00e8s International du CRI2I \u201cImaginaires du f\u00e9minin\/masculin: permanences et m\u00e9tamorphoses\u201d, Facult\u00e9 des lettres et des sciences humaines de Mohammedia, Casablanca (Marruecos) du 3 au 5 Mars 2020.<\/p>\n\n\n\n<p>Renouprez, M. \u201cFace au d\u00e9sastre : l\u2019amiti\u00e9 de Claire Lejeune et de Maurice Blanchot\u201d, Universit\u00e9 F\u00e9lix Houphou\u00ebt-Boigny, 19-22-10.2021, Abidjan.<\/p>\n\n\n\n<p>Renouprez, M. \u201cMujer, interculturalidad e innovaci\u00f3n. El papel de la mujer trans en la diversidad de g\u00e9nero\u201d, CIDICO 2, Madrid, 11.11.2020.<\/p>\n\n\n\n<p>Renouprez, M, \u201cTransiter du f\u00e9minin au masculin avec Paul B. Preciado\u201d, Imaginaires du F\u00e9minin\/masculin : permanences et m\u00e9tamorphoses, Facult\u00e9 des Lettres et des sciences humaines, Mohammedia, 4-5.03.2020.<\/p>\n\n\n\n<h1>2017 \/ 2018<\/h1>\n\n\n\n<h3>Organizaci\u00f3n<\/h3>\n\n\n\n<p>Montoro Araque, M. Organizaci\u00f3n de Mesa Redonda en Universidad de Granada (Corrala de Santiago, UGR, 17 abril de 2018), en el marco del M\u00e1ster de Lenguas y Culturas de la UGR, en colaboraci\u00f3n con la Universidad Bordeaux Montaigne (AUSONIUS, UMR 5607) sobre \u201cLe jardin, un patrimoine en commun de la M\u00e9diterran\u00e9e\u201d.<\/p>\n\n\n\n<p>Renouprez, M. Organizaci\u00f3n de la Exposici\u00f3n de Eliane Chiron : <em>Conversaci\u00f3n\/Conversation<\/em>, del 17.10.2019-12-01-2020.<\/p>\n\n\n\n<p>Ferrety, V. y Renouprez, M. Organizaci\u00f3n del III Congreso Mundial de Braquilog\u00eda, 15-18 de octubre 2019&nbsp; en la Universidad de C\u00e1diz.<\/p>\n\n\n\n<p>Renouprez, M. Organizaci\u00f3n del Congreso: Les Migrations entre M\u00e9diterran\u00e9e et Terre promise, C\u00e1diz, 7 et 8 mai 2018.<\/p>\n\n\n\n<h3>Participaci\u00f3n<\/h3>\n\n\n\n<p>Alberdi, C. \u201cUne seule langue, de multiples imaginaires. Culture et ethos : les d\u00e9fis de la traduction\u201d. <em>I Colloque International sur la Traduction en Afrique Subsaharienne<\/em>. Abidjan, C\u00f4te d\u2019Ivoire, Universit\u00e9 F\u00e9lix Houphou\u00ebt-Boigny, 12-14 juin 2019.<\/p>\n\n\n\n<p>Alberdi, C. \u201cX\u00e9nismes, hybridation. Les d\u00e9fis de la traduction dans <em>Les Soleils des ind\u00e9pendances<\/em> d&#8217;Ahmadou Kourouma\u201d. <em>I Colloque International sur la Traduction&nbsp; en Afrique Subsaharienne<\/em>. Abidjan, C\u00f4te d\u2019Ivoire, Universit\u00e9 F\u00e9lix Houphou\u00ebt-Boigny, 12-14 juin 2019.<\/p>\n\n\n\n<p>Alberdi, C. \u201cDu jean-marisme au marinisme: variations et invariants du discours populiste identitaire\u201d. <em>Colloque international Populisme et propagande : entre le pass\u00e9 et le pr\u00e9sent<\/em>, L\u00f3d\u017a, Pologne, Universit\u00e9 de L\u00f3d\u017a, 11-12 octobre 2018.<\/p>\n\n\n\n<p>Alberdi, C. \u201cQuand la terre promise se mue en no man&#8217;s land. Le discours anti-immigration sur les r\u00e9seaux sociaux\u201d. <em>Congr\u00e8s International<\/em> <em>Migrations : entre M\u00e9diterran\u00e9e et terre promise.<\/em> C\u00e1diz, Universidad de C\u00e1diz, 7-8 mai 2018.<\/p>\n\n\n\n<p>Alberdi, C. \u201cNous et les autres. Phras\u00e9ologie du discours de haine\u201d. <em>III Congr\u00e8s du CRI2i, Imaginaires de l\u2019alt\u00e9rit\u00e9<\/em>. Hammamet, Tunisie, 6-8 mars 2018.<\/p>\n\n\n\n<p>Alberdi, C., Etienne, C. et JOUIN, \u00c9. \u201cComprendre les sp\u00e9cificit\u00e9s du fran\u00e7ais oral par l\u2019immersion virtuelle : un d\u00e9fi possible pour les apprenants\u201d. <em>IV Colloque international franco-espagnol: \u00e9crire, lire, traduire, enseigner le fran\u00e7ais \u00e0 l\u2019\u00e8re du num\u00e9rique<\/em>, Granada, Universidad de Granada, 15-16 f\u00e9vrier 2018.<\/p>\n\n\n\n<p>Flores-Fern\u00e1ndez, M. \u201cLa representaci\u00f3n del paisaje funerario en la pintura de Gustave Moreau: el cementerio como arquetipo tan\u00e1tico\u201d. Colloque international XX Encuentro Iberoamericano de Valoraci\u00f3n y Gesti\u00f3n de Cementerios Patrimoniales, 11 novembre 2019, Universit\u00e9 de M\u00e1laga.<\/p>\n\n\n\n<p>Flores-Fern\u00e1ndez, M. \u201cLe complexe du h\u00e9risson de Habib Mazini\u201d. Colloque international <em>Cr\u00e9er\/publier en fran\u00e7ais, aujourd\u2019hui depuis le Maghreb<\/em>, 5 d\u00e9cembre 2018, Universit\u00e9 Grenoble Alpes.<\/p>\n\n\n\n<p>Montoro Araque, M. \u201cSylvie Germain, temporalit\u00e9s et \u00e9criture mytho-phore\u201d, Colloque international&nbsp; \u201cS. Germain. L\u2019art d\u2019\u00eatre au monde\u201d, Bordeaux (France) 26- 27 Janvier 2018.<\/p>\n\n\n\n<p>Montoro Araque, M. \u201cUn \u2018agua con sabor de muerte\u2019: reflexiones paisaj\u00edsticas en torno al imaginario rom\u00e1ntico del cementerio\u201d. Colloque International XX Encuentro Iberoamericano de Valorizaci\u00f3n y Gesti\u00f3n de Cementerios Patrimoniales. \u201cLos cementerios como recurso cultural, tur\u00edstico y educativo\u201d, M\u00e1laga (Espa\u00f1a), 11-16 de noviembre de 2019.<\/p>\n\n\n\n<p>Renouprez, M, \u201cLe th\u00e8me du trans ou du travesti: quelques exemples dans la litt\u00e9rature fran\u00e7aise\u201d, Universit\u00e9 de Mons, 30.11.2019.<\/p>\n\n\n\n<p>Renouprez, M, \u201cPenser les identit\u00e9s trans dans la litt\u00e9rature et les arts\u201d, <em>Penser la transition dans la litt\u00e9rature et les arts<\/em>, Universit\u00e9 F\u00e9lix Houphou\u00ebt-Boigny, Abidjan, 28-29.11.2019.<\/p>\n\n\n\n<p>Renouprez, M, \u201cInterculturalidad, Investigaci\u00f3n y evoluci\u00f3n cient\u00edfica en el Mediterr\u00e1neo entorno al concepto de braquilog\u00eda\u201d, CIDICO :<em> I Congreso Internacional de innovaci\u00f3n docente e investigaci\u00f3n en educaci\u00f3n superior: un reto para las \u00e1reas de conocimiento<\/em>, Madrid, 20-22.11.2019.<\/p>\n\n\n\n<p>Renouprez, M, \u201cLa imaginaci\u00f3n de los cementerios en B\u00e9lgica\u201d, <em>XX Encuentro Iberoamericano de Valoraci\u00f3n y Gesti\u00f3n de los cementerios patrimoniales<\/em>, M\u00e1laga, 11-16.11.2019.<\/p>\n\n\n\n<p>Renouprez, M, \u201cLa pens\u00e9e des origines\u201d, <em>Francophonie et M\u00e9diterran\u00e9it\u00e9 pour repenser l\u2019avenir de l\u2019humanit\u00e9<\/em>, Moknine, 15.04.2019<\/p>\n\n\n\n<p>Renouprez, M, \u201cDialoguer pour la paix\u201d,<em> Dialogue et conversation entre les pratiques linguistique, litt\u00e9raire et socioculturelle<\/em>, Kairouan, 11-13.04.2019<\/p>\n\n\n\n<p>Renouprez, M, \u201cDiversit\u00e9 et d\u00e9veloppement : des genres aux transgenres\u201d, <em>Diversit\u00e9 et d\u00e9veloppement : sp\u00e9cificit\u00e9s, fragments, totalit\u00e9, unit\u00e9<\/em>. Universit\u00e9 F\u00e9lix Houphou\u00ebt-Boigny, Abidjan, 28-30.11.2018.<\/p>\n\n\n\n<p>Renouprez, M, \u201cR\u00e9silience : le mythe politico-h\u00e9ro\u00efque de Patrice E. Lumumba dans la litt\u00e9rature belge\u201d, <em>R\u00e9silience et modernit\u00e9 dans les litt\u00e9ratures francophones<\/em>. Archives et Mus\u00e9e de la litt\u00e9rature et l\u2019Association europ\u00e9enne d\u2019\u00c9tudes francophones, avec la collaboration du Parlement de la F\u00e9d\u00e9ration Wallonie-Bruxelles, Bruxelles, 22-23.11.2018.<\/p>\n\n\n\n<p>Renouprez, M, \u201cDe <em>L\u2019\u00eele parfum\u00e9e<\/em> aux porteurs de patrimoine dans la litt\u00e9rature polyn\u00e9sienne\u201d, <em>Viagem e cosmopolitismo : Da Ilha ao Mundo,<\/em> Universidade da Madeira, Funchal, 25-26.10.2018.<\/p>\n\n\n\n<p>Renouprez, M, \u201cL\u2019homme face \u00e0 sa propre nature, la nouvelle face de l\u2019humanisme\u201d, <em>Visages, \u00e9tat et sens de l\u2019humanisme au XXI\u00e8me si\u00e8cle<\/em>, Abidjan, 21-22.06.2018.<\/p>\n\n\n\n<p>Renouprez, M, \u201cLes r\u00e9voltes de Jean-Louis Lippert de Mai 68 \u00e0 aujourd\u2019hui\u201d, <em>Ce que Mai 68 a fait \u00e0 la litt\u00e9rature<\/em>, Nancy, 28-29.05.2018.<\/p>\n\n\n\n<p>Renouprez, M, \u201cL\u2019entre-deux ou l\u2019inclusion du tiers\u201d, <em>Entre-deux et Nouvelle Brachylogie : Convergences et divergences de deux concepts,<\/em> Naples, 24-25.05.2018.<\/p>\n\n\n\n<p>Renouprez, M, \u201cTransgenre et transfiction \u00e0 l\u2019heure de la postmodernit\u00e9\u201d, <em>III\u00e8me Congr\u00e8s international du CRI2i, Imaginaires de l\u2019Alt\u00e9rit\u00e9<\/em>, Tunis Hammamet, 6-8.03.2018.<\/p>\n\n\n\n<h1>2016\/2017<\/h1>\n\n\n\n<h3>Organizaci\u00f3n<\/h3>\n\n\n\n<p>Flores-Fern\u00e1ndez, M. Comit\u00e9 organisateur du colloque international \u201cJardin, Spiritualit\u00e9, Po\u00e9sie\u201d (Jard\u00edn, Espiritualidad, Poes\u00eda), Universit\u00e9 de Grenade, 20, 21 et 22 avril de 2016, dans le cadre du projet \u201cDu Monde en miniature au jardin plan\u00e9taire\u201d et <em>Sorbonne Paris Cit\u00e9<\/em> (2015-2018).<\/p>\n\n\n\n<p>Montoro Araque, M. Organizaci\u00f3n del Congreso Internacional \u201cJardin, spiritualit\u00e9, po\u00e9sie\u201d, Universidad de Granada (Carmen de la Victoria, del 20 al 21 de abril de 2016), dentro del proyecto internacional \u201cDu monde en miniature au jardin plan\u00e9taire\u201d (IP, Anna Caiozzo, Universit\u00e9 Paris Diderot VII- IDEX Jardins USPC. Entidad organizadora: MITEMA, Mercedes Montoro Araque).<\/p>\n\n\n\n<p>Renouprez, M. y Diandu\u00e9 P. B. K. Organisation de la Journ\u00e9e : \u201c\u00c9criture et \u00e9quation du \u2018hasard\u2019 dans les Arts et les sciences\u201d, Universidad Houphou\u00ebt-Boigny en Abidjan, el 27 de septiembre de 2017.<\/p>\n\n\n\n<p>Renouprez, M. y Diandu\u00e9 P. B. K. Organizaci\u00f3n de la Jornada sobre \u201cLitt\u00e9rature et sciences: tangentes, parall\u00e8les, s\u00e9cantes et int\u00e9grales\u201d el 24 de noviembre de 2016 en la Universidad Houphou\u00ebt-Boigny en Abidjan.<\/p>\n\n\n\n<h3>Participaci\u00f3n<\/h3>\n\n\n\n<p>Alberdi, C. \u201cLe \u2018marinisme\u2019: entre polys\u00e9mie et figement\u201d. Simposio Internacional sobre Lenguaje Figurado. Granada, Universidad de Granada, (9-11\/10\/2017).<\/p>\n\n\n\n<p>Ferrety, V. Elisa Brune: entre sciences et fictions. 2016-11-24. Universit\u00e9 Felix Houphouet Boigny.&nbsp;<\/p>\n\n\n\n<p>Ferrety, V. La th\u00e9matique de l&#8217;eau dans l&#8217;univers de Jean Lorrain. 2016-04-20. Universitat Politecnica de Valencia.<\/p>\n\n\n\n<p>Ferrety, V. Le discours amoureux brachylogique de Roland Barthes. 2016-04-29. Universit\u00e9 de Mons.<\/p>\n\n\n\n<p>Ferrety, V. Choix de po\u00e8mes et \u00e9criture fragmentaire d\u00b4Andr\u00e9e Chedid. 2017-04-15. Universit\u00e9 Tunis el Manar.<\/p>\n\n\n\n<p>Ferrety, V. Alt\u00e9rit\u00e9 mena\u00e7ante dans l\u00b4\u00e9criture de Nina Bouraoui. 2017-04-27. Graduate Center-Cuny, University of New York.<\/p>\n\n\n\n<p>Flores-Fern\u00e1ndez, M. \u201cDe la narrativit\u00e9 textuelle \u00e0 la narrativit\u00e9 iconique : l\u2019entre-deux dans l\u2019imaginaire des contes de Recuenco\u201d. Journ\u00e9es Doctorales 2017-2018 : Processus de cr\u00e9ation, de m\u00e9diation et de r\u00e9ception dans les arts et les techniques. Centre de recherche ISA (Imaginaire et Socio-Anthropologie) de l\u2019UMR Litt&amp;Arts, Universit\u00e9 Grenoble Alpes.<\/p>\n\n\n\n<p>Montoro Araque, M. \u201cMythocritique et mythanalyse\u201d (conferencia plenaria) en Coloquio Internacional para la conmemoraci\u00f3n de los 50 a\u00f1os del CRI, \u201cTh\u00e9ories et imaginaires de l\u2019imaginaire\u201d (Chamb\u00e9ry-Grenoble (Francia), 30 noviembre, 1 y 2 diciembre 2016).<\/p>\n\n\n\n<p>Montoro Araque, M. \u201cL\u2019imaginaire chez S. Germain: \u00e9cart-s, entre-s, porosit\u00e9-s\u201d, 3ra edici\u00f3n des Journ\u00e9es d\u2019\u00e9tudes \u201cImaginaire, Technologies et Cr\u00e9ativit\u00e9\u201d, Universidad Mohamed 1\u00ba Oujda (Marruecos) del 14 al 15 de diciembre 2016.<\/p>\n\n\n\n<p>Renouprez, M. \u201cFernand Dumont : Dialectique du hasard au service du d\u00e9sir\u201d, \u00c9criture et \u00e9quation du hasard dans les Arts et les Sciences, Abidjan, 27.09.2017.<\/p>\n\n\n\n<p>Renouprez, M. \u201cUnit\u00e9 et multiplicit\u00e9 chez Marguerite Yourcenar : une qu\u00eate de l\u2019absolu ?\u201d, Soci\u00e9t\u00e9 des professeurs fran\u00e7ais et francophones d\u2019Am\u00e9rique, Graduate Center, CUNY, 27-28.04. 2017.<\/p>\n\n\n\n<p>Renouprez, M. \u201cLa crise de la modernit\u00e9 : entre cynisme et kunisme\u201d, Les Modernit\u00e9s contest\u00e9es, 27-29 mai 2017, Universit\u00e9 Cheikh Anta Diop, Dakar.<\/p>\n\n\n\n<p>Renouprez, M. \u201cLa parole est \u00e0 l\u2019accus\u00e9e dans \u201cVous vous appelez Michelle Martin\u201d, de Nicole Malinconi\u201d, Le Deuxi\u00e8me Congr\u00e8s Mondial de Brachylogie \u2013 CMB2 :La Nouvelle Brachylogie \u00e0 la crois\u00e9e des sciences et des cultures, Mouradi Hammamet &#8211; Tunisie, 12-15.04.2017.<\/p>\n\n\n\n<p>Renouprez, M. \u201cL&#8217;allusion \u00e9rotique en litt\u00e9rature : des suggestions brachylogiques\u201d, La Nouvelle Brachylogie : \u00e9criture scientifique, litt\u00e9rature, traductologie, didactique, interdisciplinarit\u00e9, 28-29.04. 2016.<\/p>\n\n\n\n<p>Renouprez, M. \u201cMamiwata, de Jean-Louis Lippert : un chant de sir\u00e8ne en hommage \u00e0 Patrice E. Lumumba\u201d, CIEF, Dakar, 23-25.05. 2016.<\/p>\n\n\n\n<p>Renouprez, M. \u201cLa po\u00e9sie est g\u00e9om\u00e9trie dans la pens\u00e9e de Claire Lejeune\u201d, Litt\u00e9rature et sciences : tangentes, parall\u00e8les, s\u00e9cantes et int\u00e9grales, Abidjan, 24.11.2016.<\/p>\n\n\n\n<h1>2014 \/ 2015<\/h1>\n\n\n\n<h3>Participaci\u00f3n<\/h3>\n\n\n\n<p>Alberdi, C. y Arregui, N. \u201cCulture et identit\u00e9: le fabuleux univers d\u2019Eduardo Mendoza\u201d. Congreso Internacional Langage et Analogie. Figement. Polys\u00e9mie. Granada, Universidad de Granada (17-19\/09\/2014).&nbsp;<\/p>\n\n\n\n<p>Alberdi, C. \u201cTIC, motivation et autonomie: quelques pistes\u201d. II Coloquio franco-espa\u00f1ol de an\u00e1lisis del discurso y de la ense\u00f1anza de lenguas para fines espec\u00edficos. Valencia, Universidad de Valencia (3-5\/09\/2014).<\/p>\n\n\n\n<p>Ferrety, V. \u201cLe personnage f\u00e9minin de Jean Lorrain. une identit\u00e9 en crise?\u201d 2014-03-28. Universidad de Alcal\u00e1.<\/p>\n\n\n\n<p>Ferrety, V. \u201cLa d\u00e9cadence de l&#8217;amour chez Jean Lorrain\u201d 2015-06-11. Ja\u00e9n<\/p>\n\n\n\n<p>Montoro Araque M., \u201cTrahison des images ou \u00e9piphanie de l\u2019inaper\u00e7u ? L\u2019imaginaire chez Sylvie Germain\u201d. Congreso Internacional \u201cLa Trahison des images, la d\u00e9ficience des langues\u201d, celebrado en Burdeos (Francia; Librairie Mollat, del 17 al 18 octubre de 2014. Entidad organizadora : CELFA, EA CLARE).<\/p>\n\n\n\n<p>Renouprez, M. et D. Bajom\u00e9e, \u201cManger Claire\u201d, Maison Losseau, Mons, 12.10.2015.<\/p>\n\n\n\n<p>Renouprez, M. \u201cSens des formes brachylogiques dans la po\u00e9sie de Elke de Rijcke\u201d, Le Master didactique, litt\u00e9rature et langage, avec l\u2019association marocaine de brachylogie et le CIREB, 16-19.04.2015, Kenitra.<\/p>\n\n\n\n<p>Renouprez, M. \u201cLe rayonnement international de Claire Lejeune\u201d, SSALH, Mons, 27-28.03.2015.<\/p>\n\n\n\n<p>Renouprez, M. \u201cRh\u00e9torique et brachylogie. Une figure qui donne \u00e0 penser\u201d, III\u00e8 s\u00e9minaire des \u00e9tudes brachylogiques, Universit\u00e9 Tunis-El Manar, 17-18.10.2014.<\/p>\n\n\n\n<p>Renouprez, M. \u201cComment clarifier sa pens\u00e9e ? \u00c9tude g\u00e9n\u00e9tique de L\u2019Atelier de Claire Lejeune\u201d, \u00c9criture scientifique. \u00c9criture sous contrainte, FTI-EII. Universit\u00e9 de Mons-Hainaut, 27.02.2014.<\/p>\n\n\n\n<h1>2012-13<\/h1>\n\n\n\n<h3>Organizaci\u00f3n<\/h3>\n\n\n\n<p>Renouprez, M. Organizaci\u00f3n del X Congreso Internacional de Ling\u00fc\u00edstica francesa: \u201cLa linguistique fran\u00e7aise sans fronti\u00e8res: aux marges du discours (personnes, temps, lieux, objets)\u201d, UCA, 27- 29 de noviembre de 2014.<\/p>\n\n\n\n<h3>Participaci\u00f3n<\/h3>\n\n\n\n<p>Alberdi, C. \u201c(Des)cortes\u00eda y competencia comunicativa\u201d. II Congreso Iberoamericano de Estudios sobre Oralidad y V Encuentro Lationamericano de identidades. Granada, Universidad de Granada (11\/10\/2013).<\/p>\n\n\n\n<p>Alberdi, C. \u201cVerba volant? Polifon\u00eda y responsabilidad enunciativa\u201d. I Conferencia Internacional de Ling\u00fc\u00edstica, Literatura y Estudios culturales en Lenguas Modernas. Murcia, Universidad Cat\u00f3lica de Murcia (12-13\/09\/2013).<\/p>\n\n\n\n<p>Alberdi, C. \u201cEl libro interactivo: un recurso motivador para el aula y para el autoaprendizaje\u201d. Jornadas internacionales sobre aspectos l\u00fadicos en la ense\u00f1anza de lenguas extranjeras\/segundas lenguas. Toledo, Universidad de Castilla-La Mancha (25-26\/04\/2013).<\/p>\n\n\n\n<p>Montoro Araque, M. \u201cImaginaires du mal au XXIe si\u00e8cle: de la revisitation mythique \u00e0 la r\u00e9alit\u00e9 apocalyptique du quotidien\u201d. Congreso Internacional \u201cTopographies du mal. Du lieu infernal \u00e0 l\u2019antiutopie\u201d, celebrado en Universitatea \u201cBabes-Bolyai\u201d, Cluj-Napoca, Ruman\u00eda, del 4 al 6 de octubre de 2012 (Entidad organizadora: Phantasma\/CRI2i).<\/p>\n\n\n\n<p>Montoro Araque, M. \u201cMiroir, connaissance, imaginaire: r\u00e9flexions, reflets ou \u00e9chos d\u2019un narcisse au f\u00e9minin\u201d. Congreso Internacional \u201cLe miroir, entre imaginaire, sciences et spiritualit\u00e9\u201d.&nbsp; Universit\u00e9 Stendhal Grenoble III (12-13 mars 2012, Entidad organizadora: CRI, Claude Fintz).<\/p>\n\n\n\n<p>Montoro Araque, M. \u201cExistence, exp\u00e9rience, \u00e9tranget\u00e9: se raconter comme un autre. Maryline Desbiolles au crible de l\u2019autofiction\u201d. Congreso Internacional \u201cLitt\u00e9rature du moi, autofiction et h\u00e9t\u00e9rographie dans la litt\u00e9rature fran\u00e7aise et en fran\u00e7ais du XXe et du XXIe si\u00e8cles\u201d (Bordeaux, 25 Octobre 2013). Entidad organizadora: Universit\u00e9 Michel de Montaigne-CLARE (Lapril\/Celfa) en colaboraci\u00f3n con la Librairie Mollat.<\/p>\n\n\n\n<p>Montoro Araque, M. \u201cUt pictura poesis ou ut pictura paradisus ? Lecture crois\u00e9e des paysages gauti\u00e9ristes\u201d. Colloque 20-21 juin 2013: \u201cPaysages et utopies : des sujets et des mondes\u201d. Universit\u00e9 Paris VII Denis Diderot. Entidad organizadora: \u201cICT: Identit\u00e9s, Cultures, Territoires\u201d, Anna Caiozzo et Laurent Dedryv\u00e8re (resp.)<\/p>\n\n\n\n<p>Renouprez, M. \u201cBob Morane de Henri Vernes et Sylvie de Ren\u00e9 Philippe : la construction des genres masculin et f\u00e9minin dans l\u2019imm\u00e9diat apr\u00e8s-guerre\u201d, ESPE de Bordeaux, 23.10. 2013.<\/p>\n\n\n\n<p>Renouprez, M. \u201cLes travers\u00e9es du Japon de Marguerite Yourcenar\u201d, CIEF, Thessalonique, 14.06.2012.<\/p>\n\n\n\n<hr class=\"wp-block-separator\"\/>\n\n\n\n<h1>Publicaciones<\/h1>\n\n\n\n<h1>2022-23<\/h1>\n\n\n\n<h3>Cap\u00edtulos de libros<\/h3>\n\n\n\n<p>Alberdi, C., Andr\u00e9, V. y Etienne, C. \u201cLearning to interact in Frech as a foreign language with corpora: The example of storytelling\u201d. in H. Tyne &amp; S. Spina (eds.), <em>Applying corpora in teaching and learning Romance languages<\/em>. Amsterdam: John Benjamins (sous presse).<\/p>\n\n\n\n<h3>Art\u00edculos<\/h3>\n\n\n\n<p>Alberdi, C. \u201cUn <em>ethos<\/em> politique f\u00e9minin ? Le discours de l\u2019extr\u00eame droite en Espagne ou la porosit\u00e9 des fronti\u00e8res discursives\u201d. <em>Caietele Echinox, <\/em>42, 2022 (sous presse)<em>.<\/em><\/p>\n\n\n\n<p>Chico Morales, J.M. \u201c<em>La Ciudad de las Damas<\/em>: del objeto escrito al sujeto escritor. La literatura como instrumento de emancipaci\u00f3n en la obra de Christine de Pizan\u201d in <em>Quimera. Revista de Literatura<\/em>, n\u00ba 358, 2022 (sous presse).<\/p>\n\n\n\n<p>Flores-Fern\u00e1ndez, M. \u201cCorps et territoire : lecture de l\u2019identit\u00e9 f\u00e9minine dans le paysage de sel\u201d in <em>Caietele Echinox<\/em>, 42, 2022. (Sous presse).<\/p>\n\n\n\n<p>Flores-Fern\u00e1ndez, M. \u201cEl resurgir de Pandora como mito de esperanza: una lectura ecofeminista del imaginario de la cat\u00e1strofe\u201d in <em>Revista Sonda. Investigaci\u00f3n en&nbsp; Artes y Letras<\/em>. Facultad de Bellas Artes de Valencia. Universitat Polit\u00e8cnica de Val\u00e8ncia, 10, 2021, pp. 159-172.&nbsp;&nbsp;<\/p>\n\n\n\n<p>Montoro Araque, M. \u201cHerm\u00e8s ou l\u2019effacement de la dichotomie genr\u00e9e\u201d in <em>Caietele Echinox<\/em>, vol. 42: F\u00e9minin vs. Masculin, Cluj-Napoca, Ruman\u00eda, 2022. (sous presse).<\/p>\n\n\n\n<h1>2020-21<\/h1>\n\n\n\n<h3>Libros<\/h3>\n\n\n\n<p>Caiozzo, A. et Montoro M. (\u00e9dits) \u201c<em>Le jardin, entre spiritualit\u00e9,&nbsp; po\u00e9sie et projections soci\u00e9tales : approches comparatives\u201d. <\/em>(L) Valenciennes : PUV, 2020.<\/p>\n\n\n\n<p>Ferrety, V. y Renouprez, M. (ed.), <em>Conversation et nouvelle brachylogie<\/em>, Mons, \u00c9ditions du CIPA, 2020. ISBN : 978-2-930200-92-7.<\/p>\n\n\n\n<p>Gonz\u00e1lez Alcantud,J.A., Qu\u00e9 es el orientalismo. El oriente imaginado en la cultura global. ALMUZARA, 2021. ISBN 9788418089879.&nbsp;<\/p>\n\n\n\n<p>Gonz\u00e1lez Alcantud,J.A.,Fronti\u00e8res imaginaires. Style artistique et image photographique sous contexte colonial. L&#8217;Harmattan, 2020. ISBN 978-2-343-19264-2&nbsp;<\/p>\n\n\n\n<p>Gonz\u00e1lez Alcantud,J.A., Europa y la contracultura. ABADA EDITORES, 2020. ISBN 9788417301545.<\/p>\n\n\n\n<p>Gonz\u00e1lez Alcantud,J.A., Marc Aug\u00e9. Sue\u00f1o y potencia de la antropolog\u00eda. Revista Anthropos, 2020, N\u00ba252: 5-10.ANTHROPOS, 2020. ISBN ISSN 2385-5150.<\/p>\n\n\n\n<p>Gonz\u00e1lez Alcantud,J.A., Bux\u00f3-rey, Mar\u00eda Jes\u00fas. Pandemia y confinamiento. Aportes antropol\u00f3gicos al malestar en la cultura global. Editorial Universidad de Granada, 2020. ISBN 978-84-338-6747-6.<\/p>\n\n\n\n<h3>Cap\u00edtulos de libros<\/h3>\n\n\n\n<p>Alberdi, C., Etienne, C. et Jouin-Chardon, \u00c9. \u201cComprendre les sp\u00e9cificit\u00e9s du fran\u00e7ais oral par l\u2019immersion virtuelle: un d\u00e9fi possible pour les apprenants\u201d, in L. Meneses-Ler\u00edn, C. Molina et L. Montes (coord.), <em>Analyser, \u00e9crire, traduire et enseigner les langues \u00e0 l&#8217;\u00e8re du num\u00e9rique<\/em>. Granada : Comares, 2020, pp. 19-38.<\/p>\n\n\n\n<p>Alberdi, C. \u201cLep\u00e9nisme et marinisme : variations et invariants du discours populiste identitaire\u201d in \u0141. Szkopi\u0144ski y A. Woch (ed.) Populismo y propaganda: entre el presente y el pasado. \u0141\u00f3d\u017a: Universidad de Lodz, 2020, pp. 101-110.<\/p>\n\n\n\n<p>Ferrety, V. \u201cNina Bouraoui, escritora intercultural: entre conocimiento, recuerdo, devenir y ser\u201d. Innovaci\u00f3n Docente e Investigaci\u00f3n en Arte y Humanidades. pp. 1353- 1360. ISBN: 978-84-1377-217-7. 2020.<\/p>\n\n\n\n<p>Flores-Fern\u00e1ndez, M. \u201cEros y T\u00e1natos en <em>La B\u00eate Humaine<\/em>: de la representaci\u00f3n del cuerpo femenino a la violencia en el imaginario de Zola\u201d in Cand\u00f3n R\u00edos, F., <em>Discurso e ideolog\u00eda: La violencia contra la mujer en la literatura<\/em>. Valladolid: Vicerrectorado del campus de Soria. Universidad de Valladolid, 2021, pp. 17-31.<\/p>\n\n\n\n<p>Flores-Fern\u00e1ndez, M. \u201cDe la discipline \u00e0 l\u2019indiscipline du jardin : oasis de la pens\u00e9e ou r\u00e9seau de connaissance ?\u201d in Montoro Araque, M. et Caiozzo, A., <em>Le jardin, entre spiritualit\u00e9, po\u00e9sie et projections soci\u00e9tales. Approches comparatives <\/em>(Europe, Proche-Orient, Asie, Am\u00e9rique du Sud). Presses Universitaires de Valenciennes. 2020. pp. 395-409.&nbsp;<\/p>\n\n\n\n<p>Gonz\u00e1lez Alcantud,J.A., \u201c\u00bfLa pluralit\u00e9 fran\u00e7aise et l\u2019horizon de l\u2019Islam ib\u00e9rique. Notes pour une actualit\u00e9 pol\u00e9mique?&nbsp; La diversit\u00e9 ethnoculturelle dans les arts, les m\u00e9dias et le patrimoine\u201d. Enqu\u00eate en France et en Europe.pp. 163 &#8211; 174. 2021.<\/p>\n\n\n\n<p>Gonz\u00e1lez Alcantud,J.A., \u201c\u00bfEl Sal\u00f3n del Trono en el Palacio de Comares en la Alhambra de Granada: cosmolog\u00eda, interpretaci\u00f3n esot\u00e9rica y triunfo est\u00e9tico? L\u2019uomo e il cosmo nella storia. Paradigmi, miti, simboli.pp. 283 &#8211; 310. 2021.&nbsp;<\/p>\n\n\n\n<p>Gonz\u00e1lez Alcantud,J.A., Casablanca (1942). \u201cRevisitada por la antropolog\u00eda hist\u00f3rica. \u00bfHommage au po\u00e8te, peintre et historien. Abdelmajid Benjelloun.\u201d T\u00e9touan, 2021: 35-54. ISBN. pp. 35 &#8211; 54. 2021.<\/p>\n\n\n\n<p>Gonz\u00e1lez Alcantud,J.A., \u201c\u00bfAl-\u00c1ndalus negado: reflexi\u00f3n en torno al negacionismo hist\u00f3rico y cultural?\u201d In: Lila Zellet-el\u00edas y Mauricio L\u00f3pez Vald\u00e9s (eds.) Supervivencias e imaginarios de al-\u00c1ndalus en M\u00e9xico.pp. 9 &#8211; 36. 2021.<\/p>\n\n\n\n<p>Gonz\u00e1lez Alcantud,J.A., \u201cLes oasis sahariennes: entre utilitarisme agricole, plaisir esth\u00e9tique et maraboutisme. Du Tafilalet \u00e0 Tozeur. Le jardin, entre spiritualit\u00e9, po\u00e9sie et projections soci\u00e9tales.\u201d Approches comparatives. pp. 349 &#8211; 365. 2020.&nbsp;<\/p>\n\n\n\n<p>Gonz\u00e1lez Alcantud,J.A., \u201cEn los m\u00e1rgenes del libro. Razones culturales y er\u00f3ticas del plagio y lo intonso.\u201d EL LIBRO: <em>Reflexiones interdisciplinares sobre la lectura<\/em>, La biblioteca y la edici\u00f3n. pp. 81 &#8211; 94. 2020.&nbsp;<\/p>\n\n\n\n<p>Gonz\u00e1lez Alcantud,J.A., \u201c\u00bfCat\u00e1strofe, azar y culpa. Pensamiento sobre las plagas hist\u00f3ricas, incluida la Covid-19?. Pandemia y confinamiento. Aportes antropol\u00f3gicos al malestar en la cultura global.\u201d pp. 25 &#8211; 46. 2020.<\/p>\n\n\n\n<p>Montoro Araque, M. \u201cDes jardins surr\u00e9alistes d\u2019ici et d\u2019ailleurs : vers une spiritualit\u00e9 revisit\u00e9e\u201d (CL), in A. Caiozzo et M. Montoro (\u00e9dits) <em>Le jardin, entre spiritualit\u00e9,&nbsp; po\u00e9sie et projections soci\u00e9tales : approches comparatives. <\/em>Valenciennes : PUV, 2020.<\/p>\n\n\n\n<p>Renouprez, M. \u201cR\u00e9silience : le mythe politico-h\u00e9ro\u00efque de Patrice E. Lumumba dans la litt\u00e9rature belge\u201d, Marc Quaghebeur (dir.),<em> R\u00e9silience et modernit\u00e9 dans les litt\u00e9ratures francophones, <\/em>T.1, coll. Documents pour l\u2019Histoire des Francophonies \/Th\u00e9orie, vol. 52, Bruxelles, Peter Lang, 2021, pp. 487-508.<\/p>\n\n\n\n<p>Renouprez, M. \u201cDe <em>L\u2019\u00cele parfum\u00e9e<\/em> aux porteurs de patrimoine dans la litt\u00e9rature polyn\u00e9sienne\u201d, <em>Viagem e cosmopolitismo da ilha ao mundo, <\/em>Ribeirao, Edi\u00e7oes Humus, 2021, pp.435-450<em>. <\/em>ISBN: 978-989-755-610-4.<\/p>\n\n\n\n<p>Renouprez, M. \u201cEl papel de la mujer trans en la diversidad de g\u00e9nero\u201d, Innovaci\u00f3n docente e investigaci\u00f3n en Arte y Humanidades. Avanzando en el proceso de Ense\u00f1anza-Aprendizaje. Madrid, Dykinson, 2020, pp.583-591. ISBN: 978-84-1377-217-2.<\/p>\n\n\n\n<p>Renouprez, M. \u201cVertu de la bri\u00e8vet\u00e9 dans la conversation et questionnement de la logique rationnelle\u201d, en Victoria Ferrety y Martine Renouprez<em>, Conversation et nouvelle brachylogie<\/em>, Mons, \u00c9ditions du CIPA, 2020, pp.289-293.<\/p>\n\n\n\n<h3>Art\u00edculos<\/h3>\n\n\n\n<p>Alberdi, C. et Etienne, C. \u201cApprendre \u00e0 interagir en classe de FLE: la situation d\u2019invitation\u201d in <em>Bulletin Suisse de Linguistique Appliqu\u00e9e<\/em>, VALS-ASLA, <em>2 <\/em>(n\u00ba sp\u00e9cial), 2021, pp. 107-128.<\/p>\n\n\n\n<p>Alberdi, C. \u201cLes soleils des ind\u00e9pendances. Hybridation et d\u00e9fis traductologiques\u201d, in <em>RECIT (Revue des Enseignants et Chercheurs en Interpr\u00e9tariat et Traductologie<\/em>), 1, 2021, pp. 169-190.<\/p>\n\n\n\n<p>Flores-Fern\u00e1ndez, M. \u201cLe paysage thanatique et f\u00e9minin chez Gustave Moreau. \u00c9tude mythocritique de Orph\u00e9e sur la tombe d\u2019Eurydice\u201d in <em>\u00c7\u00e9dille, Revista de Estudios Franceses,<\/em> Universidad de La Laguna, 20, 2021, pp. 287-311.<\/p>\n\n\n\n<p>Flores-Fern\u00e1ndez, M. \u201cMitos alqu\u00edmicos y representaciones herm\u00e9ticas en el imaginario femenino de la sal\u201d in <em>Amaltea. Revista de mitocr\u00edtica<\/em>, Universidad Complutense de Madrid, 13, 2021, pp. 5-16.<\/p>\n\n\n\n<p>Flores-Fern\u00e1ndez, M. \u201cIdentit\u00e9s de Pandore : \u00e0 la rencontr\u00e9 du paysage comme image de soi\u201d in <em>Echinox Journal<\/em>, 40, 2021, pp. 251-268.<\/p>\n\n\n\n<p>Flores-Fern\u00e1ndez, M. \u201cCuerpos de sal en el siglo XXI: el despertar de un mito femenino\u201d in <em>The Conversation<\/em>, 7 mars 2021. En ligne [URL: <a href=\"https:\/\/theconversation.com\/cuerpos-de-sal-en-el-siglo-xxi-el-despertar-de-un-mito-femenino-156432\">https:\/\/theconversation.com\/cuerpos-de-sal-en-el-siglo-xxi-el-despertar-de-un-mito-femenino-156432<\/a>]<\/p>\n\n\n\n<p>Gonz\u00e1lez Alcantud,J.A., \u201c\u00bfAntropolog\u00eda y Creencia. Carmelo Lis\u00f3n Tolosana japonizando?\u201d Revista <em>Euroamericana de Antropolog\u00eda<\/em>. 11, pp. 219 &#8211; 232. 2021. ISSN 2387-1555.<\/p>\n\n\n\n<p>Gonz\u00e1lez Alcantud,J.A., \u201c\u00bfLa ciudad musulmana de Granada en la prueba de la modernidad, 1840-2000?\u201d Hesperis &#8211; Tamuda. LVI &#8211; 3, pp. 365 &#8211; 390. 2021. ISSN 0018-1005.<\/p>\n\n\n\n<p>Gonz\u00e1lez Alcantud,J.A., Revista de estudios brasile\u00f1os. 7, 2020. ISSN 2386-4540<\/p>\n\n\n\n<p>Gonz\u00e1lez Alcantud,J.A., \u201c\u00bfMarruecos en clave poscolonial?\u201d Metapol\u00edtica. 111, pp. 89 &#8211; 99. 2020. ISSN 1605-0576.&nbsp;<\/p>\n\n\n\n<p>Montoro Araque, M. \u201cR\u00e9\u00e9critures contemporaines autour de la notion identitaire: vers l\u2019hypernarcissisme?\u201d in <em>Caietele Echinox<\/em> vol. 41, Cluj-Napoca, Ruman\u00eda, 2021, pp. 175-193.<\/p>\n\n\n\n<p>Montoro Araque, M. \u201cHorizons mythodologiques : 50 ans et pas une ride !\u201d, <em>IRIS<\/em> [En ligne], 39 | 2019, mis en ligne le 15 d\u00e9cembre 2020, consult\u00e9 le 15 f\u00e9vrier 2021.<br>URL : <a href=\"https:\/\/publications-prairial.fr\/iris\/index.php?id=867\">https:\/\/publications-prairial.fr\/iris\/index.php?id=867<\/a><br><a href=\"https:\/\/dx.doi.org\/10.35562\/iris.867\">DOI : 10.35562\/iris.867<\/a><\/p>\n\n\n\n<p>Montoro Araque, M., \u201cBraga, Corin. <em>Arch\u00e9typologie postmoderne. D\u2019\u0152dipe \u00e0 Umberto Eco<\/em>. Paris : Honor\u00e9 Champion, coll. Convergences (Antiquit\u00e9-XXIe si\u00e8cle), 2019. ISBN : 9782745351333. 444 pp.\u201d in <em>Amaltea v<\/em>ol. 11, 101-106.<a href=\"https:\/\/doi.org\/10.5209\/amal.64294\"> https:\/\/doi.org\/10.5209\/amal.64294<\/a> .<br>V\u00e9ase:<a href=\"https:\/\/revistas.ucm.es\/index.php\/AMAL\/article\/view\/64294\"> https:\/\/revistas.ucm.es\/index.php\/AMAL\/article\/view\/64294<\/a><\/p>\n\n\n\n<p>&nbsp;Montoro Araque, M. \u201cM\u00e9ndez Baiges, M. <em>Arte escrita. Texto, imagen y g\u00e9nero en el arte contempor\u00e1neo<\/em>.\u201d Granada: Comares, Arte, 2017\u201d in <em>Imago cr\u00edtica<\/em> n\u00ba 7. Barcelona: Anthropos, 2020.<\/p>\n\n\n\n<p>Renouprez, M.&nbsp; \u201cConstruire une identit\u00e9 belge hors de l\u2019hexagone\u201d, <em>Philologia hispalensis<\/em>, n\u00ba34, vol.2, 2020, pp.53-65.<\/p>\n\n\n\n<p>Renouprez, M. \u201cDiversit\u00e9 et d\u00e9veloppement : des genres aux transgenres\u201d, <em>Akofena, Revue scientifique des Sciences du langage, Lettres, Langues et Communication<\/em>, Sp\u00e9cial n\u00ba5, 2020, pp.115-126.<\/p>\n\n\n\n<p>Renouprez, M. \u201cTransidentit\u00e9 et transfiction \u00e0 l\u2019heure de la postmodernit\u00e9\u201d, <em>Planetary Spaces. The humanities at the crossroads of the local and the Post-global<\/em>, <em>Caietele Echinox<\/em>, n\u00ba38, 2020, pp.205-214.<\/p>\n\n\n\n<h1>2018-19<\/h1>\n\n\n\n<h3>Libros<\/h3>\n\n\n\n<p>Gonz\u00e1lez Alcantud,J.A., \u201cHistoria colonial de Marruecos\u201d (1894-1961). ALMUZARA, 2019. ISBN 9788417418878.<\/p>\n\n\n\n<p>Gonz\u00e1lez Alcantud,J.A., Rojo Flores S., Cabello Padial G., Lorente Rivas M. \u201cCulturas de frontera. Andaluc\u00eda y Marruecos en el debate de la modernidad\u201d. ANTHROPOS, 2019. ISBN 978-84-17556-08-2.<\/p>\n\n\n\n<p>Aranda Mera, F., Gonz\u00e1lez Alcantud,J.A., Razquin Mandago A. \u201cContracultura y Europeidad. Lo ins\u00f3lito y la interzona de libertad\u201d. Abada Editores, 2019.<\/p>\n\n\n\n<p>Gonz\u00e1lez Alcantud,J.A., El rapto de la Historia. Introducci\u00f3n a un debate con la Antropolog\u00eda. Ed. UGR, 2019. ISBN 978-84-338-6451-2.<\/p>\n\n\n\n<p>Gonz\u00e1lez Alcantud,J.A.; Puerta V\u00edlchez, J.M.; Gonzales Ferrin, E.; Makariou, S.; Benjelloun, A.; Calderwood, E.. Paradigma Alhambra. \u201cVariaci\u00f3n del mito de al-\u00c1ndalus. Aportaciones a un debate germinal.\u201d Universidad de Granada, 2018. ISBN 978-84-338-6194-8.<\/p>\n\n\n\n<p>Gonz\u00e1lez Alcantud,J.A., Ab\u00e9l\u00e8s, M.; P\u00e9rez-rodr\u00edguez, A.; Pastor-andreu, J.; Baumann, R.; Pe\u00f1amar\u00edn, C.; P\u00e9rez-taylor-aldrete, R.; Palermo, G.; Polls, M.; Rothe, E.; Ribas-sanpons, J.; Lopez Garcia, B.; D\u00edaz-salazar, A.. \u201cPar\u00eds no fue una fiesta, y otros 68.\u201d EDITORIAL UNIVERSIDAD DE GRANADA, 2018. ISBN 978-84-338-6405-5.<\/p>\n\n\n\n<p>Gonz\u00e1lez Alcantud,J.A., \u201cLeones y doncellas. Dos patios palaciegos andaluces en di\u00e1logo cultural (siglos XIV al XXI).\u201d (Espa\u00f1a): Ed. UGR, 2018. ISBN 9788433862198<\/p>\n\n\n\n<p>Ferrety, M. y Renouprez, M. (ed.), \u201cLes Migrations entre M\u00e9diterran\u00e9e et terre promise\u201d<em>, <\/em>Vol.2 Litt\u00e9rature, philosophie et linguistique. Servicio de publicaciones de la UCA, 2019. ISBN: 978-84-9828-777-6.<\/p>\n\n\n\n<p>Diandu\u00e9, B.K. y Renouprez, M. (ed.), \u201cLe Hasard dans les Arts et Lettres\u201d, Sarri\u00f3n, Mu\u00f1oz Moya Editores, 2019. ISBN: 978-84-8010-323-7.<\/p>\n\n\n\n<p>Andr\u00e9, A., Bajom\u00e9e, B. y Renouprez<em>, <\/em>M., Lejeune C.<em>. <\/em>\u201cPour trouver la cl\u00e9, il fallut perdre la m\u00e9moire des serrures.\u201d Textes in\u00e9dits, Bruxelles, L\u2019Arbre de Diane, 2018. ISBN : 978-2-930822-10-5.<\/p>\n\n\n\n<p>Montoro Araque, M. \u201cGautier au carrefour de l\u2019\u00e2me romantique et d\u00e9cadente. New York : Peter Lang, coll.\u201d <em>Currents in comparative Romance Languages and Literatures<\/em> 2018.<\/p>\n\n\n\n<h3>Cap\u00edtulos de libros<\/h3>\n\n\n\n<p>Alberdi, C. \u201cLa rh\u00e9torique anti-immigration. Du discours politique \u00e0 Twitter : cartographie d&#8217;un no man&#8217;s land\u201d, in V. Ferrety y M. Renouprez (eds.), <em>Les Migrations entre M\u00e9diterran\u00e9e et terre promise. Litt\u00e9rature, philosophie et linguistique.<\/em> C\u00e1diz-Lieja :Servicio de publicaciones de la UCA, 2019, pp. 197-214.<\/p>\n\n\n\n<p>Alberdi, C. \u201cEn torno al ethos. Apuntes para una sociopragm\u00e1tica de la traducci\u00f3n\u201d, in J. Sevilla Mu\u00f1oz (coord.), Enfoques actuales de la traducci\u00f3n. Estudios dedicados a Valent\u00edn Garc\u00eda Yebra. Madrid: Instituto Cervantes<br>Vease: <a href=\"https:\/\/cvc.cervantes.es\/lengua\/yebra\/\">https:\/\/cvc.cervantes.es\/lengua\/yebra\/<\/a>, 2018.<\/p>\n\n\n\n<p>Alberdi, C. \u201cLe \u2018marinisme\u2019. Axiolog\u00e8mes et interdiscours au service de la polys\u00e9mie\u201d, in A. Pamies et al. (eds.), Lenguaje figurado y competencia interling\u00fc\u00edstica (I). Aspectos te\u00f3ricos. Granada: Comares, 2018,&nbsp; pp. 141-150.<\/p>\n\n\n\n<p>Ferrety, V. \u201cLa tragicom\u00e9die de l\u2019amour v\u00e9nal chez Jean Lorrain\u201d, dans ENCARNACI\u00d3N MEDINA ARJONA (dir.) AGAP\u00c8. <em>De l\u2019amour dans le patrimoine litt\u00e9raire<\/em>, PAr\u00eds, L\u2019Harmattan, pp. 91-99. 2019<\/p>\n\n\n\n<p>Ferrety, V. \u201cEst-ce que le hasard fait bien les choses dans la rencontre amoureuse\u201d, dans DIANDU\u00c9 Bi Kacou Parfait et Renouprez M., <em>Le Hasard dans les Arts et Lettres<\/em>, Editorial Mu\u00f1oz Moya Editores, colecci\u00f3n ensayo,&nbsp; pp. 183-191. 2019.<\/p>\n\n\n\n<p>Ferrety, V. \u201cMetamorfosis del cementerio en la obra de Jean Lorrain\u201d, en Francisco Jos\u00e9 Rodriguez Mar\u00edn (coord.), Los cementerios como recurso cultural, educativo y tur\u00edstico. pp. 1 \u2013 12, ISBN: 978-84-09-16438-7. 2019.<\/p>\n\n\n\n<p>Ferrety, V. \u201cLeer y escribir la frontera actual: en la narrativa de ficci\u00f3n y en otros lugares\u201d. Innovaci\u00f3n Docente e Investigaci\u00f3n en Arte y Humanidades. pp. 749 &#8211; 757. ISBN 978-84-1324560-2019.<\/p>\n\n\n\n<p>Gonz\u00e1lez Alcantud,J.A., \u201cSingularidad del cantero macaelense\u201d. M\u00e1rmol. pp. 104 &#8211; 111. 2019.<\/p>\n\n\n\n<p>Gonz\u00e1lez Alcantud,J.A., \u201cAl \u00c1ndalus y el tiempo m\u00edtico de los andalus\u00edes\u201d. La definizione culturale del tempo. pp. 147 &#8211; 170. 2019.<\/p>\n\n\n\n<p>Gonz\u00e1lez Alcantud,J.A., \u201cAntropolog\u00eda e Historia en Marruecos. La mezcla como principio epist\u00e9mico\u201d. Antropolog\u00eda e Historia. Intersecciones te\u00f3ricas. pp. 141 &#8211; 166. 2019.<\/p>\n\n\n\n<p>Gonz\u00e1lez Alcantud,J.A., \u201cLa cultura ber\u00e9ber, un horizonte hist\u00f3rico persistente\u201d. La Granada zir\u00ed y el universo ber\u00e9ber. pp. 21 &#8211; 25. 2019<\/p>\n\n\n\n<p>Gonz\u00e1lez Alcantud,J.A., \u201cMediaciones militares desde la antropolog\u00eda. Una experiencia reciente\u201d. Antropolog\u00eda: enfoque sociocultural. Homenaje al Dr. Luis \u00c1lvarez Mun\u00e1rriz. pp. 321 &#8211; 329. 2018.&nbsp;<\/p>\n\n\n\n<p>Montoro Araque, M. \u201cL\u2019entre-deux libertaire : Mariannes-s, regards crois\u00e9s\u201d, in Fintz, Cl. et Costa, V. (\u00e9dits) La realit\u00e9 en proc\u00e8s, explorations de l\u2019entre-deux. Valenciennes : PUV,&nbsp; 2018, pp. 143-167.<\/p>\n\n\n\n<p>Montoro Araque, M. \u201cSylvie Germain, temporalit\u00e9s et \u00e9criture mytho-phore\u201d, in L\u2019hermitte, A. Sylvie Germain. L\u2019Art d\u2019\u00eatre au monde. Dax : \u00e9ditions Passiflore, coll. <em>Pr\u00e9sence de l\u2019\u00e9crivain<\/em>, 2018, p. 19-32.<\/p>\n\n\n\n<p>Montoro Araque, M. \u201cUt pictura poesis ou ut pictura paradisus ? Lecture crois\u00e9e des paysages gauti\u00e9ristes\u201d in Caiozzo, A. Paysages et utopie. Valenciennes : PUV, col. Jardins &amp; Soci\u00e9t\u00e9 n\u00ba 1, 2018, pp. 205-224.<\/p>\n\n\n\n<p>Montoro Araque, M. \u201cQuelques r\u00e9flexions sur les visages d\u2019un Autre polyphonique. De l\u2019\u2018identit\u00e9 en myriade plurielle\u2019 \u00e0 l\u2019alt\u00e9rit\u00e9 \u201d in Caietele Echinox , vol 36: \u201cImaginaires de l\u2019alt\u00e9rit\u00e9. I. Pour une approche anthropologique\u201d, Cluj-Napoca, Ruman\u00eda, 2019, pp. 71-84.<\/p>\n\n\n\n<p>Montoro Araque, M. \u201cUn \u2018agua con sabor de muerte\u2019: reflexiones paisaj\u00edsticas en torno al imaginario rom\u00e1ntico del cementerio\u201d, in Francisco Jos\u00e9 Rodriguez Mar\u00edn (coord.), XX<em> Encuentro Iberoamericano de Valoraci\u00f3n y Gesti\u00f3n de los cementerios patrimoniales. Los cementerios como recurso cultural, educativo y tur\u00edstico<\/em>, M\u00e1laga, Vicerrectorado de Investigaci\u00f3n y transferencia de la Universidad de M\u00e1laga, 2019, p.1-17. ISBN: 978-84-09-16438-7.<\/p>\n\n\n\n<p>Renouprez, M. \u201cL\u2019imaginaire des cimeti\u00e8res en Belgique francophone\u201d, in Francisco Jos\u00e9 Rodriguez Mar\u00edn (coord.), <em>XX Encuentro Iberoamericano de Valoraci\u00f3n y Gesti\u00f3n de los cementerios patrimoniales. Los cementerios como recurso cultural, educativo y tur\u00edstico<\/em>, M\u00e1laga, Vicerrectorado de Investigaci\u00f3n y transferencia de la Universidad de M\u00e1laga, 2019, p.1-11. ISBN: 978-84-09-16438-7.<\/p>\n\n\n\n<p>Renouprez, M. \u201cLes Migrations entre questionnement et po\u00e9tique du Tout-monde\u201d, in Victoria Ferrety y Martine Renouprez, <em>Les Migrations entre M\u00e9diterran\u00e9e et terre promise. <\/em>Vol.2 Litt\u00e9rature, philosophie et linguistique, C\u00e1diz, Servicio de publicaciones de la UCA, 2019, pp. 187-187.<\/p>\n\n\n\n<p>Renouprez, M. \u201cInterculturalidad, investigaci\u00f3n y evoluci\u00f3n cient\u00edfica en el Mediterr\u00e1neo en torno al concepto de Braquilog\u00eda\u201d, en <em>Innovaci\u00f3n docente e Investigaci\u00f3n en Artes y Humanidades<\/em>, Madrid, Ed Dykinson, 2019, pp.391-399. ISBN: 978-84-1324-560-7.<\/p>\n\n\n\n<p>Renouprez, M. \u201cFernand Dumont, <em>Dialectique du hasard au service du d\u00e9sir\u201d, <\/em>en <em>Le Hasard dans les Arts et Lettres, <\/em>Sarri\u00f3n, Mu\u00f1oz Moya Editores, 2019, pp.133-143<em>. <\/em>ISSN : 1132-3310.<\/p>\n\n\n\n<p>Renouprez, M. \u201cL\u2019homme face \u00e0 sa propre nature, la nouvelle face de l\u2019humanisme\u201d, KOUASSI Kouame Brice (\u00e9d).<em> Visages, \u00e9tat et sens de l\u2019humanisme au XXI\u00e8 si\u00e8cle. <\/em>Colloque d\u2019Abidjan, 21 et 22 juin 2018. Paris, Edilivre, 2018, pp.281-292. ISBN : 978-2-414-29405-3.<\/p>\n\n\n\n<h3>&nbsp;Art\u00edculos<\/h3>\n\n\n\n<p>Alberdi, C. \u201cLes mots-di\u00e8se (hashtag): figement lexical et figement cognitif\u201d in Anales de Filolog\u00eda Francesa, 26, 2018, pp. 7-26.<\/p>\n\n\n\n<p>Alberdi, C. \u201cDiscours anti-immigration sur Twitter: discours sur l&#8217;Autre et discours de haine\u201d, in Caietele Echinox , vol 36: \u201cImaginaires de l\u2019alt\u00e9rit\u00e9. I. Pour une approche anthropologique\u201d, Cluj-Napoca, Ruman\u00eda, 2019, pp. 133-150.<\/p>\n\n\n\n<p>Alberdi, C., Etienne, C., Jouin-Chardon, E. \u201cLes apports de corpus d\u2019interactions naturelles en situations de classe: enjeux et pratiques\u201d in Action Didactique, 1, Universit\u00e9 Beja\u00efa, Argelia, 2018, pp. 55-70.<\/p>\n\n\n\n<p>Ferrety, V. \u201cL\u00b4alt\u00e9rit\u00e9 mena\u00e7ante dans l\u00b4\u00e9criture de Nina Bouraoui\u201d, Nouv. Francographies , 6, pp. 155-159. 2018.<\/p>\n\n\n\n<p>Ferrety, V. \u201cL\u2019ambigu\u00eft\u00e9 sexuelle dans Le Chevalier des Touches\u201d (2019), Revue des lettres modernes, n\u00ba 22, pp. 165-178. 2019.<\/p>\n\n\n\n<p>Ferrety, V. \u201cFiction et question du genre dans Ch\u00e9ri-ch\u00e9ri et Point cardinal\u201d, Cahiers internationaux symbolisme, n\u00ba 152-153-154, pp. 113 &#8211; 133. 2019.<\/p>\n\n\n\n<p>Ferrety, V. \u201cFragmentation du d\u00e9sir et de l\u00b4alt\u00e9rit\u00e9 dans Nos Baisers sont des adieux\u201d, Conversations. La Revue des Etudes Brachylogiques. 8, pp. 53 &#8211; 61. 2019.<\/p>\n\n\n\n<p>Ferrety, V. \u201cLe moi minimaliste dans Mes Mauvaises pens\u00e9es\u201d, Anales de Filolog\u00eda Francesa, n\u00ba 27, pp. 119 &#8211; 136. 2019.<\/p>\n\n\n\n<p>Gonz\u00e1lez Alcantud,J.A., \u201cEl islam y el siglo XVIII. Ide\u00f3logos y genius loci en Francia, Italia y Espa\u00f1a.\u201d 43, pp. 1 &#8211; 16. 2019. ISSN 1540-5877.<\/p>\n\n\n\n<p>Gonz\u00e1lez Alcantud,J.A., \u201cSegmentariedad pol\u00edtica y sultanato. Los sultanes marroqu\u00edes Abdelaziz, Hafid y Yussef (1894-1927) y la pol\u00edtica colonial francesa.\u201d 169, pp. 267 &#8211; 302. 2019.<\/p>\n\n\n\n<p>&nbsp;Gonz\u00e1lez Alcantud,J.A., David Lagunas. \u201cEl quehacer del antrop\u00f3logo. Arxiu d&#8217;Etnografia de Catalunya.\u201d 20, pp. 293 &#8211; 296. 2019. ISSN 0212-0372.<\/p>\n\n\n\n<p>Gonz\u00e1lez Alcantud,J.A., \u201cCiencias inexactas y literaturas exactas. Lo que va del affaire Sokal a la po\u00e9tica de la materia de Bachelard.\u201d Arbor. 194-790 &#8211; a483, pp. 1 &#8211; 12. 2018. ISSN 1988-303X.<\/p>\n\n\n\n<p>Gonz\u00e1lez Alcantud,J.A., \u201cThe Beginning and End of the Good Myth of al-Andalus: 711 and 1609. Representations, Confrontations and Intellectual Interpretations of Al-Andalus in Spanish Historical Narratives.\u201d 38, pp. 746 &#8211; 763. 2018. ISSN 1540-5877.&nbsp;<\/p>\n\n\n\n<p>Gonz\u00e1lez Alcantud,J.A., \u201cTurismo y patrimonio inmaterial, una alianza obscena. Erebea: Revista de Humanidades y Ciencias Sociales.\u201d 8, pp. 89 &#8211; 111. 2018. ISSN 2530-8254.<\/p>\n\n\n\n<p>Gonz\u00e1lez Alcantud,J.A., \u201cCiencias &#8216;inexactas&#8217; y literaturas &#8216;exactas&#8217;. Lo que va del affaire Sokal a la po\u00e9tica de la materia de Bachelard\u201d. Arbor. a483, 2018. ISSN 1988-303X.<\/p>\n\n\n\n<p>Montoro Araque, M. \u201cQuelques r\u00e9flexions sur les visages d\u2019un Autre polyphonique. De l\u2019 \u2018identit\u00e9 en myriade plurielle\u2019 \u00e0 l\u2019alt\u00e9rit\u00e9\u201d (A) in Caietele Echinox , vol 36: \u201cImaginaires de l\u2019alt\u00e9rit\u00e9. I. Pour une approche anthropologique\u201d, Cluj-Napoca, Ruman\u00eda, 2019, pp. 71-84.<\/p>\n\n\n\n<p>Montoro Araque, M. \u201cBraga, Corin. Pour une morphologie du genre utopique.\u201d Paris : Classiques Garnier, 2018. ISBN : 978-2-406-06852-5 (livre broch\u00e9) ; ISBN 978-2-406-06853-2 (livre reli\u00e9) ; ISSN 2108-9876, 735 pp, in Amaltea vol. 10 (2018), pp. 137-140. V\u00e9ase:<a href=\"http:\/\/dx.doi.org\/10.5209\/AMAL.61017\"> http:\/\/dx.doi.org\/10.5209\/AMAL.61017<\/a><\/p>\n\n\n\n<p>Renouprez, M. \u201cLe \u2018convulsivisme\u2019 de&nbsp; Jean-Louis Lippert ou la derni\u00e8re des avant-gardes pour d\u00e9noncer les fictions du monde contemporain\u201d, Cahiers internationaux de symbolisme, n\u00ba152-153-154, 2019, pp.185-201.<\/p>\n\n\n\n<p>Renouprez, M. \u201cL\u2019inclusion du tiers\u201d, Conversations, La Revue des \u00c9tudes Brachylogiques, n\u00ba8, 2019, pp.127-134. ISSN:2534-8205.<\/p>\n\n\n\n<p>Renouprez, M. \u201cDe l\u2019autre c\u00f4t\u00e9 du miroir: les reflets de l\u2019humain et de l\u2019inhumain dans Vous vous appelez Michelle Martin de Nicole Malinconi\u201d, en Nicole Malinconi, Textyles, n\u00ba55, 2019, pp.37-55. ISSN: 0776-0116.<\/p>\n\n\n\n<p>Renouprez, M. \u201cD&#8217;un monde boiteux au bonheur retrouv\u00e9 : abolition des contradictions dans quelques romans de Fran\u00e7oise Lalande\u201d in Dossier Fran\u00e7oise Lalande-Keil ou la musique du monde, Alternative Francophone, vol 2, n\u00ba3, 2018, p. 99-111.ISSN : 1916-8470.<\/p>\n\n\n\n<p>Renouprez, M. \u201cUnit\u00e9 et multiplicit\u00e9 chez Marguerite Yourcenar : une qu\u00eate de l\u2019absolu\u201d, Nouvelles francographies, vol. 6. Num\u00e9ro sp\u00e9cial. Revue de la Soci\u00e9t\u00e9 des Professeurs Fran\u00e7ais et Francophones d\u2019Am\u00e9rique, 2018, pp.41-48.<\/p>\n\n\n\n<p>Kouakou Gaudouh, Jean-Marie y Renouprez, M. \u201cTravailler la paix\u201d, Cahiers du R\u00e9seaux Linguapax, 20-21, 2017-2018, CIPA, Unesco, Mons, pp.43-54.<\/p>\n\n\n\n<h1>2016-17<\/h1>\n\n\n\n<h3>Libros<\/h3>\n\n\n\n<p>Alberdi, C. <em>Dire, redire et ne pas dire<\/em>. Nueva York: Peter Lang, 2017.<\/p>\n\n\n\n<p>Gonz\u00e1lez Alcantud,J.A., \u201cCanteros y caciques en la lucha por el m\u00e1rmol\u201d. Segunda edici\u00f3n. Diputaci\u00f3n de Almer\u00eda, 2017. ISBN 84-86862-37-X.<\/p>\n\n\n\n<p>Gonz\u00e1lez Alcantud,J.A., Al \u00c1ndalus y lo andaluz. Al \u00c1ndalus en el imaginario y en la Gonz\u00e1lez Alcantud,J.A.; Rojo Flores, S.; Mu\u00f1os Jimenez J.A. \u201cLa Alhambra, mito y vida, 1930 1990\u201d. Editorial Universidad de Granada patronato de la Alhambra, 2016. ISBN 9788433859593.<\/p>\n\n\n\n<p>Diandu\u00e9, P. B. K.&nbsp; y Renouprez M. (ed.), \u201cLitt\u00e9rature et sciences : tangentes, parall\u00e8les, s\u00e9cantes et in\u00e9grales\u201d, Berlin, Editions universitaires europ\u00e9ennes, 2017. ISBN :987-3-8416-6776-2.<\/p>\n\n\n\n<p>Montoro Araque, M. et Alberdi Urquizu, C. (\u00e9dits) \u201cL\u2019entre-deux imaginaire. Corps et cr\u00e9ation interculturels\u201d, New York : Peter Lang, 2016, 212 p.<\/p>\n\n\n\n<h3>Cap\u00edtulos de libros<\/h3>\n\n\n\n<p>Alberdi, C. \u201c(Im)politesse, \u00e9carts et \u00e9mergences identitaires\u201d, in C. Fintz et V. Costa (\u00e9ds.), La r\u00e9alit\u00e9 en proc\u00e8s, exploration de l\u2019entre-deux. Valenciennes: P.U. Valenciennes, 2017, pp. 55-71.<\/p>\n\n\n\n<p>Alberdi, C. \u201cL\u2019entre-deux du dialogue filmique\u201d, in M. Montoro y C. Alberdi (eds.), L\u2019entre-deux imaginaire. Corps et cr\u00e9ation interculturels. Oxford: Peter Lang, pp. 55-72.<\/p>\n\n\n\n<p>Ferrety, V. \u201cLe personnage f\u00e9minin de Jean Lorrain. Une identit\u00e9 en crise ?\u201d in Labra Cenitagoya, Ana Isabel, Esther Laso y Le\u00f3n, Montserrat L\u00f3pez M\u00fajica &amp; Mar\u00eda Jos\u00e9 Valiente Jim\u00e9nez (\u00e9ds.).\u201d Crisis: \u00bffracaso o reto?\u201d \/ \u201cCrises: \u00e9chec ou d\u00e9fi?\u201d, Alcal\u00e1 de Henares, Universidad de Alcal\u00e1, Servicio de Publicaciones, pp. 125-124. 2016.<\/p>\n\n\n\n<p>Ferrety, V. \u201c\u00c9lisa Brune : entre science et fiction\u201d, dans Litt\u00e9rature et sciences : tangentes. Parall\u00e8les, s\u00e9cantes et int\u00e9grales, Presses Universitaires Europ\u00e9ennes, pp. 73-79. 2017<\/p>\n\n\n\n<p>Ferrety, V. \u201cHumano\u00efdes, ou la perverse fantasmagorie de l\u00b4humanit\u00e9 ?\u201d, dans Visages, \u00e9tat et sens de l\u00b4humanisme au XXIe si\u00e8cle. Kouassi Kouame Brice (\u00e9d)., pp. 293-312. 2017.<\/p>\n\n\n\n<p>Gonz\u00e1lez Alcantud,J.A., \u201cVoltaire chez les Morisques. Morisques (1501-1614)\u201d. Une histoire si famili\u00e8re. pp. 199 &#8211; 215. 2017.<\/p>\n\n\n\n<p>Gonz\u00e1lez Alcantud,J.A., \u201cSobre el Rogui Bu Hamara y el colonialismo espa\u00f1ol antes del Protectorado (1902-1909). El otro colonialismo. Espa\u00f1a y \u00c1frica, entre imaginaci\u00f3n e historia\u201d. pp. 171 &#8211; 190. 2017.<\/p>\n\n\n\n<p>Gonz\u00e1lez Alcantud,J.A., \u201cUna comedia de moros y cristianos desaparecida en la ciudad de Granada\u201d. Razones culturales y pol\u00edticas. La dansa dels altres. Identitat i alteritat en la festa popular. pp. 185 &#8211; 198. 2017<\/p>\n\n\n\n<p>Gonz\u00e1lez Alcantud,J.A., \u201c\u00bfIndicios de poscolonialidad pol\u00edtica en la primavera magreb\u00ed?\u201d. Mundo \u00e1rabe: levantamientos populares, contextos, crisis y reconfiguraciones.pp. 113 &#8211; 142. 2016.<\/p>\n\n\n\n<p>Gonz\u00e1lez Alcantud,J.A., \u00bfLa gracia tr\u00e1gica de Andaluc\u00eda, fons et origo de estereotipos plurales?. Antropolog\u00eda, cultura y educaci\u00f3n. pp. 125 &#8211; 144. 2016.<\/p>\n\n\n\n<p>Montoro Araque, M. \u201cMythe sp\u00e9culaire et mirage scriptural \u00e0 la crois\u00e9e des chemins : l\u2019entre-deux chez S. Germain\u201d, in Montoro Araque, M. et Alberdi Urquizu, C. (\u00e9dits) L\u2019entre-deux imaginaire. Corps et cr\u00e9ation interculturels, New York : Peter Lang, 2016, pp. 179-196.<\/p>\n\n\n\n<p>Montoro Araque, M. \u201cUt pictura poesis ou ut pictura paradisus ? Lecture crois\u00e9e des paysages gauti\u00e9rsites\u201d in Caiozzo, A. Paysages et utopie. Valenciennes : PUV, col. X., 2017, pp. 205-224.<\/p>\n\n\n\n<p>Renouprez, M. \u201cTokyo postmoderne: Fran\u00e7ois Weyergans et Jean-Philippe Toussaint\u201d, en Flavia Arag\u00f3n Rosano &amp; Jos\u00e9 Antonio L\u00f3pez S\u00e1nchez (eds.), Historias de viajes. Una perspectiva plural, Bern, Peter Lang, Col. Espacios literarios en contacto 14, Volumen 2, 2017, pp. 283-295. ISBN: 978-3-0343-2646-9.<\/p>\n\n\n\n<p>Renouprez, M. \u201cLa po\u00e9sie est g\u00e9om\u00e9trie dans la pens\u00e9e de Claire Lejeune\u201d in Parfait Bi Kacou Diandu\u00e9 y Martine Renouprez (ed.), Litt\u00e9rature et sciences : tangentes, parall\u00e8les, s\u00e9cantes et in\u00e9grales, Berlin, Editions universitaires europ\u00e9ennes, 2017, pp.7-14. ISBN :987-3-8416-6776-2.&nbsp;&nbsp;&nbsp;&nbsp;&nbsp;&nbsp;&nbsp;<\/p>\n\n\n\n<p>Renouprez, M. \u201cEntretien avec Elke de Rijcke : \u2018Po\u00e9sie et neurosciences\u2019\u201d in Parfait Bi Kacou Diandu\u00e9 y Martine Renouprez, Litt\u00e9rature et sciences : tangentes, parall\u00e8les, s\u00e9cantes et in\u00e9grales, Berlin, Editions universitaires europ\u00e9ennes, 2017, pp.133-137. ISBN :987-3-8416-6776-2. &nbsp; &nbsp; &nbsp; &nbsp;<\/p>\n\n\n\n<p>Renouprez, M. \u201cEntretien avec Monique Voz : \u2018Arts, Sciences et (contes) Espaces de parole(s)\u2019 \u201d in Parfait Bi Kacou Diandu\u00e9 y Martine Renouprez, Litt\u00e9rature et sciences : tangentes, parall\u00e8les, s\u00e9cantes et in\u00e9grales, Berlin, Editions universitaires europ\u00e9ennes, 2017, pp.139-146. ISBN :987-3-8416-6776-2.<\/p>\n\n\n\n<p>Renouprez, M. \u201cEntretien avec M\u00e9lanie Godin et Renaud Lambiotte, \u2018La Maison d\u2019\u00e9dition L\u2019arbre de Diane\u2019, coll. \u2018La tortue de Z\u00e9non\u2019 \u201d in in Parfait Bi Kacou Diandu\u00e9 y Martine Renouprez, Litt\u00e9rature et sciences : tangentes, parall\u00e8les, s\u00e9cantes et in\u00e9grales, Berlin, Editions universitaires europ\u00e9ennes, 2017, pp.147-154. ISBN :987-3-8416-6776-2.<\/p>\n\n\n\n<p>Renouprez, M. \u201cL\u2019allusion \u00e9rotique en litt\u00e9rature : des suggestions brachylogiques\u201d in Catherine Gravet (dir.), La Nouvelle brachylogie. Actes du colloque de Mons, 28 et 29 avril 2016, Mons, Universit\u00e9 de Mons, coll. \u201cTravaux et documents\u201d, 2016, pp.289-296.<\/p>\n\n\n\n<p>Renouprez, M. \u201cRh\u00e9torique et brachylogie. Une figure qui donne \u00e0 penser\u201d in Mansour M\u2019henni (dir.) Repenser la brachylogie pour une Nouvelle Brachylogie. Actes des trois premiers s\u00e9minaires des \u00e9tudes brachylogiques, Institut Sup\u00e9rieur des Sciences Humaines de Tunis, Universit\u00e9 de Tunis El Manar, 2016, pp. 55-76.ISBN 978-9938-924-27-5.<\/p>\n\n\n\n<h3>Art\u00edculos<\/h3>\n\n\n\n<p>Alberdi, C. y Arregui, N. \u201cCulture et identit\u00e9. Le fabuleux univers d&#8217;Eduardo Mendoza\u201d, in Language Design. Journal of Theoretical and Experimental Linguistics (n\u00ba especial), 2016, pp. 293-306.<\/p>\n\n\n\n<p>Alberdi, C. \u201cEntre regrett\u00e9e et rejet\u00e9e, une parole en qu\u00eate de voix\u201d. Iris, vol. 37, 2016, pp. 151-163.<\/p>\n\n\n\n<p>Ferrety, V. \u201cLe masque dans La Princesse au Sabbat et La Princesse aux miroirs de Jean Lorrain\u201d, NodusSciendi.net, Volume 19, pp. 5-20. 2017.<\/p>\n\n\n\n<p>Ferrety, V. \u201cLa d\u00e9g\u00e9n\u00e9rescence des personnages dans Le Chevalier des Touches\u201d (2017), \u00c7\u00e9dille, Monograf\u00eda 7, pp. 71-88. 2017.<\/p>\n\n\n\n<p>Ferrety, V. \u201cL\u00b4\u00e9chapp\u00e9e belle dans Heures d\u00b4Afrique (Chroniques du Maghreb, 1893-1898)\u201d, NodusSciendi.net, 20. 2017.<\/p>\n\n\n\n<p>Ferrety, V. \u201cL\u2019inconscient de l\u2019eau chez Jean Lorrain\u201d, Nodus Sciendi, 18, pp. 4-11. 2016.<\/p>\n\n\n\n<p>Ferrety, V. \u201cQuelques femmes et le surr\u00e9alisme\u201d, NodusSciendi.net, Volume 19, pp. 5-20. 2017.<\/p>\n\n\n\n<p>Ferrety, V. \u201cLe masque dans La Princesse au Sabbat et La Princesse aux miroirs de Jean Lorrain\u201d, NodusSciendi.net, Volume 19, pp. 5-20. 2017.<\/p>\n\n\n\n<p>Gonz\u00e1lez Alcantud,J.A., \u201cEl retrato antropol\u00f3gico\u201d. Arteja\u00e9n. 16, pp. 32 &#8211; 35. 2017. ISSN 1699-7689.&nbsp;<\/p>\n\n\n\n<p>Gonz\u00e1lez Alcantud,J.A., \u201cDe las luci\u00e9rnagas a la sublevaci\u00f3n: Didi-Huberman sobre la antropolog\u00eda pol\u00edtica pasoliniana de la rabia\u201d. Anthropos: Cuadernos de Cultura Cr\u00edtica y Conocimiento. 246, pp. 133 &#8211; 145. 2017. ISSN 2385-5150.<\/p>\n\n\n\n<p>Gonz\u00e1lez Alcantud,J.A., \u201cMassacre et conscience postcoloniale. Autour des images du soul\u00e8vement de 1912 \u00e0 Fes, et sa projection potscoloniale\u201d. 21, pp. 197 &#8211; 223. 2016.<\/p>\n\n\n\n<p>Montoro Araque, M. \u201cTrahison des images ou \u00e9piphanie de l\u2019inaper\u00e7u ? L\u2019imaginaire chez Sylvie Germain\u201d, in Caietele Echinox, vol 31 : \u201cLa Trahison des images, la d\u00e9ficience des langues\u201d, Cluj-Napoca, Ruman\u00eda, 2016, pp.219-231.<\/p>\n\n\n\n<p>Montoro Araque, M. \u201cImaginarios europeos. Libertades en clave femenina: proleg\u00f3menos a una lectura mitoanal\u00edtica de Mariana\u201d, en Imago cr\u00edtica n\u00ba 6. Barcelona: Anthropos, 2017, pp. 33-54.<\/p>\n\n\n\n<p>Renouprez, M. \u201cUne crise de la modernit\u00e9 en po\u00e9sie : de l\u2019impuissance de Pierre Reverdy \u00e0 l\u2019auto-annulation de Danielle Collobert\u201d Relief, Vol.11, t.2, 2017, p.1-14. ISSN : 1873-5045.&nbsp;&nbsp;&nbsp;&nbsp;&nbsp;<\/p>\n\n\n\n<p>Renouprez, M. \u201cLa po\u00e9sie de Danielle Collobert et Sophie Podolski. Entre lucidit\u00e9 et folie, les ultimes soubresauts de la modernit\u00e9 avant son suicide\u201d, Mises en litt\u00e9rature de la folie, \u00c7\u00e9dille, 2017, pp.171-192. ISSN: 1699-4949.<\/p>\n\n\n\n<p>Renouprez, M. \u201cBob Morane de Henri Vernes et Sylvie de Ren\u00e9 Philippe : la construction des genres masculin et f\u00e9minin dans l\u2019imm\u00e9diat apr\u00e8s-guerre\u201d in Christiane Connan-Pintado et Gilles B\u00e9hot\u00e9guy (ed.) \u00catre une fille, un gar\u00e7on dans la litt\u00e9rature pour la jeunesse (2). Europe 1850-2014, Bordeaux, Presses universitaires de Bordeaux, 2017, pp. 233-247. ISBN : 979-10-300-0117-4. &nbsp; &nbsp; &nbsp;<\/p>\n\n\n\n<p>Renouprez, M. \u201cV\u00e4ster\u00e5s de Elke de Rijcke : de Pierre Reverdy \u00e0 Andre\u00ef Tarkovski\u201d, Poezibao,<a href=\"http:\/\/poezibao.typepad.com\/\"> http:\/\/poezibao.typepad.com<\/a>, publi\u00e9 le 23.05.2017, pp.1-15.<\/p>\n\n\n\n<p>Renouprez, M. \u201cElke de Rijcke, 10 ans de po\u00e9sie\u201d. Entretien avec Martine Renouprez, Poezibao,<a href=\"http:\/\/poezibao.typepad.com\/\"> http:\/\/poezibao.typepad.com<\/a>, publi\u00e9 le 23.05.2017, pp. 1-11.<\/p>\n\n\n\n<p>Renouprez, M. \u201cD\u2019Ariane et Don Juan \u00e0 la Femme rouge : un dialogue ininterrompu\u201d, Cahiers Internationaux de symbolisme, n\u00ba143-144-145, 2016, pp.191-201.<\/p>\n\n\n\n<p>Renouprez, M. \u201cClaire Lejeune : Gnose et enseignement\u201d, M\u00e9moires et publication de la Soci\u00e9t\u00e9 des Sciences, des Arts et des Lettres du Hainaut, 109\u00ba vol., Mons, Facult\u00e9 polytechnique de Mons, 2016, pp. 73-86. ISSN : 0373-7667.&nbsp;&nbsp;&nbsp;&nbsp;&nbsp;&nbsp;<\/p>\n\n\n\n<p>Renouprez M. \u201cEl Velamiento de las evidencias en el simbolismo y el surrealismo belgas\u201d, Contrastes. Revista Internacional de Filosof\u00eda. Vol XXI, n\u00ba3, 2016, pp.57-71. ISSN: 1136-4076.<\/p>\n\n\n\n<h1>2014-15<\/h1>\n\n\n\n<h3>Libros<\/h3>\n\n\n\n<p>Anne et C\u00e9cile Andr\u00e9, Danielle Bajom\u00e9e, Fran\u00e7oise Delmez y Martine Renouprez, \u201cLa cuisine de Claire\u201d, Namur, Le Taillis Pr\u00e9, 2015. ISBN 978-2-87450-099-2.<\/p>\n\n\n\n<p>Gonz\u00e1lez Alcantud,J.A., \u201cEl intelectual y su memoria\u201d. M\u00e1rquez Villanueva. Universidad de Granada, 2015. ISBN 9788433857323.<\/p>\n\n\n\n<p>Gonz\u00e1lez Alcantud,J.A., \u201cTraves\u00edas est\u00e9ticas. Etnografiando la literatura y las artes\u201d. Universidad de Granada, 2015. ISBN 978-84-338-5794-1.&nbsp;<\/p>\n\n\n\n<p>Gonz\u00e1lez Alcantud, J.A., Rojo Flores, S., \u201cAndalus\u00edes. Antropolog\u00eda e historia cultural de una elite magreb\u00ed\u201d. Abada, 2015. ISBN 978-84-16160-38-9.<\/p>\n\n\n\n<p>Gonz\u00e1lez Alcantud,J.A., \u201cEl mito de al \u00c1ndalus. Or\u00edgenes y actualidad de un ideal cultural\u201d. Almuzara, 2014. ISBN 978-84-15828-68-6.<\/p>\n\n\n\n<p>Renouprez, M. \u201cCat\u00e1logo literario y bio-bibliogr\u00e1fico de escritores viajeros europeos a Jap\u00f3n: siglo XIX\u201d, Valladolid, Universidad de Valladolid\/ Diputaci\u00f3n de Soria, 2014. ISBN: 978-84-9669-88-7.<\/p>\n\n\n\n<h3>Cap\u00edtulos de libros<\/h3>\n\n\n\n<p>Alberdi, C. \u201cTIC, motivation et autonomie: quelques pistes\u201d, in F. Olmo y J-M. Mangiante (eds.), Lenguas, comunicaci\u00f3n y tecnolog\u00edas digitales. Valencia: U.P. Valencia, 2016, pp. 3-12.<\/p>\n\n\n\n<p>Gonz\u00e1lez Alcantud,J.A., \u201cMovimientos migratorios e identidades europeas: del malestar a la convivencia\u201d. Europa 2014: en busca del arca perdida. pp. 51 &#8211; 60. 2015.<\/p>\n\n\n\n<p>Gonz\u00e1lez Alcantud,J.A., \u201cVolont\u00e9 de l\u00e9gende dans les confins du d\u00e9sert: Hubert Lyautey et Isabelle Eberhardt \u00e0 face dans la mise en sc\u00e8ne d&#8217;A\u00efn Sefra\u201d. L&#8217;entre-deux imaginaire. Corps et cr\u00e9ation interculturels. pp. 147 &#8211; 163. 2015.&nbsp;<\/p>\n\n\n\n<p>Gonz\u00e1lez Alcantud,J.A., \u201c\u00bfH\u00e9rcules, h\u00e9roe mediterr\u00e1neo en la tradici\u00f3n fundacional de las ciudades andaluzas?\u201d Sebastiano Mannia (ed.) Memoria del mare: divinit\u00e1, santi, eroi, navegatori. Palermo, Fondazione Ignazio Buttita, 2015. pp. 95 &#8211; 114. 2015.&nbsp;<\/p>\n\n\n\n<p>Gonz\u00e1lez Alcantud,J.A., \u201cEl orientalismo de los viajeros espa\u00f1oles por el Marruecos decimon\u00f3nico\u201d. Caminos del sur. Marruecos y el orientalismo peninsular. pp. 130-165. 2015.<\/p>\n\n\n\n<p>Gonz\u00e1lez Alcantud,J.A., \u201cLos andalus\u00edes hoy: una elite viva frente al pasado futuro de al-\u00c1ndalus\u201d. Andalus\u00edes. Antropolog\u00eda e historia cultural de una elite magreb\u00ed. pp. 15 &#8211; 60. 2015. Disponible en Internet en: http:\/\/www. abada.es<\/p>\n\n\n\n<p>Gonz\u00e1lez Alcantud,J.A., \u201cLa noche mil dos en Fez o la realidad premoderna de la nocturnidad fasi\u201d. Andalus\u00edes. Antropolog\u00eda e historia cultural de una elite magreb\u00ed. pp. 111 &#8211; 135. 2015.<\/p>\n\n\n\n<p>Gonz\u00e1lez Alcantud,J.A., \u201cLa experiencia agn\u00f3stica del para\u00edso: el turista contempor\u00e1neo en la Alhambra\u201d (en arabe). Qasr al-Hamra, dakirat al-Andalus. pp. 373 &#8211; 381. 2015.<\/p>\n\n\n\n<p>Gonz\u00e1lez Alcantud,J.A., \u00c1rabe. \u201cCat\u00e1strofe y rumor urbano: del incendio de la Alcaicer\u00eda de 1843 al de la Alhambra de 1890\u201d. Qasr al-Hamra, dakirat al-Andalus. pp. 347 &#8211; 364. 2015.<\/p>\n\n\n\n<p>Gonz\u00e1lez Alcantud,J.A., \u201cThe Great Mosque of Paris. A political project of mauresque architecture at a time of universal and colonial exhibition in France\u201d. Andalusi and Mudejar Art in its international scope legacy and modernity. pp. 115 &#8211; 144. 2015.&nbsp;<\/p>\n\n\n\n<p>Gonz\u00e1lez Alcantud,J.A., \u201cL&#8217;h\u00e9ritage andalous, un mythe positif pour penser l&#8217;Europe. Penser la M\u00e9diterran\u00e9e au XXI si\u00e8cle. pp. 55 &#8211; 65. 2014.&nbsp;<\/p>\n\n\n\n<p>Gonz\u00e1lez Alcantud,J.A., \u201cIm\u00e1genes del pasado protectora frente al presente poscolonial\u201d. Frontera l\u00edquida. Memoria visual Andaluc\u00eda-Marruecos. 2014.<\/p>\n\n\n\n<p>Gonz\u00e1lez Alcantud,J.A., \u201cMedio siglo de atm\u00f3sfera alhambre\u00f1a. El esp\u00edritu del lugar a trav\u00e9s de la familia Barrios\u201d. \u00c1ngel Barrios, creatividad en la Alhambra. pp. 77 &#8211; 92. 2014.&nbsp;<\/p>\n\n\n\n<p>Gonz\u00e1lez Alcantud,J.A., \u201cLa crueldad como simbolizaci\u00f3n del despotismo oriental. El caso de la ejecuci\u00f3n del Rogui Bu Hamara en Fez en 1909.\u201d Antropolog\u00eda horizontes simb\u00f3licos. pp. 98 &#8211; 128. 2014.<\/p>\n\n\n\n<p>Gonz\u00e1lez Alcantud,J.A., \u201cL&#8217;h\u00e9ritage andalous, un mythe positif pour penser l&#8217;Europe\u201d. Penser la M\u00e9diterran\u00e9e au XXI si\u00e8cle. pp. 55 &#8211; 65. 2014.<\/p>\n\n\n\n<p>Gonz\u00e1lez Alcantud,J.A., \u201cIm\u00e1genes del pasado protectoral frente al presente poscolonia\u201dl. Frontera l\u00edquida. Memoria visual Andaluc\u00eda-Marruecos. 2014.&nbsp;<\/p>\n\n\n\n<p>Gonz\u00e1lez Alcantud,J.A., \u201cLa crueldad como simbolizaci\u00f3n del despotismo oriental. El caso de la ejecuci\u00f3n del Rogui Bu Hamara en Fez en 1909\u201d. Antropolog\u00eda horizontes simb\u00f3licos. pp. 98 &#8211; 128. 2014.<\/p>\n\n\n\n<p>Gonz\u00e1lez Alcantud,J.A., \u201cEl mito de al \u00c1ndalus. Or\u00edgenes y actualidad de un ideal cultural\u201d. Almuzara, 2014. ISBN 978-84-15828-68-6.<\/p>\n\n\n\n<p>Montoro Araque, M. \u201cUn imaginario de cuerpos fronterizos: \u00bfconflictos interiores o desagregaci\u00f3n reconciliadora?\u201d, in Soulages, Fr. et San Gin\u00e9s Aguilar, P. Fronteras, Conflictos y Paz, Granada \/ Paris: Eug\/L\u2019Harmattan, 2014, pp. 111-13.1.<\/p>\n\n\n\n<p>Renouprez, M. \u201cLe Rayonnement international de Claire Lejeune\u201d, M\u00e9moires et publication de la Soci\u00e9t\u00e9 des Sciences, des Arts et des Lettres du Hainaut, 108\u00ba vol., Mons, Facult\u00e9 polytechnique de Mons, 2015, pp.50-56. ISSN : 0373-7667.<\/p>\n\n\n\n<p>Renouprez, M. \u201cComment clarifier sa pens\u00e9e ? \u00c9tude g\u00e9n\u00e9tique de L\u2019Atelier de Claire Lejeune\u201d in Catherine Gravet (dir.), Ecriture scientifique, \u00e9criture sous contrainte ? Mons, Service de communication \u00e9crite. Collection \u201cTravaux et documents\u201d, n\u00ba5, 2014, pp.33-46. ISBN : 978-2-87325-087-4. &nbsp; &nbsp; &nbsp;<\/p>\n\n\n\n<h3>Art\u00edculos<\/h3>\n\n\n\n<p>Ferrety, V. \u201cSalom\u00e9 et la figure f\u00e9minine chez Jean Lorrain\u201d \u00c7\u00e9dille&nbsp; n\u00ba11, pp. 183-200. 2015.<\/p>\n\n\n\n<p>Gonz\u00e1lez Alcantud,J.A., \u201cLa gran mezquita de Par\u00eds. Un proyecto pol\u00edtico de arquitectura hispano mauresque en la Francia de las exposiciones universales y coloniales\u201d. Awraq: Estudios sobre el Mundo \u00c1rabe e Isl\u00e1mico Contempor\u00e1neo. 4 &#8211; 11, pp. 99 &#8211; 122. 2015. ISSN 0214-834X.<\/p>\n\n\n\n<p>Gonz\u00e1lez Alcantud,J.A., \u201cEl arte contempor\u00e1neo, gozne de la modernidad marroqu\u00ed\u201d. Imago Cr\u00edtica. 11, pp. 97 &#8211; 123. 2015. ISSN 2013-2859.<\/p>\n\n\n\n<p>Gonz\u00e1lez Alcantud,J.A., \u201c\u00bfDragones meridionales que mueven a risa. Rito, humor e ingenier\u00eda?\u201d Revista Euroamericana de Antropologia. pp. 5 &#8211; 20. 2015. ISSN 2387-1555.<\/p>\n\n\n\n<p>Gonz\u00e1lez Alcantud,J.A., \u201c\u00bfOrientalistas mirando hacia Am\u00e9rica fabricados en Granada?\u201d R. Gil Benumeya, H. Est\u00e9fano, A. P\u00e9rez Valiente, M. Bertuchi. Al Irfan. Revista de Ciencias Humanas y Sociales.1 &#8211; 1, pp. 99 &#8211; 116. 2015. ISSN 2351-8189.<\/p>\n\n\n\n<p>Gonz\u00e1lez Alcantud,J.A., Barrios Roz\u00faa J.M., \u201cToros en la Alhambra entre la conservaci\u00f3n monumental y la met\u00e1fora cultural\u201d. Revista de Estudios Taurinos. 34, pp. 97 &#8211; 140. 2014. ISSN 1134-4970.<\/p>\n\n\n\n<p>Gonz\u00e1lez Alcantud,J.A., \u201cLa Alhambra de Granada: un fractal orientalista en clave poscolonial. Los puntos de vista local y \u00e1rabe.\u201d Estudios de Asia y \u00c1frica. XLIX &#8211; 155, pp. 693 &#8211; 722. 2014. ISSN 2448-654X.<\/p>\n\n\n\n<p>Gonz\u00e1lez Alcantud,J.A., \u201cLa Alhambra interpretada: entre la poscolonialidad y la descolonizaci\u00f3n del imaginario\u201d. Iris. 35, pp. 89 &#8211; 103. 2014. ISSN 0769-0681.&nbsp;<\/p>\n\n\n\n<p>Gonz\u00e1lez Alcantud,J.A., \u201cSensaciones ex\u00f3ticas de erotismo. Pierre Loti y Enrique G\u00f3mez Carrillo ante el exotismo femenino\u201d. Journal of Hispanic Modernism. 5, pp. 77 &#8211; 88. 2014. ISSN 1945-2721.<\/p>\n\n\n\n<p>Gonz\u00e1lez Alcantud,J.A., \u201cDe las razas hist\u00f3ricos al racismo elegante. Nuevas perspectivas para un debate human\u00edstico urgente.\u201d Erebea: Revista de Humanidades y Ciencias Sociales. 4, pp. 325 &#8211; 352. 2014. ISSN 2530-8254.<\/p>\n\n\n\n<p>Gonz\u00e1lez Alcantud,J.A., \u201cActualidad y bondad del mito bueno de al \u00c1ndalus\u201d. Andaluc\u00eda en la Historia. 43, pp. 96 &#8211; 97. 2014. ISSN 1695-1956.&nbsp;<\/p>\n\n\n\n<p>Gonz\u00e1lez Alcantud,J.A., \u201cLos presidios magreb\u00edes en \u00e9poca y experiencia cervantinas\u201d. 2, pp. 76 &#8211; 93. 2014. ISSN 1540-5877.<\/p>\n\n\n\n<p>Gonz\u00e1lez Alcantud,J.A., \u201cLeve indagaci\u00f3n sobre la memoria visual en perspectiva comparada de Andaluc\u00eda y Marruecos\u201d. E-ph cuadernos. 4, pp. 56 &#8211; 68. 2014. ISSN 0000-0000.<\/p>\n\n\n\n<p>Gonz\u00e1lez Alcantud,J.A., \u201cEl curioso impertinente algecire\u00f1o Alberto Gonz\u00e1lez Troyano, viajero de aqu\u00ed y de all\u00e1\u201d. Dos Orillas. pp. 32 &#8211; 36. 2014. ISSN 2605-2253.<\/p>\n\n\n\n<p>Rojo Flores S.; Gonz\u00e1lez Alcantud,J.A.; \u201cEstudios de Asia y \u00c1frica. Estudios de Asia y \u00c1frica\u201d. XLIX &#8211; 3, pp. 693 &#8211; 722. 2014. ISSN 2448-654X.<\/p>\n\n\n\n<p>Montoro Araque, M. \u201cExistence, exp\u00e9rience, \u00e9tranget\u00e9: se raconter comme un autre. Maryline Desbiolles au crible de l\u2019autofiction\u201d (A), in Eid\u00f4lon. Cahiers du LAPRIL n\u00ba 113 : \u201cLitt\u00e9rature du moi, autofiction et h\u00e9t\u00e9rographie dans la litt\u00e9rature fran\u00e7aise et en fran\u00e7ais du XXe et du XXIe si\u00e8cles\u201d (textes r\u00e9unis par Jean-Michel Dev\u00e9sa), Pessac: Presses Universitaires de Bordeaux, 2015, pp. 39-55.<\/p>\n\n\n\n<p>Montoro Araque, M. (\u00e9dit) \u201cEditorial.- L\u2019imaginaire andalou, un imaginaire aux multiples accords\u201d (A), in \u201cTopiques: Imaginaires andalous\u201d, IRIS n\u00ba 35, Grenoble : ELLUG, 2014, pp.67-70.<\/p>\n\n\n\n<p>Montoro Araque, M. \u201cUt pictura poesis ou ut pictura paradisus ? Lecture crois\u00e9e des paysages gauti\u00e9ristes\u201d (A), in Caietele Echinox, n\u00ba 27 : \u201cPaysages et utopie\u201d, Cluj-Napoca, Ruman\u00eda, 2014, pp. 196-210.<\/p>\n\n\n\n<p>Montoro Araque, M. \u201cPhilippe Walter (autor). Cristina Azuela (Ed. Y traductora) Para una arqueolog\u00eda del imaginario medieval.\u201d Mitos y ritos paganos en el calendario cristiano y en la literatura del Medievo (Seminarios en M\u00e9xico)\u201d in Amaltea vol. 6 (2014) pp. xxx-xxx. V\u00e9ase:<a href=\"http:\/\/revistas.ucm.es\/index.php\/AMAL\"> http:\/\/revistas.ucm.es\/index.php\/AMAL<\/a><\/p>\n\n\n\n<p>Renouprez, M. \u201cSurhomme et monstres dans les Bob Morane\u201d, Cahiers Internationaux de symbolisme, n\u00ba137-138-139, 2014, pp.281-298. ISSN : 0008-0284<\/p>\n\n\n\n<h1>2012-13<\/h1>\n\n\n\n<h3>Libros<\/h3>\n\n\n\n<p>Alberdi, C. \u201cCommuniquer, \u00eatre : informations, relations, identit\u00e9s\u201d. Granada: Ed. Universidad de Granada, 2012.<\/p>\n\n\n\n<p>Gonz\u00e1lez Alcantud,J.A., \u201cElementos de cultura y transculturalidad para usos militares y civiles\u201d. Universidad de Granada, 2013. ISBN 978-84-338-5538-1.&nbsp;<\/p>\n\n\n\n<p>Gonz\u00e1lez Alcantud,J.A., \u201cEl Mito de al \u00c1ndalus. Or\u00edgenes y actualidad de un ideal cultural\u201d. Almuzara editorial, 2013. ISBN 9788415828686.<\/p>\n\n\n\n<p>Gonz\u00e1lez Alcantud,J.A., \u201cEl malestar en la cultura patrimonial. La otra memoria global\u201d. Anthropos, 2012. ISBN 978-84-15260-34-9.<\/p>\n\n\n\n<p>Gonz\u00e1lez Alcantud,J.A., \u201cMemoria y Patrimonio. Concepto y reflexi\u00f3n desde el Mediterr\u00e1neo\u201d. Universidad de Granada, 2012. ISBN 9788433854452.<\/p>\n\n\n\n<p>Bajom\u00e9e, D. y Renouprez, M. Claire Lejeune. \u201cUne voix pourpre\u201d, Bruxelles, La Renaissance du Livre, 2012, ISBN: 978-2507-05082-5.<\/p>\n\n\n\n<h3>Cap\u00edtulos de libros<\/h3>\n\n\n\n<p>Alberdi, C. \u201c(Des)cortes\u00eda y competencia comunicativa\u201d, in M.P. N\u00fa\u00f1ez, J. Rienda y M. Santamarina (eds.), Oralidad y educaci\u00f3n. Granada: Monema, 2013,&nbsp; pp. 543-558.<\/p>\n\n\n\n<p>Alberdi, C. \u201cL\u2019imaginaire rohm\u00e9rien, jeux de miroirs\u201d in C. Fintz (ed.), Le miroir: une m\u00e9diation entre imaginaire, sciences et spiritualit\u00e9 Valenciennes: Presses Universitaires de Valenciennes, 2013, pp. 111-125.<\/p>\n\n\n\n<p>Gonz\u00e1lez Alcantud,J.A., \u201c\u00bfLa dimensi\u00f3n antropol\u00f3gica de la conciencia transcultural? La conciencia intercultural en la resoluci\u00f3n de crisis y conflictos.\u201d pp. 61 &#8211; 84. 2013.<\/p>\n\n\n\n<p>Gonz\u00e1lez Alcantud,J.A., \u201cEl Rogui Bu Hamara y la inestabilidad marroqu\u00ed en perspectiva espa\u00f1ola. La problem\u00e1tica colonial espa\u00f1ola en Marruecos.\u201d pp. 11 &#8211; 46. 2013.<\/p>\n\n\n\n<p>Gonz\u00e1lez Alcantud,J.A., \u201cLa dimensi\u00f3n antropol\u00f3gica de la conciencia intercultural. La conciencia intercultural en la resoluci\u00f3n de crisis y conflictos.\u201d pp. 61 &#8211; 83. 2013.&nbsp;<\/p>\n\n\n\n<p>Gonz\u00e1lez Alcantud,J.A., \u201cLa Alhambra de Granada. Memoria Oral de un patrimonio social conflictivo.\u201d Antropolog\u00eda: horizontes patrimoniales. pp. 27 &#8211; 62. 2012.&nbsp;<\/p>\n\n\n\n<p>Gonz\u00e1lez Alcantud,J.A., \u201cL&#8217;introduction de la batteuse et des r\u00e9flexions intellectuelles qu&#8217;elle suscita dans une ville agraire d&#8217;Andalousie orientale dans la seconde moit\u00e9 du XIXe si\u00e8cle. Des outils, des machines et des hommes.\u201d pp. 85 &#8211; 97. 2012.<\/p>\n\n\n\n<p>Gonz\u00e1lez Alcantud,J.A., \u201c\u00bfIron\u00eda y autenticidad en los museos de la transmodernidad. Mirada antropol\u00f3gica?\u201d In: Sitios de la Antropolog\u00eda. Patrimonio, lenguaje y etnicidad. Patrimonio, lenguaje y etnicidad. Textos en homenaje a Jos\u00e9 Antonio Fern\u00e1ndez de Rota.pp. 61 &#8211; 76. 2012.&nbsp;<\/p>\n\n\n\n<p>Gonz\u00e1lez Alcantud,J.A., \u201cLa Alhambra de Granada. Memoria social de un patrimonio conflictivo.\u201d Antropolog\u00eda: horizontes patrimoniales. pp. 27 &#8211; 62. 2012.<\/p>\n\n\n\n<p>Gonz\u00e1lez Alcantud,J.A., \u201cNostalgia frente a memoria. Del recuerdo de al-\u00c1ndalus a la melancol\u00eda colonia.\u201d Memoria y Patrimonio. Concepto y reflexi\u00f3n desde el Mediterr\u00e1neo. pp. 365 &#8211; 434. 2012.<\/p>\n\n\n\n<p>Gonz\u00e1lez Alcantud,J.A., \u201cGranada y Venecia en la obra de Adrien Mithouard Les marches de l\u2019Occident. Una antropolog\u00eda urbana al modo bachelerdiano de las fronteras l\u00edquidas del Mediterr\u00e1neo.\u201d Orientalismo, arte y arquitectura entre Granada y Venecia. pp. 159 &#8211; 190. 2012.<\/p>\n\n\n\n<p>Gonz\u00e1lez Alcantud,J.A., \u201cLas vampiras fin de si\u00e8cle como antecedentes de las vampiresas modernistas. Vampiros a contraluz.\u201d pp. 147 &#8211; 157. 2012.&nbsp;<\/p>\n\n\n\n<p>Gonz\u00e1lez Alcantud,J.A., \u201cPresencia y ausencia del a\u00f1o 711 en la Andaluc\u00eda contempor\u00e1nea. Discursividades narrativas del &#8216;mito bueno&#8217; de al-\u00c1ndalus.\u201d 711-1616: De \u00e1rabes a moriscos. pp. 379 &#8211; 404. 2012.<\/p>\n\n\n\n<p>Montoro Araque, M. \u201cCes sauriens andalous\u2026 : entre folklore et hagiographie\u201d in K\u00f4ji Watanabee et Fleur Vigneron, Voix des mythes, science des civilisations, Berne: Peter Lang SA Editions scientifiques internationales, 2012, pp. 343-354.<\/p>\n\n\n\n<p>Montoro Araque, M. \u201cMiroir, connaissance, imaginaire: r\u00e9flexions, reflets ou \u00e9chos d\u2019un narcisse au f\u00e9minin\u201d in Fintz, Cl., Le Miroir: une m\u00e9diation entre imaginaire, science et spiritualit\u00e9, (PUV) Presses Universitaires de Valenciennes\/Belles Lettres, coll. \u201cPratiques et repr\u00e9sentation\u201d, 2013, pp. 279-295.&nbsp;<\/p>\n\n\n\n<p>Montoro Araque, M., \u201cEnfin, une spirale pour atteindre l\u2019azur et l\u2019Or!\u201d: Th\u00e9ophile Gautier, in Barbara Marczuk, Joanna Gorecka-Kalita, Agnieszka Kocik (red.), Alors je r\u00eaverai des horizons bleu\u00e2tres&#8230;Etudes d\u00e9di\u00e9es \u00e0 Barbara Sosie\u0144, Wydawnictwo Uniwersytetu Jagiello\u0144skiego, 2013, pp. 387-395.<\/p>\n\n\n\n<p>Montoro Araque, M., \u201cFoisonnement corporel, explosion sensorielle ou la po\u00e9tique du corps dans Jeune homme mari\u00e9 nu de B\u00e9atrice Bonhomme\u201d in Peter Collier et Ilda Tomas (\u00e9ds) B\u00e9atrice Bonhomme. Le mot, la mort, l\u2019amour, Bern: Peter Lang AG, International Academic Publishers, coll. \u201cModern French Identities\u201d, vol. 100, 2013, pp. 299-316.<\/p>\n\n\n\n<p>Renouprez, M. \u201cNeel Doff\u201d in Le Dictionnaire universel des cr\u00e9atrices, Paris, \u00c9d. des femmes. Antoinette Fouque, 2013, p.1285. ISBN : 9782721006318 &nbsp; &nbsp; &nbsp; &nbsp; &nbsp; &nbsp;<\/p>\n\n\n\n<p>Renouprez, M. \u201cLouis Dubrau\u201d in Le Dictionnaire universel des cr\u00e9atrices, Paris, \u00c9d. des femmes. Antoinette Fouque, 2013, p.1325.<\/p>\n\n\n\n<p>Renouprez, M. \u201cClaire Lejeune\u201d in Le Dictionnaire universel des cr\u00e9atrices, Paris, \u00c9d. des femmes. Antoinette Fouque, 2013, p. 2526.<\/p>\n\n\n\n<p>Renouprez, M. \u201cMarie Gevers\u201d in Le Dictionnaire universel des cr\u00e9atrices, Paris, \u00c9d. des femmes. Antoinette Fouque, 2013, pp. 1734-1735.<\/p>\n\n\n\n<p>Renouprez, M. \u201cIr\u00e8ne Hamoir\u201d in Le Dictionnaire universel des cr\u00e9atrices, Paris, \u00c9d. des femmes. Antoinette Fouque, 2013, pp. 1905-1906.<\/p>\n\n\n\n<p>Renouprez, M. \u201cUn barbare au Japon\u201d in Pilar Garc\u00e9s Garc\u00eda &amp; Lourdes Terr\u00f3n Barbosa (\u00e9d.), Itinerarios, viajes y contactos Jap\u00f3n-Europa, Bern, Peter Lang, 2013, pp.701-716. ISBN : 978-3-0343-1195-3 hb.&nbsp; &nbsp; &nbsp; &nbsp; &nbsp; &nbsp;<\/p>\n\n\n\n<p>Renouprez, M. \u201cClaire Lejeune\u201d in Corinne Blanchaud (\u00e9d.), Dictionnaire des \u00e9crivains francophones classiques. Belgique, Canada, Qu\u00e9bec, Luxembourg, Suisse romande. Paris, Honor\u00e9 Champion \u00c9diteur, 2013, pp.303-306 ISBN : 978-2-7453-2582-2, 574 p.&nbsp;&nbsp;&nbsp;&nbsp;&nbsp;&nbsp;&nbsp;&nbsp;&nbsp;&nbsp;&nbsp;&nbsp;<\/p>\n\n\n\n<p>Renouprez, M. \u201cLe d\u00e9tournement du roman sentimental chez Jacqueline Harpman\u201d in Jacqueline Harpman. L\u2019Aventure litt\u00e9raire, New York, Peter Lang, 2013, pp.79-90. ISBN : 978-1-4331-1459-5.<\/p>\n\n\n\n<p>Renouprez, M. \u201cMarianne Van Hirtum\u201d in Mathis-Moser, Ursula y Mertz-Baumgartner, Birgit (dir), Passages et ancrages en France. Dictionnaire des \u00e9crivains migrants de langue fran\u00e7aise (1981-2011), Paris. Honor\u00e9 Champion, 2012, pp. 841-844. ISBN : 978-2-7453-2400-9. &nbsp; &nbsp; &nbsp; &nbsp; &nbsp;&nbsp;<\/p>\n\n\n\n<h3>Art\u00edculos<\/h3>\n\n\n\n<p>Alberdi, C. \u201cLe non-dit dans le dialogue filmique\u201d in Th\u00e9l\u00e8me, vol. 28, 2013, pp. 9-25.<\/p>\n\n\n\n<p>Alberdi, C. \u201cEl di\u00e1logo de ficci\u00f3n: m\u00edmesis y simulacro\u201d in Sesi\u00f3n no numerada. Revista de Letras y ficci\u00f3n audiovisual, 3, 2013, pp. 129-155.<\/p>\n\n\n\n<p>Alberdi, C. \u201cH\u00e9t\u00e9rophonie et gestion des places interactionnelles dans les Contes des Quatre Saisons, d&#8217;\u00c9ric Rohmer\u201d in Oralia. An\u00e1lisis del discurso oral (Anejos 6), 2012, pp. 45-61.<\/p>\n\n\n\n<p>Gonz\u00e1lez Alcantud,J.A., \u201cMalaise dans la culture patrimoniale : \u00bfAlhambra de Grenade et la Chellah de Rabat\u201d. 3 &#8211; 43, pp. 525 &#8211; 539. 2013. Disponible en Internet en: <a href=\"about:blank\">http:\/\/\/\/www.cairn.info\/revue-ethnologie-francaise-2013-3.htm<\/a>&nbsp;<\/p>\n\n\n\n<p>Gonz\u00e1lez Alcantud,J.A., \u201cPinceladas sobre una supuesta antropolog\u00eda del hombre alpujarre\u00f1o\u201d. EntreR\u00edos. pp. 23 &#8211; 28. 2013. ISSN 1699-3047.&nbsp;<\/p>\n\n\n\n<p>Gonz\u00e1lez Alcantud,J.A., \u201cModernidad y modernizaci\u00f3n en Marruecos en los inicios del protectorado\u201d. Imago Cr\u00edtica. 4, pp. 135 &#8211; 151. 2013. ISSN 2013-2859.<\/p>\n\n\n\n<p>Gonz\u00e1lez Alcantud,J.A., \u201cUn viaje oper\u00edstico pol\u00edticamente inc\u00f3modo: Giuseppe Verdi en la oriental Granada\u201d. Siglo Diecinueve : Literatura Hisp\u00e1nica. 19, pp. 39 &#8211; 51. 2013. ISSN 1136-2308.<\/p>\n\n\n\n<p>Gonz\u00e1lez Alcantud,J.A., \u201c\u00bfLa estructura dram\u00e1tico local en el prisma antropol\u00f3gico de Lis\u00f3n?\u201d Revista Anthropos. 235, pp. 140 &#8211; 150. 2012. ISSN 1137-3636.<\/p>\n\n\n\n<p>Gonz\u00e1lez Alcantud,J.A., \u201cLa estructura dram\u00e1tica local en el prisma antropol\u00f3gica de Lis\u00f3n\u201d. Revista Anthropos. 235, pp. 140 &#8211; 150. 2012. ISSN 1137-3636.<\/p>\n\n\n\n<p>Gonz\u00e1lez Alcantud,J.A., \u201cLa estructura dram\u00e1tica local en el prisma antropol\u00f3gica de Lis\u00f3n\u201d. Revista Anthropos. 235, pp. 140 &#8211; 150. 2012. ISSN 1137-3636.<\/p>\n\n\n\n<p>Montoro Araque, M. \u201cImaginaire du mal au XXe si\u00e8cle : de la revisitation mythique \u00e0 la r\u00e9alit\u00e9 apocalyptique du quotidien\u201d in Caietele Echinox , vol 24 : \u00ab Topographies du mal (I) Les Enfers \u00bb, Cluj-Napoca, Ruman\u00eda, 2013, pp. 251-265.<\/p>\n\n\n\n<p>Renouprez, M. \u201cLe d\u00e9ni de soi en Belgique francophone\u201d, Cahiers Internationaux de symbolisme, n\u00ba134-135-136, 2013, pp.163-173.<\/p>\n\n\n\n<p>Renouprez, M. \u201cPo\u00e9sie et photographie dans l&#8217;\u0153uvre de Claire Lejeune\u201d, La Litt\u00e9rature au prisme de la photographie, Textyles, n\u00ba43, 2013, pp. 115-128. ISSN : 0776-0116.&nbsp;&nbsp;&nbsp;&nbsp;&nbsp;&nbsp;&nbsp;&nbsp;&nbsp;&nbsp;&nbsp;&nbsp;&nbsp;&nbsp;&nbsp;&nbsp;<\/p>\n\n\n\n<p>Renouprez, M. \u201cLes travers\u00e9es du Japon de Marguerite Yourcenar\u201d, Soci\u00e9t\u00e9 internationale d\u2019\u00c9tudes Yourcenariennes, Bulletin n\u00ba33, 2012, pp.87-101. ISSN : 0987-7940.<\/p>\n\n\n\n<p>Renouprez, M. \u201cPenser le futur. Identit\u00e9-Alt\u00e9rit\u00e9\u201d, MIX. n\u00ba0. D\u00e9cembre-mars 2012. Revue du Man\u00e8ge. Mons-Maubeuge (Belgique, PP-PB BC9169), Dic.2011-mars.2012, p.25 (1 p.).<\/p>\n\n\n\n<hr class=\"wp-block-separator\"\/>\n\n\n\n<h1>Tesis<\/h1>\n\n\n\n<h1>2022-23<\/h1>\n\n\n\n<h3>Direcci\u00f3n (tesis en curso)<\/h3>\n\n\n\n<p>Flores-Fern\u00e1ndez, M. \u201cLa f\u00e9minisation du paysage. D\u00e9cadentisme et postmodernit\u00e9 : vers une notion d&#8217;arch\u00e9type\u201d, sous la direction de Mercedes Montoro Araque. Universidad de Granada. Programa de doctorado en Lenguas, textos y contextos. 2022.&nbsp;<\/p>\n\n\n\n<p>Chico Morales, J.M. \u201c \u2018L\u00b4\u00e9cran-imagin\u00e9\u2019 et \u2018l\u2019\u00e9cran-imaginant\u2019 : deux approches esth\u00e9tiques pour interpr\u00e9ter l&#8217;imaginaire de notre modernit\u00e9. \u201d, sous la direction de Mercedes Montoro Araque. Programa de doctorado en Lenguas, Textos y Contextos. Universidad de Granada.&nbsp;&nbsp;<\/p>\n\n\n\n<p>El Aissaoui, A. <em>Trasfondo y perspectivas ling\u00fc\u00edstico-culturales de la inmigraci\u00f3n hispano-marroqu\u00ed. (Arri\u00e8re-plan et perspectives linguistico-culturels de l\u2019immigration hispano-marocaine<\/em>, sous la direction de Carmen Alberdi Urquizu. Programa de Doctorado en Lenguas, Textos y Contextos. Universidad de Granada.<\/p>\n\n\n\n<p>Tabari, S. \u201cL\u2019histoire du jardin et du paysage entre science et imaginaire. Alger \u00e0 travers le temps <strong>&nbsp;(<\/strong>XVIe- XIXe si\u00e8cles), sous la direction de Mercedes Montoro Araque. Programa de doctorado en Lenguas, Textos y Contextos. Universidad de Granada.<\/p>\n\n\n\n<h1>2020-21<\/h1>\n\n\n\n<h3>Direcci\u00f3n (tesis en curso)<\/h3>\n\n\n\n<p>Flores-Fern\u00e1ndez, M. \u201cLa f\u00e9minisation du paysage. D\u00e9cadentisme et postmodernit\u00e9 : vers une notion d\u2019arch\u00e9type\u201d, sous la direction de Mercedes Montoro Araque. Universidad de Granada. Programa de doctorado en Lenguas, textos y contextos.<\/p>\n\n\n\n<p>Chico Morales, J.M. \u201c\u00abL\u00b4\u00e9cran-imagin\u00e9\u00bb et \u00abl\u00b4\u00e9cran-imaginant\u00bb : deux approches esth\u00e9tiques pour interpr\u00e9ter l\u00b4imaginaire de notre modernit\u00e9.\u201d, sous la direction de Mercedes Montoro Araque. Programa de doctorado en Lenguas, Textos y Contextos. Universidad de Granada.&nbsp;&nbsp;<\/p>\n\n\n\n<p>Tabari, S. \u201cL\u2019histoire du jardin et du paysage entre science et imaginaire. Alger \u00e0 travers le temps <strong>&nbsp;(<\/strong>XVIe- XIXe si\u00e8cles), sous la direction de Mercedes Montoro Araque. Programa de doctorado en Lenguas, Textos y Contextos. Universidad de Granada.<\/p>\n\n\n\n<h3>Tesis defendidas<\/h3>\n\n\n\n<p>Hern\u00e1ndez G\u00f3mez, M.A. <em>La pens\u00e9e de l\u2019homme dans l\u2019\u0153uvre de Vercors<\/em>, sous la co-direction de C. Milkovitch-Rioux et C. Alberdi. Programa de Doctorado: Lenguas, Textos y Contextos. Tesis en cotutela internacional con la Universidad Clermont-Auvergne. Fecha de defensa 17\/09\/2020.<\/p>\n\n\n\n<h1>2018-19<\/h1>\n\n\n\n<h3>Direcci\u00f3n (tesis en curso)<\/h3>\n\n\n\n<p>Flores-Fern\u00e1ndez, M. \u201cLa f\u00e9minisation du paysage. D\u00e9cadentisme et postmodernit\u00e9 : vers une notion d\u2019arch\u00e9type\u201d, sous la direction de Mercedes Montoro Araque. Universidad de Granada. Programa de doctorado en Lenguas, textos y contextos.&nbsp;<\/p>\n\n\n\n<p>Hern\u00e1ndez G\u00f3mez, M.A. \u201cLa pens\u00e9e de l\u2019homme dans l\u2019\u0153uvre de Vercors, sous la co-direction de C. Milkovitch-Rioux et C. Alberdi\u201d. Programa de Doctorado: Lenguas, Textos y Contextos. Tesis en cotutela internacional con la Universidad Clermont-Auvergne.<\/p>\n\n\n\n<p>Tabari, S. \u201cL\u2019histoire du jardin et du paysage entre science et imaginaire. Alger \u00e0 travers le temps <strong>&nbsp;(<\/strong>XVIe- XIXe si\u00e8cles)\u201d, sous la direction de Mercedes Montoro Araque. Programa de doctorado en Lenguas, Textos y Contextos. Universidad de Granada.<\/p>\n","protected":false},"excerpt":{"rendered":"<p>Coloquios, seminarios y comunicaciones 2022 -23 Organizaci\u00f3n Montoro Araque, M. et Flores-Fern\u00e1ndez, M. Comit\u00e9 organisateur du colloque international \u201cMitos e imaginarios de los paisajes del agua: Andaluc\u00eda, encrucijada del Mediterr\u00e1neo\u201d, 15 et 16 mars, Universit\u00e9 de Grenade.&nbsp; Participaci\u00f3n Alberdi Urquizu, C.,&nbsp; Cortier, C. et Etienne, C. \u201cL&#8217;exemple en pratique dans les corpus d&#8217;interactions verbales: un &hellip; <\/p>\n<p class=\"link-more\"><a href=\"https:\/\/wpd.ugr.es\/~mitema\/wordpress\/?page_id=1520\" class=\"more-link\">Read more<span class=\"screen-reader-text\"> &#8220;ACTIVIDADES&#8221;<\/span><\/a><\/p>\n","protected":false},"author":1,"featured_media":0,"parent":0,"menu_order":0,"comment_status":"closed","ping_status":"closed","template":"","meta":{"_mi_skip_tracking":false},"_links":{"self":[{"href":"https:\/\/wpd.ugr.es\/~mitema\/wordpress\/index.php?rest_route=\/wp\/v2\/pages\/1520"}],"collection":[{"href":"https:\/\/wpd.ugr.es\/~mitema\/wordpress\/index.php?rest_route=\/wp\/v2\/pages"}],"about":[{"href":"https:\/\/wpd.ugr.es\/~mitema\/wordpress\/index.php?rest_route=\/wp\/v2\/types\/page"}],"author":[{"embeddable":true,"href":"https:\/\/wpd.ugr.es\/~mitema\/wordpress\/index.php?rest_route=\/wp\/v2\/users\/1"}],"replies":[{"embeddable":true,"href":"https:\/\/wpd.ugr.es\/~mitema\/wordpress\/index.php?rest_route=%2Fwp%2Fv2%2Fcomments&post=1520"}],"version-history":[{"count":9,"href":"https:\/\/wpd.ugr.es\/~mitema\/wordpress\/index.php?rest_route=\/wp\/v2\/pages\/1520\/revisions"}],"predecessor-version":[{"id":1591,"href":"https:\/\/wpd.ugr.es\/~mitema\/wordpress\/index.php?rest_route=\/wp\/v2\/pages\/1520\/revisions\/1591"}],"wp:attachment":[{"href":"https:\/\/wpd.ugr.es\/~mitema\/wordpress\/index.php?rest_route=%2Fwp%2Fv2%2Fmedia&parent=1520"}],"curies":[{"name":"wp","href":"https:\/\/api.w.org\/{rel}","templated":true}]}}