{"id":1556,"date":"2022-01-17T09:57:32","date_gmt":"2022-01-17T09:57:32","guid":{"rendered":"https:\/\/wpd.ugr.es\/~mitema\/wordpress\/?page_id=1556"},"modified":"2024-11-28T12:19:50","modified_gmt":"2024-11-28T12:19:50","slug":"congresos","status":"publish","type":"page","link":"https:\/\/wpd.ugr.es\/~mitema\/wordpress\/?page_id=1556","title":{"rendered":"Congresos"},"content":{"rendered":"\n<h2>Carteles de los congresos organizados por Mitema<\/h2>\n\n\n<div id=\"metaslider-id-1643\" style=\"max-width: 424px; margin: 0 auto;\" class=\"ml-slider-3-27-3 metaslider metaslider-flex metaslider-1643 ml-slider\">\n    <div id=\"metaslider_container_1643\">\n        <div id=\"metaslider_1643\">\n            <ul aria-live=\"polite\" class=\"slides\">\n                <li style=\"display: block; width: 100%;\" class=\"slide-1654 ms-image\"><img width=\"2480\" height=\"3508\" src=\"https:\/\/wpd.ugr.es\/~mitema\/wordpress\/wp-content\/uploads\/2022\/03\/CARTEL_Congreso_2.png\" class=\"slider-1643 slide-1654\" alt=\"\" loading=\"lazy\" rel=\"\" title=\"CARTEL_Congreso_2\" srcset=\"https:\/\/wpd.ugr.es\/~mitema\/wordpress\/wp-content\/uploads\/2022\/03\/CARTEL_Congreso_2.png 2480w, https:\/\/wpd.ugr.es\/~mitema\/wordpress\/wp-content\/uploads\/2022\/03\/CARTEL_Congreso_2-544x770.png 544w, https:\/\/wpd.ugr.es\/~mitema\/wordpress\/wp-content\/uploads\/2022\/03\/CARTEL_Congreso_2-827x1170.png 827w, https:\/\/wpd.ugr.es\/~mitema\/wordpress\/wp-content\/uploads\/2022\/03\/CARTEL_Congreso_2-768x1086.png 768w, https:\/\/wpd.ugr.es\/~mitema\/wordpress\/wp-content\/uploads\/2022\/03\/CARTEL_Congreso_2-1086x1536.png 1086w, https:\/\/wpd.ugr.es\/~mitema\/wordpress\/wp-content\/uploads\/2022\/03\/CARTEL_Congreso_2-1448x2048.png 1448w, https:\/\/wpd.ugr.es\/~mitema\/wordpress\/wp-content\/uploads\/2022\/03\/CARTEL_Congreso_2-2000x2829.png 2000w\" sizes=\"100vw\" \/><\/li>\n                <li style=\"display: none; width: 100%;\" class=\"slide-1656 ms-image\"><img width=\"424\" height=\"600\" src=\"https:\/\/wpd.ugr.es\/~mitema\/wordpress\/wp-content\/uploads\/2022\/02\/POSTER-Copyright-1.png\" class=\"slider-1643 slide-1656\" alt=\"\" loading=\"lazy\" rel=\"\" title=\"POSTER-Copyright\" sizes=\"100vw\" \/><\/li>\n                <li style=\"display: none; width: 100%;\" class=\"slide-1655 ms-image\"><img width=\"424\" height=\"600\" src=\"https:\/\/wpd.ugr.es\/~mitema\/wordpress\/wp-content\/uploads\/2022\/02\/congreso_mitema_ugr_jardines_mediterraneo-1.png\" class=\"slider-1643 slide-1655\" alt=\"\" loading=\"lazy\" rel=\"\" title=\"congreso_mitema_ugr_jardines_mediterraneo\" sizes=\"100vw\" \/><\/li>\n                <li style=\"display: none; width: 100%;\" class=\"slide-1760 ms-image\"><img width=\"2480\" height=\"3508\" src=\"https:\/\/wpd.ugr.es\/~mitema\/wordpress\/wp-content\/uploads\/2022\/04\/cartel_Jornadas_paisartagua.png\" class=\"slider-1643 slide-1760\" alt=\"\" loading=\"lazy\" rel=\"\" title=\"cartel_Jornadas_paisartagua\" srcset=\"https:\/\/wpd.ugr.es\/~mitema\/wordpress\/wp-content\/uploads\/2022\/04\/cartel_Jornadas_paisartagua.png 2480w, https:\/\/wpd.ugr.es\/~mitema\/wordpress\/wp-content\/uploads\/2022\/04\/cartel_Jornadas_paisartagua-544x770.png 544w, https:\/\/wpd.ugr.es\/~mitema\/wordpress\/wp-content\/uploads\/2022\/04\/cartel_Jornadas_paisartagua-827x1170.png 827w, https:\/\/wpd.ugr.es\/~mitema\/wordpress\/wp-content\/uploads\/2022\/04\/cartel_Jornadas_paisartagua-768x1086.png 768w, https:\/\/wpd.ugr.es\/~mitema\/wordpress\/wp-content\/uploads\/2022\/04\/cartel_Jornadas_paisartagua-1086x1536.png 1086w, https:\/\/wpd.ugr.es\/~mitema\/wordpress\/wp-content\/uploads\/2022\/04\/cartel_Jornadas_paisartagua-1448x2048.png 1448w, https:\/\/wpd.ugr.es\/~mitema\/wordpress\/wp-content\/uploads\/2022\/04\/cartel_Jornadas_paisartagua-2000x2829.png 2000w\" sizes=\"100vw\" \/><\/li>\n            <\/ul>\n        <\/div>\n        \n    <\/div>\n<\/div>\n\n\n\n<h2><strong>Coloquios, seminarios y comunicaciones&nbsp;<\/strong><\/h2>\n\n\n\n<h1>2023 -24<\/h1>\n\n\n\n<p>Alberdi, C. et Etienne, C. \u00ab Quelles activit\u00e9s concevoir pour que l&#8217;apprenant d\u00e9veloppe ses propres strat\u00e9gies d&#8217;\u00e9coute? \u00bb. 30e congr\u00e8s Ranacles. Transition(s) dans et pour les centres de Langues et de ressources en Langues, ENS de Lyon, 23-25 novembre 2023.<\/p>\n\n\n\n<p>Alberdi, C., Andr\u00e9, V., Etienne, C. et Ravazzolo, E. \u00ab Comment identifier un r\u00e9cit en fran\u00e7ais, en espagnol et en italien ? Quelles strat\u00e9gies proposer \u00e0 un apprenant de langue? \u00bb, XX AILA World Congress, ENS de Lyon, 17-21 juillet 2023.<\/p>\n\n\n\n<p>Alberdi, C. et Etienne, C. \u00ab Enseignement sur corpus : conscience pragmatique et comp\u00e9tence interactionnelle \u00bb. 11e Journ\u00e9es Linguistique de Corpus, Universit\u00e9 Grenoble Alpes, 3-7 juillet 2023.<\/p>\n\n\n\n<p>Alberdi, C. \u00ab Ben, un petit mot ce n\u2019est pas rien \u00bb. XXXIe Colloque International de l\u2019AFUE \u201cLe petit et le bref : approches discursives diverses, Universit\u00e9 de Murcie, 19-21 avril 2023.<\/p>\n\n\n\n<p>Chico Morales, J.M. \u00abNarrativas y experiencias de lo imposible: ciencia ficci\u00f3n y videojuegos\u00bb. Seminario Dise\u00f1o de la narrativa en los videojuegos a trav\u00e9s de las mec\u00e1nicas y la est\u00e9tica, Universidad de Vigo, 5-6 octobre 2023.<\/p>\n\n\n\n<p>Chico Morales, J.M. \u00abEl monstruo que habita en el jugador: est\u00e9ticas y narrativas videol\u00fadicas de las criaturas fant\u00e1sticas desde un enfoque introspectivo\u00bb. Congreso Internacional de G\u00e9nero Fant\u00e1stico, Audiovisuales y Nuevas Tecnolog\u00edas (Fantaelx), Universidad Miguel Hern\u00e1ndez, 23-24 novembre 2023.<\/p>\n\n\n\n<p>Chico Morales, J.M. \u00abLa \u2018naturaleza-imaginada\u2019 y \u2018la pantalla-imaginaria\u2019: dos enfoques est\u00e9ticos para interpretar el imaginario de nuestra modernidad\u00bb. 2\u00ba Congreso Internacional DiGRAES23. El videojuego en Espa\u00f1a: historia, Identidad, Cultura. Universidad Rey Juan Carlos, Universidad de Alcal\u00e1, 25-28 avril 2023.<\/p>\n\n\n\n<p>Chico Morales, J.M. \u00abRegeneraci\u00f3n m\u00edtica y simbolog\u00eda del fin del mundo en A Plague Tale: Requiem\u00bb. 2\u00ba Congreso Internacional DiGRAES23. El videojuego en Espa\u00f1a: historia, Identidad, Cultura. Universidad Rey Juan Carlos, Universidad de Alcal\u00e1, 25-28 avril 2023.<\/p>\n\n\n\n<p>Chico Morales, J.M. \u00ab\u00bfEs posible la cotidianidad en la expresi\u00f3n videol\u00fadica? De la literatura fant\u00e1stica del siglo XIX a las narrativas videol\u00fadicas contempor\u00e1neas\u00bb. VII Coloquio Internacional de Investigadores en Dise\u00f1o. XVIII Semana Internacional de Dise\u00f1o en Palermo, Universidad de Palermo, 4 ao\u00fbt 2023.<\/p>\n\n\n\n<p>Chico Morales, J.M. \u00ab\u00bfEs poFlores-Fern\u00e1ndez, M. \u00abDe Merc\u00e8 Rodoreda a Carmen Laforet: el uso de mitos y s\u00edmbolos en torno a la esposa y la madre en la narraci\u00f3n de espacios opresivos\u00bb. II Congreso Internacional Estereotipos de G\u00e9nero en el franquismo y su pervivencia en la Espa\u00f1a democr\u00e1tica, Universidad de Granada, 19 septembre 2023<\/p>\n\n\n\n<p>Montoro Araque, M. \u00ab Rome ou Alexandrie : espaces \u00e9co-fictionnels de qu\u00eate et conqu\u00eate au f\u00e9minin \u00bb. Congreso Internacional \u00ab L\u2019imaginaire du pass\u00e9. Qu\u00eates et conqu\u00eates \u00bb, Universit\u00e9 Bordeaux Montaigne, UR Plurielles-LaPRIL, Maison de Sciences de l\u2019Homme, 30-31 mars 2023.<\/p>\n\n\n\n<h1>2022 -23<\/h1>\n\n\n\n<h3>Organizaci\u00f3n<\/h3>\n\n\n\n<p>Montoro Araque, M. et Flores-Fern\u00e1ndez, M. Comit\u00e9 organisateur du colloque international \u201cMitos e imaginarios de los paisajes del agua: Andaluc\u00eda, encrucijada del Mediterr\u00e1neo\u201d, 15 et 16 mars, Universit\u00e9 de Grenade.&nbsp;<\/p>\n\n\n\n<h3>Participaci\u00f3n<\/h3>\n\n\n\n<p>Alberdi Urquizu, C.,&nbsp; Cortier, C. et Etienne, C. \u201cL&#8217;exemple en pratique dans les corpus d&#8217;interactions verbales: un t\u00e9moin de la variation et du sens\u201d. Colloque international de la SIHFLES, <em>La langue en \u00e9chantillons : histoire de l&#8217;exemple dans les ouvrages du fran\u00e7ais langue \u00e9trang\u00e8re du XVIe au XXe si\u00e8cle<\/em>. Nicosie, Chypre 12- 13 mai 2022.<\/p>\n\n\n\n<p>Chico Morales, J.M. \u201cLes m\u00e9caniques&nbsp; num\u00e9riques de l\u2019eau: le paysage m\u00e9diterran\u00e9en dans les cr\u00e9ations vid\u00e9oludiques\u201d. Journ\u00e9es Doctorales <em>Paisajes e imaginarios del agua. Perspectivas art\u00edsticas en el Mediterr\u00e1neo (Paysages et imaginaires de l&#8217;eau. Perspectives artistiques en M\u00e9diterran\u00e9e)<\/em>, mai 2022, Universit\u00e9 de C\u00e1diz.<\/p>\n\n\n\n<p>Flores-Fern\u00e1ndez, M. \u201cArqueolog\u00edas y arquetipos femeninos del agua en el paisaje granadino de los siglos XIX y XX a trav\u00e9s de un prisma durandiano\u201d. Colloque international <em>Mitos e imaginarios de los paisajes del agua: Andaluc\u00eda, encrucijada del Mediterr\u00e1neo (Mythes et imaginaires des paysages d&#8217;eau : l&#8217;Andalousie, carrefour de la M\u00e9diterran\u00e9e)<\/em>, 15-16 mars 2022, Universit\u00e9 de Grenade.&nbsp;<\/p>\n\n\n\n<p>Flores-Fern\u00e1ndez, M. \u201cLa symbolique alchimique du sel dans les paysages artistiques de Carmen Laff\u00f3n : une r\u00e9trospective f\u00e9minine des marais salants\u201d. Journ\u00e9es Doctorales <em>Paisajes e imaginarios del agua. Perspectivas art\u00edsticas en el Mediterr\u00e1neo (Paysages et imaginaires de l&#8217;eau. Perspectives artistiques en M\u00e9diterran\u00e9e)<\/em>, mai 2022, Universit\u00e9 de C\u00e1diz.<\/p>\n\n\n\n<p>Montoro Araque, M. \u201cRealidades, \u201cduendes\u201d y otros exotismos\u2026: el agua en Granada como \u201cgeos\u00edmbolo\u201d. Colloque international <em>Mitos e imaginarios de los paisajes del agua: Andaluc\u00eda, encrucijada del Mediterr\u00e1neo (Mythes et imaginaires des paysages d&#8217;eau : l&#8217;Andalousie, carrefour de la M\u00e9diterran\u00e9e)<\/em>, 15-16 mars 2022, Universit\u00e9 de Grenade.<\/p>\n\n\n\n<h1>2020 \/ 2021<\/h1>\n\n\n\n<h3>Participaci\u00f3n<\/h3>\n\n\n\n<p>Alberdi, C. et Blanco, T. \u201cLa multimodalidad como complemento de la alfabetizaci\u00f3n visual\u201d. <em>XIII Congreso Internacional Latina de Comunicaci\u00f3n Social,<\/em> 1-3 d\u00e9cembre 2021.<\/p>\n\n\n\n<p>Alberdi, C. \u201cTraducir a Ahmadou Kourouma: alteridad y \u00e9tica de la diferencia\u201d. <em>Congreso CIUTI 2021: Reflexiones sobre \u00e9tica profesional de traductores e int\u00e9rpretes y buenas pr\u00e1cticas: nuevos contextos en la profesi\u00f3n y en la formaci\u00f3n<\/em>, Grenade 16-17 septembre&nbsp; 2021.<\/p>\n\n\n\n<p>Alberdi, C., Andr\u00e9, V. et Etienne, C. \u201cApprendre \u00e0 interagir en fran\u00e7ais langue \u00e9trang\u00e8re avec et sur corpus : le r\u00e9cit\u201d. <em>Baby-Talc GRAPHELES 2020<\/em>, Perpignan 12-16 octobre 2020.<\/p>\n\n\n\n<p>Alberdi, C. \u201cDu machisme au f\u00e9minin ? Le n\u00e9gationnisme antisexiste dans le discours politique des femmes de VOX\u201d. <em>Colloque International Imaginaires du f\u00e9minin\/masculin : Permanences et m\u00e9tamorphoses<\/em>. Facult\u00e9 des lettres et des sciences humaines de Mohammedia, Casablanca, Maroc, 3-5 mars 2020.<\/p>\n\n\n\n<p>Alberdi, C. et Etienne, C. \u201cApprendre le fran\u00e7ais oral en simulant une immersion dans les interactions en contexte\u201d, <em>Colloque VALS-ASLA. La linguistique appliqu\u00e9e \u00e0 l\u2019\u00e8re digitale<\/em>. Neuch\u00e2tel, Suisse, 12-14 f\u00e9vrier 2020.<\/p>\n\n\n\n<p>Chico Morales, J.M. \u201cInteractuar con la cat\u00e1strofe: aproximaciones a las narraciones videol\u00fadicas del <em>cyberpunk<\/em>\u201d. Seminario de ecoficciones (2\u00aaEd.): Las mitolog\u00edas del fin del mundo, organizado por GIECO y AGLAYA, 3 de diciembre del 2021, Universidad de Alcal\u00e1 de Henares.<\/p>\n\n\n\n<p>Flores-Fern\u00e1ndez, M. \u201cCorps et territoire : lecture de l\u2019identit\u00e9 f\u00e9minine dans le paysage de sel\u201d<em>. <\/em>Colloque international <em>Imaginaires du masculin\/f\u00e9minin. Permanences et m\u00e9tamorphoses<\/em>. 3 et 5 mars 2020. (FLSH Mohammedia. Universit\u00e9 Hassan II Casablanca et Centre de recherches internationales sur l\u2019imaginaire, CRI2i).<\/p>\n\n\n\n<p>Flores-Fern\u00e1ndez, M. S\u00e9minaire \u201cLas mitolog\u00edas del fin del mundo en las ecoficciones\u201d, P\u00f4le de recherche GIECO et AGLAYA, Universit\u00e9 de Alcal\u00e1, 2021.<\/p>\n\n\n\n<p>Flores-Fern\u00e1ndez, M. S\u00e9minaire \u201cL&#8217;arch\u00e9topos de G\u00e9-Pandore : un mythe en train de na\u00eetre en postmodernit\u00e9\u201d, P\u00f4le de recherche 3 Cultures, langue, imaginaires, Universit\u00e9 Catholique de Lyon, 2021.<\/p>\n\n\n\n<p>Montoro Araque, M. \u201cNaturaleza y emociones, bajo el prisma de las cuencas sem\u00e1nticas\u201d. Participaci\u00f3n en el Seminario Internacional del CRIM de l\u2019UNAM \u201cImaginarios, Naturaleza y Arte\u201d. Proyecto PAPIIT IN 400219, organizado por la Universidad Nacional Aut\u00f3noma de M\u00e9jico (UNAM) el 19 de marzo de 2021.<\/p>\n\n\n\n<p>Montoro Araque, M. \u201cR\u00e9\u00e9critures contemporaines autour de la notion identitaire: vers l\u2019hypernarcissisme ?\u201d. IV Congr\u00e8s International du CRI2I \u201cImaginaires de l\u2019identit\u00e9: auto-images et repr\u00e9sentation de soi\u201d, Universit\u00e9 Babes-Bolyai de Cluj-Napoca (Roumanie), du 12 au 14 Novembre 2020.<\/p>\n\n\n\n<p>Montoro Araque, M. \u201cHerm\u00e8s ou l\u2019effacement de la dichotomie genr\u00e9e\u201d. V Congr\u00e8s International du CRI2I \u201cImaginaires du f\u00e9minin\/masculin: permanences et m\u00e9tamorphoses\u201d, Facult\u00e9 des lettres et des sciences humaines de Mohammedia, Casablanca (Marruecos) du 3 au 5 Mars 2020.<\/p>\n\n\n\n<p>Renouprez, M. \u201cFace au d\u00e9sastre : l\u2019amiti\u00e9 de Claire Lejeune et de Maurice Blanchot\u201d, Universit\u00e9 F\u00e9lix Houphou\u00ebt-Boigny, 19-22-10.2021, Abidjan.<\/p>\n\n\n\n<p>Renouprez, M. \u201cMujer, interculturalidad e innovaci\u00f3n. El papel de la mujer trans en la diversidad de g\u00e9nero\u201d, CIDICO 2, Madrid, 11.11.2020.<\/p>\n\n\n\n<p>Renouprez, M, \u201cTransiter du f\u00e9minin au masculin avec Paul B. Preciado\u201d, Imaginaires du F\u00e9minin\/masculin : permanences et m\u00e9tamorphoses, Facult\u00e9 des Lettres et des sciences humaines, Mohammedia, 4-5.03.2020.<\/p>\n\n\n\n<h1>2018 \/ 2019<\/h1>\n\n\n\n<h3>Organizaci\u00f3n<\/h3>\n\n\n\n<p>Montoro Araque, M. Organizaci\u00f3n de Mesa Redonda en Universidad de Granada (Corrala de Santiago, UGR, 17 abril de 2018), en el marco del M\u00e1ster de Lenguas y Culturas de la UGR, en colaboraci\u00f3n con la Universidad Bordeaux Montaigne (AUSONIUS, UMR 5607) sobre \u201cLe jardin, un patrimoine en commun de la M\u00e9diterran\u00e9e\u201d.<\/p>\n\n\n\n<p>Ferrety, V. y Renouprez, M. Organizaci\u00f3n del III Congreso Mundial de Braquilog\u00eda, 15-18 de octubre 2019&nbsp; en la Universidad de C\u00e1diz.<\/p>\n\n\n\n<p>Renouprez, M. Organizaci\u00f3n del Congreso: Les Migrations entre M\u00e9diterran\u00e9e et Terre promise, C\u00e1diz, 7 et 8 mai 2018.<\/p>\n\n\n\n<h3>Participaci\u00f3n<\/h3>\n\n\n\n<p>Alberdi, C. \u201cUne seule langue, de multiples imaginaires. Culture et ethos : les d\u00e9fis de la traduction\u201d. <em>I Colloque International sur la Traduction en Afrique Subsaharienne<\/em>. Abidjan, C\u00f4te d\u2019Ivoire, Universit\u00e9 F\u00e9lix Houphou\u00ebt-Boigny, 12-14 juin 2019.<\/p>\n\n\n\n<p>Alberdi, C. \u201cX\u00e9nismes, hybridation. Les d\u00e9fis de la traduction dans <em>Les Soleils des ind\u00e9pendances<\/em> d&#8217;Ahmadou Kourouma\u201d. <em>I Colloque International sur la Traduction&nbsp; en Afrique Subsaharienne<\/em>. Abidjan, C\u00f4te d\u2019Ivoire, Universit\u00e9 F\u00e9lix Houphou\u00ebt-Boigny, 12-14 juin 2019.<\/p>\n\n\n\n<p>Alberdi, C. \u201cDu jean-marisme au marinisme: variations et invariants du discours populiste identitaire\u201d. <em>Colloque international Populisme et propagande : entre le pass\u00e9 et le pr\u00e9sent<\/em>, L\u00f3d\u017a, Pologne, Universit\u00e9 de L\u00f3d\u017a, 11-12 octobre 2018.<\/p>\n\n\n\n<p>Alberdi, C. \u201cQuand la terre promise se mue en no man&#8217;s land. Le discours anti-immigration sur les r\u00e9seaux sociaux\u201d. <em>Congr\u00e8s International<\/em> <em>Migrations : entre M\u00e9diterran\u00e9e et terre promise.<\/em> C\u00e1diz, Universidad de C\u00e1diz, 7-8 mai 2018.<\/p>\n\n\n\n<p>Alberdi, C. \u201cNous et les autres. Phras\u00e9ologie du discours de haine\u201d. <em>III Congr\u00e8s du CRI2i, Imaginaires de l\u2019alt\u00e9rit\u00e9<\/em>. Hammamet, Tunisie, 6-8 mars 2018.<\/p>\n\n\n\n<p>Alberdi, C., Etienne, C. et JOUIN, \u00c9. \u201cComprendre les sp\u00e9cificit\u00e9s du fran\u00e7ais oral par l\u2019immersion virtuelle : un d\u00e9fi possible pour les apprenants\u201d. <em>IV Colloque international franco-espagnol: \u00e9crire, lire, traduire, enseigner le fran\u00e7ais \u00e0 l\u2019\u00e8re du num\u00e9rique<\/em>, Granada, Universidad de Granada, 15-16 f\u00e9vrier 2018.<\/p>\n\n\n\n<p>Flores-Fern\u00e1ndez, M. \u201cLa representaci\u00f3n del paisaje funerario en la pintura de Gustave Moreau: el cementerio como arquetipo tan\u00e1tico\u201d. Colloque international XX Encuentro Iberoamericano de Valoraci\u00f3n y Gesti\u00f3n de Cementerios Patrimoniales, 11 novembre 2019, Universit\u00e9 de M\u00e1laga.<\/p>\n\n\n\n<p>Flores-Fern\u00e1ndez, M. \u201cLe complexe du h\u00e9risson de Habib Mazini\u201d. Colloque international <em>Cr\u00e9er\/publier en fran\u00e7ais, aujourd\u2019hui depuis le Maghreb<\/em>, 5 d\u00e9cembre 2018, Universit\u00e9 Grenoble Alpes.<\/p>\n\n\n\n<p>Montoro Araque, M. \u201cSylvie Germain, temporalit\u00e9s et \u00e9criture mytho-phore\u201d, Colloque international&nbsp; \u201cS. Germain. L\u2019art d\u2019\u00eatre au monde\u201d, Bordeaux (France) 26- 27 Janvier 2018.<\/p>\n\n\n\n<p>Montoro Araque, M. \u201cUn \u2018agua con sabor de muerte\u2019: reflexiones paisaj\u00edsticas en torno al imaginario rom\u00e1ntico del cementerio\u201d. Colloque International XX Encuentro Iberoamericano de Valorizaci\u00f3n y Gesti\u00f3n de Cementerios Patrimoniales. \u201cLos cementerios como recurso cultural, tur\u00edstico y educativo\u201d, M\u00e1laga (Espa\u00f1a), 11-16 de noviembre de 2019.<\/p>\n\n\n\n<p>Renouprez, M, \u201cLe th\u00e8me du trans ou du travesti: quelques exemples dans la litt\u00e9rature fran\u00e7aise\u201d, Universit\u00e9 de Mons, 30.11.2019.<\/p>\n\n\n\n<p>Renouprez, M, \u201cPenser les identit\u00e9s trans dans la litt\u00e9rature et les arts\u201d, <em>Penser la transition dans la litt\u00e9rature et les arts<\/em>, Universit\u00e9 F\u00e9lix Houphou\u00ebt-Boigny, Abidjan, 28-29.11.2019.<\/p>\n\n\n\n<p>Renouprez, M, \u201cInterculturalidad, Investigaci\u00f3n y evoluci\u00f3n cient\u00edfica en el Mediterr\u00e1neo entorno al concepto de braquilog\u00eda\u201d, CIDICO :<em> I Congreso Internacional de innovaci\u00f3n docente e investigaci\u00f3n en educaci\u00f3n superior: un reto para las \u00e1reas de conocimiento<\/em>, Madrid, 20-22.11.2019.<\/p>\n\n\n\n<p>Renouprez, M, \u201cLa imaginaci\u00f3n de los cementerios en B\u00e9lgica\u201d, <em>XX Encuentro Iberoamericano de Valoraci\u00f3n y Gesti\u00f3n de los cementerios patrimoniales<\/em>, M\u00e1laga, 11-16.11.2019.<\/p>\n\n\n\n<p>Renouprez, M, \u201cLa pens\u00e9e des origines\u201d, <em>Francophonie et M\u00e9diterran\u00e9it\u00e9 pour repenser l\u2019avenir de l\u2019humanit\u00e9<\/em>, Moknine, 15.04.2019<\/p>\n\n\n\n<p>Renouprez, M, \u201cDialoguer pour la paix\u201d,<em> Dialogue et conversation entre les pratiques linguistique, litt\u00e9raire et socioculturelle<\/em>, Kairouan, 11-13.04.2019<\/p>\n\n\n\n<p>Renouprez, M, \u201cDiversit\u00e9 et d\u00e9veloppement : des genres aux transgenres\u201d, <em>Diversit\u00e9 et d\u00e9veloppement : sp\u00e9cificit\u00e9s, fragments, totalit\u00e9, unit\u00e9<\/em>. Universit\u00e9 F\u00e9lix Houphou\u00ebt-Boigny, Abidjan, 28-30.11.2018.<\/p>\n\n\n\n<p>Renouprez, M, \u201cR\u00e9silience : le mythe politico-h\u00e9ro\u00efque de Patrice E. Lumumba dans la litt\u00e9rature belge\u201d, <em>R\u00e9silience et modernit\u00e9 dans les litt\u00e9ratures francophones<\/em>. Archives et Mus\u00e9e de la litt\u00e9rature et l\u2019Association europ\u00e9enne d\u2019\u00c9tudes francophones, avec la collaboration du Parlement de la F\u00e9d\u00e9ration Wallonie-Bruxelles, Bruxelles, 22-23.11.2018.<\/p>\n\n\n\n<p>Renouprez, M, \u201cDe <em>L\u2019\u00eele parfum\u00e9e<\/em> aux porteurs de patrimoine dans la litt\u00e9rature polyn\u00e9sienne\u201d, <em>Viagem e cosmopolitismo : Da Ilha ao Mundo,<\/em> Universidade da Madeira, Funchal, 25-26.10.2018.<\/p>\n\n\n\n<p>Renouprez, M, \u201cL\u2019homme face \u00e0 sa propre nature, la nouvelle face de l\u2019humanisme\u201d, <em>Visages, \u00e9tat et sens de l\u2019humanisme au XXI\u00e8me si\u00e8cle<\/em>, Abidjan, 21-22.06.2018.<\/p>\n\n\n\n<p>Renouprez, M, \u201cLes r\u00e9voltes de Jean-Louis Lippert de Mai 68 \u00e0 aujourd\u2019hui\u201d, <em>Ce que Mai 68 a fait \u00e0 la litt\u00e9rature<\/em>, Nancy, 28-29.05.2018.<\/p>\n\n\n\n<p>Renouprez, M, \u201cL\u2019entre-deux ou l\u2019inclusion du tiers\u201d, <em>Entre-deux et Nouvelle Brachylogie : Convergences et divergences de deux concepts,<\/em> Naples, 24-25.05.2018.<\/p>\n\n\n\n<p>Renouprez, M, \u201cTransgenre et transfiction \u00e0 l\u2019heure de la postmodernit\u00e9\u201d, <em>III\u00e8me Congr\u00e8s international du CRI2i, Imaginaires de l\u2019Alt\u00e9rit\u00e9<\/em>, Tunis Hammamet, 6-8.03.2018.<\/p>\n\n\n\n<h1>2016\/2017<\/h1>\n\n\n\n<h3>Organizaci\u00f3n<\/h3>\n\n\n\n<p>Flores-Fern\u00e1ndez, M. Comit\u00e9 organisateur du colloque international \u201cJardin, Spiritualit\u00e9, Po\u00e9sie\u201d (Jard\u00edn, Espiritualidad, Poes\u00eda), Universit\u00e9 de Grenade, 20, 21 et 22 avril de 2016, dans le cadre du projet \u201cDu Monde en miniature au jardin plan\u00e9taire\u201d et <em>Sorbonne Paris Cit\u00e9<\/em> (2015-2018).<\/p>\n\n\n\n<p>Montoro Araque, M. Organizaci\u00f3n del Congreso Internacional \u201cJardin, spiritualit\u00e9, po\u00e9sie\u201d, Universidad de Granada (Carmen de la Victoria, del 20 al 21 de abril de 2016), dentro del proyecto internacional \u201cDu monde en miniature au jardin plan\u00e9taire\u201d (IP, Anna Caiozzo, Universit\u00e9 Paris Diderot VII- IDEX Jardins USPC. Entidad organizadora: MITEMA, Mercedes Montoro Araque).<\/p>\n\n\n\n<p>Renouprez, M. y Diandu\u00e9 P. B. K. Organisation de la Journ\u00e9e : \u201c\u00c9criture et \u00e9quation du \u2018hasard\u2019 dans les Arts et les sciences\u201d, Universidad Houphou\u00ebt-Boigny en Abidjan, el 27 de septiembre de 2017.<\/p>\n\n\n\n<p>Renouprez, M. y Diandu\u00e9 P. B. K. Organizaci\u00f3n de la Jornada sobre \u201cLitt\u00e9rature et sciences: tangentes, parall\u00e8les, s\u00e9cantes et int\u00e9grales\u201d el 24 de noviembre de 2016 en la Universidad Houphou\u00ebt-Boigny en Abidjan.<\/p>\n\n\n\n<h3>Participaci\u00f3n<\/h3>\n\n\n\n<p>Alberdi, C. \u201cLe \u2018marinisme\u2019: entre polys\u00e9mie et figement\u201d. Simposio Internacional sobre Lenguaje Figurado. Granada, Universidad de Granada, (9-11\/10\/2017).<\/p>\n\n\n\n<p>Ferrety, V. Elisa Brune: entre sciences et fictions. 2016-11-24. Universit\u00e9 Felix Houphouet Boigny.&nbsp;<\/p>\n\n\n\n<p>Ferrety, V. La th\u00e9matique de l&#8217;eau dans l&#8217;univers de Jean Lorrain. 2016-04-20. Universitat Politecnica de Valencia.<\/p>\n\n\n\n<p>Ferrety, V. Le discours amoureux brachylogique de Roland Barthes. 2016-04-29. Universit\u00e9 de Mons.<\/p>\n\n\n\n<p>Ferrety, V. Choix de po\u00e8mes et \u00e9criture fragmentaire d\u00b4Andr\u00e9e Chedid. 2017-04-15. Universit\u00e9 Tunis el Manar.<\/p>\n\n\n\n<p>Ferrety, V. Alt\u00e9rit\u00e9 mena\u00e7ante dans l\u00b4\u00e9criture de Nina Bouraoui. 2017-04-27. Graduate Center-Cuny, University of New York.<\/p>\n\n\n\n<p>Flores-Fern\u00e1ndez, M. \u201cDe la narrativit\u00e9 textuelle \u00e0 la narrativit\u00e9 iconique : l\u2019entre-deux dans l\u2019imaginaire des contes de Recuenco\u201d. Journ\u00e9es Doctorales 2017-2018 : Processus de cr\u00e9ation, de m\u00e9diation et de r\u00e9ception dans les arts et les techniques. Centre de recherche ISA (Imaginaire et Socio-Anthropologie) de l\u2019UMR Litt&amp;Arts, Universit\u00e9 Grenoble Alpes.<\/p>\n\n\n\n<p>Montoro Araque, M. \u201cMythocritique et mythanalyse\u201d (conferencia plenaria) en Coloquio Internacional para la conmemoraci\u00f3n de los 50 a\u00f1os del CRI, \u201cTh\u00e9ories et imaginaires de l\u2019imaginaire\u201d (Chamb\u00e9ry-Grenoble (Francia), 30 noviembre, 1 y 2 diciembre 2016).<\/p>\n\n\n\n<p>Montoro Araque, M. \u201cL\u2019imaginaire chez S. Germain: \u00e9cart-s, entre-s, porosit\u00e9-s\u201d, 3ra edici\u00f3n des Journ\u00e9es d\u2019\u00e9tudes \u201cImaginaire, Technologies et Cr\u00e9ativit\u00e9\u201d, Universidad Mohamed 1\u00ba Oujda (Marruecos) del 14 al 15 de diciembre 2016.<\/p>\n\n\n\n<p>Renouprez, M. \u201cFernand Dumont : Dialectique du hasard au service du d\u00e9sir\u201d, \u00c9criture et \u00e9quation du hasard dans les Arts et les Sciences, Abidjan, 27.09.2017.<\/p>\n\n\n\n<p>Renouprez, M. \u201cUnit\u00e9 et multiplicit\u00e9 chez Marguerite Yourcenar : une qu\u00eate de l\u2019absolu ?\u201d, Soci\u00e9t\u00e9 des professeurs fran\u00e7ais et francophones d\u2019Am\u00e9rique, Graduate Center, CUNY, 27-28.04. 2017.<\/p>\n\n\n\n<p>Renouprez, M. \u201cLa crise de la modernit\u00e9 : entre cynisme et kunisme\u201d, Les Modernit\u00e9s contest\u00e9es, 27-29 mai 2017, Universit\u00e9 Cheikh Anta Diop, Dakar.<\/p>\n\n\n\n<p>Renouprez, M. \u201cLa parole est \u00e0 l\u2019accus\u00e9e dans \u201cVous vous appelez Michelle Martin\u201d, de Nicole Malinconi\u201d, Le Deuxi\u00e8me Congr\u00e8s Mondial de Brachylogie \u2013 CMB2 :La Nouvelle Brachylogie \u00e0 la crois\u00e9e des sciences et des cultures, Mouradi Hammamet &#8211; Tunisie, 12-15.04.2017.<\/p>\n\n\n\n<p>Renouprez, M. \u201cL&#8217;allusion \u00e9rotique en litt\u00e9rature : des suggestions brachylogiques\u201d, La Nouvelle Brachylogie : \u00e9criture scientifique, litt\u00e9rature, traductologie, didactique, interdisciplinarit\u00e9, 28-29.04. 2016.<\/p>\n\n\n\n<p>Renouprez, M. \u201cMamiwata, de Jean-Louis Lippert : un chant de sir\u00e8ne en hommage \u00e0 Patrice E. Lumumba\u201d, CIEF, Dakar, 23-25.05. 2016.<\/p>\n\n\n\n<p>Renouprez, M. \u201cLa po\u00e9sie est g\u00e9om\u00e9trie dans la pens\u00e9e de Claire Lejeune\u201d, Litt\u00e9rature et sciences : tangentes, parall\u00e8les, s\u00e9cantes et int\u00e9grales, Abidjan, 24.11.2016.<\/p>\n\n\n\n<h1>2014 \/ 2015<\/h1>\n\n\n\n<h3>Participaci\u00f3n<\/h3>\n\n\n\n<p>Alberdi, C. y Arregui, N. \u201cCulture et identit\u00e9: le fabuleux univers d\u2019Eduardo Mendoza\u201d. Congreso Internacional Langage et Analogie. Figement. Polys\u00e9mie. Granada, Universidad de Granada (17-19\/09\/2014).&nbsp;<\/p>\n\n\n\n<p>Alberdi, C. \u201cTIC, motivation et autonomie: quelques pistes\u201d. II Coloquio franco-espa\u00f1ol de an\u00e1lisis del discurso y de la ense\u00f1anza de lenguas para fines espec\u00edficos. Valencia, Universidad de Valencia (3-5\/09\/2014).<\/p>\n\n\n\n<p>Ferrety, V. \u201cLe personnage f\u00e9minin de Jean Lorrain. une identit\u00e9 en crise?\u201d 2014-03-28. Universidad de Alcal\u00e1.<\/p>\n\n\n\n<p>Ferrety, V. \u201cLa d\u00e9cadence de l&#8217;amour chez Jean Lorrain\u201d 2015-06-11. Ja\u00e9n<\/p>\n\n\n\n<p>Montoro Araque M., \u201cTrahison des images ou \u00e9piphanie de l\u2019inaper\u00e7u ? L\u2019imaginaire chez Sylvie Germain\u201d. Congreso Internacional \u201cLa Trahison des images, la d\u00e9ficience des langues\u201d, celebrado en Burdeos (Francia; Librairie Mollat, del 17 al 18 octubre de 2014. Entidad organizadora : CELFA, EA CLARE).<\/p>\n\n\n\n<p>Renouprez, M. et D. Bajom\u00e9e, \u201cManger Claire\u201d, Maison Losseau, Mons, 12.10.2015.<\/p>\n\n\n\n<p>Renouprez, M. \u201cSens des formes brachylogiques dans la po\u00e9sie de Elke de Rijcke\u201d, Le Master didactique, litt\u00e9rature et langage, avec l\u2019association marocaine de brachylogie et le CIREB, 16-19.04.2015, Kenitra.<\/p>\n\n\n\n<p>Renouprez, M. \u201cLe rayonnement international de Claire Lejeune\u201d, SSALH, Mons, 27-28.03.2015.<\/p>\n\n\n\n<p>Renouprez, M. \u201cRh\u00e9torique et brachylogie. Une figure qui donne \u00e0 penser\u201d, III\u00e8 s\u00e9minaire des \u00e9tudes brachylogiques, Universit\u00e9 Tunis-El Manar, 17-18.10.2014.<\/p>\n\n\n\n<p>Renouprez, M. \u201cComment clarifier sa pens\u00e9e ? \u00c9tude g\u00e9n\u00e9tique de L\u2019Atelier de Claire Lejeune\u201d, \u00c9criture scientifique. \u00c9criture sous contrainte, FTI-EII. Universit\u00e9 de Mons-Hainaut, 27.02.2014.<\/p>\n\n\n\n<h1>2012-13<\/h1>\n\n\n\n<h3>Organizaci\u00f3n<\/h3>\n\n\n\n<p>Renouprez, M. Organizaci\u00f3n del X Congreso Internacional de Ling\u00fc\u00edstica francesa: \u201cLa linguistique fran\u00e7aise sans fronti\u00e8res: aux marges du discours (personnes, temps, lieux, objets)\u201d, UCA, 27- 29 de noviembre de 2014.<\/p>\n\n\n\n<h3>Participaci\u00f3n<\/h3>\n\n\n\n<p>Alberdi, C. \u201c(Des)cortes\u00eda y competencia comunicativa\u201d. II Congreso Iberoamericano de Estudios sobre Oralidad y V Encuentro Lationamericano de identidades. Granada, Universidad de Granada (11\/10\/2013).<\/p>\n\n\n\n<p>Alberdi, C. \u201cVerba volant? Polifon\u00eda y responsabilidad enunciativa\u201d. I Conferencia Internacional de Ling\u00fc\u00edstica, Literatura y Estudios culturales en Lenguas Modernas. Murcia, Universidad Cat\u00f3lica de Murcia (12-13\/09\/2013).<\/p>\n\n\n\n<p>Alberdi, C. \u201cEl libro interactivo: un recurso motivador para el aula y para el autoaprendizaje\u201d. Jornadas internacionales sobre aspectos l\u00fadicos en la ense\u00f1anza de lenguas extranjeras\/segundas lenguas. Toledo, Universidad de Castilla-La Mancha (25-26\/04\/2013).<\/p>\n\n\n\n<p>Montoro Araque, M. \u201cImaginaires du mal au XXIe si\u00e8cle: de la revisitation mythique \u00e0 la r\u00e9alit\u00e9 apocalyptique du quotidien\u201d. Congreso Internacional \u201cTopographies du mal. Du lieu infernal \u00e0 l\u2019antiutopie\u201d, celebrado en Universitatea \u201cBabes-Bolyai\u201d, Cluj-Napoca, Ruman\u00eda, del 4 al 6 de octubre de 2012 (Entidad organizadora: Phantasma\/CRI2i).<\/p>\n\n\n\n<p>Montoro Araque, M. \u201cMiroir, connaissance, imaginaire: r\u00e9flexions, reflets ou \u00e9chos d\u2019un narcisse au f\u00e9minin\u201d. Congreso Internacional \u201cLe miroir, entre imaginaire, sciences et spiritualit\u00e9\u201d.&nbsp; Universit\u00e9 Stendhal Grenoble III (12-13 mars 2012, Entidad organizadora: CRI, Claude Fintz).<\/p>\n\n\n\n<p>Montoro Araque, M. \u201cExistence, exp\u00e9rience, \u00e9tranget\u00e9: se raconter comme un autre. Maryline Desbiolles au crible de l\u2019autofiction\u201d. Congreso Internacional \u201cLitt\u00e9rature du moi, autofiction et h\u00e9t\u00e9rographie dans la litt\u00e9rature fran\u00e7aise et en fran\u00e7ais du XXe et du XXIe si\u00e8cles\u201d (Bordeaux, 25 Octobre 2013). Entidad organizadora: Universit\u00e9 Michel de Montaigne-CLARE (Lapril\/Celfa) en colaboraci\u00f3n con la Librairie Mollat.<\/p>\n\n\n\n<p>Montoro Araque, M. \u201cUt pictura poesis ou ut pictura paradisus ? Lecture crois\u00e9e des paysages gauti\u00e9ristes\u201d. Colloque 20-21 juin 2013: \u201cPaysages et utopies : des sujets et des mondes\u201d. Universit\u00e9 Paris VII Denis Diderot. Entidad organizadora: \u201cICT: Identit\u00e9s, Cultures, Territoires\u201d, Anna Caiozzo et Laurent Dedryv\u00e8re (resp.)<\/p>\n\n\n\n<p>Renouprez, M. \u201cBob Morane de Henri Vernes et Sylvie de Ren\u00e9 Philippe : la construction des genres masculin et f\u00e9minin dans l\u2019imm\u00e9diat apr\u00e8s-guerre\u201d, ESPE de Bordeaux, 23.10. 2013.<\/p>\n\n\n\n<p>Renouprez, M. \u201cLes travers\u00e9es du Japon de Marguerite Yourcenar\u201d, CIEF, Thessalonique, 14.06.2012.<\/p>\n","protected":false},"excerpt":{"rendered":"<p>Carteles de los congresos organizados por Mitema Coloquios, seminarios y comunicaciones&nbsp; 2023 -24 Alberdi, C. et Etienne, C. \u00ab Quelles activit\u00e9s concevoir pour que l&#8217;apprenant d\u00e9veloppe ses propres strat\u00e9gies d&#8217;\u00e9coute? \u00bb. 30e congr\u00e8s Ranacles. Transition(s) dans et pour les centres de Langues et de ressources en Langues, ENS de Lyon, 23-25 novembre 2023. Alberdi, C., &hellip; <\/p>\n<p class=\"link-more\"><a href=\"https:\/\/wpd.ugr.es\/~mitema\/wordpress\/?page_id=1556\" class=\"more-link\">Read more<span class=\"screen-reader-text\"> &#8220;Congresos&#8221;<\/span><\/a><\/p>\n","protected":false},"author":1,"featured_media":0,"parent":0,"menu_order":0,"comment_status":"closed","ping_status":"closed","template":"","meta":{"_mi_skip_tracking":false},"_links":{"self":[{"href":"https:\/\/wpd.ugr.es\/~mitema\/wordpress\/index.php?rest_route=\/wp\/v2\/pages\/1556"}],"collection":[{"href":"https:\/\/wpd.ugr.es\/~mitema\/wordpress\/index.php?rest_route=\/wp\/v2\/pages"}],"about":[{"href":"https:\/\/wpd.ugr.es\/~mitema\/wordpress\/index.php?rest_route=\/wp\/v2\/types\/page"}],"author":[{"embeddable":true,"href":"https:\/\/wpd.ugr.es\/~mitema\/wordpress\/index.php?rest_route=\/wp\/v2\/users\/1"}],"replies":[{"embeddable":true,"href":"https:\/\/wpd.ugr.es\/~mitema\/wordpress\/index.php?rest_route=%2Fwp%2Fv2%2Fcomments&post=1556"}],"version-history":[{"count":10,"href":"https:\/\/wpd.ugr.es\/~mitema\/wordpress\/index.php?rest_route=\/wp\/v2\/pages\/1556\/revisions"}],"predecessor-version":[{"id":1754,"href":"https:\/\/wpd.ugr.es\/~mitema\/wordpress\/index.php?rest_route=\/wp\/v2\/pages\/1556\/revisions\/1754"}],"wp:attachment":[{"href":"https:\/\/wpd.ugr.es\/~mitema\/wordpress\/index.php?rest_route=%2Fwp%2Fv2%2Fmedia&parent=1556"}],"curies":[{"name":"wp","href":"https:\/\/api.w.org\/{rel}","templated":true}]}}