{"id":57,"date":"2025-09-29T14:52:54","date_gmt":"2025-09-29T12:52:54","guid":{"rendered":"https:\/\/wpd.ugr.es\/~mmvazquez\/?page_id=57"},"modified":"2025-10-31T12:50:13","modified_gmt":"2025-10-31T11:50:13","slug":"inicio","status":"publish","type":"page","link":"https:\/\/wpd.ugr.es\/~mmvazquez\/es\/","title":{"rendered":"Inicio"},"content":{"rendered":"\n<div class=\"wp-block-group has-global-padding is-layout-constrained wp-block-group-is-layout-constrained\">\n<div id=\"inicio\" class=\"wp-block-group has-global-padding is-layout-constrained wp-block-group-is-layout-constrained\">\n<div class=\"wp-block-columns is-layout-flex wp-container-core-columns-is-layout-28f84493 wp-block-columns-is-layout-flex\">\n<div class=\"wp-block-column is-vertically-aligned-center has-global-padding is-content-justification-center is-layout-constrained wp-container-core-column-is-layout-80075642 wp-block-column-is-layout-constrained\">\n<h1 class=\"wp-block-heading alignfull has-custom-color-2-color has-text-color has-link-color wp-elements-a8a58a3fdaa0f264a02bca22fd535445\"><strong>Mercedes V\u00e1zquez V\u00edlchez<\/strong><\/h1>\n\n\n\n<p>Profesora Titular de Universidad en el Departamento de Did\u00e1ctica de las Ciencias Experimentales de la Universidad de Granada<\/p>\n<\/div>\n\n\n\n<div class=\"wp-block-column has-global-padding is-layout-constrained wp-container-core-column-is-layout-db9edeb8 wp-block-column-is-layout-constrained\">\n<figure class=\"wp-block-image size-full is-style-default\" style=\"margin-top:0;margin-right:0;margin-bottom:0;margin-left:0\"><img loading=\"lazy\" decoding=\"async\" width=\"1920\" height=\"2560\" src=\"https:\/\/wpd.ugr.es\/~mmvazquez\/wp-content\/uploads\/2025\/09\/img-3330-scaled.jpg\" alt=\"\" class=\"wp-image-15\" style=\"object-fit:cover\" srcset=\"https:\/\/wpd.ugr.es\/~mmvazquez\/wp-content\/uploads\/2025\/09\/img-3330-scaled.jpg 1920w, https:\/\/wpd.ugr.es\/~mmvazquez\/wp-content\/uploads\/2025\/09\/img-3330-225x300.jpg 225w, https:\/\/wpd.ugr.es\/~mmvazquez\/wp-content\/uploads\/2025\/09\/img-3330-768x1024.jpg 768w, https:\/\/wpd.ugr.es\/~mmvazquez\/wp-content\/uploads\/2025\/09\/img-3330-1152x1536.jpg 1152w, https:\/\/wpd.ugr.es\/~mmvazquez\/wp-content\/uploads\/2025\/09\/img-3330-1536x2048.jpg 1536w\" sizes=\"auto, (max-width: 1920px) 100vw, 1920px\" \/><\/figure>\n<\/div>\n<\/div>\n\n\n\n<div class=\"x-feed-wrap\">\n  <a class=\"twitter-timeline\"\n     data-height=\"560\"\n     data-theme=\"light\"\n     data-chrome=\"noheader nofooter noborders transparent\"\n     href=\"https:\/\/twitter.com\/Mercede31976293?ref_src=twsrc%5Etfw\">\n     Publicaciones en X\n  <\/a>\n  <script async src=\"https:\/\/platform.twitter.com\/widgets.js\" charset=\"utf-8\"><\/script>\n<\/div>\n<style>\n  .x-feed-wrap{ max-width: 960px; margin: 1rem auto 1.5rem; }\n  @media (max-width: 782px){\n    .x-feed-wrap{ max-width: 100%; }\n    .twitter-timeline{ min-width: 100% !important; }\n  }\n<\/style>\n<\/div>\n\n\n\n<div id=\"acerca-mi\" class=\"wp-block-group has-global-padding is-layout-constrained wp-block-group-is-layout-constrained\">\n<h1 class=\"wp-block-heading has-custom-color-2-color has-text-color has-link-color wp-elements-ad37f1d757abdbe6ae6d8576d80860d1\"><strong>Acerca de m\u00ed<\/strong><\/h1>\n\n\n\n<div class=\"wp-block-columns is-layout-flex wp-container-core-columns-is-layout-28f84493 wp-block-columns-is-layout-flex\">\n<div class=\"wp-block-column is-layout-flow wp-block-column-is-layout-flow\">\n<figure class=\"wp-block-image size-large\"><img loading=\"lazy\" decoding=\"async\" width=\"1024\" height=\"771\" src=\"https:\/\/wpd.ugr.es\/~mmvazquez\/wp-content\/uploads\/2025\/09\/photo-20131027-114450-1694009326495-1076x810-1-1024x771.jpeg\" alt=\"\" class=\"wp-image-14\" srcset=\"https:\/\/wpd.ugr.es\/~mmvazquez\/wp-content\/uploads\/2025\/09\/photo-20131027-114450-1694009326495-1076x810-1-1024x771.jpeg 1024w, https:\/\/wpd.ugr.es\/~mmvazquez\/wp-content\/uploads\/2025\/09\/photo-20131027-114450-1694009326495-1076x810-1-300x226.jpeg 300w, https:\/\/wpd.ugr.es\/~mmvazquez\/wp-content\/uploads\/2025\/09\/photo-20131027-114450-1694009326495-1076x810-1-768x578.jpeg 768w, https:\/\/wpd.ugr.es\/~mmvazquez\/wp-content\/uploads\/2025\/09\/photo-20131027-114450-1694009326495-1076x810-1.jpeg 1076w\" sizes=\"auto, (max-width: 1024px) 100vw, 1024px\" \/><\/figure>\n<\/div>\n\n\n\n<div class=\"wp-block-column is-layout-flow wp-block-column-is-layout-flow\">\n<p>Obtuve la licenciatura en Geolog\u00eda en la Universidad de Granada en el a\u00f1o 1997, en 1999 consegu\u00ed una Beca FPDI de la Junta de Andaluc\u00eda y realice el doctorado en el Departamento de Geolog\u00eda de la Universidad de Ja\u00e9n en el Programa de Doctorado en Ciencias de la Tierra, logr\u00e9 el t\u00edtulo de doctor en el a\u00f1o 2003.<\/p>\n\n\n\n<p>En 2004 consegu\u00ed una Beca Postdoctoral del MECD para realizar una estancia de 2 a\u00f1os en el Departamento de Geoci\u00e8ncias, Centro de Minerais Industrias e Argilas (MIA) de la Universidad de Aveiro en Portugal.<\/p>\n\n\n\n<p>En 2007 entre en el Programa de Incorporaci\u00f3n del Plan Propio de la Universidad de Granada en el Departamento de Geodin\u00e1mica hasta el a\u00f1o 2012 en el que consegu\u00ed una Beca en el Centro de Excelencia en Geotermia de los Andes de la Universidad de Chile, donde estuve hasta el a\u00f1o 2015.<br>En 2016 me incorpor\u00e9 como Profesora Sustituta Interina en el Departamento de la Did\u00e1ctica de las Ciencias en la Universidad de Ja\u00e9n, ese mismo a\u00f1o empec\u00e9 a trabajar como Profesora Sustituta Interina en el Departamento de Did\u00e1ctica de las Ciencias Experimentales, primero en la sede de Ceuta y posteriormente en la sede de Granada.<\/p>\n\n\n\n<p>En el a\u00f1o 2018 me incorpor\u00e9 como Profesora Ayudante Doctora en el Departamento de F\u00edsica de la Materia Condensada, Cristalograf\u00eda y Mineralog\u00eda de la Universidad de Valladolid. Ese mismo a\u00f1o ingres\u00e9 en el Departamento de Did\u00e1ctica de las Ciencias Experimentales primero como Profesora Ayudante Doctora y posteriormente como Profesora Contratada Doctora.<br>En el a\u00f1o 2022 aprob\u00e9 el concurso como Profesora Titular de Universidad.<\/p>\n\n\n\n<p>Actualmente soy miembro del Grupo de investigaci\u00f3n de la Junta de Andaluc\u00eda&nbsp;<strong>\u201cHUM613: Did\u00e1ctica de las Ciencias Experimentales y de la Sostenibilidad (DCEyS)\u201d<\/strong><\/p>\n<\/div>\n<\/div>\n\n\n\n<h2 class=\"wp-block-heading alignwide has-text-align-center\" style=\"border-style:none;border-width:0px;padding-top:var(--wp--preset--spacing--60);padding-right:0;padding-bottom:var(--wp--preset--spacing--60);padding-left:0\"><strong>Mi trayectoria cient\u00edfica<\/strong><\/h2>\n\n\n\n<div class=\"wp-block-columns is-layout-flex wp-container-core-columns-is-layout-28f84493 wp-block-columns-is-layout-flex\">\n<div class=\"wp-block-column is-layout-flow wp-block-column-is-layout-flow\">\n<figure class=\"wp-block-image size-full\"><img loading=\"lazy\" decoding=\"async\" width=\"1420\" height=\"748\" src=\"https:\/\/wpd.ugr.es\/~mmvazquez\/wp-content\/uploads\/2025\/09\/presentacion-2.png\" alt=\"\" class=\"wp-image-76\" srcset=\"https:\/\/wpd.ugr.es\/~mmvazquez\/wp-content\/uploads\/2025\/09\/presentacion-2.png 1420w, https:\/\/wpd.ugr.es\/~mmvazquez\/wp-content\/uploads\/2025\/09\/presentacion-2-300x158.png 300w, https:\/\/wpd.ugr.es\/~mmvazquez\/wp-content\/uploads\/2025\/09\/presentacion-2-1024x539.png 1024w, https:\/\/wpd.ugr.es\/~mmvazquez\/wp-content\/uploads\/2025\/09\/presentacion-2-768x405.png 768w\" sizes=\"auto, (max-width: 1420px) 100vw, 1420px\" \/><\/figure>\n<\/div>\n<\/div>\n\n\n\n<h2 class=\"wp-block-heading alignwide has-text-align-center\" style=\"border-style:none;border-width:0px;padding-top:var(--wp--preset--spacing--60);padding-right:0;padding-bottom:var(--wp--preset--spacing--60);padding-left:0\"><strong><strong>Mi perfil en bases de datos acad\u00e9micas<\/strong><\/strong><\/h2>\n\n\n\n<p>En los iconos encontrar\u00e1s enlaces a mis perfiles y m\u00e9tricas (ORCID, Google Scholar, Scopus, Web of Science, Dialnet, ResearchGate y Academia).<\/p>\n\n\n\n<div class=\"wp-block-group is-content-justification-center is-layout-flex wp-container-core-group-is-layout-b02886af wp-block-group-is-layout-flex\">\n<figure class=\"wp-block-image size-full is-resized\"><img loading=\"lazy\" decoding=\"async\" width=\"32\" height=\"32\" src=\"https:\/\/wpd.ugr.es\/~mmvazquez\/wp-content\/uploads\/2025\/10\/ORCID-iD_icon_unauth_32x32.png\" alt=\"\" class=\"wp-image-296\" style=\"width:48px\"\/><\/figure>\n\n\n\n<figure class=\"wp-block-image size-full is-resized\"><img loading=\"lazy\" decoding=\"async\" width=\"94\" height=\"42\" src=\"https:\/\/wpd.ugr.es\/~mmvazquez\/wp-content\/uploads\/2025\/10\/badge_WoS_48px.png\" alt=\"\" class=\"wp-image-303\" style=\"width:80px\"\/><\/figure>\n\n\n\n<figure class=\"wp-block-image size-full is-resized\"><img loading=\"lazy\" decoding=\"async\" width=\"396\" height=\"114\" src=\"https:\/\/wpd.ugr.es\/~mmvazquez\/wp-content\/uploads\/2025\/10\/Scopus\u00ae_151_PNG.png\" alt=\"\" class=\"wp-image-298\" style=\"width:80px\" srcset=\"https:\/\/wpd.ugr.es\/~mmvazquez\/wp-content\/uploads\/2025\/10\/Scopus\u00ae_151_PNG.png 396w, https:\/\/wpd.ugr.es\/~mmvazquez\/wp-content\/uploads\/2025\/10\/Scopus\u00ae_151_PNG-300x86.png 300w\" sizes=\"auto, (max-width: 396px) 100vw, 396px\" \/><\/figure>\n\n\n\n<figure class=\"wp-block-image size-full is-resized\"><img loading=\"lazy\" decoding=\"async\" width=\"2560\" height=\"2560\" src=\"https:\/\/wpd.ugr.es\/~mmvazquez\/wp-content\/uploads\/2025\/10\/pngwing.com-1-scaled.png\" alt=\"\" class=\"wp-image-299\" style=\"width:48px\" srcset=\"https:\/\/wpd.ugr.es\/~mmvazquez\/wp-content\/uploads\/2025\/10\/pngwing.com-1-scaled.png 2560w, https:\/\/wpd.ugr.es\/~mmvazquez\/wp-content\/uploads\/2025\/10\/pngwing.com-1-300x300.png 300w, https:\/\/wpd.ugr.es\/~mmvazquez\/wp-content\/uploads\/2025\/10\/pngwing.com-1-1024x1024.png 1024w, https:\/\/wpd.ugr.es\/~mmvazquez\/wp-content\/uploads\/2025\/10\/pngwing.com-1-150x150.png 150w, https:\/\/wpd.ugr.es\/~mmvazquez\/wp-content\/uploads\/2025\/10\/pngwing.com-1-768x768.png 768w, https:\/\/wpd.ugr.es\/~mmvazquez\/wp-content\/uploads\/2025\/10\/pngwing.com-1-1536x1536.png 1536w, https:\/\/wpd.ugr.es\/~mmvazquez\/wp-content\/uploads\/2025\/10\/pngwing.com-1-2048x2048.png 2048w\" sizes=\"auto, (max-width: 2560px) 100vw, 2560px\" \/><\/figure>\n\n\n\n<figure class=\"wp-block-image size-full is-resized\"><img loading=\"lazy\" decoding=\"async\" width=\"29\" height=\"29\" src=\"https:\/\/wpd.ugr.es\/~mmvazquez\/wp-content\/uploads\/2025\/10\/Dialnet_logo-2.png\" alt=\"\" class=\"wp-image-306\" style=\"width:48px\"\/><\/figure>\n\n\n\n<figure class=\"wp-block-image size-full is-resized\"><img loading=\"lazy\" decoding=\"async\" width=\"500\" height=\"500\" src=\"https:\/\/wpd.ugr.es\/~mmvazquez\/wp-content\/uploads\/2025\/10\/RG_square_green.jpeg\" alt=\"\" class=\"wp-image-301\" style=\"width:48px\" srcset=\"https:\/\/wpd.ugr.es\/~mmvazquez\/wp-content\/uploads\/2025\/10\/RG_square_green.jpeg 500w, https:\/\/wpd.ugr.es\/~mmvazquez\/wp-content\/uploads\/2025\/10\/RG_square_green-300x300.jpeg 300w, https:\/\/wpd.ugr.es\/~mmvazquez\/wp-content\/uploads\/2025\/10\/RG_square_green-150x150.jpeg 150w\" sizes=\"auto, (max-width: 500px) 100vw, 500px\" \/><\/figure>\n\n\n\n<figure class=\"wp-block-image size-full is-resized\"><img loading=\"lazy\" decoding=\"async\" width=\"46\" height=\"42\" src=\"https:\/\/wpd.ugr.es\/~mmvazquez\/wp-content\/uploads\/2025\/10\/badge_A_48px.png\" alt=\"\" class=\"wp-image-304\" style=\"width:48px\"\/><\/figure>\n<\/div>\n<\/div>\n\n\n\n<div id=\"lineas\" class=\"wp-block-group has-global-padding is-layout-constrained wp-block-group-is-layout-constrained\">\n<h1 class=\"wp-block-heading has-custom-color-2-color has-text-color has-link-color wp-elements-4851eca15fafda796daf39121dafc523\"><strong>Mis l\u00edneas de investigaci\u00f3n<\/strong><\/h1>\n\n\n\n<div class=\"wp-block-group has-border-color has-custom-color-3-background-color has-background has-global-padding is-layout-constrained wp-container-core-group-is-layout-5431f676 wp-block-group-is-layout-constrained\" style=\"border-color:#686868;border-width:1px;border-radius:24px;padding-top:16px;padding-right:16px;padding-bottom:16px;padding-left:16px\">\n<div class=\"wp-block-columns is-layout-flex wp-container-core-columns-is-layout-28f84493 wp-block-columns-is-layout-flex\">\n<div class=\"wp-block-column is-layout-flow wp-block-column-is-layout-flow\" style=\"flex-basis:33.33%\">\n<figure class=\"wp-block-image aligncenter size-full is-resized has-custom-border\"><img loading=\"lazy\" decoding=\"async\" width=\"1523\" height=\"1348\" src=\"https:\/\/wpd.ugr.es\/~mmvazquez\/wp-content\/uploads\/2025\/09\/juego_2_1.png\" alt=\"\" class=\"wp-image-80\" style=\"border-radius:100px;object-fit:cover;width:140px;height:140px\" srcset=\"https:\/\/wpd.ugr.es\/~mmvazquez\/wp-content\/uploads\/2025\/09\/juego_2_1.png 1523w, https:\/\/wpd.ugr.es\/~mmvazquez\/wp-content\/uploads\/2025\/09\/juego_2_1-300x266.png 300w, https:\/\/wpd.ugr.es\/~mmvazquez\/wp-content\/uploads\/2025\/09\/juego_2_1-1024x906.png 1024w, https:\/\/wpd.ugr.es\/~mmvazquez\/wp-content\/uploads\/2025\/09\/juego_2_1-768x680.png 768w\" sizes=\"auto, (max-width: 1523px) 100vw, 1523px\" \/><\/figure>\n<\/div>\n\n\n\n<div class=\"wp-block-column is-vertically-aligned-center is-layout-flow wp-block-column-is-layout-flow\" style=\"flex-basis:66.66%\">\n<h2 class=\"wp-block-heading\"><strong>Ense\u00f1anza-aprendizaje de las ciencias basado en el juego<\/strong><\/h2>\n<\/div>\n<\/div>\n<\/div>\n\n\n\n<div class=\"wp-block-group has-border-color has-custom-color-3-background-color has-background has-global-padding is-layout-constrained wp-container-core-group-is-layout-5431f676 wp-block-group-is-layout-constrained\" style=\"border-color:#686868;border-width:1px;border-radius:24px;padding-top:16px;padding-right:16px;padding-bottom:16px;padding-left:16px\">\n<div class=\"wp-block-columns is-layout-flex wp-container-core-columns-is-layout-28f84493 wp-block-columns-is-layout-flex\">\n<div class=\"wp-block-column is-layout-flow wp-block-column-is-layout-flow\" style=\"flex-basis:33.33%\">\n<figure class=\"wp-block-image aligncenter size-full is-resized has-custom-border\"><img loading=\"lazy\" decoding=\"async\" width=\"160\" height=\"226\" src=\"https:\/\/wpd.ugr.es\/~mmvazquez\/wp-content\/uploads\/2025\/09\/lapices-160x226-1.png\" alt=\"\" class=\"wp-image-73\" style=\"border-radius:100px;object-fit:cover;width:140px;height:140px\"\/><\/figure>\n<\/div>\n\n\n\n<div class=\"wp-block-column is-vertically-aligned-center is-layout-flow wp-block-column-is-layout-flow\" style=\"flex-basis:66.66%\">\n<h2 class=\"wp-block-heading\"><strong><strong>Educaci\u00f3n para la sostenibilidad<\/strong><\/strong><\/h2>\n<\/div>\n<\/div>\n<\/div>\n\n\n\n<div class=\"wp-block-group has-border-color has-custom-color-3-background-color has-background has-global-padding is-layout-constrained wp-container-core-group-is-layout-5431f676 wp-block-group-is-layout-constrained\" style=\"border-color:#686868;border-width:1px;border-radius:24px;padding-top:16px;padding-right:16px;padding-bottom:16px;padding-left:16px\">\n<div class=\"wp-block-columns is-layout-flex wp-container-core-columns-is-layout-28f84493 wp-block-columns-is-layout-flex\">\n<div class=\"wp-block-column is-layout-flow wp-block-column-is-layout-flow\" style=\"flex-basis:33.33%\">\n<figure class=\"wp-block-image aligncenter size-full is-resized has-custom-border\"><img loading=\"lazy\" decoding=\"async\" width=\"160\" height=\"226\" src=\"https:\/\/wpd.ugr.es\/~mmvazquez\/wp-content\/uploads\/2025\/09\/macetas-160x226-1.png\" alt=\"\" class=\"wp-image-75\" style=\"border-radius:100px;object-fit:cover;width:140px;height:140px\"\/><\/figure>\n<\/div>\n\n\n\n<div class=\"wp-block-column is-vertically-aligned-center is-layout-flow wp-block-column-is-layout-flow\" style=\"flex-basis:66.66%\">\n<h2 class=\"wp-block-heading\"><strong>Ense\u00f1anza-aprendizaje de las Ciencias de la Tierra y el Medio Ambiente<\/strong><\/h2>\n<\/div>\n<\/div>\n<\/div>\n\n\n\n<div class=\"wp-block-group has-border-color has-custom-color-3-background-color has-background has-global-padding is-layout-constrained wp-container-core-group-is-layout-5431f676 wp-block-group-is-layout-constrained\" style=\"border-color:#686868;border-width:1px;border-radius:24px;padding-top:16px;padding-right:16px;padding-bottom:16px;padding-left:16px\">\n<div class=\"wp-block-columns is-layout-flex wp-container-core-columns-is-layout-28f84493 wp-block-columns-is-layout-flex\">\n<div class=\"wp-block-column is-layout-flow wp-block-column-is-layout-flow\" style=\"flex-basis:33.33%\">\n<figure class=\"wp-block-image aligncenter size-full is-resized has-custom-border\"><img loading=\"lazy\" decoding=\"async\" width=\"80\" height=\"64\" src=\"https:\/\/wpd.ugr.es\/~mmvazquez\/wp-content\/uploads\/2025\/09\/robot-1-160x87-1.jpeg\" alt=\"\" class=\"wp-image-81\" style=\"border-radius:100px;object-fit:cover;width:140px;height:140px\"\/><\/figure>\n<\/div>\n\n\n\n<div class=\"wp-block-column is-vertically-aligned-center is-layout-flow wp-block-column-is-layout-flow\" style=\"flex-basis:66.66%\">\n<h2 class=\"wp-block-heading\"><strong><strong>Educaci\u00f3n STEM y uso de tecnolog\u00edas emergentes<\/strong><\/strong><\/h2>\n<\/div>\n<\/div>\n<\/div>\n<\/div>\n\n\n\n<div id=\"proyectos\" class=\"wp-block-group has-global-padding is-layout-constrained wp-block-group-is-layout-constrained\" style=\"padding-top:var(--wp--preset--spacing--50);padding-bottom:var(--wp--preset--spacing--50)\">\n<h1 class=\"wp-block-heading has-custom-color-2-color has-text-color has-link-color wp-elements-847a125673cc67682de32ee6c626604e\"><strong>Proyectos de investigaci\u00f3n<\/strong><\/h1>\n\n\n\n<p>A continuaci\u00f3n se muestran los <strong>\u00faltimos proyectos<\/strong> en los que he participado\/estoy trabajando.<\/p>\n\n\n\n<div class=\"wp-block-group has-border-color has-custom-color-4-background-color has-background has-global-padding is-layout-constrained wp-container-core-group-is-layout-5431f676 wp-block-group-is-layout-constrained\" style=\"border-color:#686868;border-width:1px;border-radius:24px;padding-top:16px;padding-right:16px;padding-bottom:16px;padding-left:16px\">\n<div class=\"wp-block-columns has-custom-color-4-background-color has-background is-layout-flex wp-container-core-columns-is-layout-28f84493 wp-block-columns-is-layout-flex\">\n<div class=\"wp-block-column is-layout-flow wp-block-column-is-layout-flow\" style=\"flex-basis:20%\">\n<figure class=\"wp-block-image aligncenter size-full is-resized has-custom-border\"><img loading=\"lazy\" decoding=\"async\" width=\"1024\" height=\"1024\" src=\"https:\/\/wpd.ugr.es\/~mmvazquez\/wp-content\/uploads\/2025\/09\/Imagen-de-WhatsApp-2025-09-15-a-las-18.26.36_b78a6601.jpg\" alt=\"\" class=\"wp-image-84\" style=\"border-radius:100px;aspect-ratio:1;width:120px\" srcset=\"https:\/\/wpd.ugr.es\/~mmvazquez\/wp-content\/uploads\/2025\/09\/Imagen-de-WhatsApp-2025-09-15-a-las-18.26.36_b78a6601.jpg 1024w, https:\/\/wpd.ugr.es\/~mmvazquez\/wp-content\/uploads\/2025\/09\/Imagen-de-WhatsApp-2025-09-15-a-las-18.26.36_b78a6601-300x300.jpg 300w, https:\/\/wpd.ugr.es\/~mmvazquez\/wp-content\/uploads\/2025\/09\/Imagen-de-WhatsApp-2025-09-15-a-las-18.26.36_b78a6601-150x150.jpg 150w, https:\/\/wpd.ugr.es\/~mmvazquez\/wp-content\/uploads\/2025\/09\/Imagen-de-WhatsApp-2025-09-15-a-las-18.26.36_b78a6601-768x768.jpg 768w\" sizes=\"auto, (max-width: 1024px) 100vw, 1024px\" \/><\/figure>\n<\/div>\n\n\n\n<div class=\"wp-block-column is-vertically-aligned-center is-layout-flow wp-block-column-is-layout-flow\" style=\"flex-basis:80%\">\n<h3 class=\"wp-block-heading\"><strong><strong>Fortalecimiento de la Resiliencia Comunitaria a trav\u00e9s del Aprendizaje basado en Juegos: Desarrollo de un videojuego sobre Riesgos Naturales como herramienta educativa en la Reducci\u00f3n del Riesgo de Desastre. REJUEGO.<\/strong><\/strong><\/h3>\n\n\n\n<p>Organismo o entidad financiadora:  Ministerio de Ciencia e Innovaci\u00f3n<\/p>\n\n\n\n<p>Convocatoria: Proyectos de Generaci\u00f3n de Conocimiento 2024<\/p>\n\n\n\n<p>Referencia del proyecto: <strong><strong>PID2024-160481OB-I00<\/strong><\/strong><\/p>\n<\/div>\n<\/div>\n<\/div>\n\n\n\n<div class=\"wp-block-group has-border-color has-custom-color-4-background-color has-background has-global-padding is-layout-constrained wp-container-core-group-is-layout-5431f676 wp-block-group-is-layout-constrained\" style=\"border-color:#686868;border-width:1px;border-radius:24px;padding-top:16px;padding-right:16px;padding-bottom:16px;padding-left:16px\">\n<div class=\"wp-block-columns has-custom-color-4-background-color has-background is-layout-flex wp-container-core-columns-is-layout-28f84493 wp-block-columns-is-layout-flex\">\n<div class=\"wp-block-column is-layout-flow wp-block-column-is-layout-flow\" style=\"flex-basis:20%\">\n<figure class=\"wp-block-image aligncenter size-full is-resized has-custom-border wp-duotone-unset-1\"><img loading=\"lazy\" decoding=\"async\" width=\"120\" height=\"120\" src=\"https:\/\/wpd.ugr.es\/~mmvazquez\/wp-content\/uploads\/2025\/09\/rocket_launch_120dp_EA33F7.png\" alt=\"\" class=\"has-border-color has-custom-color-7-border-color wp-image-92\" style=\"border-width:2px;border-radius:100px;aspect-ratio:1;object-fit:contain;width:120px\"\/><\/figure>\n<\/div>\n\n\n\n<div class=\"wp-block-column is-vertically-aligned-center is-layout-flow wp-block-column-is-layout-flow\" style=\"flex-basis:80%\">\n<h3 class=\"wp-block-heading\"><strong><strong><strong>TecnoSTEAM: Acercando la Ciencia, la Tecnolog\u00eda y las Matem\u00e1ticas a los escolares de contextos vulnerables a trav\u00e9s de tecnolog\u00edas emergentes<\/strong>.<\/strong><\/strong><\/h3>\n\n\n\n<p>Organismo o entidad financiadora:  <strong>Ministerio de Ciencia e Innovaci\u00f3n<\/strong><\/p>\n\n\n\n<p>Convocatoria: Ayudas por la Fundaci\u00f3n Espa\u00f1ola para la Ciencia y la Tecnolog\u00eda F.S.P., en r\u00e9gimen de concurrencia competitiva, para el fomento de la Cultura Cient\u00edfica, Tecnol\u00f3gica y de la Innovaci\u00f3n 2021. Ministerio de Ciencia e Innovaci\u00f3n<\/p>\n\n\n\n<p>Referencia del proyecto: <strong><strong>FCT-21-17495<\/strong><\/strong><\/p>\n<\/div>\n<\/div>\n<\/div>\n\n\n\n<div class=\"wp-block-group has-border-color has-custom-color-4-background-color has-background has-global-padding is-layout-constrained wp-container-core-group-is-layout-5431f676 wp-block-group-is-layout-constrained\" style=\"border-color:#686868;border-width:1px;border-radius:24px;padding-top:16px;padding-right:16px;padding-bottom:16px;padding-left:16px\">\n<div class=\"wp-block-columns has-custom-color-4-background-color has-background is-layout-flex wp-container-core-columns-is-layout-28f84493 wp-block-columns-is-layout-flex\">\n<div class=\"wp-block-column is-layout-flow wp-block-column-is-layout-flow\" style=\"flex-basis:20%\">\n<figure class=\"wp-block-image aligncenter size-full is-resized has-custom-border wp-duotone-unset-2\"><img loading=\"lazy\" decoding=\"async\" width=\"120\" height=\"120\" src=\"https:\/\/wpd.ugr.es\/~mmvazquez\/wp-content\/uploads\/2025\/09\/precision_manufacturing_120dp_EA33F7.png\" alt=\"\" class=\"has-border-color has-custom-color-7-border-color wp-image-93\" style=\"border-width:2px;border-radius:100px;aspect-ratio:1;object-fit:contain;width:120px\"\/><\/figure>\n<\/div>\n\n\n\n<div class=\"wp-block-column is-vertically-aligned-center is-layout-flow wp-block-column-is-layout-flow\" style=\"flex-basis:80%\">\n<h3 class=\"wp-block-heading\"><strong><strong><strong><strong>Educaci\u00f3n para el Desarrollo Sostenible y Tecnolog\u00edas Emergentes para la Transici\u00f3n Ecol\u00f3gica y Digital: secuencias STEAM en educaci\u00f3n obligatoria y formaci\u00f3n del profesorado.<\/strong><\/strong><\/strong><\/strong><\/h3>\n\n\n\n<p>Organismo o entidad financiadora:  <strong>Ministerio de Ciencia e Innovaci\u00f3n<\/strong><\/p>\n\n\n\n<p>Convocatoria: Proyectos Estrat\u00e9gicos Orientados a la Transici\u00f3n Ecol\u00f3gica y a la Transici\u00f3n Digital 2021, del Plan Estatal de Investigaci\u00f3n Cient\u00edfica, T\u00e9cnica y de Innovaci\u00f3n para el per\u00edodo 2021-2023, en el marco del Plan de Recuperaci\u00f3n, Transformaci\u00f3n y Resiliencia<\/p>\n\n\n\n<p>Referencia del proyecto: <strong><strong><strong>TED2021-129474B-I00<\/strong><\/strong><\/strong><\/p>\n<\/div>\n<\/div>\n<\/div>\n\n\n\n<div class=\"wp-block-group has-border-color has-custom-color-4-background-color has-background has-global-padding is-layout-constrained wp-container-core-group-is-layout-5431f676 wp-block-group-is-layout-constrained\" style=\"border-color:#686868;border-width:1px;border-radius:24px;padding-top:16px;padding-right:16px;padding-bottom:16px;padding-left:16px\">\n<div class=\"wp-block-columns has-custom-color-4-background-color has-background is-layout-flex wp-container-core-columns-is-layout-28f84493 wp-block-columns-is-layout-flex\">\n<div class=\"wp-block-column is-layout-flow wp-block-column-is-layout-flow\" style=\"flex-basis:20%\">\n<figure class=\"wp-block-image aligncenter size-full is-resized has-custom-border wp-duotone-unset-3\"><img loading=\"lazy\" decoding=\"async\" width=\"120\" height=\"120\" src=\"https:\/\/wpd.ugr.es\/~mmvazquez\/wp-content\/uploads\/2025\/09\/brick_120dp_EA33F7_FILL1_wght400_GRAD0_opsz48.png\" alt=\"\" class=\"has-border-color has-custom-color-7-border-color wp-image-90\" style=\"border-width:2px;border-radius:100px;aspect-ratio:1;object-fit:contain;width:120px\"\/><\/figure>\n<\/div>\n\n\n\n<div class=\"wp-block-column is-vertically-aligned-center is-layout-flow wp-block-column-is-layout-flow\" style=\"flex-basis:80%\">\n<h3 class=\"wp-block-heading\"><strong><strong><strong><strong>Desarrollo de ladrillos de altas prestaciones f\u00edsico-mec\u00e1nicas a partir de residuos convencionales como avance en la industria de la construcci\u00f3n (DELARES<\/strong><\/strong><\/strong><\/strong>)<strong><strong><strong><strong>.<\/strong><\/strong><\/strong><\/strong><\/h3>\n\n\n\n<p>Organismo o entidad financiadora: <strong>Consejer\u00eda de Econom\u00eda, Innovaci\u00f3n y Ciencia<\/strong><\/p>\n\n\n\n<p>Convocatoria: Proyectos I+D+I en el marco del Programa Operativo FEDER Andaluc\u00eda 2014-2020. Junta de Andaluc\u00eda<\/p>\n\n\n\n<p>Referencia del proyecto: <strong><strong><strong>B-RNM-188-UGR20<\/strong><\/strong><\/strong><\/p>\n<\/div>\n<\/div>\n<\/div>\n\n\n\n<div class=\"wp-block-group has-border-color has-custom-color-4-background-color has-background has-global-padding is-layout-constrained wp-container-core-group-is-layout-5431f676 wp-block-group-is-layout-constrained\" style=\"border-color:#686868;border-width:1px;border-radius:24px;padding-top:16px;padding-right:16px;padding-bottom:16px;padding-left:16px\">\n<div class=\"wp-block-columns has-custom-color-4-background-color has-background is-layout-flex wp-container-core-columns-is-layout-28f84493 wp-block-columns-is-layout-flex\">\n<div class=\"wp-block-column is-layout-flow wp-block-column-is-layout-flow\" style=\"flex-basis:20%\">\n<figure class=\"wp-block-image aligncenter size-full is-resized has-custom-border wp-duotone-unset-4\"><img loading=\"lazy\" decoding=\"async\" width=\"120\" height=\"120\" src=\"https:\/\/wpd.ugr.es\/~mmvazquez\/wp-content\/uploads\/2025\/09\/volcano_120dp_EA33F7.png\" alt=\"\" class=\"has-border-color has-custom-color-7-border-color wp-image-91\" style=\"border-width:2px;border-radius:100px;aspect-ratio:1;object-fit:contain;width:120px\"\/><\/figure>\n<\/div>\n\n\n\n<div class=\"wp-block-column is-vertically-aligned-center is-layout-flow wp-block-column-is-layout-flow\" style=\"flex-basis:80%\">\n<h3 class=\"wp-block-heading\">Aplicaci\u00f3n de t\u00e9cnicas de procesado de se\u00f1ales y de aprendizaje autom\u00e1tico sobre se\u00f1ales s\u00edsmicas para pronosticar erupciones volc\u00e1nicas<strong><strong><strong><strong>.<\/strong><\/strong><\/strong><\/strong><\/h3>\n\n\n\n<p>Organismo o entidad financiadora: <strong>Ministerio de Ciencia e Innovaci\u00f3n<\/strong><\/p>\n\n\n\n<p>Convocatoria: Proyectos de Investigaci\u00f3n del Plan Nacional, Convocatoria 2019<\/p>\n\n\n\n<p>Referencia del proyecto: <strong><strong><strong>PID2019-106260GB-I00<\/strong><\/strong><\/strong><\/p>\n<\/div>\n<\/div>\n<\/div>\n<\/div>\n\n\n\n<div id=\"publicaciones\" class=\"wp-block-group has-global-padding is-layout-constrained wp-block-group-is-layout-constrained\">\n<h1 class=\"wp-block-heading has-custom-color-2-color has-text-color has-link-color wp-elements-54488bec6890d37951259aec3cd146db\"><strong>Publicaciones<\/strong><\/h1>\n\n\n\n<h2 class=\"wp-block-heading has-contrast-color has-text-color has-link-color wp-elements-3fc8a58a3cc42aeaf409dddb4f5fc51b\"><strong>Publicaciones indexadas (JCR\/Scopus)<\/strong><\/h2>\n\n\n\n<div class=\"wp-block-group has-border-color has-custom-color-3-background-color has-background has-global-padding is-layout-constrained wp-container-core-group-is-layout-5431f676 wp-block-group-is-layout-constrained\" style=\"border-color:#686868;border-width:1px;border-radius:24px;padding-top:16px;padding-right:16px;padding-bottom:16px;padding-left:16px\">\n<div class=\"wp-block-columns has-custom-color-3-background-color has-background is-layout-flex wp-container-core-columns-is-layout-28f84493 wp-block-columns-is-layout-flex\">\n<div class=\"wp-block-column has-global-padding is-layout-constrained wp-block-column-is-layout-constrained\" style=\"flex-basis:85%\">\n<h4 class=\"wp-block-heading has-manrope-font-family\" id=\"https:\/\/doi.org\/10.5194\/egusphere-2024-994\">V\u00e1zquez-V\u00edlchez, M., Carmona-Molero, R., and Ouariachi-Peralta, T. (2025). How to communicate and educate more effectively on natural risk issues to improve disaster risk management through serious games, Nat. Hazards Earth Syst. Sci., 25, 3939\u20133955, <a href=\"https:\/\/doi.org\/10.5194\/nhess-25-3939-2025\" target=\"_blank\" rel=\"noreferrer noopener\">https:\/\/doi.org\/10.5194\/nhess-25-3939-2025<\/a>.<\/h4>\n\n\n\n<div class=\"wp-block-buttons is-content-justification-center is-layout-flex wp-container-core-buttons-is-layout-a89b3969 wp-block-buttons-is-layout-flex\">\n<div class=\"wp-block-button\"><a class=\"wp-block-button__link has-custom-color-6-background-color has-background wp-element-button\" href=\"https:\/\/doi.org\/10.5194\/nhess-25-3939-2025\" style=\"font-style:normal;font-weight:700\" target=\"_blank\" rel=\"noreferrer noopener\">Ver en la revista<\/a><\/div>\n\n\n\n<div class=\"wp-block-button\"><a class=\"wp-block-button__link has-custom-color-10-background-color has-background wp-element-button\" href=\"https:\/\/plu.mx\/plum\/a\/?doi=10.5194\/nhess-25-3939-2025\" style=\"font-style:normal;font-weight:700\" target=\"_blank\" rel=\"noreferrer noopener\">M\u00e9tricas (PlumX)<\/a><\/div>\n\n\n\n<div class=\"wp-block-button\"><a class=\"wp-block-button__link has-custom-color-8-background-color has-background wp-element-button\" href=\"https:\/\/badge.dimensions.ai\/details\/doi\/10.5194\/nhess-25-3939-2025\" style=\"font-style:normal;font-weight:700\" target=\"_blank\" rel=\"noreferrer noopener\">Ver citas <\/a><\/div>\n<\/div>\n<\/div>\n\n\n\n<div class=\"wp-block-column has-global-padding is-content-justification-center is-layout-constrained wp-container-core-column-is-layout-ffce93fd wp-block-column-is-layout-constrained\" style=\"flex-basis:15%\">\n<span class=\"altmetric-embed\"\n      data-doi=\"10.5194\/nhess-25-3939-2025\"\n      data-badge-type=\"donut\"\n      data-hide-no-mentions=\"true\"\n      aria-label=\"M\u00e9tricas Altmetric\"><\/span>\n\n<span class=\"__dimensions_badge_embed__\"\n      data-doi=\"10.5194\/nhess-25-3939-2025\"\n      data-style=\"small_circle\"\n      data-legend=\"hover\"\n      aria-label=\"Citas en Dimensions\"><\/span>\n<\/div>\n<\/div>\n<\/div>\n\n\n\n<div class=\"wp-block-group has-border-color has-custom-color-3-background-color has-background has-global-padding is-layout-constrained wp-container-core-group-is-layout-5431f676 wp-block-group-is-layout-constrained\" style=\"border-color:#686868;border-width:1px;border-radius:24px;padding-top:16px;padding-right:16px;padding-bottom:16px;padding-left:16px\">\n<div class=\"wp-block-columns has-custom-color-3-background-color has-background is-layout-flex wp-container-core-columns-is-layout-28f84493 wp-block-columns-is-layout-flex\">\n<div class=\"wp-block-column has-global-padding is-layout-constrained wp-block-column-is-layout-constrained\" style=\"flex-basis:85%\">\n<h3 class=\"wp-block-heading has-manrope-font-family\" id=\"https:\/\/doi.org\/10.5194\/egusphere-2024-994\">L\u00f3pez, U. H., <strong>V\u00e1zquez-V\u00edlchez, M.<\/strong>, &amp; Salmer\u00f3n-V\u00edlchez, P. (2024). The Contributions of Creativity to the Learning Process within Educational Approaches for Sustainable Development and\/or Ecosocial Perspectives: A Systematic Review. <em>Education Sciences, 14(8)<\/em>, 824. <a href=\"https:\/\/doi.org\/10.3390\/educsci14080824\" target=\"_blank\" rel=\"noreferrer noopener\">https:\/\/doi.org\/10.3390\/educsci14080824<\/a>.<\/h3>\n\n\n\n<div class=\"wp-block-buttons is-content-justification-center is-layout-flex wp-container-core-buttons-is-layout-a89b3969 wp-block-buttons-is-layout-flex\">\n<div class=\"wp-block-button\"><a class=\"wp-block-button__link has-custom-color-6-background-color has-background wp-element-button\" href=\"https:\/\/doi.org\/10.5194\/egusphere-2024-994\" style=\"font-style:normal;font-weight:700\" target=\"_blank\" rel=\"noreferrer noopener\">Ver en la revista<\/a><\/div>\n\n\n\n<div class=\"wp-block-button\"><a class=\"wp-block-button__link has-custom-color-10-background-color has-background wp-element-button\" href=\"https:\/\/plu.mx\/plum\/a\/?doi=10.3390\/educsci14080824\" style=\"font-style:normal;font-weight:700\" target=\"_blank\" rel=\"noreferrer noopener\">M\u00e9tricas (PlumX)<\/a><\/div>\n\n\n\n<div class=\"wp-block-button\"><a class=\"wp-block-button__link has-custom-color-8-background-color has-background wp-element-button\" href=\"https:\/\/badge.dimensions.ai\/details\/doi\/10.3390\/educsci14080824\" style=\"font-style:normal;font-weight:700\" target=\"_blank\" rel=\"noreferrer noopener\">Ver citas <\/a><\/div>\n<\/div>\n<\/div>\n\n\n\n<div class=\"wp-block-column has-global-padding is-content-justification-right is-layout-constrained wp-container-core-column-is-layout-5c12a1d1 wp-block-column-is-layout-constrained\" style=\"flex-basis:15%\">\n<span class=\"altmetric-embed\"\n      data-doi=\"10.3390\/educsci14080824\"\n      data-badge-type=\"donut\"\n      data-hide-no-mentions=\"true\"\n      aria-label=\"M\u00e9tricas Altmetric\"><\/span>\n\n<span class=\"__dimensions_badge_embed__\"\n      data-doi=\"10.3390\/educsci14080824\"\n      data-style=\"small_circle\"\n      data-legend=\"hover\"\n      aria-label=\"Citas en Dimensions\"><\/span>\n<\/div>\n<\/div>\n<\/div>\n\n\n\n<div class=\"wp-block-group has-border-color has-custom-color-3-background-color has-background has-global-padding is-layout-constrained wp-container-core-group-is-layout-5431f676 wp-block-group-is-layout-constrained\" style=\"border-color:#686868;border-width:1px;border-radius:24px;padding-top:16px;padding-right:16px;padding-bottom:16px;padding-left:16px\">\n<div class=\"wp-block-columns has-custom-color-3-background-color has-background is-layout-flex wp-container-core-columns-is-layout-28f84493 wp-block-columns-is-layout-flex\">\n<div class=\"wp-block-column has-global-padding is-layout-constrained wp-block-column-is-layout-constrained\" style=\"flex-basis:85%\">\n<h3 class=\"wp-block-heading has-manrope-font-family\" id=\"https:\/\/doi.org\/10.5194\/egusphere-2024-994\">Crespo-L\u00f3pez, L., Benavente, D., Morales-Ruano, S., <strong>V\u00e1zquez-V\u00edlchez, M.<\/strong>, &amp; Cultrone, G. (2023). Non-destructive techniques (NDT) and statistical analysis for the characterization of bricks made with added glass.&nbsp;<em>Construction and Building Materials<\/em>,&nbsp;<em>408<\/em>, 133583. <a href=\"https:\/\/doi.org\/10.1016\/j.conbuildmat.2023.133583\" target=\"_blank\" rel=\"noreferrer noopener\">https:\/\/doi.org\/10.1016\/j.conbuildmat.2023.133583<\/a>.<\/h3>\n\n\n\n<div class=\"wp-block-buttons is-content-justification-center is-layout-flex wp-container-core-buttons-is-layout-a89b3969 wp-block-buttons-is-layout-flex\">\n<div class=\"wp-block-button\"><a class=\"wp-block-button__link has-custom-color-6-background-color has-background wp-element-button\" href=\"https:\/\/doi.org\/10.1016\/j.conbuildmat.2023.133583\" style=\"font-style:normal;font-weight:700\" target=\"_blank\" rel=\"noreferrer noopener\">Ver en la revista<\/a><\/div>\n\n\n\n<div class=\"wp-block-button\"><a class=\"wp-block-button__link has-custom-color-10-background-color has-background wp-element-button\" href=\"https:\/\/plu.mx\/plum\/a\/?doi=10.1016\/j.conbuildmat.2023.133583\" style=\"font-style:normal;font-weight:700\" target=\"_blank\" rel=\"noreferrer noopener\">M\u00e9tricas (PlumX)<\/a><\/div>\n\n\n\n<div class=\"wp-block-button\"><a class=\"wp-block-button__link has-custom-color-8-background-color has-background wp-element-button\" href=\"https:\/\/badge.dimensions.ai\/details\/doi\/10.1016\/j.conbuildmat.2023.133583\" style=\"font-style:normal;font-weight:700\" target=\"_blank\" rel=\"noreferrer noopener\">Ver citas <\/a><\/div>\n<\/div>\n<\/div>\n\n\n\n<div class=\"wp-block-column has-global-padding is-content-justification-right is-layout-constrained wp-container-core-column-is-layout-5c12a1d1 wp-block-column-is-layout-constrained\" style=\"flex-basis:15%\">\n<span class=\"altmetric-embed\"\n      data-doi=\"10.1016\/j.conbuildmat.2023.133583\"\n      data-badge-type=\"donut\"\n      data-hide-no-mentions=\"true\"\n      aria-label=\"M\u00e9tricas Altmetric\"><\/span>\n\n<span class=\"__dimensions_badge_embed__\"\n      data-doi=\"10.1016\/j.conbuildmat.2023.133583\"\n      data-style=\"small_circle\"\n      data-legend=\"hover\"\n      aria-label=\"Citas en Dimensions\"><\/span>\n<\/div>\n<\/div>\n<\/div>\n\n\n\n<div class=\"wp-block-group has-border-color has-custom-color-3-background-color has-background has-global-padding is-layout-constrained wp-container-core-group-is-layout-5431f676 wp-block-group-is-layout-constrained\" style=\"border-color:#686868;border-width:1px;border-radius:24px;padding-top:16px;padding-right:16px;padding-bottom:16px;padding-left:16px\">\n<div class=\"wp-block-columns has-custom-color-3-background-color has-background is-layout-flex wp-container-core-columns-is-layout-28f84493 wp-block-columns-is-layout-flex\">\n<div class=\"wp-block-column has-global-padding is-layout-constrained wp-block-column-is-layout-constrained\" style=\"flex-basis:85%\">\n<h3 class=\"wp-block-heading has-manrope-font-family\" id=\"https:\/\/doi.org\/10.5194\/egusphere-2024-994\">Gonz\u00e1lez-Robles, Ana &amp; <strong>V\u00e1zquez-V\u00edlchez, Mercedes<\/strong>. (2022). Educational proposal to promote environmental engagement through the Sustainable Development Goals in Secondary Education: S.O.S Civilisations game.&nbsp;<em>Revista Eureka Sobre Ense\u00f1anza Y Divulgaci\u00f3n de Las Ciencias, 19<\/em>(1), 1103. <a href=\"https:\/\/doi.org\/10.25267\/Rev_Eureka_ensen_divulg_cienc.2022.v19.i1.1103\" target=\"_blank\" rel=\"noreferrer noopener\">https:\/\/doi.org\/10.25267\/Rev_Eureka_ensen_divulg_cienc.2022.v19.i1.1103.<\/a><\/h3>\n\n\n\n<div class=\"wp-block-buttons is-content-justification-center is-layout-flex wp-container-core-buttons-is-layout-a89b3969 wp-block-buttons-is-layout-flex\">\n<div class=\"wp-block-button\"><a class=\"wp-block-button__link has-custom-color-6-background-color has-background wp-element-button\" href=\"https:\/\/doi.org\/10.25267\/Rev_Eureka_ensen_divulg_cienc.2022.v19.i1.1103\" style=\"font-style:normal;font-weight:700\" target=\"_blank\" rel=\"noreferrer noopener\">Ver en la revista<\/a><\/div>\n\n\n\n<div class=\"wp-block-button\"><a class=\"wp-block-button__link has-custom-color-10-background-color has-background wp-element-button\" href=\"https:\/\/plu.mx\/plum\/a\/?doi=10.25267\/Rev_Eureka_ensen_divulg_cienc.2022.v19.i1.1103\" style=\"font-style:normal;font-weight:700\" target=\"_blank\" rel=\"noreferrer noopener\">M\u00e9tricas (PlumX)<\/a><\/div>\n\n\n\n<div class=\"wp-block-button\"><a class=\"wp-block-button__link has-custom-color-8-background-color has-background wp-element-button\" href=\"https:\/\/badge.dimensions.ai\/details\/doi\/10.25267\/Rev_Eureka_ensen_divulg_cienc.2022.v19.i1.1103\" style=\"font-style:normal;font-weight:700\" target=\"_blank\" rel=\"noreferrer noopener\">Ver citas <\/a><\/div>\n<\/div>\n<\/div>\n\n\n\n<div class=\"wp-block-column has-global-padding is-content-justification-right is-layout-constrained wp-container-core-column-is-layout-5c12a1d1 wp-block-column-is-layout-constrained\" style=\"flex-basis:15%\">\n<span class=\"altmetric-embed\"\n      data-doi=\"10.25267\/Rev_Eureka_ensen_divulg_cienc.2022.v19.i1.1103\"\n      data-badge-type=\"donut\"\n      data-hide-no-mentions=\"true\"\n      aria-label=\"M\u00e9tricas Altmetric\"><\/span>\n\n<span class=\"__dimensions_badge_embed__\"\n      data-doi=\"10.25267\/Rev_Eureka_ensen_divulg_cienc.2022.v19.i1.1103\"\n      data-style=\"small_circle\"\n      data-legend=\"hover\"\n      aria-label=\"Citas en Dimensions\"><\/span>\n<\/div>\n<\/div>\n<\/div>\n\n\n\n<div class=\"wp-block-group has-border-color has-custom-color-3-background-color has-background has-global-padding is-layout-constrained wp-container-core-group-is-layout-5431f676 wp-block-group-is-layout-constrained\" style=\"border-color:#686868;border-width:1px;border-radius:24px;padding-top:16px;padding-right:16px;padding-bottom:16px;padding-left:16px\">\n<div class=\"wp-block-columns has-custom-color-3-background-color has-background is-layout-flex wp-container-core-columns-is-layout-28f84493 wp-block-columns-is-layout-flex\">\n<div class=\"wp-block-column has-global-padding is-layout-constrained wp-block-column-is-layout-constrained\" style=\"flex-basis:85%\">\n<h3 class=\"wp-block-heading has-manrope-font-family\" id=\"https:\/\/doi.org\/10.5194\/egusphere-2024-994\">Silva D\u00edaz, F. R., Fern\u00e1ndez-Ferrer, G., <strong>V\u00e1zquez-V\u00edlchez, M.<\/strong>, Ferrada, C., Narv\u00e1ez, R., &amp; Carrillo-Ros\u00faa, J. (2022). Tecnolog\u00edas emergentes en la educaci\u00f3n STEM. An\u00e1lisis bibliom\u00e9trico de publicaciones en Scopus y WoS (2010-2020). <em>Bord\u00f3n. Revista De Pedagog\u00eda, 74(4)<\/em>, 25\u201344. <a href=\"https:\/\/doi.org\/10.13042\/Bordon.2022.94198\" target=\"_blank\" rel=\"noreferrer noopener\">https:\/\/doi.org\/10.13042\/Bordon.2022.94198<\/a>.<\/h3>\n\n\n\n<div class=\"wp-block-buttons is-content-justification-center is-layout-flex wp-container-core-buttons-is-layout-a89b3969 wp-block-buttons-is-layout-flex\">\n<div class=\"wp-block-button\"><a class=\"wp-block-button__link has-custom-color-6-background-color has-background wp-element-button\" href=\"https:\/\/doi.org\/10.13042\/Bordon.2022.94198\" style=\"font-style:normal;font-weight:700\" target=\"_blank\" rel=\"noreferrer noopener\">Ver en la revista<\/a><\/div>\n\n\n\n<div class=\"wp-block-button\"><a class=\"wp-block-button__link has-custom-color-10-background-color has-background wp-element-button\" href=\"https:\/\/plu.mx\/plum\/a\/?doi=10.13042\/Bordon.2022.94198\" style=\"font-style:normal;font-weight:700\" target=\"_blank\" rel=\"noreferrer noopener\">M\u00e9tricas (PlumX)<\/a><\/div>\n\n\n\n<div class=\"wp-block-button\"><a class=\"wp-block-button__link has-custom-color-8-background-color has-background wp-element-button\" href=\"https:\/\/badge.dimensions.ai\/details\/doi\/10.13042\/Bordon.2022.94198\" style=\"font-style:normal;font-weight:700\" target=\"_blank\" rel=\"noreferrer noopener\">Ver citas <\/a><\/div>\n<\/div>\n<\/div>\n\n\n\n<div class=\"wp-block-column has-global-padding is-content-justification-right is-layout-constrained wp-container-core-column-is-layout-5c12a1d1 wp-block-column-is-layout-constrained\" style=\"flex-basis:15%\">\n<span class=\"altmetric-embed\"\n      data-doi=\"10.13042\/Bordon.2022.94198\"\n      data-badge-type=\"donut\"\n      data-hide-no-mentions=\"true\"\n      aria-label=\"M\u00e9tricas Altmetric\"><\/span>\n\n<span class=\"__dimensions_badge_embed__\"\n      data-doi=\"10.13042\/Bordon.2022.94198\"\n      data-style=\"small_circle\"\n      data-legend=\"hover\"\n      aria-label=\"Citas en Dimensions\"><\/span>\n<\/div>\n<\/div>\n<\/div>\n\n\n\n<div class=\"wp-block-group has-border-color has-custom-color-3-background-color has-background has-global-padding is-layout-constrained wp-container-core-group-is-layout-5431f676 wp-block-group-is-layout-constrained\" style=\"border-color:#686868;border-width:1px;border-radius:24px;padding-top:16px;padding-right:16px;padding-bottom:16px;padding-left:16px\">\n<div class=\"wp-block-columns has-custom-color-3-background-color has-background is-layout-flex wp-container-core-columns-is-layout-28f84493 wp-block-columns-is-layout-flex\">\n<div class=\"wp-block-column has-global-padding is-layout-constrained wp-block-column-is-layout-constrained\" style=\"flex-basis:85%\">\n<h3 class=\"wp-block-heading has-manrope-font-family\" id=\"https:\/\/doi.org\/10.5194\/egusphere-2024-994\"><strong>V\u00e1zquez-V\u00edlchez, M.<\/strong>, Garrido-Rosales, D., P\u00e9rez-Fern\u00e1ndez, B., &amp; Fern\u00e1ndez-Oliveras, A. (2021). Using a Cooperative Educational Game to Promote Pro-Environmental Engagement in Future Teachers.<em> Education Sciences, 11(11)<\/em>, 691. <a href=\"https:\/\/doi.org\/10.3390\/educsci11110691\" target=\"_blank\" rel=\"noreferrer noopener\">https:\/\/doi.org\/10.3390\/educsci11110691<\/a>.<\/h3>\n\n\n\n<div class=\"wp-block-buttons is-content-justification-center is-layout-flex wp-container-core-buttons-is-layout-a89b3969 wp-block-buttons-is-layout-flex\">\n<div class=\"wp-block-button\"><a class=\"wp-block-button__link has-custom-color-6-background-color has-background wp-element-button\" href=\"https:\/\/doi.org\/10.3390\/educsci11110691\" style=\"font-style:normal;font-weight:700\" target=\"_blank\" rel=\"noreferrer noopener\">Ver en la revista<\/a><\/div>\n\n\n\n<div class=\"wp-block-button\"><a class=\"wp-block-button__link has-custom-color-10-background-color has-background wp-element-button\" href=\"https:\/\/plu.mx\/plum\/a\/?doi=10.3390\/educsci11110691\" style=\"font-style:normal;font-weight:700\" target=\"_blank\" rel=\"noreferrer noopener\">M\u00e9tricas (PlumX)<\/a><\/div>\n\n\n\n<div class=\"wp-block-button\"><a class=\"wp-block-button__link has-custom-color-8-background-color has-background wp-element-button\" href=\"https:\/\/badge.dimensions.ai\/details\/doi\/10.3390\/educsci11110691\" style=\"font-style:normal;font-weight:700\" target=\"_blank\" rel=\"noreferrer noopener\">Ver citas <\/a><\/div>\n<\/div>\n<\/div>\n\n\n\n<div class=\"wp-block-column has-global-padding is-content-justification-right is-layout-constrained wp-container-core-column-is-layout-5c12a1d1 wp-block-column-is-layout-constrained\" style=\"flex-basis:15%\">\n<span class=\"altmetric-embed\"\n      data-doi=\"10.3390\/educsci11110691\"\n      data-badge-type=\"donut\"\n      data-hide-no-mentions=\"true\"\n      aria-label=\"M\u00e9tricas Altmetric\"><\/span>\n\n<span class=\"__dimensions_badge_embed__\"\n      data-doi=\"10.3390\/educsci11110691\"\n      data-style=\"small_circle\"\n      data-legend=\"hover\"\n      aria-label=\"Citas en Dimensions\"><\/span>\n<\/div>\n<\/div>\n<\/div>\n\n\n\n<div class=\"wp-block-group has-border-color has-custom-color-3-background-color has-background has-global-padding is-layout-constrained wp-container-core-group-is-layout-5431f676 wp-block-group-is-layout-constrained\" style=\"border-color:#686868;border-width:1px;border-radius:24px;padding-top:16px;padding-right:16px;padding-bottom:16px;padding-left:16px\">\n<div class=\"wp-block-columns has-custom-color-3-background-color has-background is-layout-flex wp-container-core-columns-is-layout-28f84493 wp-block-columns-is-layout-flex\">\n<div class=\"wp-block-column has-global-padding is-layout-constrained wp-block-column-is-layout-constrained\" style=\"flex-basis:85%\">\n<h3 class=\"wp-block-heading has-manrope-font-family\" id=\"https:\/\/doi.org\/10.5194\/egusphere-2024-994\">Perales-Palacios, F.J., Carrillo-Ros\u00faa, J., Garc\u00eda-Yeguas, A., &amp; <strong>V\u00e1zquez-V\u00edlchez, M.<\/strong> (2021). Volcanoes: The basis for scientific and educational knowledge. <em>Revista Eureka Sobre Ense\u00f1anza Y Divulgaci\u00f3n de Las Ciencias. 18(3)<\/em>, 3105. <a href=\"https:\/\/doi.org\/10.25267\/Rev_Eureka_ensen_divulg_cienc.2021.v18.i3.3105\" target=\"_blank\" rel=\"noreferrer noopener\">https:\/\/doi.org\/10.25267\/Rev_Eureka_ensen_divulg_cienc.2021.v18.i3.3105<\/a>.<\/h3>\n\n\n\n<div class=\"wp-block-buttons is-content-justification-center is-layout-flex wp-container-core-buttons-is-layout-a89b3969 wp-block-buttons-is-layout-flex\">\n<div class=\"wp-block-button\"><a class=\"wp-block-button__link has-custom-color-6-background-color has-background wp-element-button\" href=\"https:\/\/doi.org\/10.25267\/Rev_Eureka_ensen_divulg_cienc.2021.v18.i3.3105\" style=\"font-style:normal;font-weight:700\" target=\"_blank\" rel=\"noreferrer noopener\">Ver en la revista<\/a><\/div>\n\n\n\n<div class=\"wp-block-button\"><a class=\"wp-block-button__link has-custom-color-10-background-color has-background wp-element-button\" href=\"https:\/\/plu.mx\/plum\/a\/?doi=10.25267\/Rev_Eureka_ensen_divulg_cienc.2021.v18.i3.3105\" style=\"font-style:normal;font-weight:700\" target=\"_blank\" rel=\"noreferrer noopener\">M\u00e9tricas (PlumX)<\/a><\/div>\n\n\n\n<div class=\"wp-block-button\"><a class=\"wp-block-button__link has-custom-color-8-background-color has-background wp-element-button\" href=\"https:\/\/badge.dimensions.ai\/details\/doi\/10.25267\/Rev_Eureka_ensen_divulg_cienc.2021.v18.i3.3105\" style=\"font-style:normal;font-weight:700\" target=\"_blank\" rel=\"noreferrer noopener\">Ver citas <\/a><\/div>\n<\/div>\n<\/div>\n\n\n\n<div class=\"wp-block-column has-global-padding is-content-justification-right is-layout-constrained wp-container-core-column-is-layout-5c12a1d1 wp-block-column-is-layout-constrained\" style=\"flex-basis:15%\">\n<span class=\"altmetric-embed\"\n      data-doi=\"10.25267\/Rev_Eureka_ensen_divulg_cienc.2021.v18.i3.3105\"\n      data-badge-type=\"donut\"\n      data-hide-no-mentions=\"true\"\n      aria-label=\"M\u00e9tricas Altmetric\"><\/span>\n\n<span class=\"__dimensions_badge_embed__\"\n      data-doi=\"10.25267\/Rev_Eureka_ensen_divulg_cienc.2021.v18.i3.3105\"\n      data-style=\"small_circle\"\n      data-legend=\"hover\"\n      aria-label=\"Citas en Dimensions\"><\/span>\n<\/div>\n<\/div>\n<\/div>\n\n\n\n<div class=\"wp-block-group has-border-color has-custom-color-3-background-color has-background has-global-padding is-layout-constrained wp-container-core-group-is-layout-5431f676 wp-block-group-is-layout-constrained\" style=\"border-color:#686868;border-width:1px;border-radius:24px;padding-top:16px;padding-right:16px;padding-bottom:16px;padding-left:16px\">\n<div class=\"wp-block-columns has-custom-color-3-background-color has-background is-layout-flex wp-container-core-columns-is-layout-28f84493 wp-block-columns-is-layout-flex\">\n<div class=\"wp-block-column has-global-padding is-layout-constrained wp-block-column-is-layout-constrained\" style=\"flex-basis:85%\">\n<h3 class=\"wp-block-heading has-manrope-font-family\" id=\"https:\/\/doi.org\/10.5194\/egusphere-2024-994\">Jabaloy-S\u00e1nchez, A., Talavera, C., Rodr\u00edguez-Peces, M. J., <strong>V\u00e1zquez-V\u00edlchez, M.<\/strong>, &amp; Evans, N. J. (2021). U-Pb geochronology of detrital and igneous zircon grains from the \u00c1guilas Arc in the Internal Betics (SE Spain): Implications for Carboniferous-Permian paleogeography of Pangea. <em>Gondwana Research, 90<\/em>, 135-158. <a href=\"https:\/\/doi.org\/10.1016\/j.gr.2020.10.013\" target=\"_blank\" rel=\"noreferrer noopener\">https:\/\/doi.org\/10.1016\/j.gr.2020.10.013<\/a>.<\/h3>\n\n\n\n<div class=\"wp-block-buttons is-content-justification-center is-layout-flex wp-container-core-buttons-is-layout-a89b3969 wp-block-buttons-is-layout-flex\">\n<div class=\"wp-block-button\"><a class=\"wp-block-button__link has-custom-color-6-background-color has-background wp-element-button\" href=\"https:\/\/doi.org\/10.1016\/j.gr.2020.10.013\" style=\"font-style:normal;font-weight:700\" target=\"_blank\" rel=\"noreferrer noopener\">Ver en la revista<\/a><\/div>\n\n\n\n<div class=\"wp-block-button\"><a class=\"wp-block-button__link has-custom-color-10-background-color has-background wp-element-button\" href=\"https:\/\/plu.mx\/plum\/a\/?doi=10.1016\/j.gr.2020.10.013\" style=\"font-style:normal;font-weight:700\" target=\"_blank\" rel=\"noreferrer noopener\">M\u00e9tricas (PlumX)<\/a><\/div>\n\n\n\n<div class=\"wp-block-button\"><a class=\"wp-block-button__link has-custom-color-8-background-color has-background wp-element-button\" href=\"https:\/\/badge.dimensions.ai\/details\/doi\/10.1016\/j.gr.2020.10.013\" style=\"font-style:normal;font-weight:700\" target=\"_blank\" rel=\"noreferrer noopener\">Ver citas <\/a><\/div>\n<\/div>\n<\/div>\n\n\n\n<div class=\"wp-block-column has-global-padding is-content-justification-right is-layout-constrained wp-container-core-column-is-layout-5c12a1d1 wp-block-column-is-layout-constrained\" style=\"flex-basis:15%\">\n<span class=\"altmetric-embed\"\n      data-doi=\"10.1016\/j.gr.2020.10.013\"\n      data-badge-type=\"donut\"\n      data-hide-no-mentions=\"true\"\n      aria-label=\"M\u00e9tricas Altmetric\"><\/span>\n\n<span class=\"__dimensions_badge_embed__\"\n      data-doi=\"10.1016\/j.gr.2020.10.013\"\n      data-style=\"small_circle\"\n      data-legend=\"hover\"\n      aria-label=\"Citas en Dimensions\"><\/span>\n<\/div>\n<\/div>\n<\/div>\n\n\n\n<div class=\"wp-block-group has-border-color has-custom-color-3-background-color has-background has-global-padding is-layout-constrained wp-container-core-group-is-layout-5431f676 wp-block-group-is-layout-constrained\" style=\"border-color:#686868;border-width:1px;border-radius:24px;padding-top:16px;padding-right:16px;padding-bottom:16px;padding-left:16px\">\n<div class=\"wp-block-columns has-custom-color-3-background-color has-background is-layout-flex wp-container-core-columns-is-layout-28f84493 wp-block-columns-is-layout-flex\">\n<div class=\"wp-block-column has-global-padding is-layout-constrained wp-block-column-is-layout-constrained\" style=\"flex-basis:85%\">\n<h3 class=\"wp-block-heading has-manrope-font-family\" id=\"https:\/\/doi.org\/10.5194\/egusphere-2024-994\">Azdimousa, A.; Jabaloy-S\u00e1nchez, A.; Munch, P.; Mart\u00ednez-Mart\u00ednez, J. M.; Booth-Rea, G.;<strong> V\u00e1zquez-V\u00edlchez, M.<\/strong>; Asebriy, L.; Bourgois, J.; Gonz\u00e1lez-Lodeiro, F. (2019). Structure and exhumation of the Cap des Trois Fourches basement rocks (Eastern Rif, Morocco). <em>Journal of African Earth Sciences, 150<\/em>, 657-672. <a href=\"https:\/\/doi.org\/10.1016\/j.jafrearsci.2018.09.018\" target=\"_blank\" rel=\"noreferrer noopener\">https:\/\/doi.org\/10.1016\/j.jafrearsci.2018.09.018<\/a>.<\/h3>\n\n\n\n<div class=\"wp-block-buttons is-content-justification-center is-layout-flex wp-container-core-buttons-is-layout-a89b3969 wp-block-buttons-is-layout-flex\">\n<div class=\"wp-block-button\"><a class=\"wp-block-button__link has-custom-color-6-background-color has-background wp-element-button\" href=\"https:\/\/doi.org\/10.1016\/j.jafrearsci.2018.09.018\" style=\"font-style:normal;font-weight:700\" target=\"_blank\" rel=\"noreferrer noopener\">Ver en la revista<\/a><\/div>\n\n\n\n<div class=\"wp-block-button\"><a class=\"wp-block-button__link has-custom-color-10-background-color has-background wp-element-button\" href=\"https:\/\/plu.mx\/plum\/a\/?doi=10.1016\/j.jafrearsci.2018.09.018\" style=\"font-style:normal;font-weight:700\" target=\"_blank\" rel=\"noreferrer noopener\">M\u00e9tricas (PlumX)<\/a><\/div>\n\n\n\n<div class=\"wp-block-button\"><a class=\"wp-block-button__link has-custom-color-8-background-color has-background wp-element-button\" href=\"https:\/\/badge.dimensions.ai\/details\/doi\/10.1016\/j.jafrearsci.2018.09.018\" style=\"font-style:normal;font-weight:700\" target=\"_blank\" rel=\"noreferrer noopener\">Ver citas <\/a><\/div>\n<\/div>\n<\/div>\n\n\n\n<div class=\"wp-block-column has-global-padding is-content-justification-right is-layout-constrained wp-container-core-column-is-layout-5c12a1d1 wp-block-column-is-layout-constrained\" style=\"flex-basis:15%\">\n<span class=\"altmetric-embed\"\n      data-doi=\"10.1016\/j.jafrearsci.2018.09.018\"\n      data-badge-type=\"donut\"\n      data-hide-no-mentions=\"true\"\n      aria-label=\"M\u00e9tricas Altmetric\"><\/span>\n\n<span class=\"__dimensions_badge_embed__\"\n      data-doi=\"10.1016\/j.jafrearsci.2018.09.018\"\n      data-style=\"small_circle\"\n      data-legend=\"hover\"\n      aria-label=\"Citas en Dimensions\"><\/span>\n<\/div>\n<\/div>\n<\/div>\n\n\n\n<div class=\"wp-block-group has-border-color has-custom-color-3-background-color has-background has-global-padding is-layout-constrained wp-container-core-group-is-layout-5431f676 wp-block-group-is-layout-constrained\" style=\"border-color:#686868;border-width:1px;border-radius:24px;padding-top:16px;padding-right:16px;padding-bottom:16px;padding-left:16px\">\n<div class=\"wp-block-columns has-custom-color-3-background-color has-background is-layout-flex wp-container-core-columns-is-layout-28f84493 wp-block-columns-is-layout-flex\">\n<div class=\"wp-block-column has-global-padding is-layout-constrained wp-block-column-is-layout-constrained\" style=\"flex-basis:85%\">\n<h3 class=\"wp-block-heading has-manrope-font-family\" id=\"https:\/\/doi.org\/10.5194\/egusphere-2024-994\">Jabaloy-S\u00e1nchez, A., Talavera, C., G\u00f3mez-Pugnaire, M. T., L\u00f3pez-S\u00e1nchez-Vizca\u00edno, V., <strong>V\u00e1zquez-V\u00edlchez, M.<\/strong>, Rodr\u00edguez-Peces, M. J., &amp; Evans, N. J. (2018). U-Pb ages of detrital zircons from the Internal Betics: A key to deciphering paleogeographic provenance and tectono-stratigraphic evolution. <em>Lithos, 318<\/em>, 244-266. <a href=\"https:\/\/doi.org\/10.1016\/j.lithos.2018.07.026\" target=\"_blank\" rel=\"noreferrer noopener\">https:\/\/doi.org\/10.1016\/j.lithos.2018.07.026<\/a>.<\/h3>\n\n\n\n<div class=\"wp-block-buttons is-content-justification-center is-layout-flex wp-container-core-buttons-is-layout-a89b3969 wp-block-buttons-is-layout-flex\">\n<div class=\"wp-block-button\"><a class=\"wp-block-button__link has-custom-color-6-background-color has-background wp-element-button\" href=\"https:\/\/doi.org\/10.1016\/j.lithos.2018.07.026\" style=\"font-style:normal;font-weight:700\" target=\"_blank\" rel=\"noreferrer noopener\">Ver en la revista<\/a><\/div>\n\n\n\n<div class=\"wp-block-button\"><a class=\"wp-block-button__link has-custom-color-10-background-color has-background wp-element-button\" href=\"https:\/\/plu.mx\/plum\/a\/?doi=10.1016\/j.lithos.2018.07.026\" style=\"font-style:normal;font-weight:700\" target=\"_blank\" rel=\"noreferrer noopener\">M\u00e9tricas (PlumX)<\/a><\/div>\n\n\n\n<div class=\"wp-block-button\"><a class=\"wp-block-button__link has-custom-color-8-background-color has-background wp-element-button\" href=\"https:\/\/badge.dimensions.ai\/details\/doi\/10.1016\/j.lithos.2018.07.026\" style=\"font-style:normal;font-weight:700\" target=\"_blank\" rel=\"noreferrer noopener\">Ver citas <\/a><\/div>\n<\/div>\n<\/div>\n\n\n\n<div class=\"wp-block-column has-global-padding is-content-justification-right is-layout-constrained wp-container-core-column-is-layout-5c12a1d1 wp-block-column-is-layout-constrained\" style=\"flex-basis:15%\">\n<span class=\"altmetric-embed\"\n      data-doi=\"10.1016\/j.lithos.2018.07.026\"\n      data-badge-type=\"donut\"\n      data-hide-no-mentions=\"true\"\n      aria-label=\"M\u00e9tricas Altmetric\"><\/span>\n\n<span class=\"__dimensions_badge_embed__\"\n      data-doi=\"10.1016\/j.lithos.2018.07.026\"\n      data-style=\"small_circle\"\n      data-legend=\"hover\"\n      aria-label=\"Citas en Dimensions\"><\/span>\n<\/div>\n<\/div>\n<\/div>\n\n\n\n<div class=\"wp-block-group has-border-color has-custom-color-3-background-color has-background has-global-padding is-layout-constrained wp-container-core-group-is-layout-5431f676 wp-block-group-is-layout-constrained\" style=\"border-color:#686868;border-width:1px;border-radius:24px;padding-top:16px;padding-right:16px;padding-bottom:16px;padding-left:16px\">\n<div class=\"wp-block-columns has-custom-color-3-background-color has-background is-layout-flex wp-container-core-columns-is-layout-28f84493 wp-block-columns-is-layout-flex\">\n<div class=\"wp-block-column has-global-padding is-layout-constrained wp-block-column-is-layout-constrained\" style=\"flex-basis:85%\">\n<h3 class=\"wp-block-heading has-manrope-font-family\" id=\"https:\/\/doi.org\/10.5194\/egusphere-2024-994\"><strong>V\u00e1zquez, M.<\/strong>, Ram\u00edrez, S., Morata, D., Reich, M., Braun, J. J., &amp; Carretier, S. (2016). Regolith production and chemical weathering of granitic rocks in central Chile. <em>Chemical Geology, 446<\/em>, 87-98. <a href=\"https:\/\/doi.org\/10.1016\/j.chemgeo.2016.09.023\" target=\"_blank\" rel=\"noreferrer noopener\">https:\/\/doi.org\/10.1016\/j.chemgeo.2016.09.023<\/a>.<\/h3>\n\n\n\n<div class=\"wp-block-buttons is-content-justification-center is-layout-flex wp-container-core-buttons-is-layout-a89b3969 wp-block-buttons-is-layout-flex\">\n<div class=\"wp-block-button\"><a class=\"wp-block-button__link has-custom-color-6-background-color has-background wp-element-button\" href=\"https:\/\/doi.org\/10.1016\/j.chemgeo.2016.09.023\" style=\"font-style:normal;font-weight:700\" target=\"_blank\" rel=\"noreferrer noopener\">Ver en la revista<\/a><\/div>\n\n\n\n<div class=\"wp-block-button\"><a class=\"wp-block-button__link has-custom-color-10-background-color has-background wp-element-button\" href=\"https:\/\/plu.mx\/plum\/a\/?doi=10.1016\/j.chemgeo.2016.09.023\" style=\"font-style:normal;font-weight:700\" target=\"_blank\" rel=\"noreferrer noopener\">M\u00e9tricas (PlumX)<\/a><\/div>\n\n\n\n<div class=\"wp-block-button\"><a class=\"wp-block-button__link has-custom-color-8-background-color has-background wp-element-button\" href=\"https:\/\/badge.dimensions.ai\/details\/doi\/10.1016\/j.chemgeo.2016.09.023\" style=\"font-style:normal;font-weight:700\" target=\"_blank\" rel=\"noreferrer noopener\">Ver citas <\/a><\/div>\n<\/div>\n<\/div>\n\n\n\n<div class=\"wp-block-column has-global-padding is-content-justification-right is-layout-constrained wp-container-core-column-is-layout-5c12a1d1 wp-block-column-is-layout-constrained\" style=\"flex-basis:15%\">\n<span class=\"altmetric-embed\"\n      data-doi=\"10.1016\/j.chemgeo.2016.09.023\"\n      data-badge-type=\"donut\"\n      data-hide-no-mentions=\"true\"\n      aria-label=\"M\u00e9tricas Altmetric\"><\/span>\n\n<span class=\"__dimensions_badge_embed__\"\n      data-doi=\"10.1016\/j.chemgeo.2016.09.023\"\n      data-style=\"small_circle\"\n      data-legend=\"hover\"\n      aria-label=\"Citas en Dimensions\"><\/span>\n<\/div>\n<\/div>\n<\/div>\n\n\n\n<div class=\"wp-block-group has-border-color has-custom-color-3-background-color has-background has-global-padding is-layout-constrained wp-container-core-group-is-layout-5431f676 wp-block-group-is-layout-constrained\" style=\"border-color:#686868;border-width:1px;border-radius:24px;padding-top:16px;padding-right:16px;padding-bottom:16px;padding-left:16px\">\n<div class=\"wp-block-columns has-custom-color-3-background-color has-background is-layout-flex wp-container-core-columns-is-layout-28f84493 wp-block-columns-is-layout-flex\">\n<div class=\"wp-block-column has-global-padding is-layout-constrained wp-block-column-is-layout-constrained\" style=\"flex-basis:85%\">\n<h3 class=\"wp-block-heading has-manrope-font-family\" id=\"https:\/\/doi.org\/10.5194\/egusphere-2024-994\"><strong>Vazquez, M.<\/strong>, Bauluz, B., Nieto, F., &amp; Morata, D. (2016). Illitization sequence controlled by temperature in volcanic geothermal systems: The Tinguiririca geothermal field, Andean Cordillera, Central Chile.&nbsp;<em>Applied Clay Science<\/em>,&nbsp;<em>134<\/em>, 221-234. <a href=\"https:\/\/doi.org\/10.1016\/j.clay.2016.04.011\" target=\"_blank\" rel=\"noreferrer noopener\">https:\/\/doi.org\/10.1016\/j.clay.2016.04.011<\/a>.<\/h3>\n\n\n\n<div class=\"wp-block-buttons is-content-justification-center is-layout-flex wp-container-core-buttons-is-layout-a89b3969 wp-block-buttons-is-layout-flex\">\n<div class=\"wp-block-button\"><a class=\"wp-block-button__link has-custom-color-6-background-color has-background wp-element-button\" href=\"https:\/\/doi.org\/10.1016\/j.clay.2016.04.011\" style=\"font-style:normal;font-weight:700\" target=\"_blank\" rel=\"noreferrer noopener\">Ver en la revista<\/a><\/div>\n\n\n\n<div class=\"wp-block-button\"><a class=\"wp-block-button__link has-custom-color-10-background-color has-background wp-element-button\" href=\"https:\/\/plu.mx\/plum\/a\/?doi=10.1016\/j.clay.2016.04.011\" style=\"font-style:normal;font-weight:700\" target=\"_blank\" rel=\"noreferrer noopener\">M\u00e9tricas (PlumX)<\/a><\/div>\n\n\n\n<div class=\"wp-block-button\"><a class=\"wp-block-button__link has-custom-color-8-background-color has-background wp-element-button\" href=\"https:\/\/badge.dimensions.ai\/details\/doi\/10.1016\/j.clay.2016.04.011\" style=\"font-style:normal;font-weight:700\" target=\"_blank\" rel=\"noreferrer noopener\">Ver citas <\/a><\/div>\n<\/div>\n<\/div>\n\n\n\n<div class=\"wp-block-column has-global-padding is-content-justification-right is-layout-constrained wp-container-core-column-is-layout-5c12a1d1 wp-block-column-is-layout-constrained\" style=\"flex-basis:15%\">\n<span class=\"altmetric-embed\"\n      data-doi=\"10.1016\/j.clay.2016.04.011\"\n      data-badge-type=\"donut\"\n      data-hide-no-mentions=\"true\"\n      aria-label=\"M\u00e9tricas Altmetric\"><\/span>\n\n<span class=\"__dimensions_badge_embed__\"\n      data-doi=\"10.1016\/j.clay.2016.04.011\"\n      data-style=\"small_circle\"\n      data-legend=\"hover\"\n      aria-label=\"Citas en Dimensions\"><\/span>\n<\/div>\n<\/div>\n<\/div>\n\n\n\n<div class=\"wp-block-group has-border-color has-custom-color-3-background-color has-background has-global-padding is-layout-constrained wp-container-core-group-is-layout-5431f676 wp-block-group-is-layout-constrained\" style=\"border-color:#686868;border-width:1px;border-radius:24px;padding-top:16px;padding-right:16px;padding-bottom:16px;padding-left:16px\">\n<div class=\"wp-block-columns has-custom-color-3-background-color has-background is-layout-flex wp-container-core-columns-is-layout-28f84493 wp-block-columns-is-layout-flex\">\n<div class=\"wp-block-column has-global-padding is-layout-constrained wp-block-column-is-layout-constrained\" style=\"flex-basis:85%\">\n<h3 class=\"wp-block-heading has-manrope-font-family\" id=\"https:\/\/doi.org\/10.5194\/egusphere-2024-994\">Jabaloy-S\u00e1nchez, A., Azdimousa, A., Booth-Rea, G., Asebriy, L., <strong>V\u00e1zquez-V\u00edlchez, M.<\/strong>, Mart\u00ednez-Mart\u00ednez, J. M., &amp; Gabites, J. (2015). The structure of the Temsamane fold-and-thrust stack (eastern Rif, Morocco): evolution of a transpressional orogenic wedge. Tectonophysics, 663, 150-176. <a href=\"https:\/\/doi.org\/10.1016\/j.tecto.2015.02.003\" target=\"_blank\" rel=\"noreferrer noopener\">https:\/\/doi.org\/10.1016\/j.tecto.2015.02.003<\/a>.<\/h3>\n\n\n\n<div class=\"wp-block-buttons is-content-justification-center is-layout-flex wp-container-core-buttons-is-layout-a89b3969 wp-block-buttons-is-layout-flex\">\n<div class=\"wp-block-button\"><a class=\"wp-block-button__link has-custom-color-6-background-color has-background wp-element-button\" href=\"https:\/\/doi.org\/10.1016\/j.tecto.2015.02.003\" style=\"font-style:normal;font-weight:700\" target=\"_blank\" rel=\"noreferrer noopener\">Ver en la revista<\/a><\/div>\n\n\n\n<div class=\"wp-block-button\"><a class=\"wp-block-button__link has-custom-color-10-background-color has-background wp-element-button\" href=\"https:\/\/plu.mx\/plum\/a\/?doi=10.1016\/j.tecto.2015.02.003\" style=\"font-style:normal;font-weight:700\" target=\"_blank\" rel=\"noreferrer noopener\">M\u00e9tricas (PlumX)<\/a><\/div>\n\n\n\n<div class=\"wp-block-button\"><a class=\"wp-block-button__link has-custom-color-8-background-color has-background wp-element-button\" href=\"https:\/\/badge.dimensions.ai\/details\/doi\/10.1016\/j.tecto.2015.02.003\" style=\"font-style:normal;font-weight:700\" target=\"_blank\" rel=\"noreferrer noopener\">Ver citas <\/a><\/div>\n<\/div>\n<\/div>\n\n\n\n<div class=\"wp-block-column has-global-padding is-content-justification-right is-layout-constrained wp-container-core-column-is-layout-5c12a1d1 wp-block-column-is-layout-constrained\" style=\"flex-basis:15%\">\n<span class=\"altmetric-embed\"\n      data-doi=\"10.1016\/j.tecto.2015.02.003\"\n      data-badge-type=\"donut\"\n      data-hide-no-mentions=\"true\"\n      aria-label=\"M\u00e9tricas Altmetric\"><\/span>\n\n<span class=\"__dimensions_badge_embed__\"\n      data-doi=\"10.1016\/j.tecto.2015.02.003\"\n      data-style=\"small_circle\"\n      data-legend=\"hover\"\n      aria-label=\"Citas en Dimensions\"><\/span>\n<\/div>\n<\/div>\n<\/div>\n\n\n\n<div class=\"wp-block-group has-border-color has-custom-color-3-background-color has-background has-global-padding is-layout-constrained wp-container-core-group-is-layout-5431f676 wp-block-group-is-layout-constrained\" style=\"border-color:#686868;border-width:1px;border-radius:24px;padding-top:16px;padding-right:16px;padding-bottom:16px;padding-left:16px\">\n<div class=\"wp-block-columns has-custom-color-3-background-color has-background is-layout-flex wp-container-core-columns-is-layout-28f84493 wp-block-columns-is-layout-flex\">\n<div class=\"wp-block-column has-global-padding is-layout-constrained wp-block-column-is-layout-constrained\" style=\"flex-basis:85%\">\n<h3 class=\"wp-block-heading has-manrope-font-family\" id=\"https:\/\/doi.org\/10.5194\/egusphere-2024-994\"><strong>V\u00e1zquez-V\u00edlchez, M.<\/strong>, Jabaloy-S\u00e1nchez, A., Azor, A., Stuart, F., Persano, C., Alonso-Chaves, F. M., \u2026 &amp; Garcia-Navarro, E. (2015). Mesozoic and Cenozoic exhumation history of the SW Iberian Variscides inferred from low-temperature thermochronology. <em>Tectonophysics, 663<\/em>, 110-121. <a href=\"https:\/\/doi.org\/10.1016\/j.tecto.2015.06.034\" target=\"_blank\" rel=\"noreferrer noopener\">https:\/\/doi.org\/10.1016\/j.tecto.2015.06.034<\/a>.<\/h3>\n\n\n\n<div class=\"wp-block-buttons is-content-justification-center is-layout-flex wp-container-core-buttons-is-layout-a89b3969 wp-block-buttons-is-layout-flex\">\n<div class=\"wp-block-button\"><a class=\"wp-block-button__link has-custom-color-6-background-color has-background wp-element-button\" href=\"https:\/\/doi.org\/10.1016\/j.tecto.2015.06.034\" style=\"font-style:normal;font-weight:700\" target=\"_blank\" rel=\"noreferrer noopener\">Ver en la revista<\/a><\/div>\n\n\n\n<div class=\"wp-block-button\"><a class=\"wp-block-button__link has-custom-color-10-background-color has-background wp-element-button\" href=\"https:\/\/plu.mx\/plum\/a\/?doi=10.1016\/j.tecto.2015.06.034\" style=\"font-style:normal;font-weight:700\" target=\"_blank\" rel=\"noreferrer noopener\">M\u00e9tricas (PlumX)<\/a><\/div>\n\n\n\n<div class=\"wp-block-button\"><a class=\"wp-block-button__link has-custom-color-8-background-color has-background wp-element-button\" href=\"https:\/\/badge.dimensions.ai\/details\/doi\/10.1016\/j.tecto.2015.06.034\" style=\"font-style:normal;font-weight:700\" target=\"_blank\" rel=\"noreferrer noopener\">Ver citas <\/a><\/div>\n<\/div>\n<\/div>\n\n\n\n<div class=\"wp-block-column has-global-padding is-content-justification-right is-layout-constrained wp-container-core-column-is-layout-5c12a1d1 wp-block-column-is-layout-constrained\" style=\"flex-basis:15%\">\n<span class=\"altmetric-embed\"\n      data-doi=\"10.1016\/j.tecto.2015.06.034\"\n      data-badge-type=\"donut\"\n      data-hide-no-mentions=\"true\"\n      aria-label=\"M\u00e9tricas Altmetric\"><\/span>\n\n<span class=\"__dimensions_badge_embed__\"\n      data-doi=\"10.1016\/j.tecto.2015.06.034\"\n      data-style=\"small_circle\"\n      data-legend=\"hover\"\n      aria-label=\"Citas en Dimensions\"><\/span>\n<\/div>\n<\/div>\n<\/div>\n\n\n\n<div class=\"wp-block-group has-border-color has-custom-color-3-background-color has-background has-global-padding is-layout-constrained wp-container-core-group-is-layout-5431f676 wp-block-group-is-layout-constrained\" style=\"border-color:#686868;border-width:1px;border-radius:24px;padding-top:16px;padding-right:16px;padding-bottom:16px;padding-left:16px\">\n<div class=\"wp-block-columns has-custom-color-3-background-color has-background is-layout-flex wp-container-core-columns-is-layout-28f84493 wp-block-columns-is-layout-flex\">\n<div class=\"wp-block-column has-global-padding is-layout-constrained wp-block-column-is-layout-constrained\" style=\"flex-basis:85%\">\n<h3 class=\"wp-block-heading has-manrope-font-family\" id=\"https:\/\/doi.org\/10.5194\/egusphere-2024-994\">Aza\u00f1\u00f3n, J. M., Galve, J. P., P\u00e9rez-Pe\u00f1a, J. V., Giaconia, F., Carvajal, R., Booth-Rea, G., Jabaloy, A., <strong>V\u00e1zquez, M.<\/strong>, Azor, A.,&nbsp; &amp; Rold\u00e1n, F. J. (2015). Relief and drainage evolution during the exhumation of the Sierra Nevada (SE Spain): Is denudation keeping pace with uplift?. <em>Tectonophysics, 663<\/em>, 19-32. <a href=\"https:\/\/doi.org\/10.1016\/j.tecto.2015.06.015\" target=\"_blank\" rel=\"noreferrer noopener\">https:\/\/doi.org\/10.1016\/j.tecto.2015.06.015<\/a>.<\/h3>\n\n\n\n<div class=\"wp-block-buttons is-content-justification-center is-layout-flex wp-container-core-buttons-is-layout-a89b3969 wp-block-buttons-is-layout-flex\">\n<div class=\"wp-block-button\"><a class=\"wp-block-button__link has-custom-color-6-background-color has-background wp-element-button\" href=\"https:\/\/doi.org\/10.1016\/j.tecto.2015.06.015\" style=\"font-style:normal;font-weight:700\" target=\"_blank\" rel=\"noreferrer noopener\">Ver en la revista<\/a><\/div>\n\n\n\n<div class=\"wp-block-button\"><a class=\"wp-block-button__link has-custom-color-10-background-color has-background wp-element-button\" href=\"https:\/\/plu.mx\/plum\/a\/?doi=10.1016\/j.tecto.2015.06.015\" style=\"font-style:normal;font-weight:700\" target=\"_blank\" rel=\"noreferrer noopener\">M\u00e9tricas (PlumX)<\/a><\/div>\n\n\n\n<div class=\"wp-block-button\"><a class=\"wp-block-button__link has-custom-color-8-background-color has-background wp-element-button\" href=\"https:\/\/badge.dimensions.ai\/details\/doi\/10.1016\/j.tecto.2015.06.015\" style=\"font-style:normal;font-weight:700\" target=\"_blank\" rel=\"noreferrer noopener\">Ver citas <\/a><\/div>\n<\/div>\n<\/div>\n\n\n\n<div class=\"wp-block-column has-global-padding is-content-justification-right is-layout-constrained wp-container-core-column-is-layout-5c12a1d1 wp-block-column-is-layout-constrained\" style=\"flex-basis:15%\">\n<span class=\"altmetric-embed\"\n      data-doi=\"10.1016\/j.tecto.2015.06.015\"\n      data-badge-type=\"donut\"\n      data-hide-no-mentions=\"true\"\n      aria-label=\"M\u00e9tricas Altmetric\"><\/span>\n\n<span class=\"__dimensions_badge_embed__\"\n      data-doi=\"10.1016\/j.tecto.2015.06.015\"\n      data-style=\"small_circle\"\n      data-legend=\"hover\"\n      aria-label=\"Citas en Dimensions\"><\/span>\n<\/div>\n<\/div>\n<\/div>\n\n\n\n<div class=\"wp-block-group has-border-color has-custom-color-3-background-color has-background has-global-padding is-layout-constrained wp-container-core-group-is-layout-5431f676 wp-block-group-is-layout-constrained\" style=\"border-color:#686868;border-width:1px;border-radius:24px;padding-top:16px;padding-right:16px;padding-bottom:16px;padding-left:16px\">\n<div class=\"wp-block-columns has-custom-color-3-background-color has-background is-layout-flex wp-container-core-columns-is-layout-28f84493 wp-block-columns-is-layout-flex\">\n<div class=\"wp-block-column has-global-padding is-layout-constrained wp-block-column-is-layout-constrained\" style=\"flex-basis:85%\">\n<h3 class=\"wp-block-heading has-manrope-font-family\" id=\"https:\/\/doi.org\/10.5194\/egusphere-2024-994\"><strong>V\u00e1zquez, M.<\/strong>, Asebriy, L., Azdimousa, A., Jabaloy, A., Booth-Rea, G., Barbero, L., Mellini, M., &amp; Gonz\u00e1lez-Lodeiro, F. (2015). Reply to the comment by Michard et al. on \u201cEvidence of extensional metamorphism associated to Cretaceous rifting of the North-Maghrebian passive margin: The Tanger\u2013Ketama Unit (External Rif, northern Morocco) by V\u00e1zquez et al., <em>Geologica Acta<\/em>, 11 (2013), 277\u2013293.\u201d <em>Geologica Acta, 13(1)<\/em>, 77\u201382. <a href=\"https:\/\/doi.org\/10.1344\/GeologicaActa2015.13.1.6\" target=\"_blank\" rel=\"noreferrer noopener\">https:\/\/doi.org\/10.1344\/GeologicaActa2015.13.1.6<\/a>.<\/h3>\n\n\n\n<div class=\"wp-block-buttons is-content-justification-center is-layout-flex wp-container-core-buttons-is-layout-a89b3969 wp-block-buttons-is-layout-flex\">\n<div class=\"wp-block-button\"><a class=\"wp-block-button__link has-custom-color-6-background-color has-background wp-element-button\" href=\"https:\/\/doi.org\/10.1344\/GeologicaActa2015.13.1.6\" style=\"font-style:normal;font-weight:700\" target=\"_blank\" rel=\"noreferrer noopener\">Ver en la revista<\/a><\/div>\n\n\n\n<div class=\"wp-block-button\"><a class=\"wp-block-button__link has-custom-color-10-background-color has-background wp-element-button\" href=\"https:\/\/plu.mx\/plum\/a\/?doi=10.1344\/GeologicaActa2015.13.1.6\" style=\"font-style:normal;font-weight:700\" target=\"_blank\" rel=\"noreferrer noopener\">M\u00e9tricas (PlumX)<\/a><\/div>\n\n\n\n<div class=\"wp-block-button\"><a class=\"wp-block-button__link has-custom-color-8-background-color has-background wp-element-button\" href=\"https:\/\/openalex.org\/works\/w2014789287\" style=\"font-style:normal;font-weight:700\" target=\"_blank\" rel=\"noreferrer noopener\">Ver citas <\/a><\/div>\n<\/div>\n<\/div>\n\n\n\n<div class=\"wp-block-column has-global-padding is-content-justification-right is-layout-constrained wp-container-core-column-is-layout-5c12a1d1 wp-block-column-is-layout-constrained\" style=\"flex-basis:15%\"><\/div>\n<\/div>\n<\/div>\n\n\n\n<div class=\"wp-block-group has-border-color has-custom-color-3-background-color has-background has-global-padding is-layout-constrained wp-container-core-group-is-layout-5431f676 wp-block-group-is-layout-constrained\" style=\"border-color:#686868;border-width:1px;border-radius:24px;padding-top:16px;padding-right:16px;padding-bottom:16px;padding-left:16px\">\n<div class=\"wp-block-columns has-custom-color-3-background-color has-background is-layout-flex wp-container-core-columns-is-layout-28f84493 wp-block-columns-is-layout-flex\">\n<div class=\"wp-block-column has-global-padding is-layout-constrained wp-block-column-is-layout-constrained\" style=\"flex-basis:85%\">\n<h3 class=\"wp-block-heading has-manrope-font-family\" id=\"https:\/\/doi.org\/10.5194\/egusphere-2024-994\"><strong>V\u00e1zquez, M.<\/strong>, Nieto, F., Morata, D., Droguett, B., Carrillo-Rosua, F. J., &amp; Morales, S. (2014). Evolution of clay mineral assemblages in the Tinguiririca geothermal field, Andean Cordillera of central Chile: an XRD and HRTEM-AEM study. <em>Journal of Volcanology and Geothermal Research, 282<\/em>, 43-59. <a href=\"https:\/\/doi.org\/10.1016\/j.jvolgeores.2014.05.022\" target=\"_blank\" rel=\"noreferrer noopener\">https:\/\/doi.org\/10.1016\/j.jvolgeores.2014.05.022<\/a>.<\/h3>\n\n\n\n<div class=\"wp-block-buttons is-content-justification-center is-layout-flex wp-container-core-buttons-is-layout-a89b3969 wp-block-buttons-is-layout-flex\">\n<div class=\"wp-block-button\"><a class=\"wp-block-button__link has-custom-color-6-background-color has-background wp-element-button\" href=\"https:\/\/doi.org\/10.1016\/j.jvolgeores.2014.05.022\" style=\"font-style:normal;font-weight:700\" target=\"_blank\" rel=\"noreferrer noopener\">Ver en la revista<\/a><\/div>\n\n\n\n<div class=\"wp-block-button\"><a class=\"wp-block-button__link has-custom-color-10-background-color has-background wp-element-button\" href=\"https:\/\/plu.mx\/plum\/a\/?doi=10.1016\/j.jvolgeores.2014.05.022\" style=\"font-style:normal;font-weight:700\" target=\"_blank\" rel=\"noreferrer noopener\">M\u00e9tricas (PlumX)<\/a><\/div>\n\n\n\n<div class=\"wp-block-button\"><a class=\"wp-block-button__link has-custom-color-8-background-color has-background wp-element-button\" href=\"https:\/\/badge.dimensions.ai\/details\/doi\/10.1016\/j.jvolgeores.2014.05.022\" style=\"font-style:normal;font-weight:700\" target=\"_blank\" rel=\"noreferrer noopener\">Ver citas <\/a><\/div>\n<\/div>\n<\/div>\n\n\n\n<div class=\"wp-block-column has-global-padding is-content-justification-right is-layout-constrained wp-container-core-column-is-layout-5c12a1d1 wp-block-column-is-layout-constrained\" style=\"flex-basis:15%\">\n<span class=\"altmetric-embed\"\n      data-doi=\"10.1016\/j.jvolgeores.2014.05.022\"\n      data-badge-type=\"donut\"\n      data-hide-no-mentions=\"true\"\n      aria-label=\"M\u00e9tricas Altmetric\"><\/span>\n\n<span class=\"__dimensions_badge_embed__\"\n      data-doi=\"10.1016\/j.jvolgeores.2014.05.022\"\n      data-style=\"small_circle\"\n      data-legend=\"hover\"\n      aria-label=\"Citas en Dimensions\"><\/span>\n<\/div>\n<\/div>\n<\/div>\n\n\n\n<div class=\"wp-block-group has-border-color has-custom-color-3-background-color has-background has-global-padding is-layout-constrained wp-container-core-group-is-layout-5431f676 wp-block-group-is-layout-constrained\" style=\"border-color:#686868;border-width:1px;border-radius:24px;padding-top:16px;padding-right:16px;padding-bottom:16px;padding-left:16px\">\n<div class=\"wp-block-columns has-custom-color-3-background-color has-background is-layout-flex wp-container-core-columns-is-layout-28f84493 wp-block-columns-is-layout-flex\">\n<div class=\"wp-block-column has-global-padding is-layout-constrained wp-block-column-is-layout-constrained\" style=\"flex-basis:85%\">\n<h3 class=\"wp-block-heading has-manrope-font-family\" id=\"https:\/\/doi.org\/10.5194\/egusphere-2024-994\">Azdimousa, A., Bourgois, J., Poupeau, G., <strong>V\u00e1zquez, M.<\/strong>, Asebriy, L., &amp; Labrin, E. (2014). Fission track thermochronology of the Beni Bousera peridotite massif (Internal Rif, Morocco) and the exhumation of ultramafic rocks in the Gibraltar Arc. <em>Arabian Journal of Geosciences, 7(5)<\/em>, 1993-2005. <a href=\"https:\/\/doi.org\/10.1007\/s12517-013-0924-3\" target=\"_blank\" rel=\"noreferrer noopener\">https:\/\/doi.org\/10.1007\/s12517-013-0924-3<\/a>.<\/h3>\n\n\n\n<div class=\"wp-block-buttons is-content-justification-center is-layout-flex wp-container-core-buttons-is-layout-a89b3969 wp-block-buttons-is-layout-flex\">\n<div class=\"wp-block-button\"><a class=\"wp-block-button__link has-custom-color-6-background-color has-background wp-element-button\" href=\"https:\/\/doi.org\/10.1007\/s12517-013-0924-3\" style=\"font-style:normal;font-weight:700\" target=\"_blank\" rel=\"noreferrer noopener\">Ver en la revista<\/a><\/div>\n\n\n\n<div class=\"wp-block-button\"><a class=\"wp-block-button__link has-custom-color-10-background-color has-background wp-element-button\" href=\"https:\/\/plu.mx\/plum\/a\/?doi=10.1007\/s12517-013-0924-3\" style=\"font-style:normal;font-weight:700\" target=\"_blank\" rel=\"noreferrer noopener\">M\u00e9tricas (PlumX)<\/a><\/div>\n\n\n\n<div class=\"wp-block-button\"><a class=\"wp-block-button__link has-custom-color-8-background-color has-background wp-element-button\" href=\"https:\/\/badge.dimensions.ai\/details\/doi\/10.1007\/s12517-013-0924-3\" style=\"font-style:normal;font-weight:700\" target=\"_blank\" rel=\"noreferrer noopener\">Ver citas <\/a><\/div>\n<\/div>\n<\/div>\n\n\n\n<div class=\"wp-block-column has-global-padding is-content-justification-right is-layout-constrained wp-container-core-column-is-layout-5c12a1d1 wp-block-column-is-layout-constrained\" style=\"flex-basis:15%\">\n<span class=\"altmetric-embed\"\n      data-doi=\"10.1007\/s12517-013-0924-3\"\n      data-badge-type=\"donut\"\n      data-hide-no-mentions=\"true\"\n      aria-label=\"M\u00e9tricas Altmetric\"><\/span>\n\n<span class=\"__dimensions_badge_embed__\"\n      data-doi=\"10.1007\/s12517-013-0924-3\"\n      data-style=\"small_circle\"\n      data-legend=\"hover\"\n      aria-label=\"Citas en Dimensions\"><\/span>\n<\/div>\n<\/div>\n<\/div>\n\n\n\n<div class=\"wp-block-group has-border-color has-custom-color-3-background-color has-background has-global-padding is-layout-constrained wp-container-core-group-is-layout-5431f676 wp-block-group-is-layout-constrained\" style=\"border-color:#686868;border-width:1px;border-radius:24px;padding-top:16px;padding-right:16px;padding-bottom:16px;padding-left:16px\">\n<div class=\"wp-block-columns has-custom-color-3-background-color has-background is-layout-flex wp-container-core-columns-is-layout-28f84493 wp-block-columns-is-layout-flex\">\n<div class=\"wp-block-column has-global-padding is-layout-constrained wp-block-column-is-layout-constrained\" style=\"flex-basis:85%\">\n<h3 class=\"wp-block-heading has-manrope-font-family\" id=\"https:\/\/doi.org\/10.5194\/egusphere-2024-994\">Jabaloy-S\u00e1nchez, A., Lobo, F. J., Azor, A., Mart\u00edn-Rosales, W., P\u00e9rez-Pe\u00f1a, J. V., B\u00e1rcenas, P., \u2026 &amp; <strong>Vazquez-Vilchez, M.<\/strong> (2014). Six thousand years of coastline evolution in the Guadalfeo deltaic system (southern Iberian Peninsula). <em>Geomorphology, 206<\/em>, 374-391. <a href=\"https:\/\/doi.org\/10.1016\/j.geomorph.2013.08.037\" target=\"_blank\" rel=\"noreferrer noopener\">https:\/\/doi.org\/10.1016\/j.geomorph.2013.08.037<\/a>.<\/h3>\n\n\n\n<div class=\"wp-block-buttons is-content-justification-center is-layout-flex wp-container-core-buttons-is-layout-a89b3969 wp-block-buttons-is-layout-flex\">\n<div class=\"wp-block-button\"><a class=\"wp-block-button__link has-custom-color-6-background-color has-background wp-element-button\" href=\"https:\/\/doi.org\/10.1016\/j.geomorph.2013.08.037\" style=\"font-style:normal;font-weight:700\" target=\"_blank\" rel=\"noreferrer noopener\">Ver en la revista<\/a><\/div>\n\n\n\n<div class=\"wp-block-button\"><a class=\"wp-block-button__link has-custom-color-10-background-color has-background wp-element-button\" href=\"https:\/\/plu.mx\/plum\/a\/?doi=10.1016\/j.geomorph.2013.08.037\" style=\"font-style:normal;font-weight:700\" target=\"_blank\" rel=\"noreferrer noopener\">M\u00e9tricas (PlumX)<\/a><\/div>\n\n\n\n<div class=\"wp-block-button\"><a class=\"wp-block-button__link has-custom-color-8-background-color has-background wp-element-button\" href=\"https:\/\/badge.dimensions.ai\/details\/doi\/10.1016\/j.geomorph.2013.08.037\" style=\"font-style:normal;font-weight:700\" target=\"_blank\" rel=\"noreferrer noopener\">Ver citas <\/a><\/div>\n<\/div>\n<\/div>\n\n\n\n<div class=\"wp-block-column has-global-padding is-content-justification-right is-layout-constrained wp-container-core-column-is-layout-5c12a1d1 wp-block-column-is-layout-constrained\" style=\"flex-basis:15%\">\n<span class=\"altmetric-embed\"\n      data-doi=\"10.1016\/j.geomorph.2013.08.037\"\n      data-badge-type=\"donut\"\n      data-hide-no-mentions=\"true\"\n      aria-label=\"M\u00e9tricas Altmetric\"><\/span>\n\n<span class=\"__dimensions_badge_embed__\"\n      data-doi=\"10.1016\/j.geomorph.2013.08.037\"\n      data-style=\"small_circle\"\n      data-legend=\"hover\"\n      aria-label=\"Citas en Dimensions\"><\/span>\n<\/div>\n<\/div>\n<\/div>\n\n\n\n<div class=\"wp-block-group has-border-color has-custom-color-3-background-color has-background has-global-padding is-layout-constrained wp-container-core-group-is-layout-5431f676 wp-block-group-is-layout-constrained\" style=\"border-color:#686868;border-width:1px;border-radius:24px;padding-top:16px;padding-right:16px;padding-bottom:16px;padding-left:16px\">\n<div class=\"wp-block-columns has-custom-color-3-background-color has-background is-layout-flex wp-container-core-columns-is-layout-28f84493 wp-block-columns-is-layout-flex\">\n<div class=\"wp-block-column has-global-padding is-layout-constrained wp-block-column-is-layout-constrained\" style=\"flex-basis:85%\">\n<h3 class=\"wp-block-heading has-manrope-font-family\" id=\"https:\/\/doi.org\/10.5194\/egusphere-2024-994\"><strong>V\u00e1zquez, M.<\/strong>, Asebriy, L., Azimousa, A., Jabaloy, A., Rea, G. B., Barbero, L., \u2026 &amp; Lodeiros, F. G. (2013). Evidence of extensional metamorphism associated to Cretaceous rifting of the North-Maghrebian passive margin: The Tanger-Ketama Unit (External Rif, northern Morocco). <em>Geologica Acta, 11(3)<\/em>, 277-293. <a href=\"https:\/\/doi.org\/10.1344\/105.000001843\" target=\"_blank\" rel=\"noreferrer noopener\">https:\/\/doi.org\/10.1344\/105.000001843<\/a>.<\/h3>\n\n\n\n<div class=\"wp-block-buttons is-content-justification-center is-layout-flex wp-container-core-buttons-is-layout-a89b3969 wp-block-buttons-is-layout-flex\">\n<div class=\"wp-block-button\"><a class=\"wp-block-button__link has-custom-color-6-background-color has-background wp-element-button\" href=\"https:\/\/doi.org\/10.1344\/105.000001843\" style=\"font-style:normal;font-weight:700\" target=\"_blank\" rel=\"noreferrer noopener\">Ver en la revista<\/a><\/div>\n\n\n\n<div class=\"wp-block-button\"><a class=\"wp-block-button__link has-custom-color-10-background-color has-background wp-element-button\" href=\"https:\/\/plu.mx\/plum\/a\/?doi=10.1344\/105.000001843\" style=\"font-style:normal;font-weight:700\" target=\"_blank\" rel=\"noreferrer noopener\">M\u00e9tricas (PlumX)<\/a><\/div>\n\n\n\n<div class=\"wp-block-button\"><a class=\"wp-block-button__link has-custom-color-8-background-color has-background wp-element-button\" href=\"https:\/\/openalex.org\/works\/w1489647110\" style=\"font-style:normal;font-weight:700\" target=\"_blank\" rel=\"noreferrer noopener\">Ver citas <\/a><\/div>\n<\/div>\n<\/div>\n\n\n\n<div class=\"wp-block-column has-global-padding is-content-justification-right is-layout-constrained wp-container-core-column-is-layout-5c12a1d1 wp-block-column-is-layout-constrained\" style=\"flex-basis:15%\"><\/div>\n<\/div>\n<\/div>\n\n\n\n<div class=\"wp-block-group has-border-color has-custom-color-3-background-color has-background has-global-padding is-layout-constrained wp-container-core-group-is-layout-5431f676 wp-block-group-is-layout-constrained\" style=\"border-color:#686868;border-width:1px;border-radius:24px;padding-top:16px;padding-right:16px;padding-bottom:16px;padding-left:16px\">\n<div class=\"wp-block-columns has-custom-color-3-background-color has-background is-layout-flex wp-container-core-columns-is-layout-28f84493 wp-block-columns-is-layout-flex\">\n<div class=\"wp-block-column has-global-padding is-layout-constrained wp-block-column-is-layout-constrained\" style=\"flex-basis:85%\">\n<h3 class=\"wp-block-heading has-manrope-font-family\" id=\"https:\/\/doi.org\/10.5194\/egusphere-2024-994\">Booth\u2010Rea, G., Jabaloy\u2010S\u00e1nchez, A., Azdimousa, A., Asebriy, L., <strong>V\u00e1zquez V\u00edlchez, M.<\/strong>, &amp; Mart\u00ednez\u2010Mart\u00ednez, J. M. (2012). Upper\u2010crustal extension during oblique collision: The Temsamane extensional detachment (eastern Rif, Morocco). <em>Terra Nova, 24(6)<\/em>, 505-512. <a href=\"https:\/\/doi.org\/10.1111\/j.1365-3121.2012.01089.x\" target=\"_blank\" rel=\"noreferrer noopener\">https:\/\/doi.org\/10.1111\/j.1365-3121.2012.01089.x<\/a>.<\/h3>\n\n\n\n<div class=\"wp-block-buttons is-content-justification-center is-layout-flex wp-container-core-buttons-is-layout-a89b3969 wp-block-buttons-is-layout-flex\">\n<div class=\"wp-block-button\"><a class=\"wp-block-button__link has-custom-color-6-background-color has-background wp-element-button\" href=\"https:\/\/doi.org\/10.1111\/j.1365-3121.2012.01089.x\" style=\"font-style:normal;font-weight:700\" target=\"_blank\" rel=\"noreferrer noopener\">Ver en la revista<\/a><\/div>\n\n\n\n<div class=\"wp-block-button\"><a class=\"wp-block-button__link has-custom-color-10-background-color has-background wp-element-button\" href=\"https:\/\/plu.mx\/plum\/a\/?doi=10.1111\/j.1365-3121.2012.01089.x\" style=\"font-style:normal;font-weight:700\" target=\"_blank\" rel=\"noreferrer noopener\">M\u00e9tricas (PlumX)<\/a><\/div>\n\n\n\n<div class=\"wp-block-button\"><a class=\"wp-block-button__link has-custom-color-8-background-color has-background wp-element-button\" href=\"https:\/\/badge.dimensions.ai\/details\/doi\/10.1111\/j.1365-3121.2012.01089.x\" style=\"font-style:normal;font-weight:700\" target=\"_blank\" rel=\"noreferrer noopener\">Ver citas <\/a><\/div>\n<\/div>\n<\/div>\n\n\n\n<div class=\"wp-block-column has-global-padding is-content-justification-right is-layout-constrained wp-container-core-column-is-layout-5c12a1d1 wp-block-column-is-layout-constrained\" style=\"flex-basis:15%\">\n<span class=\"altmetric-embed\"\n      data-doi=\"10.1111\/j.1365-3121.2012.01089.x\"\n      data-badge-type=\"donut\"\n      data-hide-no-mentions=\"true\"\n      aria-label=\"M\u00e9tricas Altmetric\"><\/span>\n\n<span class=\"__dimensions_badge_embed__\"\n      data-doi=\"10.1111\/j.1365-3121.2012.01089.x\"\n      data-style=\"small_circle\"\n      data-legend=\"hover\"\n      aria-label=\"Citas en Dimensions\"><\/span>\n<\/div>\n<\/div>\n<\/div>\n\n\n\n<div class=\"wp-block-group has-border-color has-custom-color-3-background-color has-background has-global-padding is-layout-constrained wp-container-core-group-is-layout-5431f676 wp-block-group-is-layout-constrained\" style=\"border-color:#686868;border-width:1px;border-radius:24px;padding-top:16px;padding-right:16px;padding-bottom:16px;padding-left:16px\">\n<div class=\"wp-block-columns has-custom-color-3-background-color has-background is-layout-flex wp-container-core-columns-is-layout-28f84493 wp-block-columns-is-layout-flex\">\n<div class=\"wp-block-column has-global-padding is-layout-constrained wp-block-column-is-layout-constrained\" style=\"flex-basis:85%\">\n<h3 class=\"wp-block-heading has-manrope-font-family\" id=\"https:\/\/doi.org\/10.5194\/egusphere-2024-994\"><strong>V\u00e1zquez, M.<\/strong>, Jabaloy, A., Barbero, L., &amp; Stuart, F. M. (2011). Deciphering tectonic\u2010and erosion\u2010driven exhumation of the Nevado\u2013Fil\u00e1bride Complex (Betic Cordillera, Southern Spain) by low temperature thermochronology. <em>Terra Nova, 23(4)<\/em>, 257-263. <a href=\"https:\/\/doi.org\/10.1111\/j.1365-3121.2011.01007.x\" target=\"_blank\" rel=\"noreferrer noopener\">https:\/\/doi.org\/10.1111\/j.1365-3121.2011.01007.x<\/a>.<\/h3>\n\n\n\n<div class=\"wp-block-buttons is-content-justification-center is-layout-flex wp-container-core-buttons-is-layout-a89b3969 wp-block-buttons-is-layout-flex\">\n<div class=\"wp-block-button\"><a class=\"wp-block-button__link has-custom-color-6-background-color has-background wp-element-button\" href=\"https:\/\/doi.org\/10.1111\/j.1365-3121.2011.01007.x\" style=\"font-style:normal;font-weight:700\" target=\"_blank\" rel=\"noreferrer noopener\">Ver en la revista<\/a><\/div>\n\n\n\n<div class=\"wp-block-button\"><a class=\"wp-block-button__link has-custom-color-10-background-color has-background wp-element-button\" href=\"https:\/\/plu.mx\/plum\/a\/?doi=10.1111\/j.1365-3121.2011.01007.x\" style=\"font-style:normal;font-weight:700\" target=\"_blank\" rel=\"noreferrer noopener\">M\u00e9tricas (PlumX)<\/a><\/div>\n\n\n\n<div class=\"wp-block-button\"><a class=\"wp-block-button__link has-custom-color-8-background-color has-background wp-element-button\" href=\"https:\/\/badge.dimensions.ai\/details\/doi\/10.1111\/j.1365-3121.2011.01007.x\" style=\"font-style:normal;font-weight:700\" target=\"_blank\" rel=\"noreferrer noopener\">Ver citas <\/a><\/div>\n<\/div>\n<\/div>\n\n\n\n<div class=\"wp-block-column has-global-padding is-content-justification-right is-layout-constrained wp-container-core-column-is-layout-5c12a1d1 wp-block-column-is-layout-constrained\" style=\"flex-basis:15%\">\n<span class=\"altmetric-embed\"\n      data-doi=\"10.1111\/j.1365-3121.2011.01007.x\"\n      data-badge-type=\"donut\"\n      data-hide-no-mentions=\"true\"\n      aria-label=\"M\u00e9tricas Altmetric\"><\/span>\n\n<span class=\"__dimensions_badge_embed__\"\n      data-doi=\"10.1111\/j.1365-3121.2011.01007.x\"\n      data-style=\"small_circle\"\n      data-legend=\"hover\"\n      aria-label=\"Citas en Dimensions\"><\/span>\n<\/div>\n<\/div>\n<\/div>\n\n\n\n<div class=\"wp-block-group has-border-color has-custom-color-3-background-color has-background has-global-padding is-layout-constrained wp-container-core-group-is-layout-5431f676 wp-block-group-is-layout-constrained\" style=\"border-color:#686868;border-width:1px;border-radius:24px;padding-top:16px;padding-right:16px;padding-bottom:16px;padding-left:16px\">\n<div class=\"wp-block-columns has-custom-color-3-background-color has-background is-layout-flex wp-container-core-columns-is-layout-28f84493 wp-block-columns-is-layout-flex\">\n<div class=\"wp-block-column has-global-padding is-layout-constrained wp-block-column-is-layout-constrained\" style=\"flex-basis:85%\">\n<h3 class=\"wp-block-heading has-manrope-font-family\" id=\"https:\/\/doi.org\/10.5194\/egusphere-2024-994\">Barbero, L., Jabaloy, A., G\u00f3mez-Ortiz, D., P\u00e9rez-Pe\u00f1a, J. V., Rodr\u00edguez-Peces, M. J., Tejero, R., Estupinan, J., Azdimousa, A, <strong>V\u00e1zquez, M.<\/strong>, &amp; Asebriy, L. (2011). Evidence for surface uplift of the Atlas Mountains and the surrounding peripheral plateaux: Combining apatite fission-track results and geomorphic indicators in the Western Moroccan Meseta (coastal Variscan Paleozoic basement). <em>Tectonophysics, 502(1-2)<\/em>, 90-104. <a href=\"https:\/\/doi.org\/10.1016\/j.tecto.2010.01.005\" target=\"_blank\" rel=\"noreferrer noopener\">https:\/\/doi.org\/10.1016\/j.tecto.2010.01.005<\/a>.<\/h3>\n\n\n\n<div class=\"wp-block-buttons is-content-justification-center is-layout-flex wp-container-core-buttons-is-layout-a89b3969 wp-block-buttons-is-layout-flex\">\n<div class=\"wp-block-button\"><a class=\"wp-block-button__link has-custom-color-6-background-color has-background wp-element-button\" href=\"https:\/\/doi.org\/10.1016\/j.tecto.2010.01.005\" style=\"font-style:normal;font-weight:700\" target=\"_blank\" rel=\"noreferrer noopener\">Ver en la revista<\/a><\/div>\n\n\n\n<div class=\"wp-block-button\"><a class=\"wp-block-button__link has-custom-color-10-background-color has-background wp-element-button\" href=\"https:\/\/plu.mx\/plum\/a\/?doi=10.1016\/j.tecto.2010.01.005\" style=\"font-style:normal;font-weight:700\" target=\"_blank\" rel=\"noreferrer noopener\">M\u00e9tricas (PlumX)<\/a><\/div>\n\n\n\n<div class=\"wp-block-button\"><a class=\"wp-block-button__link has-custom-color-8-background-color has-background wp-element-button\" href=\"https:\/\/badge.dimensions.ai\/details\/doi\/10.1016\/j.tecto.2010.01.005\" style=\"font-style:normal;font-weight:700\" target=\"_blank\" rel=\"noreferrer noopener\">Ver citas <\/a><\/div>\n<\/div>\n<\/div>\n\n\n\n<div class=\"wp-block-column has-global-padding is-content-justification-right is-layout-constrained wp-container-core-column-is-layout-5c12a1d1 wp-block-column-is-layout-constrained\" style=\"flex-basis:15%\">\n<span class=\"altmetric-embed\"\n      data-doi=\"10.1016\/j.tecto.2010.01.005\"\n      data-badge-type=\"donut\"\n      data-hide-no-mentions=\"true\"\n      aria-label=\"M\u00e9tricas Altmetric\"><\/span>\n\n<span class=\"__dimensions_badge_embed__\"\n      data-doi=\"10.1016\/j.tecto.2010.01.005\"\n      data-style=\"small_circle\"\n      data-legend=\"hover\"\n      aria-label=\"Citas en Dimensions\"><\/span>\n<\/div>\n<\/div>\n<\/div>\n\n\n\n<div class=\"wp-block-group has-border-color has-custom-color-3-background-color has-background has-global-padding is-layout-constrained wp-container-core-group-is-layout-5431f676 wp-block-group-is-layout-constrained\" style=\"border-color:#686868;border-width:1px;border-radius:24px;padding-top:16px;padding-right:16px;padding-bottom:16px;padding-left:16px\">\n<div class=\"wp-block-columns has-custom-color-3-background-color has-background is-layout-flex wp-container-core-columns-is-layout-28f84493 wp-block-columns-is-layout-flex\">\n<div class=\"wp-block-column has-global-padding is-layout-constrained wp-block-column-is-layout-constrained\" style=\"flex-basis:85%\">\n<h3 class=\"wp-block-heading has-manrope-font-family\" id=\"https:\/\/doi.org\/10.5194\/egusphere-2024-994\"><strong>V\u00e1zquez, M.<\/strong>, &amp; Jim\u00e9nez-Mill\u00e1n, J. (2009). Suitability of the Betic Cordillera marly materials for the manufacture of pressed tile. <em>Materiales de Construcci\u00f3n, 59(294)<\/em>, 97-112. <a href=\"https:\/\/doi.org\/10.3989\/mc.2009.40707\" target=\"_blank\" rel=\"noreferrer noopener\">https:\/\/doi.org\/10.3989\/mc.2009.40707<\/a>.<\/h3>\n\n\n\n<div class=\"wp-block-buttons is-content-justification-center is-layout-flex wp-container-core-buttons-is-layout-a89b3969 wp-block-buttons-is-layout-flex\">\n<div class=\"wp-block-button\"><a class=\"wp-block-button__link has-custom-color-6-background-color has-background wp-element-button\" href=\"https:\/\/doi.org\/10.3989\/mc.2009.40707\" style=\"font-style:normal;font-weight:700\" target=\"_blank\" rel=\"noreferrer noopener\">Ver en la revista<\/a><\/div>\n\n\n\n<div class=\"wp-block-button\"><a class=\"wp-block-button__link has-custom-color-10-background-color has-background wp-element-button\" href=\"https:\/\/plu.mx\/plum\/a\/?doi=10.3989\/mc.2009.40707\" style=\"font-style:normal;font-weight:700\" target=\"_blank\" rel=\"noreferrer noopener\">M\u00e9tricas (PlumX)<\/a><\/div>\n\n\n\n<div class=\"wp-block-button\"><a class=\"wp-block-button__link has-custom-color-8-background-color has-background wp-element-button\" href=\"https:\/\/badge.dimensions.ai\/details\/doi\/10.3989\/mc.2009.40707\" style=\"font-style:normal;font-weight:700\" target=\"_blank\" rel=\"noreferrer noopener\">Ver citas <\/a><\/div>\n<\/div>\n<\/div>\n\n\n\n<div class=\"wp-block-column has-global-padding is-content-justification-right is-layout-constrained wp-container-core-column-is-layout-5c12a1d1 wp-block-column-is-layout-constrained\" style=\"flex-basis:15%\">\n<span class=\"altmetric-embed\"\n      data-doi=\"10.3989\/mc.2009.40707\"\n      data-badge-type=\"donut\"\n      data-hide-no-mentions=\"true\"\n      aria-label=\"M\u00e9tricas Altmetric\"><\/span>\n\n<span class=\"__dimensions_badge_embed__\"\n      data-doi=\"10.3989\/mc.2009.40707\"\n      data-style=\"small_circle\"\n      data-legend=\"hover\"\n      aria-label=\"Citas en Dimensions\"><\/span>\n<\/div>\n<\/div>\n<\/div>\n\n\n\n<div class=\"wp-block-group has-border-color has-custom-color-3-background-color has-background has-global-padding is-layout-constrained wp-container-core-group-is-layout-5431f676 wp-block-group-is-layout-constrained\" style=\"border-color:#686868;border-width:1px;border-radius:24px;padding-top:16px;padding-right:16px;padding-bottom:16px;padding-left:16px\">\n<div class=\"wp-block-columns has-custom-color-3-background-color has-background is-layout-flex wp-container-core-columns-is-layout-28f84493 wp-block-columns-is-layout-flex\">\n<div class=\"wp-block-column has-global-padding is-layout-constrained wp-block-column-is-layout-constrained\" style=\"flex-basis:85%\">\n<h3 class=\"wp-block-heading has-manrope-font-family\" id=\"https:\/\/doi.org\/10.5194\/egusphere-2024-994\">Jim\u00e9nez-Mill\u00e1n, J., Velilla, N., &amp; <strong>V\u00e1zquez, M.<\/strong> (2007). Two-stage formation of kaolinite in shear-zone slates, southern Iberian Massif, SE Spain.&nbsp;<em>Clay minerals<\/em>,&nbsp;<em>42(3)<\/em>, 273-286. <a href=\"https:\/\/doi.org\/10.1180\/claymin.2007.042.3.01\" target=\"_blank\" rel=\"noreferrer noopener\">https:\/\/doi.org\/10.1180\/claymin.2007.042.3.01<\/a>.<\/h3>\n\n\n\n<div class=\"wp-block-buttons is-content-justification-center is-layout-flex wp-container-core-buttons-is-layout-a89b3969 wp-block-buttons-is-layout-flex\">\n<div class=\"wp-block-button\"><a class=\"wp-block-button__link has-custom-color-6-background-color has-background wp-element-button\" href=\"https:\/\/doi.org\/10.1180\/claymin.2007.042.3.01\" style=\"font-style:normal;font-weight:700\" target=\"_blank\" rel=\"noreferrer noopener\">Ver en la revista<\/a><\/div>\n\n\n\n<div class=\"wp-block-button\"><a class=\"wp-block-button__link has-custom-color-10-background-color has-background wp-element-button\" href=\"https:\/\/plu.mx\/plum\/a\/?doi=10.1180\/claymin.2007.042.3.01\" style=\"font-style:normal;font-weight:700\" target=\"_blank\" rel=\"noreferrer noopener\">M\u00e9tricas (PlumX)<\/a><\/div>\n\n\n\n<div class=\"wp-block-button\"><a class=\"wp-block-button__link has-custom-color-8-background-color has-background wp-element-button\" href=\"https:\/\/badge.dimensions.ai\/details\/doi\/10.1180\/claymin.2007.042.3.01\" style=\"font-style:normal;font-weight:700\" target=\"_blank\" rel=\"noreferrer noopener\">Ver citas <\/a><\/div>\n<\/div>\n<\/div>\n\n\n\n<div class=\"wp-block-column has-global-padding is-content-justification-right is-layout-constrained wp-container-core-column-is-layout-5c12a1d1 wp-block-column-is-layout-constrained\" style=\"flex-basis:15%\">\n<span class=\"altmetric-embed\"\n      data-doi=\"10.1180\/claymin.2007.042.3.01\"\n      data-badge-type=\"donut\"\n      data-hide-no-mentions=\"true\"\n      aria-label=\"M\u00e9tricas Altmetric\"><\/span>\n\n<span class=\"__dimensions_badge_embed__\"\n      data-doi=\"10.1180\/claymin.2007.042.3.01\"\n      data-style=\"small_circle\"\n      data-legend=\"hover\"\n      aria-label=\"Citas en Dimensions\"><\/span>\n<\/div>\n<\/div>\n<\/div>\n\n\n\n<div class=\"wp-block-group has-border-color has-custom-color-3-background-color has-background has-global-padding is-layout-constrained wp-container-core-group-is-layout-5431f676 wp-block-group-is-layout-constrained\" style=\"border-color:#686868;border-width:1px;border-radius:24px;padding-top:16px;padding-right:16px;padding-bottom:16px;padding-left:16px\">\n<div class=\"wp-block-columns has-custom-color-3-background-color has-background is-layout-flex wp-container-core-columns-is-layout-28f84493 wp-block-columns-is-layout-flex\">\n<div class=\"wp-block-column has-global-padding is-layout-constrained wp-block-column-is-layout-constrained\" style=\"flex-basis:85%\">\n<h3 class=\"wp-block-heading has-manrope-font-family\" id=\"https:\/\/doi.org\/10.5194\/egusphere-2024-994\">Jim\u00e9nez-Mill\u00e1n, J., Abad, I., <strong>V\u00e1zquez, M.<\/strong>, &amp; Velilla, N. (2007). Deformation-enhanced mine-ralogical changes in igneous quartz-feldspar rocks from a semi-brittle shear zone, Southern Iberian Massif, SE Spain (With 8 figures and 3 tables). <em>Neues Jahrbuch fur Mineralogie-Abhandlungen, 184(1)<\/em>, 1-16. <a href=\"https:\/\/doi.org\/10.1127\/0077-7757\/2007\/0076\" target=\"_blank\" rel=\"noreferrer noopener\">https:\/\/doi.org\/10.1127\/0077-7757\/2007\/0076<\/a>.<\/h3>\n\n\n\n<div class=\"wp-block-buttons is-content-justification-center is-layout-flex wp-container-core-buttons-is-layout-a89b3969 wp-block-buttons-is-layout-flex\">\n<div class=\"wp-block-button\"><a class=\"wp-block-button__link has-custom-color-6-background-color has-background wp-element-button\" href=\"https:\/\/doi.org\/10.1127\/0077-7757\/2007\/0076\" style=\"font-style:normal;font-weight:700\" target=\"_blank\" rel=\"noreferrer noopener\">Ver en la revista<\/a><\/div>\n\n\n\n<div class=\"wp-block-button\"><a class=\"wp-block-button__link has-custom-color-10-background-color has-background wp-element-button\" href=\"https:\/\/plu.mx\/plum\/a\/?doi=10.1127\/0077-7757\/2007\/0076\" style=\"font-style:normal;font-weight:700\" target=\"_blank\" rel=\"noreferrer noopener\">M\u00e9tricas (PlumX)<\/a><\/div>\n\n\n\n<div class=\"wp-block-button\"><a class=\"wp-block-button__link has-custom-color-8-background-color has-background wp-element-button\" href=\"https:\/\/badge.dimensions.ai\/details\/doi\/10.1127\/0077-7757\/2007\/0076\" style=\"font-style:normal;font-weight:700\" target=\"_blank\" rel=\"noreferrer noopener\">Ver citas <\/a><\/div>\n<\/div>\n<\/div>\n\n\n\n<div class=\"wp-block-column has-global-padding is-content-justification-right is-layout-constrained wp-container-core-column-is-layout-5c12a1d1 wp-block-column-is-layout-constrained\" style=\"flex-basis:15%\">\n<span class=\"altmetric-embed\"\n      data-doi=\"10.1127\/0077-7757\/2007\/0076\"\n      data-badge-type=\"donut\"\n      data-hide-no-mentions=\"true\"\n      aria-label=\"M\u00e9tricas Altmetric\"><\/span>\n\n<span class=\"__dimensions_badge_embed__\"\n      data-doi=\"10.1127\/0077-7757\/2007\/0076\"\n      data-style=\"small_circle\"\n      data-legend=\"hover\"\n      aria-label=\"Citas en Dimensions\"><\/span>\n<\/div>\n<\/div>\n<\/div>\n\n\n\n<div class=\"wp-block-group has-border-color has-custom-color-3-background-color has-background has-global-padding is-layout-constrained wp-container-core-group-is-layout-5431f676 wp-block-group-is-layout-constrained\" style=\"border-color:#686868;border-width:1px;border-radius:24px;padding-top:16px;padding-right:16px;padding-bottom:16px;padding-left:16px\">\n<div class=\"wp-block-columns has-custom-color-3-background-color has-background is-layout-flex wp-container-core-columns-is-layout-28f84493 wp-block-columns-is-layout-flex\">\n<div class=\"wp-block-column has-global-padding is-layout-constrained wp-block-column-is-layout-constrained\" style=\"flex-basis:85%\">\n<h3 class=\"wp-block-heading has-manrope-font-family\" id=\"https:\/\/doi.org\/10.5194\/egusphere-2024-994\">Jim\u00e9nez-Espinosa, R.,<strong> V\u00e1zquez, M.<\/strong>, &amp; Jim\u00e9nez-Mill\u00e1n, J. (2007). Differential weathering of granitic stocks and landscape effects in a Mediterranean climate, Southern Iberian Massif (Spain). <em>Catena, 70(2)<\/em>, 243-252. <a href=\"https:\/\/doi.org\/10.1016\/j.catena.2006.09.001\" target=\"_blank\" rel=\"noreferrer noopener\">https:\/\/doi.org\/10.1016\/j.catena.2006.09.001<\/a>.<\/h3>\n\n\n\n<div class=\"wp-block-buttons is-content-justification-center is-layout-flex wp-container-core-buttons-is-layout-a89b3969 wp-block-buttons-is-layout-flex\">\n<div class=\"wp-block-button\"><a class=\"wp-block-button__link has-custom-color-6-background-color has-background wp-element-button\" href=\"https:\/\/doi.org\/10.1016\/j.catena.2006.09.001\" style=\"font-style:normal;font-weight:700\" target=\"_blank\" rel=\"noreferrer noopener\">Ver en la revista<\/a><\/div>\n\n\n\n<div class=\"wp-block-button\"><a class=\"wp-block-button__link has-custom-color-10-background-color has-background wp-element-button\" href=\"https:\/\/plu.mx\/plum\/a\/?doi=10.1016\/j.catena.2006.09.001\" style=\"font-style:normal;font-weight:700\" target=\"_blank\" rel=\"noreferrer noopener\">M\u00e9tricas (PlumX)<\/a><\/div>\n\n\n\n<div class=\"wp-block-button\"><a class=\"wp-block-button__link has-custom-color-8-background-color has-background wp-element-button\" href=\"https:\/\/badge.dimensions.ai\/details\/doi\/10.1016\/j.catena.2006.09.001\" style=\"font-style:normal;font-weight:700\" target=\"_blank\" rel=\"noreferrer noopener\">Ver citas <\/a><\/div>\n<\/div>\n<\/div>\n\n\n\n<div class=\"wp-block-column has-global-padding is-content-justification-right is-layout-constrained wp-container-core-column-is-layout-5c12a1d1 wp-block-column-is-layout-constrained\" style=\"flex-basis:15%\">\n<span class=\"altmetric-embed\"\n      data-doi=\"10.1016\/j.catena.2006.09.001\"\n      data-badge-type=\"donut\"\n      data-hide-no-mentions=\"true\"\n      aria-label=\"M\u00e9tricas Altmetric\"><\/span>\n\n<span class=\"__dimensions_badge_embed__\"\n      data-doi=\"10.1016\/j.catena.2006.09.001\"\n      data-style=\"small_circle\"\n      data-legend=\"hover\"\n      aria-label=\"Citas en Dimensions\"><\/span>\n<\/div>\n<\/div>\n<\/div>\n\n\n\n<div class=\"wp-block-group has-border-color has-custom-color-3-background-color has-background has-global-padding is-layout-constrained wp-container-core-group-is-layout-5431f676 wp-block-group-is-layout-constrained\" style=\"border-color:#686868;border-width:1px;border-radius:24px;padding-top:16px;padding-right:16px;padding-bottom:16px;padding-left:16px\">\n<div class=\"wp-block-columns has-custom-color-3-background-color has-background is-layout-flex wp-container-core-columns-is-layout-28f84493 wp-block-columns-is-layout-flex\">\n<div class=\"wp-block-column has-global-padding is-layout-constrained wp-block-column-is-layout-constrained\" style=\"flex-basis:85%\">\n<h3 class=\"wp-block-heading has-manrope-font-family\" id=\"https:\/\/doi.org\/10.5194\/egusphere-2024-994\">JJim\u00e9nez-Mill\u00e1n, J., <strong>V\u00e1zquez, M.<\/strong>, &amp; Velilla, N. (2007). Deformation-promoted defects and retrograde chloritization of biotite in slates from a shear zone, southern Iberian massif, SE Spain. <em>Clays and clay minerals, 55(3)<\/em>, 284-294. <a href=\"https:\/\/doi.org\/10.1346\/CCMN.2007.0550305\" target=\"_blank\" rel=\"noreferrer noopener\">https:\/\/doi.org\/10.1346\/CCMN.2007.0550305<\/a>.<\/h3>\n\n\n\n<div class=\"wp-block-buttons is-content-justification-center is-layout-flex wp-container-core-buttons-is-layout-a89b3969 wp-block-buttons-is-layout-flex\">\n<div class=\"wp-block-button\"><a class=\"wp-block-button__link has-custom-color-6-background-color has-background wp-element-button\" href=\"https:\/\/doi.org\/10.1346\/CCMN.2007.0550305\" style=\"font-style:normal;font-weight:700\" target=\"_blank\" rel=\"noreferrer noopener\">Ver en la revista<\/a><\/div>\n\n\n\n<div class=\"wp-block-button\"><a class=\"wp-block-button__link has-custom-color-10-background-color has-background wp-element-button\" href=\"https:\/\/plu.mx\/plum\/a\/?doi=10.1346\/CCMN.2007.0550305\" style=\"font-style:normal;font-weight:700\" target=\"_blank\" rel=\"noreferrer noopener\">M\u00e9tricas (PlumX)<\/a><\/div>\n\n\n\n<div class=\"wp-block-button\"><a class=\"wp-block-button__link has-custom-color-8-background-color has-background wp-element-button\" href=\"https:\/\/badge.dimensions.ai\/details\/doi\/10.1346\/CCMN.2007.0550305\" style=\"font-style:normal;font-weight:700\" target=\"_blank\" rel=\"noreferrer noopener\">Ver citas <\/a><\/div>\n<\/div>\n<\/div>\n\n\n\n<div class=\"wp-block-column has-global-padding is-content-justification-right is-layout-constrained wp-container-core-column-is-layout-5c12a1d1 wp-block-column-is-layout-constrained\" style=\"flex-basis:15%\">\n<span class=\"altmetric-embed\"\n      data-doi=\"10.1346\/CCMN.2007.0550305\"\n      data-badge-type=\"donut\"\n      data-hide-no-mentions=\"true\"\n      aria-label=\"M\u00e9tricas Altmetric\"><\/span>\n\n<span class=\"__dimensions_badge_embed__\"\n      data-doi=\"10.1346\/CCMN.2007.0550305\"\n      data-style=\"small_circle\"\n      data-legend=\"hover\"\n      aria-label=\"Citas en Dimensions\"><\/span>\n<\/div>\n<\/div>\n<\/div>\n\n\n\n<div class=\"wp-block-group has-border-color has-custom-color-3-background-color has-background has-global-padding is-layout-constrained wp-container-core-group-is-layout-5431f676 wp-block-group-is-layout-constrained\" style=\"border-color:#686868;border-width:1px;border-radius:24px;padding-top:16px;padding-right:16px;padding-bottom:16px;padding-left:16px\">\n<div class=\"wp-block-columns has-custom-color-3-background-color has-background is-layout-flex wp-container-core-columns-is-layout-28f84493 wp-block-columns-is-layout-flex\">\n<div class=\"wp-block-column has-global-padding is-layout-constrained wp-block-column-is-layout-constrained\" style=\"flex-basis:85%\">\n<h3 class=\"wp-block-heading has-manrope-font-family\" id=\"https:\/\/doi.org\/10.5194\/egusphere-2024-994\"><strong>V\u00e1zquez, M.<\/strong>, Abad, I., Jim\u00e9nez-Mill\u00e1n, J., Rocha, F. T., Fonseca, P. E., &amp; Chamin\u00e9, H. I. (2007). Prograde epizonal clay mineral assemblages and retrograde alteration in tectonic basins controlled by major strike-slip zones (W Iberian Variscan chain). <em>Clay Minerals, 42(1)<\/em>, 109-128. <a href=\"https:\/\/doi.org\/10.1180\/claymin.2007.042.1.08\" target=\"_blank\" rel=\"noreferrer noopener\">https:\/\/doi.org\/10.1180\/claymin.2007.042.1.08<\/a>.<\/h3>\n\n\n\n<div class=\"wp-block-buttons is-content-justification-center is-layout-flex wp-container-core-buttons-is-layout-a89b3969 wp-block-buttons-is-layout-flex\">\n<div class=\"wp-block-button\"><a class=\"wp-block-button__link has-custom-color-6-background-color has-background wp-element-button\" href=\"https:\/\/doi.org\/10.1180\/claymin.2007.042.1.08\" style=\"font-style:normal;font-weight:700\" target=\"_blank\" rel=\"noreferrer noopener\">Ver en la revista<\/a><\/div>\n\n\n\n<div class=\"wp-block-button\"><a class=\"wp-block-button__link has-custom-color-10-background-color has-background wp-element-button\" href=\"https:\/\/plu.mx\/plum\/a\/?doi=10.1180\/claymin.2007.042.1.08\" style=\"font-style:normal;font-weight:700\" target=\"_blank\" rel=\"noreferrer noopener\">M\u00e9tricas (PlumX)<\/a><\/div>\n\n\n\n<div class=\"wp-block-button\"><a class=\"wp-block-button__link has-custom-color-8-background-color has-background wp-element-button\" href=\"https:\/\/badge.dimensions.ai\/details\/doi\/10.1180\/claymin.2007.042.1.08\" style=\"font-style:normal;font-weight:700\" target=\"_blank\" rel=\"noreferrer noopener\">Ver citas <\/a><\/div>\n<\/div>\n<\/div>\n\n\n\n<div class=\"wp-block-column has-global-padding is-content-justification-right is-layout-constrained wp-container-core-column-is-layout-5c12a1d1 wp-block-column-is-layout-constrained\" style=\"flex-basis:15%\">\n<span class=\"altmetric-embed\"\n      data-doi=\"10.1180\/claymin.2007.042.1.08\"\n      data-badge-type=\"donut\"\n      data-hide-no-mentions=\"true\"\n      aria-label=\"M\u00e9tricas Altmetric\"><\/span>\n\n<span class=\"__dimensions_badge_embed__\"\n      data-doi=\"10.1180\/claymin.2007.042.1.08\"\n      data-style=\"small_circle\"\n      data-legend=\"hover\"\n      aria-label=\"Citas en Dimensions\"><\/span>\n<\/div>\n<\/div>\n<\/div>\n\n\n\n<div class=\"wp-block-group has-border-color has-custom-color-3-background-color has-background has-global-padding is-layout-constrained wp-container-core-group-is-layout-5431f676 wp-block-group-is-layout-constrained\" style=\"border-color:#686868;border-width:1px;border-radius:24px;padding-top:16px;padding-right:16px;padding-bottom:16px;padding-left:16px\">\n<div class=\"wp-block-columns has-custom-color-3-background-color has-background is-layout-flex wp-container-core-columns-is-layout-28f84493 wp-block-columns-is-layout-flex\">\n<div class=\"wp-block-column has-global-padding is-layout-constrained wp-block-column-is-layout-constrained\" style=\"flex-basis:85%\">\n<h3 class=\"wp-block-heading has-manrope-font-family\" id=\"https:\/\/doi.org\/10.5194\/egusphere-2024-994\"><strong>Vazquez, M.<\/strong>, &amp; Jimenez-Millan, J. (2004). Ceramic applicability of quartz-eldspatic materials formed by weathering of plutonic bodies: a case of study (Northern Ja\u00e9n, Spain). <em>Industrial ceramics, 24(1)<\/em>, 1-7.<\/h3>\n\n\n\n<div class=\"wp-block-buttons is-content-justification-center is-layout-flex wp-container-core-buttons-is-layout-a89b3969 wp-block-buttons-is-layout-flex\">\n<div class=\"wp-block-button\"><a class=\"wp-block-button__link has-custom-color-6-background-color has-background wp-element-button\" href=\"https:\/\/www.technagroup.it\/industrial_ceramics\/view_articles\/volume_24_2004\/issue_no_1\/ceramic_applicability_of_quartzfeldspatic_materials_formed_by_weathering_of_plutonic_bodies_a_case_of_study_northern_jaen_spain_\" style=\"font-style:normal;font-weight:700\" target=\"_blank\" rel=\"noreferrer noopener\">Ver en la revista<\/a><\/div>\n\n\n\n<div class=\"wp-block-button\"><a class=\"wp-block-button__link has-custom-color-8-background-color has-background wp-element-button\" href=\"https:\/\/openalex.org\/works\/w2469014374\" style=\"font-style:normal;font-weight:700\" target=\"_blank\" rel=\"noreferrer noopener\">Ver citas <\/a><\/div>\n<\/div>\n<\/div>\n\n\n\n<div class=\"wp-block-column has-global-padding is-content-justification-right is-layout-constrained wp-container-core-column-is-layout-5c12a1d1 wp-block-column-is-layout-constrained\" style=\"flex-basis:15%\"><\/div>\n<\/div>\n<\/div>\n\n\n\n<div class=\"wp-block-group has-border-color has-custom-color-3-background-color has-background has-global-padding is-layout-constrained wp-container-core-group-is-layout-5431f676 wp-block-group-is-layout-constrained\" style=\"border-color:#686868;border-width:1px;border-radius:24px;padding-top:16px;padding-right:16px;padding-bottom:16px;padding-left:16px\">\n<div class=\"wp-block-columns has-custom-color-3-background-color has-background is-layout-flex wp-container-core-columns-is-layout-28f84493 wp-block-columns-is-layout-flex\">\n<div class=\"wp-block-column has-global-padding is-layout-constrained wp-block-column-is-layout-constrained\" style=\"flex-basis:85%\">\n<h3 class=\"wp-block-heading has-manrope-font-family\" id=\"https:\/\/doi.org\/10.5194\/egusphere-2024-994\"><strong>V\u00e1zquez, M.<\/strong>, &amp; Jim\u00e9nez-Mill\u00e1n, J. (2004). Clay raw materials from the Triassic Red Beds (Northern Jaen, Spain) for making ceramic construction materials. <em>Materiales de Construcci\u00f3n, 54(273)<\/em>, 5-20. <a href=\"https:\/\/doi.org\/10.3989\/mc.2004.v54.i273.219\" target=\"_blank\" rel=\"noreferrer noopener\">https:\/\/doi.org\/10.3989\/mc.2004.v54.i273.219<\/a>.<\/h3>\n\n\n\n<div class=\"wp-block-buttons is-content-justification-center is-layout-flex wp-container-core-buttons-is-layout-a89b3969 wp-block-buttons-is-layout-flex\">\n<div class=\"wp-block-button\"><a class=\"wp-block-button__link has-custom-color-6-background-color has-background wp-element-button\" href=\"https:\/\/doi.org\/10.3989\/mc.2004.v54.i273.219\" style=\"font-style:normal;font-weight:700\" target=\"_blank\" rel=\"noreferrer noopener\">Ver en la revista<\/a><\/div>\n\n\n\n<div class=\"wp-block-button\"><a class=\"wp-block-button__link has-custom-color-10-background-color has-background wp-element-button\" href=\"https:\/\/plu.mx\/plum\/a\/?doi=10.3989\/mc.2004.v54.i273.219\" style=\"font-style:normal;font-weight:700\" target=\"_blank\" rel=\"noreferrer noopener\">M\u00e9tricas (PlumX)<\/a><\/div>\n\n\n\n<div class=\"wp-block-button\"><a class=\"wp-block-button__link has-custom-color-8-background-color has-background wp-element-button\" href=\"https:\/\/badge.dimensions.ai\/details\/doi\/10.3989\/mc.2004.v54.i273.219\" style=\"font-style:normal;font-weight:700\" target=\"_blank\" rel=\"noreferrer noopener\">Ver citas <\/a><\/div>\n<\/div>\n<\/div>\n\n\n\n<div class=\"wp-block-column has-global-padding is-content-justification-right is-layout-constrained wp-container-core-column-is-layout-5c12a1d1 wp-block-column-is-layout-constrained\" style=\"flex-basis:15%\">\n<span class=\"altmetric-embed\"\n      data-doi=\"10.3989\/mc.2004.v54.i273.219\"\n      data-badge-type=\"donut\"\n      data-hide-no-mentions=\"true\"\n      aria-label=\"M\u00e9tricas Altmetric\"><\/span>\n\n<span class=\"__dimensions_badge_embed__\"\n      data-doi=\"10.3989\/mc.2004.v54.i273.219\"\n      data-style=\"small_circle\"\n      data-legend=\"hover\"\n      aria-label=\"Citas en Dimensions\"><\/span>\n<\/div>\n<\/div>\n<\/div>\n\n\n\n<div class=\"wp-block-group has-border-color has-custom-color-3-background-color has-background has-global-padding is-layout-constrained wp-container-core-group-is-layout-5431f676 wp-block-group-is-layout-constrained\" style=\"border-color:#686868;border-width:1px;border-radius:24px;padding-top:16px;padding-right:16px;padding-bottom:16px;padding-left:16px\">\n<div class=\"wp-block-columns has-custom-color-3-background-color has-background is-layout-flex wp-container-core-columns-is-layout-28f84493 wp-block-columns-is-layout-flex\">\n<div class=\"wp-block-column has-global-padding is-layout-constrained wp-block-column-is-layout-constrained\" style=\"flex-basis:85%\">\n<h3 class=\"wp-block-heading has-manrope-font-family\" id=\"https:\/\/doi.org\/10.5194\/egusphere-2024-994\"><strong>V\u00e1zquez, M.<\/strong>, Jim\u00e9nez-Mill\u00e1n, J., S\u00e1nchez-Jim\u00e9nez, C., Parras, J. (2003). Composition and ceramic properties of shales from the Central-Iberican Zone of Southern Iberian Massif (Northern Jaen, Spain). <em>Bolet\u00edn de la Sociedad Espa\u00f1ola de Cer\u00e1mica Y Vidrio, 42(4)<\/em>, 215-221. <a href=\"https:\/\/doi.org\/10.3989\/cyv.2003.v42.i4.638\" target=\"_blank\" rel=\"noreferrer noopener\">https:\/\/doi.org\/10.3989\/cyv.2003.v42.i4.638<\/a>.<\/h3>\n\n\n\n<div class=\"wp-block-buttons is-content-justification-center is-layout-flex wp-container-core-buttons-is-layout-a89b3969 wp-block-buttons-is-layout-flex\">\n<div class=\"wp-block-button\"><a class=\"wp-block-button__link has-custom-color-6-background-color has-background wp-element-button\" href=\"https:\/\/doi.org\/10.3989\/cyv.2003.v42.i4.638\" style=\"font-style:normal;font-weight:700\" target=\"_blank\" rel=\"noreferrer noopener\">Ver en la revista<\/a><\/div>\n\n\n\n<div class=\"wp-block-button\"><a class=\"wp-block-button__link has-custom-color-10-background-color has-background wp-element-button\" href=\"https:\/\/plu.mx\/plum\/a\/?doi=10.3989\/cyv.2003.v42.i4.638\" style=\"font-style:normal;font-weight:700\" target=\"_blank\" rel=\"noreferrer noopener\">M\u00e9tricas (PlumX)<\/a><\/div>\n\n\n\n<div class=\"wp-block-button\"><a class=\"wp-block-button__link has-custom-color-8-background-color has-background wp-element-button\" href=\"https:\/\/badge.dimensions.ai\/details\/doi\/10.3989\/cyv.2003.v42.i4.638\" style=\"font-style:normal;font-weight:700\" target=\"_blank\" rel=\"noreferrer noopener\">Ver citas <\/a><\/div>\n<\/div>\n<\/div>\n\n\n\n<div class=\"wp-block-column has-global-padding is-content-justification-right is-layout-constrained wp-container-core-column-is-layout-5c12a1d1 wp-block-column-is-layout-constrained\" style=\"flex-basis:15%\">\n<span class=\"altmetric-embed\"\n      data-doi=\"10.3989\/cyv.2003.v42.i4.638\"\n      data-badge-type=\"donut\"\n      data-hide-no-mentions=\"true\"\n      aria-label=\"M\u00e9tricas Altmetric\"><\/span>\n\n<span class=\"__dimensions_badge_embed__\"\n      data-doi=\"10.3989\/cyv.2003.v42.i4.638\"\n      data-style=\"small_circle\"\n      data-legend=\"hover\"\n      aria-label=\"Citas en Dimensions\"><\/span>\n<\/div>\n<\/div>\n<\/div>\n\n\n\n<h2 class=\"wp-block-heading has-contrast-color has-text-color has-link-color wp-elements-c7285bb5696eb31d66cf33f236fdd556\"><strong>Otras publicaciones de inter\u00e9s<\/strong><\/h2>\n\n\n\n<div class=\"wp-block-group has-border-color has-custom-color-3-background-color has-background has-global-padding is-layout-constrained wp-container-core-group-is-layout-5431f676 wp-block-group-is-layout-constrained\" style=\"border-color:#686868;border-width:1px;border-radius:24px;padding-top:16px;padding-right:16px;padding-bottom:16px;padding-left:16px\">\n<div class=\"wp-block-columns has-custom-color-3-background-color has-background is-layout-flex wp-container-core-columns-is-layout-28f84493 wp-block-columns-is-layout-flex\">\n<div class=\"wp-block-column has-global-padding is-layout-constrained wp-block-column-is-layout-constrained\">\n<h3 class=\"wp-block-heading has-manrope-font-family\" id=\"https:\/\/doi.org\/10.5194\/egusphere-2024-994\"><strong>V\u00e1zquez-V\u00edlchez, M.<\/strong>, Garrido-Rosales, D., P\u00e9rez-Fern\u00e1ndez, B., &amp; Fern\u00e1ndez-Oliveras, A. (2020). Aprendizaje basado en juegos para la educaci\u00f3n ambiental en bachillerato. <em>Bolet\u00edn ENCIC: Revista del Grupo de Investigaci\u00f3n HUM-974, 4(1)<\/em>, 2\u20139.<\/h3>\n\n\n\n<div class=\"wp-block-buttons is-layout-flex wp-block-buttons-is-layout-flex\">\n<div class=\"wp-block-button\"><a class=\"wp-block-button__link has-custom-color-6-background-color has-background wp-element-button\" href=\"https:\/\/drive.google.com\/file\/d\/1dxhHRllBRBg03B4zeU9Jnn8Z-X50gOyu\/view\" style=\"font-style:normal;font-weight:700\" target=\"_blank\" rel=\"noreferrer noopener\">Descargar archivo<\/a><\/div>\n<\/div>\n<\/div>\n<\/div>\n<\/div>\n\n\n\n<div class=\"wp-block-group has-border-color has-custom-color-3-background-color has-background has-global-padding is-layout-constrained wp-container-core-group-is-layout-5431f676 wp-block-group-is-layout-constrained\" style=\"border-color:#686868;border-width:1px;border-radius:24px;padding-top:16px;padding-right:16px;padding-bottom:16px;padding-left:16px\">\n<div class=\"wp-block-columns has-custom-color-3-background-color has-background is-layout-flex wp-container-core-columns-is-layout-28f84493 wp-block-columns-is-layout-flex\">\n<div class=\"wp-block-column has-global-padding is-layout-constrained wp-block-column-is-layout-constrained\" style=\"flex-basis:85%\">\n<h3 class=\"wp-block-heading has-manrope-font-family\" id=\"https:\/\/doi.org\/10.5194\/egusphere-2024-994\">P\u00e9rez-Fern\u00e1ndez, B., <strong>V\u00e1zquez-V\u00edlchez, M.<\/strong>, &amp; Fern\u00e1ndez-Oliveras, A. (2019). A proposal for global-change education based on an educational board game: A Planet on the Abyss. <em>SHS Web of Conferences, 66<\/em>, 01029. <a href=\"https:\/\/doi.org\/10.1051\/shsconf\/20196601029\">https:\/\/doi.org\/10.1051\/shsconf\/20196601029<\/a>.<\/h3>\n\n\n\n<div class=\"wp-block-buttons is-content-justification-center is-layout-flex wp-container-core-buttons-is-layout-a89b3969 wp-block-buttons-is-layout-flex\">\n<div class=\"wp-block-button\"><a class=\"wp-block-button__link has-custom-color-6-background-color has-background wp-element-button\" href=\"https:\/\/doi.org\/10.1051\/shsconf\/20196601029\" style=\"font-style:normal;font-weight:700\" target=\"_blank\" rel=\"noreferrer noopener\">Ver en la revista<\/a><\/div>\n\n\n\n<div class=\"wp-block-button\"><a class=\"wp-block-button__link has-custom-color-10-background-color has-background wp-element-button\" href=\"https:\/\/plu.mx\/plum\/a\/?doi=10.1051\/shsconf\/20196601029\" style=\"font-style:normal;font-weight:700\" target=\"_blank\" rel=\"noreferrer noopener\">M\u00e9tricas (PlumX)<\/a><\/div>\n\n\n\n<div class=\"wp-block-button\"><a class=\"wp-block-button__link has-custom-color-8-background-color has-background wp-element-button\" href=\"https:\/\/badge.dimensions.ai\/details\/doi\/10.1051\/shsconf\/20196601029\" style=\"font-style:normal;font-weight:700\" target=\"_blank\" rel=\"noreferrer noopener\">Ver citas <\/a><\/div>\n<\/div>\n<\/div>\n\n\n\n<div class=\"wp-block-column has-global-padding is-content-justification-right is-layout-constrained wp-container-core-column-is-layout-5c12a1d1 wp-block-column-is-layout-constrained\" style=\"flex-basis:15%\">\n<span class=\"altmetric-embed\"\n      data-doi=\"10.1051\/shsconf\/20196601029\"\n      data-badge-type=\"donut\"\n      data-hide-no-mentions=\"true\"\n      aria-label=\"M\u00e9tricas Altmetric\"><\/span>\n\n<span class=\"__dimensions_badge_embed__\"\n      data-doi=\"10.1051\/shsconf\/20196601029\"\n      data-style=\"small_circle\"\n      data-legend=\"hover\"\n      aria-label=\"Citas en Dimensions\"><\/span>\n<\/div>\n<\/div>\n<\/div>\n\n\n\n<div class=\"wp-block-group has-border-color has-custom-color-3-background-color has-background has-global-padding is-layout-constrained wp-container-core-group-is-layout-5431f676 wp-block-group-is-layout-constrained\" style=\"border-color:#686868;border-width:1px;border-radius:24px;padding-top:16px;padding-right:16px;padding-bottom:16px;padding-left:16px\">\n<div class=\"wp-block-columns has-custom-color-3-background-color has-background is-layout-flex wp-container-core-columns-is-layout-28f84493 wp-block-columns-is-layout-flex\">\n<div class=\"wp-block-column has-global-padding is-layout-constrained wp-block-column-is-layout-constrained\" style=\"flex-basis:85%\">\n<h3 class=\"wp-block-heading has-manrope-font-family\" id=\"https:\/\/doi.org\/10.5194\/egusphere-2024-994\">V\u00e9lez-Felipe, A. M., <strong>V\u00e1zquez-V\u00edlchez, M.<\/strong>, Salmer\u00f3n-V\u00edlchez, P., Garc\u00eda-Yeguas, A., &amp; Carrillo-Rosua, J. (2019). An exploratory study examining 10th-grade students&#8217; conceptions about mountain building and relief. <em>SHS Web of Conferences&nbsp;, 66<\/em>, 01028. <a href=\"https:\/\/doi.org\/10.1051\/shsconf\/20196601028\" target=\"_blank\" rel=\"noreferrer noopener\">https:\/\/doi.org\/10.1051\/shsconf\/20196601028<\/a>.<\/h3>\n\n\n\n<div class=\"wp-block-buttons is-content-justification-center is-layout-flex wp-container-core-buttons-is-layout-a89b3969 wp-block-buttons-is-layout-flex\">\n<div class=\"wp-block-button\"><a class=\"wp-block-button__link has-custom-color-6-background-color has-background wp-element-button\" href=\"https:\/\/doi.org\/10.1051\/shsconf\/20196601028\" style=\"font-style:normal;font-weight:700\" target=\"_blank\" rel=\"noreferrer noopener\">Ver en la revista<\/a><\/div>\n\n\n\n<div class=\"wp-block-button\"><a class=\"wp-block-button__link has-custom-color-10-background-color has-background wp-element-button\" href=\"https:\/\/plu.mx\/plum\/a\/?doi=10.1051\/shsconf\/20196601028\" style=\"font-style:normal;font-weight:700\" target=\"_blank\" rel=\"noreferrer noopener\">M\u00e9tricas (PlumX)<\/a><\/div>\n\n\n\n<div class=\"wp-block-button\"><a class=\"wp-block-button__link has-custom-color-8-background-color has-background wp-element-button\" href=\"https:\/\/badge.dimensions.ai\/details\/doi\/10.1051\/shsconf\/20196601028\" style=\"font-style:normal;font-weight:700\" target=\"_blank\" rel=\"noreferrer noopener\">Ver citas <\/a><\/div>\n<\/div>\n<\/div>\n\n\n\n<div class=\"wp-block-column has-global-padding is-content-justification-right is-layout-constrained wp-container-core-column-is-layout-5c12a1d1 wp-block-column-is-layout-constrained\" style=\"flex-basis:15%\">\n<span class=\"altmetric-embed\"\n      data-doi=\"10.1051\/shsconf\/20196601028\"\n      data-badge-type=\"donut\"\n      data-hide-no-mentions=\"true\"\n      aria-label=\"M\u00e9tricas Altmetric\"><\/span>\n\n<span class=\"__dimensions_badge_embed__\"\n      data-doi=\"10.1051\/shsconf\/20196601028\"\n      data-style=\"small_circle\"\n      data-legend=\"hover\"\n      aria-label=\"Citas en Dimensions\"><\/span>\n<\/div>\n<\/div>\n<\/div>\n\n\n\n<div class=\"wp-block-group has-border-color has-custom-color-3-background-color has-background has-global-padding is-layout-constrained wp-container-core-group-is-layout-5431f676 wp-block-group-is-layout-constrained\" style=\"border-color:#686868;border-width:1px;border-radius:24px;padding-top:16px;padding-right:16px;padding-bottom:16px;padding-left:16px\">\n<div class=\"wp-block-columns has-custom-color-3-background-color has-background is-layout-flex wp-container-core-columns-is-layout-28f84493 wp-block-columns-is-layout-flex\">\n<div class=\"wp-block-column has-global-padding is-layout-constrained wp-block-column-is-layout-constrained\">\n<h3 class=\"wp-block-heading has-manrope-font-family\" id=\"https:\/\/doi.org\/10.5194\/egusphere-2024-994\"><strong>V\u00e1zquez-V\u00edlchez, M.<\/strong>, Jabaloy, A., Carrillo-Ros\u00faa, J., &amp; Casas, R. (2018). La edad de las monta\u00f1as a la luz de termocronolog\u00eda de baja temperatura: Aportaciones para la ense\u00f1anza secundaria. <em>Ense\u00f1anza de las Ciencias de la Tierra, 26(1)<\/em>, 57\u201367. <a href=\"https:\/\/raco.cat\/index.php\/ECT\/article\/view\/335625\" target=\"_blank\" rel=\"noreferrer noopener\">https:\/\/raco.cat\/index.php\/ECT\/article\/view\/335625<\/a>.<\/h3>\n\n\n\n<div class=\"wp-block-buttons is-layout-flex wp-block-buttons-is-layout-flex\">\n<div class=\"wp-block-button\"><a class=\"wp-block-button__link has-custom-color-6-background-color has-background wp-element-button\" href=\"https:\/\/digibug.ugr.es\/handle\/10481\/54376\" style=\"font-style:normal;font-weight:700\" target=\"_blank\" rel=\"noreferrer noopener\"><strong>Descargar <\/strong>archivo<\/a><\/div>\n<\/div>\n<\/div>\n<\/div>\n<\/div>\n<\/div>\n\n\n\n<div id=\"contacto\" class=\"wp-block-group has-global-padding is-layout-constrained wp-block-group-is-layout-constrained\">\n<h1 class=\"wp-block-heading has-custom-color-2-color has-text-color has-link-color wp-elements-f60affb09834fa8a7df7f279e56c18e2\"><strong>Contacto<\/strong><\/h1>\n\n\n\n<h2 class=\"wp-block-heading\">Datos de contacto<\/h2>\n\n\n\n<div class=\"wp-block-columns has-base-background-color has-background is-layout-flex wp-container-core-columns-is-layout-28f84493 wp-block-columns-is-layout-flex\">\n<div class=\"wp-block-column has-custom-color-5-background-color has-background has-global-padding is-layout-constrained wp-block-column-is-layout-constrained\" style=\"border-radius:24px\">\n<div class=\"wp-block-columns is-layout-flex wp-container-core-columns-is-layout-82c1da67 wp-block-columns-is-layout-flex\" style=\"border-style:none;border-width:0px;border-radius:96px;padding-top:var(--wp--preset--spacing--20);padding-right:0;padding-bottom:var(--wp--preset--spacing--20);padding-left:0\">\n<div class=\"wp-block-column has-global-padding is-layout-constrained wp-container-core-column-is-layout-01945191 wp-block-column-is-layout-constrained\" style=\"padding-top:var(--wp--preset--spacing--20);padding-right:var(--wp--preset--spacing--50);padding-bottom:var(--wp--preset--spacing--20);padding-left:var(--wp--preset--spacing--50);flex-basis:20%\">\n<figure class=\"wp-block-image size-full\"><a href=\"https:\/\/wpd.ugr.es\/~mmvazquez\/wp-content\/uploads\/2025\/10\/phone-fill-1.png\"><img loading=\"lazy\" decoding=\"async\" width=\"48\" height=\"48\" src=\"https:\/\/wpd.ugr.es\/~mmvazquez\/wp-content\/uploads\/2025\/10\/phone-fill-1.png\" alt=\"\" class=\"wp-image-112\"\/><\/a><\/figure>\n<\/div>\n\n\n\n<div class=\"wp-block-column has-global-padding is-layout-constrained wp-block-column-is-layout-constrained\" style=\"flex-basis:80%\">\n<h3 class=\"wp-block-heading\"><strong>Tel\u00e9fono<\/strong><\/h3>\n\n\n\n<p><a href=\"tel:+34958243553\">+34958243553<\/a><\/p>\n<\/div>\n<\/div>\n<\/div>\n\n\n\n<div class=\"wp-block-column has-custom-color-5-background-color has-background has-global-padding is-layout-constrained wp-block-column-is-layout-constrained\" style=\"border-radius:24px;padding-top:var(--wp--preset--spacing--20);padding-bottom:var(--wp--preset--spacing--20)\">\n<div class=\"wp-block-columns is-layout-flex wp-container-core-columns-is-layout-28f84493 wp-block-columns-is-layout-flex\">\n<div class=\"wp-block-column has-global-padding is-layout-constrained wp-container-core-column-is-layout-efb6bcc5 wp-block-column-is-layout-constrained\" style=\"padding-top:var(--wp--preset--spacing--20);padding-right:var(--wp--preset--spacing--50);padding-bottom:var(--wp--preset--spacing--20);padding-left:var(--wp--preset--spacing--50);flex-basis:20%\">\n<figure class=\"wp-block-image size-full\"><img loading=\"lazy\" decoding=\"async\" width=\"48\" height=\"48\" src=\"https:\/\/wpd.ugr.es\/~mmvazquez\/wp-content\/uploads\/2025\/10\/mail-line.png\" alt=\"\" class=\"wp-image-113\"\/><\/figure>\n<\/div>\n\n\n\n<div class=\"wp-block-column has-global-padding is-layout-constrained wp-block-column-is-layout-constrained\" style=\"flex-basis:80%\">\n<h3 class=\"wp-block-heading\"><strong>Correo electr\u00f3nico<\/strong><\/h3>\n\n\n\n<p><a href=\"mailto:mmvazquez@ugr.es\">mmvazquez@ugr.es<\/a><\/p>\n<\/div>\n<\/div>\n<\/div>\n<\/div>\n\n\n\n<div class=\"wp-block-columns has-base-background-color has-background is-layout-flex wp-container-core-columns-is-layout-28f84493 wp-block-columns-is-layout-flex\">\n<div class=\"wp-block-column has-custom-color-5-background-color has-background has-global-padding is-layout-constrained wp-block-column-is-layout-constrained\" style=\"border-radius:24px\">\n<div class=\"wp-block-columns is-layout-flex wp-container-core-columns-is-layout-82c1da67 wp-block-columns-is-layout-flex\" style=\"border-style:none;border-width:0px;border-radius:96px;padding-top:var(--wp--preset--spacing--20);padding-right:0;padding-bottom:var(--wp--preset--spacing--20);padding-left:0\">\n<div class=\"wp-block-column is-vertically-aligned-center has-global-padding is-layout-constrained wp-container-core-column-is-layout-01945191 wp-block-column-is-layout-constrained\" style=\"padding-top:var(--wp--preset--spacing--20);padding-right:var(--wp--preset--spacing--50);padding-bottom:var(--wp--preset--spacing--20);padding-left:var(--wp--preset--spacing--50);flex-basis:20%\">\n<figure class=\"wp-block-image size-full\"><a href=\"https:\/\/wpd.ugr.es\/~mmvazquez\/wp-content\/uploads\/2025\/10\/earth-fill.png\"><img loading=\"lazy\" decoding=\"async\" width=\"48\" height=\"48\" src=\"https:\/\/wpd.ugr.es\/~mmvazquez\/wp-content\/uploads\/2025\/10\/earth-fill.png\" alt=\"\" class=\"wp-image-115\"\/><\/a><\/figure>\n<\/div>\n\n\n\n<div class=\"wp-block-column has-global-padding is-layout-constrained wp-block-column-is-layout-constrained\" style=\"flex-basis:80%\">\n<h3 class=\"wp-block-heading\"><strong>Direcci\u00f3n<\/strong><\/h3>\n\n\n\n<p><a href=\"https:\/\/goo.gl\/maps\/SVUCFgV4sRV8NaqQ9\"><a href=\"https:\/\/goo.gl\/maps\/SVUCFgV4sRV8NaqQ9\" target=\"_blank\" rel=\"noreferrer noopener\">Facultad de Ciencias de la Educaci\u00f3n<\/a><br><a href=\"https:\/\/goo.gl\/maps\/SVUCFgV4sRV8NaqQ9\" target=\"_blank\" rel=\"noreferrer noopener\">Campus Universitario de Cartuja C.P. 18071. (Granada) Granada.<\/a><\/a><\/p>\n<\/div>\n<\/div>\n<\/div>\n\n\n\n<div class=\"wp-block-column has-custom-color-5-background-color has-background has-global-padding is-layout-constrained wp-block-column-is-layout-constrained\" style=\"border-radius:24px;padding-top:var(--wp--preset--spacing--20);padding-bottom:var(--wp--preset--spacing--20)\">\n<div class=\"wp-block-columns is-layout-flex wp-container-core-columns-is-layout-28f84493 wp-block-columns-is-layout-flex\">\n<div class=\"wp-block-column is-vertically-aligned-center has-global-padding is-layout-constrained wp-container-core-column-is-layout-efb6bcc5 wp-block-column-is-layout-constrained\" style=\"padding-top:var(--wp--preset--spacing--20);padding-right:var(--wp--preset--spacing--50);padding-bottom:var(--wp--preset--spacing--20);padding-left:var(--wp--preset--spacing--50);flex-basis:20%\">\n<figure class=\"wp-block-image size-full\"><img loading=\"lazy\" decoding=\"async\" width=\"48\" height=\"48\" src=\"https:\/\/wpd.ugr.es\/~mmvazquez\/wp-content\/uploads\/2025\/10\/mac-line.png\" alt=\"\" class=\"wp-image-116\"\/><\/figure>\n<\/div>\n\n\n\n<div class=\"wp-block-column is-vertically-aligned-center has-global-padding is-layout-constrained wp-block-column-is-layout-constrained\" style=\"padding-top:var(--wp--preset--spacing--40);padding-bottom:var(--wp--preset--spacing--40);flex-basis:80%\">\n<h3 class=\"wp-block-heading\"><strong><strong>Docencia y tutorias<\/strong><\/strong><\/h3>\n\n\n\n<p><a href=\"https:\/\/www.ugr.es\/personal\/maria-mercedes-vazquez-vilchez\" target=\"_blank\" rel=\"noreferrer noopener\">Docencia y tutorias en la Universidad de Granada<\/a><\/p>\n<\/div>\n<\/div>\n<\/div>\n<\/div>\n\n\n\n<!-- Cargar badges (solo UNA vez en esta p\u00e1gina) -->\n<script src=\"https:\/\/d1bxh8uas1mnw7.cloudfront.net\/assets\/embed.js\"><\/script>\n<script async src=\"https:\/\/badge.dimensions.ai\/badge.js\" charset=\"utf-8\"><\/script>\n<\/div>\n<\/div>\n","protected":false},"excerpt":{"rendered":"<p>Mercedes V\u00e1zquez V\u00edlchez Profesora Titular de Universidad en el Departamento de Did\u00e1ctica de las Ciencias Experimentales de la Universidad de Granada Publicaciones en X Acerca de m\u00ed Obtuve la licenciatura en Geolog\u00eda en la Universidad de Granada en el a\u00f1o 1997, en 1999 consegu\u00ed una Beca FPDI de la Junta de Andaluc\u00eda y realice el [&hellip;]<\/p>\n","protected":false},"author":1,"featured_media":0,"parent":0,"menu_order":0,"comment_status":"closed","ping_status":"closed","template":"","meta":{"footnotes":""},"class_list":["post-57","page","type-page","status-publish","hentry"],"_links":{"self":[{"href":"https:\/\/wpd.ugr.es\/~mmvazquez\/wp-json\/wp\/v2\/pages\/57","targetHints":{"allow":["GET"]}}],"collection":[{"href":"https:\/\/wpd.ugr.es\/~mmvazquez\/wp-json\/wp\/v2\/pages"}],"about":[{"href":"https:\/\/wpd.ugr.es\/~mmvazquez\/wp-json\/wp\/v2\/types\/page"}],"author":[{"embeddable":true,"href":"https:\/\/wpd.ugr.es\/~mmvazquez\/wp-json\/wp\/v2\/users\/1"}],"replies":[{"embeddable":true,"href":"https:\/\/wpd.ugr.es\/~mmvazquez\/wp-json\/wp\/v2\/comments?post=57"}],"version-history":[{"count":95,"href":"https:\/\/wpd.ugr.es\/~mmvazquez\/wp-json\/wp\/v2\/pages\/57\/revisions"}],"predecessor-version":[{"id":307,"href":"https:\/\/wpd.ugr.es\/~mmvazquez\/wp-json\/wp\/v2\/pages\/57\/revisions\/307"}],"wp:attachment":[{"href":"https:\/\/wpd.ugr.es\/~mmvazquez\/wp-json\/wp\/v2\/media?parent=57"}],"curies":[{"name":"wp","href":"https:\/\/api.w.org\/{rel}","templated":true}]}}